{"id":178687,"date":"2021-03-29T10:37:43","date_gmt":"2021-03-29T08:37:43","guid":{"rendered":"https:\/\/halle.se\/?page_id=178687"},"modified":"2026-04-28T17:18:24","modified_gmt":"2026-04-28T15:18:24","slug":"uterum-inspiration","status":"publish","type":"page","link":"https:\/\/halle.se\/uterum-inspiration\/","title":{"rendered":"Inspiration"},"content":{"rendered":"<div class=\"row align-center\"  id=\"row-1241023933\">\n\n\t<div id=\"col-658893176\" class=\"col small-10 large-12\"  >\n\t\t\t\t<div class=\"col-inner text-center\"  >\n\t\t\t\n\t\t\t\n<h1><span style=\"font-size: 140%\">Uterum inspiration<\/span><\/h1>\n<h3><span style=\"font-size: 140%\">Hitta inspiration<\/span><\/h3>\n<h2>Uterum | Kanalplast | Vikparti | Fasadsystem | Inspiration<\/h2>\n<p>Hitta uterumsinspiration f\u00f6r uterum och altan. H\u00e4r finns inspiration p\u00e5 Vikpartier och Fasadsystem som monteras i husv\u00e4gg.<\/p>\n<p>V\u00e4lkommen att se ett urval av inspirerande bilder med v\u00e5ra svensktillverkade Uterum, Fasadpartier och Vikpartier i denna uterumsinspiration.<\/p>\n<p><a href=\"https:\/\/halle.se\/\">Tillbaka till startsidan<\/a><\/p>\n\n  \n    <div class=\"row large-columns-5 medium-columns-3 small-columns-2\" >\n  <div class=\"gallery-col col\" data-animate=\"fadeInDown\">\n          <div class=\"col-inner\">\n            <a class=\"image-lightbox lightbox-gallery\" href=\"https:\/\/halle.se\/wp-content\/uploads\/2025\/06\/sapa-by-halle-2048x2048.jpg\" title=\"\">            <div class=\"box has-hover gallery-box box-default\">\n              <div class=\"box-image image-overlay-add image-cover\" style=\"padding-top:75%;\">\n                <img decoding=\"async\" width=\"400\" height=\"400\" data-src=\"https:\/\/halle.se\/wp-content\/uploads\/2025\/06\/sapa-by-halle-400x400.jpg\" class=\"attachment-medium size-medium lazyload\" alt=\"sapa by Halle glasfasader \u00f6ppningsbara glaspartier i husfasad\" ids=\"227677,240358,227678,227680,227686,227682,227679,227681,221521,221524,221523,221522,178719,240309,221526,221525,221527,221528,234392,178736,178729,234452,240083,178730,178731,240311,178726,178727,178720,178718,178723,178738,240303,178737,178725,178740,178728,178704,240316,178724,178707,178732,178722,178733,240084,178741,178713,178710,178697,178746,178709,240082,240301,240302,240304,234393,240362,178695,178694,178703,178696,178693,178715,178742,178745,178743,240355,178744,178711,178712,240354,178716,178747,219122,219144,219734,234394,219123,219124,219127,219729,219140,219731,219141,219142,219143,219737,219738,219133,234190,219135,219136,234191,234192,240351,240353,240352,219147,240393,240153,240154,240152,240151,240155,240157,240158,219148,240267,240190,240194,240193,240192,240191,240265,240264,240255,219150,219152,219153,219156,219157,219159,234261,234262,234263,234264\" style=\"--smush-placeholder-width: 400px; --smush-placeholder-aspect-ratio: 400\/400;default\" lightbox_image_size=\"2048x2048\" columns=\"5\" animate=\"fadeInDown\" image_height=\"75%\" image_size=\"medium\" image_overlay=\"rgba(255, 255, 255, 0.25)\" image_hover=\"overlay-add\" text_size=\"xsmall\" text_color=\"dark\" data-srcset=\"https:\/\/halle.se\/wp-content\/uploads\/2025\/06\/sapa-by-halle-400x400.jpg 400w, https:\/\/halle.se\/wp-content\/uploads\/2025\/06\/sapa-by-halle-800x800.jpg 800w, https:\/\/halle.se\/wp-content\/uploads\/2025\/06\/sapa-by-halle-280x280.jpg 280w, https:\/\/halle.se\/wp-content\/uploads\/2025\/06\/sapa-by-halle-768x768.jpg 768w, https:\/\/halle.se\/wp-content\/uploads\/2025\/06\/sapa-by-halle-1536x1536.jpg 1536w, https:\/\/halle.se\/wp-content\/uploads\/2025\/06\/sapa-by-halle-2048x2048.jpg 2048w, https:\/\/halle.se\/wp-content\/uploads\/2025\/06\/sapa-by-halle-100x100.jpg 100w, https:\/\/halle.se\/wp-content\/uploads\/2025\/06\/sapa-by-halle-384x384.jpg 384w, https:\/\/halle.se\/wp-content\/uploads\/2025\/06\/sapa-by-halle-640x640.jpg 640w\" data-sizes=\"auto\" src=\"data:image\/svg+xml;base64,PHN2ZyB3aWR0aD0iMSIgaGVpZ2h0PSIxIiB4bWxucz0iaHR0cDovL3d3dy53My5vcmcvMjAwMC9zdmciPjwvc3ZnPg==\" data-original-sizes=\"(max-width: 400px) 100vw, 400px\" \/>                                  <div class=\"overlay fill\"\n                      style=\"background-color: rgba(255, 255, 255, 0.25)\">\n                  <\/div>\n                                                              <\/div>\n              <div class=\"box-text text-left is-xsmall dark\" >\n                 <p><\/p>\n              <\/div>\n            <\/div>\n            <\/a>          <\/div>\n         <\/div><div class=\"gallery-col col\" data-animate=\"fadeInDown\">\n          <div class=\"col-inner\">\n            <a class=\"image-lightbox lightbox-gallery\" href=\"https:\/\/halle.se\/wp-content\/uploads\/2026\/04\/2160-4000x4000-1-2048x2048.jpg\" title=\"\">            <div class=\"box has-hover gallery-box box-default\">\n              <div class=\"box-image image-overlay-add image-cover\" style=\"padding-top:75%;\">\n                <img decoding=\"async\" width=\"400\" height=\"400\" data-src=\"https:\/\/halle.se\/wp-content\/uploads\/2026\/04\/2160-4000x4000-1-400x400.jpg\" class=\"attachment-medium size-medium lazyload\" alt=\"\" ids=\"227677,240358,227678,227680,227686,227682,227679,227681,221521,221524,221523,221522,178719,240309,221526,221525,221527,221528,234392,178736,178729,234452,240083,178730,178731,240311,178726,178727,178720,178718,178723,178738,240303,178737,178725,178740,178728,178704,240316,178724,178707,178732,178722,178733,240084,178741,178713,178710,178697,178746,178709,240082,240301,240302,240304,234393,240362,178695,178694,178703,178696,178693,178715,178742,178745,178743,240355,178744,178711,178712,240354,178716,178747,219122,219144,219734,234394,219123,219124,219127,219729,219140,219731,219141,219142,219143,219737,219738,219133,234190,219135,219136,234191,234192,240351,240353,240352,219147,240393,240153,240154,240152,240151,240155,240157,240158,219148,240267,240190,240194,240193,240192,240191,240265,240264,240255,219150,219152,219153,219156,219157,219159,234261,234262,234263,234264\" style=\"--smush-placeholder-width: 400px; --smush-placeholder-aspect-ratio: 400\/400;default\" lightbox_image_size=\"2048x2048\" columns=\"5\" animate=\"fadeInDown\" image_height=\"75%\" image_size=\"medium\" image_overlay=\"rgba(255, 255, 255, 0.25)\" image_hover=\"overlay-add\" text_size=\"xsmall\" text_color=\"dark\" data-srcset=\"https:\/\/halle.se\/wp-content\/uploads\/2026\/04\/2160-4000x4000-1-400x400.jpg 400w, https:\/\/halle.se\/wp-content\/uploads\/2026\/04\/2160-4000x4000-1-800x800.jpg 800w, https:\/\/halle.se\/wp-content\/uploads\/2026\/04\/2160-4000x4000-1-280x280.jpg 280w, https:\/\/halle.se\/wp-content\/uploads\/2026\/04\/2160-4000x4000-1-768x768.jpg 768w, https:\/\/halle.se\/wp-content\/uploads\/2026\/04\/2160-4000x4000-1-1536x1536.jpg 1536w, https:\/\/halle.se\/wp-content\/uploads\/2026\/04\/2160-4000x4000-1-2048x2048.jpg 2048w, https:\/\/halle.se\/wp-content\/uploads\/2026\/04\/2160-4000x4000-1-100x100.jpg 100w, https:\/\/halle.se\/wp-content\/uploads\/2026\/04\/2160-4000x4000-1-384x384.jpg 384w, https:\/\/halle.se\/wp-content\/uploads\/2026\/04\/2160-4000x4000-1-640x640.jpg 640w\" data-sizes=\"auto\" src=\"data:image\/svg+xml;base64,PHN2ZyB3aWR0aD0iMSIgaGVpZ2h0PSIxIiB4bWxucz0iaHR0cDovL3d3dy53My5vcmcvMjAwMC9zdmciPjwvc3ZnPg==\" data-original-sizes=\"(max-width: 400px) 100vw, 400px\" \/>                                  <div class=\"overlay fill\"\n                      style=\"background-color: rgba(255, 255, 255, 0.25)\">\n                  <\/div>\n                                                              <\/div>\n              <div class=\"box-text text-left is-xsmall dark\" >\n                 <p><\/p>\n              <\/div>\n            <\/div>\n            <\/a>          <\/div>\n         <\/div><div class=\"gallery-col col\" data-animate=\"fadeInDown\">\n          <div class=\"col-inner\">\n            <a class=\"image-lightbox lightbox-gallery\" href=\"https:\/\/halle.se\/wp-content\/uploads\/2025\/06\/halle-sapa-2160xs-4d-motande-solnedgang-2048x2048.jpg\" title=\"\">            <div class=\"box has-hover gallery-box box-default\">\n              <div class=\"box-image image-overlay-add image-cover\" style=\"padding-top:75%;\">\n                <img decoding=\"async\" width=\"400\" height=\"400\" data-src=\"https:\/\/halle.se\/wp-content\/uploads\/2025\/06\/halle-sapa-2160xs-4d-motande-solnedgang-400x400.jpg\" class=\"attachment-medium size-medium lazyload\" alt=\"halle glaspartier och aluminiumsystem i husfasad fr\u00e5n sapa\" ids=\"227677,240358,227678,227680,227686,227682,227679,227681,221521,221524,221523,221522,178719,240309,221526,221525,221527,221528,234392,178736,178729,234452,240083,178730,178731,240311,178726,178727,178720,178718,178723,178738,240303,178737,178725,178740,178728,178704,240316,178724,178707,178732,178722,178733,240084,178741,178713,178710,178697,178746,178709,240082,240301,240302,240304,234393,240362,178695,178694,178703,178696,178693,178715,178742,178745,178743,240355,178744,178711,178712,240354,178716,178747,219122,219144,219734,234394,219123,219124,219127,219729,219140,219731,219141,219142,219143,219737,219738,219133,234190,219135,219136,234191,234192,240351,240353,240352,219147,240393,240153,240154,240152,240151,240155,240157,240158,219148,240267,240190,240194,240193,240192,240191,240265,240264,240255,219150,219152,219153,219156,219157,219159,234261,234262,234263,234264\" style=\"--smush-placeholder-width: 400px; --smush-placeholder-aspect-ratio: 400\/400;default\" lightbox_image_size=\"2048x2048\" columns=\"5\" animate=\"fadeInDown\" image_height=\"75%\" image_size=\"medium\" image_overlay=\"rgba(255, 255, 255, 0.25)\" image_hover=\"overlay-add\" text_size=\"xsmall\" text_color=\"dark\" data-srcset=\"https:\/\/halle.se\/wp-content\/uploads\/2025\/06\/halle-sapa-2160xs-4d-motande-solnedgang-400x400.jpg 400w, https:\/\/halle.se\/wp-content\/uploads\/2025\/06\/halle-sapa-2160xs-4d-motande-solnedgang-800x800.jpg 800w, https:\/\/halle.se\/wp-content\/uploads\/2025\/06\/halle-sapa-2160xs-4d-motande-solnedgang-280x280.jpg 280w, https:\/\/halle.se\/wp-content\/uploads\/2025\/06\/halle-sapa-2160xs-4d-motande-solnedgang-768x768.jpg 768w, https:\/\/halle.se\/wp-content\/uploads\/2025\/06\/halle-sapa-2160xs-4d-motande-solnedgang-1536x1536.jpg 1536w, https:\/\/halle.se\/wp-content\/uploads\/2025\/06\/halle-sapa-2160xs-4d-motande-solnedgang-2048x2048.jpg 2048w, https:\/\/halle.se\/wp-content\/uploads\/2025\/06\/halle-sapa-2160xs-4d-motande-solnedgang-100x100.jpg 100w, https:\/\/halle.se\/wp-content\/uploads\/2025\/06\/halle-sapa-2160xs-4d-motande-solnedgang-384x384.jpg 384w, https:\/\/halle.se\/wp-content\/uploads\/2025\/06\/halle-sapa-2160xs-4d-motande-solnedgang-640x640.jpg 640w\" data-sizes=\"auto\" src=\"data:image\/svg+xml;base64,PHN2ZyB3aWR0aD0iMSIgaGVpZ2h0PSIxIiB4bWxucz0iaHR0cDovL3d3dy53My5vcmcvMjAwMC9zdmciPjwvc3ZnPg==\" data-original-sizes=\"(max-width: 400px) 100vw, 400px\" \/>                                  <div class=\"overlay fill\"\n                      style=\"background-color: rgba(255, 255, 255, 0.25)\">\n                  <\/div>\n                                                              <\/div>\n              <div class=\"box-text text-left is-xsmall dark\" >\n                 <p><\/p>\n              <\/div>\n            <\/div>\n            <\/a>          <\/div>\n         <\/div><div class=\"gallery-col col\" data-animate=\"fadeInDown\">\n          <div class=\"col-inner\">\n            <a class=\"image-lightbox lightbox-gallery\" href=\"https:\/\/halle.se\/wp-content\/uploads\/2025\/06\/stora-2-vanings-fonster-och-skjutbara-glaspartier-2048x2048.jpg\" title=\"\">            <div class=\"box has-hover gallery-box box-default\">\n              <div class=\"box-image image-overlay-add image-cover\" style=\"padding-top:75%;\">\n                <img decoding=\"async\" width=\"400\" height=\"400\" data-src=\"https:\/\/halle.se\/wp-content\/uploads\/2025\/06\/stora-2-vanings-fonster-och-skjutbara-glaspartier-400x400.jpg\" class=\"attachment-medium size-medium lazyload\" alt=\"stora glaspartier i nybyggt hus fr\u00e5n halle och sapa\" ids=\"227677,240358,227678,227680,227686,227682,227679,227681,221521,221524,221523,221522,178719,240309,221526,221525,221527,221528,234392,178736,178729,234452,240083,178730,178731,240311,178726,178727,178720,178718,178723,178738,240303,178737,178725,178740,178728,178704,240316,178724,178707,178732,178722,178733,240084,178741,178713,178710,178697,178746,178709,240082,240301,240302,240304,234393,240362,178695,178694,178703,178696,178693,178715,178742,178745,178743,240355,178744,178711,178712,240354,178716,178747,219122,219144,219734,234394,219123,219124,219127,219729,219140,219731,219141,219142,219143,219737,219738,219133,234190,219135,219136,234191,234192,240351,240353,240352,219147,240393,240153,240154,240152,240151,240155,240157,240158,219148,240267,240190,240194,240193,240192,240191,240265,240264,240255,219150,219152,219153,219156,219157,219159,234261,234262,234263,234264\" style=\"--smush-placeholder-width: 400px; --smush-placeholder-aspect-ratio: 400\/400;default\" lightbox_image_size=\"2048x2048\" columns=\"5\" animate=\"fadeInDown\" image_height=\"75%\" image_size=\"medium\" image_overlay=\"rgba(255, 255, 255, 0.25)\" image_hover=\"overlay-add\" text_size=\"xsmall\" text_color=\"dark\" data-srcset=\"https:\/\/halle.se\/wp-content\/uploads\/2025\/06\/stora-2-vanings-fonster-och-skjutbara-glaspartier-400x400.jpg 400w, https:\/\/halle.se\/wp-content\/uploads\/2025\/06\/stora-2-vanings-fonster-och-skjutbara-glaspartier-800x800.jpg 800w, https:\/\/halle.se\/wp-content\/uploads\/2025\/06\/stora-2-vanings-fonster-och-skjutbara-glaspartier-280x280.jpg 280w, https:\/\/halle.se\/wp-content\/uploads\/2025\/06\/stora-2-vanings-fonster-och-skjutbara-glaspartier-768x768.jpg 768w, https:\/\/halle.se\/wp-content\/uploads\/2025\/06\/stora-2-vanings-fonster-och-skjutbara-glaspartier-1536x1536.jpg 1536w, https:\/\/halle.se\/wp-content\/uploads\/2025\/06\/stora-2-vanings-fonster-och-skjutbara-glaspartier-2048x2048.jpg 2048w, https:\/\/halle.se\/wp-content\/uploads\/2025\/06\/stora-2-vanings-fonster-och-skjutbara-glaspartier-100x100.jpg 100w, https:\/\/halle.se\/wp-content\/uploads\/2025\/06\/stora-2-vanings-fonster-och-skjutbara-glaspartier-384x384.jpg 384w, https:\/\/halle.se\/wp-content\/uploads\/2025\/06\/stora-2-vanings-fonster-och-skjutbara-glaspartier-640x640.jpg 640w\" data-sizes=\"auto\" src=\"data:image\/svg+xml;base64,PHN2ZyB3aWR0aD0iMSIgaGVpZ2h0PSIxIiB4bWxucz0iaHR0cDovL3d3dy53My5vcmcvMjAwMC9zdmciPjwvc3ZnPg==\" data-original-sizes=\"(max-width: 400px) 100vw, 400px\" \/>                                  <div class=\"overlay fill\"\n                      style=\"background-color: rgba(255, 255, 255, 0.25)\">\n                  <\/div>\n                                                              <\/div>\n              <div class=\"box-text text-left is-xsmall dark\" >\n                 <p><\/p>\n              <\/div>\n            <\/div>\n            <\/a>          <\/div>\n         <\/div><div class=\"gallery-col col\" data-animate=\"fadeInDown\">\n          <div class=\"col-inner\">\n            <a class=\"image-lightbox lightbox-gallery\" href=\"https:\/\/halle.se\/wp-content\/uploads\/2025\/06\/Fasadpartier-glaspartier-med-svarta-partier-i-arkitektritat-hus-1-2048x2048.jpg\" title=\"\">            <div class=\"box has-hover gallery-box box-default\">\n              <div class=\"box-image image-overlay-add image-cover\" style=\"padding-top:75%;\">\n                <img decoding=\"async\" width=\"400\" height=\"400\" data-src=\"https:\/\/halle.se\/wp-content\/uploads\/2025\/06\/Fasadpartier-glaspartier-med-svarta-partier-i-arkitektritat-hus-1-400x400.jpg\" class=\"attachment-medium size-medium lazyload\" alt=\"Fasadpartier glaspartier med svarta partier i arkitektritat hus\" ids=\"227677,240358,227678,227680,227686,227682,227679,227681,221521,221524,221523,221522,178719,240309,221526,221525,221527,221528,234392,178736,178729,234452,240083,178730,178731,240311,178726,178727,178720,178718,178723,178738,240303,178737,178725,178740,178728,178704,240316,178724,178707,178732,178722,178733,240084,178741,178713,178710,178697,178746,178709,240082,240301,240302,240304,234393,240362,178695,178694,178703,178696,178693,178715,178742,178745,178743,240355,178744,178711,178712,240354,178716,178747,219122,219144,219734,234394,219123,219124,219127,219729,219140,219731,219141,219142,219143,219737,219738,219133,234190,219135,219136,234191,234192,240351,240353,240352,219147,240393,240153,240154,240152,240151,240155,240157,240158,219148,240267,240190,240194,240193,240192,240191,240265,240264,240255,219150,219152,219153,219156,219157,219159,234261,234262,234263,234264\" style=\"--smush-placeholder-width: 400px; --smush-placeholder-aspect-ratio: 400\/400;default\" lightbox_image_size=\"2048x2048\" columns=\"5\" animate=\"fadeInDown\" image_height=\"75%\" image_size=\"medium\" image_overlay=\"rgba(255, 255, 255, 0.25)\" image_hover=\"overlay-add\" text_size=\"xsmall\" text_color=\"dark\" data-srcset=\"https:\/\/halle.se\/wp-content\/uploads\/2025\/06\/Fasadpartier-glaspartier-med-svarta-partier-i-arkitektritat-hus-1-400x400.jpg 400w, https:\/\/halle.se\/wp-content\/uploads\/2025\/06\/Fasadpartier-glaspartier-med-svarta-partier-i-arkitektritat-hus-1-800x800.jpg 800w, https:\/\/halle.se\/wp-content\/uploads\/2025\/06\/Fasadpartier-glaspartier-med-svarta-partier-i-arkitektritat-hus-1-280x280.jpg 280w, https:\/\/halle.se\/wp-content\/uploads\/2025\/06\/Fasadpartier-glaspartier-med-svarta-partier-i-arkitektritat-hus-1-768x768.jpg 768w, https:\/\/halle.se\/wp-content\/uploads\/2025\/06\/Fasadpartier-glaspartier-med-svarta-partier-i-arkitektritat-hus-1-1536x1536.jpg 1536w, https:\/\/halle.se\/wp-content\/uploads\/2025\/06\/Fasadpartier-glaspartier-med-svarta-partier-i-arkitektritat-hus-1-2048x2048.jpg 2048w, https:\/\/halle.se\/wp-content\/uploads\/2025\/06\/Fasadpartier-glaspartier-med-svarta-partier-i-arkitektritat-hus-1-100x100.jpg 100w, https:\/\/halle.se\/wp-content\/uploads\/2025\/06\/Fasadpartier-glaspartier-med-svarta-partier-i-arkitektritat-hus-1-384x384.jpg 384w, https:\/\/halle.se\/wp-content\/uploads\/2025\/06\/Fasadpartier-glaspartier-med-svarta-partier-i-arkitektritat-hus-1-640x640.jpg 640w\" data-sizes=\"auto\" src=\"data:image\/svg+xml;base64,PHN2ZyB3aWR0aD0iMSIgaGVpZ2h0PSIxIiB4bWxucz0iaHR0cDovL3d3dy53My5vcmcvMjAwMC9zdmciPjwvc3ZnPg==\" data-original-sizes=\"(max-width: 400px) 100vw, 400px\" \/>                                  <div class=\"overlay fill\"\n                      style=\"background-color: rgba(255, 255, 255, 0.25)\">\n                  <\/div>\n                                                              <\/div>\n              <div class=\"box-text text-left is-xsmall dark\" >\n                 <p><\/p>\n              <\/div>\n            <\/div>\n            <\/a>          <\/div>\n         <\/div><div class=\"gallery-col col\" data-animate=\"fadeInDown\">\n          <div class=\"col-inner\">\n            <a class=\"image-lightbox lightbox-gallery\" href=\"https:\/\/halle.se\/wp-content\/uploads\/2025\/06\/Fasadpartier-svarta-partier-i-vardagsrum-glasfasader-fran-halle-sapa-2048x2048.jpg\" title=\"\">            <div class=\"box has-hover gallery-box box-default\">\n              <div class=\"box-image image-overlay-add image-cover\" style=\"padding-top:75%;\">\n                <img decoding=\"async\" width=\"400\" height=\"400\" data-src=\"https:\/\/halle.se\/wp-content\/uploads\/2025\/06\/Fasadpartier-svarta-partier-i-vardagsrum-glasfasader-fran-halle-sapa-400x400.jpg\" class=\"attachment-medium size-medium lazyload\" alt=\"Fasadpartier svarta partier i vardagsrum glasfasader fr\u00e5n halle sapa\" ids=\"227677,240358,227678,227680,227686,227682,227679,227681,221521,221524,221523,221522,178719,240309,221526,221525,221527,221528,234392,178736,178729,234452,240083,178730,178731,240311,178726,178727,178720,178718,178723,178738,240303,178737,178725,178740,178728,178704,240316,178724,178707,178732,178722,178733,240084,178741,178713,178710,178697,178746,178709,240082,240301,240302,240304,234393,240362,178695,178694,178703,178696,178693,178715,178742,178745,178743,240355,178744,178711,178712,240354,178716,178747,219122,219144,219734,234394,219123,219124,219127,219729,219140,219731,219141,219142,219143,219737,219738,219133,234190,219135,219136,234191,234192,240351,240353,240352,219147,240393,240153,240154,240152,240151,240155,240157,240158,219148,240267,240190,240194,240193,240192,240191,240265,240264,240255,219150,219152,219153,219156,219157,219159,234261,234262,234263,234264\" style=\"--smush-placeholder-width: 400px; --smush-placeholder-aspect-ratio: 400\/400;default\" lightbox_image_size=\"2048x2048\" columns=\"5\" animate=\"fadeInDown\" image_height=\"75%\" image_size=\"medium\" image_overlay=\"rgba(255, 255, 255, 0.25)\" image_hover=\"overlay-add\" text_size=\"xsmall\" text_color=\"dark\" data-srcset=\"https:\/\/halle.se\/wp-content\/uploads\/2025\/06\/Fasadpartier-svarta-partier-i-vardagsrum-glasfasader-fran-halle-sapa-400x400.jpg 400w, https:\/\/halle.se\/wp-content\/uploads\/2025\/06\/Fasadpartier-svarta-partier-i-vardagsrum-glasfasader-fran-halle-sapa-800x800.jpg 800w, https:\/\/halle.se\/wp-content\/uploads\/2025\/06\/Fasadpartier-svarta-partier-i-vardagsrum-glasfasader-fran-halle-sapa-280x280.jpg 280w, https:\/\/halle.se\/wp-content\/uploads\/2025\/06\/Fasadpartier-svarta-partier-i-vardagsrum-glasfasader-fran-halle-sapa-768x768.jpg 768w, https:\/\/halle.se\/wp-content\/uploads\/2025\/06\/Fasadpartier-svarta-partier-i-vardagsrum-glasfasader-fran-halle-sapa-1536x1536.jpg 1536w, https:\/\/halle.se\/wp-content\/uploads\/2025\/06\/Fasadpartier-svarta-partier-i-vardagsrum-glasfasader-fran-halle-sapa-2048x2048.jpg 2048w, https:\/\/halle.se\/wp-content\/uploads\/2025\/06\/Fasadpartier-svarta-partier-i-vardagsrum-glasfasader-fran-halle-sapa-100x100.jpg 100w, https:\/\/halle.se\/wp-content\/uploads\/2025\/06\/Fasadpartier-svarta-partier-i-vardagsrum-glasfasader-fran-halle-sapa-384x384.jpg 384w, https:\/\/halle.se\/wp-content\/uploads\/2025\/06\/Fasadpartier-svarta-partier-i-vardagsrum-glasfasader-fran-halle-sapa-640x640.jpg 640w\" data-sizes=\"auto\" src=\"data:image\/svg+xml;base64,PHN2ZyB3aWR0aD0iMSIgaGVpZ2h0PSIxIiB4bWxucz0iaHR0cDovL3d3dy53My5vcmcvMjAwMC9zdmciPjwvc3ZnPg==\" data-original-sizes=\"(max-width: 400px) 100vw, 400px\" \/>                                  <div class=\"overlay fill\"\n                      style=\"background-color: rgba(255, 255, 255, 0.25)\">\n                  <\/div>\n                                                              <\/div>\n              <div class=\"box-text text-left is-xsmall dark\" >\n                 <p><\/p>\n              <\/div>\n            <\/div>\n            <\/a>          <\/div>\n         <\/div><div class=\"gallery-col col\" data-animate=\"fadeInDown\">\n          <div class=\"col-inner\">\n            <a class=\"image-lightbox lightbox-gallery\" href=\"https:\/\/halle.se\/wp-content\/uploads\/2025\/06\/sapa-by-halle-4-delat-sapa-2160S-xs-havstomt-4000x4000-1-2048x2048.jpg\" title=\"\">            <div class=\"box has-hover gallery-box box-default\">\n              <div class=\"box-image image-overlay-add image-cover\" style=\"padding-top:75%;\">\n                <img decoding=\"async\" width=\"400\" height=\"400\" data-src=\"https:\/\/halle.se\/wp-content\/uploads\/2025\/06\/sapa-by-halle-4-delat-sapa-2160S-xs-havstomt-4000x4000-1-400x400.jpg\" class=\"attachment-medium size-medium lazyload\" alt=\"stora glaspartier i husfasad fr\u00e5n halle och sapa\" ids=\"227677,240358,227678,227680,227686,227682,227679,227681,221521,221524,221523,221522,178719,240309,221526,221525,221527,221528,234392,178736,178729,234452,240083,178730,178731,240311,178726,178727,178720,178718,178723,178738,240303,178737,178725,178740,178728,178704,240316,178724,178707,178732,178722,178733,240084,178741,178713,178710,178697,178746,178709,240082,240301,240302,240304,234393,240362,178695,178694,178703,178696,178693,178715,178742,178745,178743,240355,178744,178711,178712,240354,178716,178747,219122,219144,219734,234394,219123,219124,219127,219729,219140,219731,219141,219142,219143,219737,219738,219133,234190,219135,219136,234191,234192,240351,240353,240352,219147,240393,240153,240154,240152,240151,240155,240157,240158,219148,240267,240190,240194,240193,240192,240191,240265,240264,240255,219150,219152,219153,219156,219157,219159,234261,234262,234263,234264\" style=\"--smush-placeholder-width: 400px; --smush-placeholder-aspect-ratio: 400\/400;default\" lightbox_image_size=\"2048x2048\" columns=\"5\" animate=\"fadeInDown\" image_height=\"75%\" image_size=\"medium\" image_overlay=\"rgba(255, 255, 255, 0.25)\" image_hover=\"overlay-add\" text_size=\"xsmall\" text_color=\"dark\" data-srcset=\"https:\/\/halle.se\/wp-content\/uploads\/2025\/06\/sapa-by-halle-4-delat-sapa-2160S-xs-havstomt-4000x4000-1-400x400.jpg 400w, https:\/\/halle.se\/wp-content\/uploads\/2025\/06\/sapa-by-halle-4-delat-sapa-2160S-xs-havstomt-4000x4000-1-800x800.jpg 800w, https:\/\/halle.se\/wp-content\/uploads\/2025\/06\/sapa-by-halle-4-delat-sapa-2160S-xs-havstomt-4000x4000-1-280x280.jpg 280w, https:\/\/halle.se\/wp-content\/uploads\/2025\/06\/sapa-by-halle-4-delat-sapa-2160S-xs-havstomt-4000x4000-1-768x768.jpg 768w, https:\/\/halle.se\/wp-content\/uploads\/2025\/06\/sapa-by-halle-4-delat-sapa-2160S-xs-havstomt-4000x4000-1-1536x1536.jpg 1536w, https:\/\/halle.se\/wp-content\/uploads\/2025\/06\/sapa-by-halle-4-delat-sapa-2160S-xs-havstomt-4000x4000-1-2048x2048.jpg 2048w, https:\/\/halle.se\/wp-content\/uploads\/2025\/06\/sapa-by-halle-4-delat-sapa-2160S-xs-havstomt-4000x4000-1-100x100.jpg 100w, https:\/\/halle.se\/wp-content\/uploads\/2025\/06\/sapa-by-halle-4-delat-sapa-2160S-xs-havstomt-4000x4000-1-384x384.jpg 384w, https:\/\/halle.se\/wp-content\/uploads\/2025\/06\/sapa-by-halle-4-delat-sapa-2160S-xs-havstomt-4000x4000-1-640x640.jpg 640w\" data-sizes=\"auto\" src=\"data:image\/svg+xml;base64,PHN2ZyB3aWR0aD0iMSIgaGVpZ2h0PSIxIiB4bWxucz0iaHR0cDovL3d3dy53My5vcmcvMjAwMC9zdmciPjwvc3ZnPg==\" data-original-sizes=\"(max-width: 400px) 100vw, 400px\" \/>                                  <div class=\"overlay fill\"\n                      style=\"background-color: rgba(255, 255, 255, 0.25)\">\n                  <\/div>\n                                                              <\/div>\n              <div class=\"box-text text-left is-xsmall dark\" >\n                 <p><\/p>\n              <\/div>\n            <\/div>\n            <\/a>          <\/div>\n         <\/div><div class=\"gallery-col col\" data-animate=\"fadeInDown\">\n          <div class=\"col-inner\">\n            <a class=\"image-lightbox lightbox-gallery\" href=\"https:\/\/halle.se\/wp-content\/uploads\/2025\/06\/stora-glaspartier-i-hus-halle-sapa-2048x2048.jpg\" title=\"\">            <div class=\"box has-hover gallery-box box-default\">\n              <div class=\"box-image image-overlay-add image-cover\" style=\"padding-top:75%;\">\n                <img decoding=\"async\" width=\"400\" height=\"400\" data-src=\"https:\/\/halle.se\/wp-content\/uploads\/2025\/06\/stora-glaspartier-i-hus-halle-sapa-400x400.jpg\" class=\"attachment-medium size-medium lazyload\" alt=\"Modernt hus med glaspartier fasta och \u00f6ppningsbara fr\u00e5n sapa och halle\" ids=\"227677,240358,227678,227680,227686,227682,227679,227681,221521,221524,221523,221522,178719,240309,221526,221525,221527,221528,234392,178736,178729,234452,240083,178730,178731,240311,178726,178727,178720,178718,178723,178738,240303,178737,178725,178740,178728,178704,240316,178724,178707,178732,178722,178733,240084,178741,178713,178710,178697,178746,178709,240082,240301,240302,240304,234393,240362,178695,178694,178703,178696,178693,178715,178742,178745,178743,240355,178744,178711,178712,240354,178716,178747,219122,219144,219734,234394,219123,219124,219127,219729,219140,219731,219141,219142,219143,219737,219738,219133,234190,219135,219136,234191,234192,240351,240353,240352,219147,240393,240153,240154,240152,240151,240155,240157,240158,219148,240267,240190,240194,240193,240192,240191,240265,240264,240255,219150,219152,219153,219156,219157,219159,234261,234262,234263,234264\" style=\"--smush-placeholder-width: 400px; --smush-placeholder-aspect-ratio: 400\/400;default\" lightbox_image_size=\"2048x2048\" columns=\"5\" animate=\"fadeInDown\" image_height=\"75%\" image_size=\"medium\" image_overlay=\"rgba(255, 255, 255, 0.25)\" image_hover=\"overlay-add\" text_size=\"xsmall\" text_color=\"dark\" data-srcset=\"https:\/\/halle.se\/wp-content\/uploads\/2025\/06\/stora-glaspartier-i-hus-halle-sapa-400x400.jpg 400w, https:\/\/halle.se\/wp-content\/uploads\/2025\/06\/stora-glaspartier-i-hus-halle-sapa-800x800.jpg 800w, https:\/\/halle.se\/wp-content\/uploads\/2025\/06\/stora-glaspartier-i-hus-halle-sapa-280x280.jpg 280w, https:\/\/halle.se\/wp-content\/uploads\/2025\/06\/stora-glaspartier-i-hus-halle-sapa-768x768.jpg 768w, https:\/\/halle.se\/wp-content\/uploads\/2025\/06\/stora-glaspartier-i-hus-halle-sapa-1536x1536.jpg 1536w, https:\/\/halle.se\/wp-content\/uploads\/2025\/06\/stora-glaspartier-i-hus-halle-sapa-2048x2048.jpg 2048w, https:\/\/halle.se\/wp-content\/uploads\/2025\/06\/stora-glaspartier-i-hus-halle-sapa-100x100.jpg 100w, https:\/\/halle.se\/wp-content\/uploads\/2025\/06\/stora-glaspartier-i-hus-halle-sapa-384x384.jpg 384w, https:\/\/halle.se\/wp-content\/uploads\/2025\/06\/stora-glaspartier-i-hus-halle-sapa-640x640.jpg 640w\" data-sizes=\"auto\" src=\"data:image\/svg+xml;base64,PHN2ZyB3aWR0aD0iMSIgaGVpZ2h0PSIxIiB4bWxucz0iaHR0cDovL3d3dy53My5vcmcvMjAwMC9zdmciPjwvc3ZnPg==\" data-original-sizes=\"(max-width: 400px) 100vw, 400px\" \/>                                  <div class=\"overlay fill\"\n                      style=\"background-color: rgba(255, 255, 255, 0.25)\">\n                  <\/div>\n                                                              <\/div>\n              <div class=\"box-text text-left is-xsmall dark\" >\n                 <p><\/p>\n              <\/div>\n            <\/div>\n            <\/a>          <\/div>\n         <\/div><div class=\"gallery-col col\" data-animate=\"fadeInDown\">\n          <div class=\"col-inner\">\n            <a class=\"image-lightbox lightbox-gallery\" href=\"https:\/\/halle.se\/wp-content\/uploads\/2024\/11\/Gratt-betonghus-med-glaspartier-2048x2048.jpg\" title=\"\">            <div class=\"box has-hover gallery-box box-default\">\n              <div class=\"box-image image-overlay-add image-cover\" style=\"padding-top:75%;\">\n                <img decoding=\"async\" width=\"400\" height=\"400\" data-src=\"https:\/\/halle.se\/wp-content\/uploads\/2024\/11\/Gratt-betonghus-med-glaspartier-400x400.jpg\" class=\"attachment-medium size-medium lazyload\" alt=\"Halle galspartier och fasadsystem i hus\" ids=\"227677,240358,227678,227680,227686,227682,227679,227681,221521,221524,221523,221522,178719,240309,221526,221525,221527,221528,234392,178736,178729,234452,240083,178730,178731,240311,178726,178727,178720,178718,178723,178738,240303,178737,178725,178740,178728,178704,240316,178724,178707,178732,178722,178733,240084,178741,178713,178710,178697,178746,178709,240082,240301,240302,240304,234393,240362,178695,178694,178703,178696,178693,178715,178742,178745,178743,240355,178744,178711,178712,240354,178716,178747,219122,219144,219734,234394,219123,219124,219127,219729,219140,219731,219141,219142,219143,219737,219738,219133,234190,219135,219136,234191,234192,240351,240353,240352,219147,240393,240153,240154,240152,240151,240155,240157,240158,219148,240267,240190,240194,240193,240192,240191,240265,240264,240255,219150,219152,219153,219156,219157,219159,234261,234262,234263,234264\" style=\"--smush-placeholder-width: 400px; --smush-placeholder-aspect-ratio: 400\/400;default\" lightbox_image_size=\"2048x2048\" columns=\"5\" animate=\"fadeInDown\" image_height=\"75%\" image_size=\"medium\" image_overlay=\"rgba(255, 255, 255, 0.25)\" image_hover=\"overlay-add\" text_size=\"xsmall\" text_color=\"dark\" data-srcset=\"https:\/\/halle.se\/wp-content\/uploads\/2024\/11\/Gratt-betonghus-med-glaspartier-400x400.jpg 400w, https:\/\/halle.se\/wp-content\/uploads\/2024\/11\/Gratt-betonghus-med-glaspartier-800x800.jpg 800w, https:\/\/halle.se\/wp-content\/uploads\/2024\/11\/Gratt-betonghus-med-glaspartier-280x280.jpg 280w, https:\/\/halle.se\/wp-content\/uploads\/2024\/11\/Gratt-betonghus-med-glaspartier-768x768.jpg 768w, https:\/\/halle.se\/wp-content\/uploads\/2024\/11\/Gratt-betonghus-med-glaspartier-1536x1536.jpg 1536w, https:\/\/halle.se\/wp-content\/uploads\/2024\/11\/Gratt-betonghus-med-glaspartier-2048x2048.jpg 2048w, https:\/\/halle.se\/wp-content\/uploads\/2024\/11\/Gratt-betonghus-med-glaspartier-100x100.jpg 100w, https:\/\/halle.se\/wp-content\/uploads\/2024\/11\/Gratt-betonghus-med-glaspartier-384x384.jpg 384w, https:\/\/halle.se\/wp-content\/uploads\/2024\/11\/Gratt-betonghus-med-glaspartier-640x640.jpg 640w\" data-sizes=\"auto\" src=\"data:image\/svg+xml;base64,PHN2ZyB3aWR0aD0iMSIgaGVpZ2h0PSIxIiB4bWxucz0iaHR0cDovL3d3dy53My5vcmcvMjAwMC9zdmciPjwvc3ZnPg==\" data-original-sizes=\"(max-width: 400px) 100vw, 400px\" \/>                                  <div class=\"overlay fill\"\n                      style=\"background-color: rgba(255, 255, 255, 0.25)\">\n                  <\/div>\n                                                              <\/div>\n              <div class=\"box-text text-left is-xsmall dark\" >\n                 <p><\/p>\n              <\/div>\n            <\/div>\n            <\/a>          <\/div>\n         <\/div><div class=\"gallery-col col\" data-animate=\"fadeInDown\">\n          <div class=\"col-inner\">\n            <a class=\"image-lightbox lightbox-gallery\" href=\"https:\/\/halle.se\/wp-content\/uploads\/2024\/11\/Vitt-hus-i-sluttning-2048x2048.jpg\" title=\"\">            <div class=\"box has-hover gallery-box box-default\">\n              <div class=\"box-image image-overlay-add image-cover\" style=\"padding-top:75%;\">\n                <img decoding=\"async\" width=\"400\" height=\"400\" data-src=\"https:\/\/halle.se\/wp-content\/uploads\/2024\/11\/Vitt-hus-i-sluttning-400x400.jpg\" class=\"attachment-medium size-medium lazyload\" alt=\"Halle glaspartier i husfasaden\" ids=\"227677,240358,227678,227680,227686,227682,227679,227681,221521,221524,221523,221522,178719,240309,221526,221525,221527,221528,234392,178736,178729,234452,240083,178730,178731,240311,178726,178727,178720,178718,178723,178738,240303,178737,178725,178740,178728,178704,240316,178724,178707,178732,178722,178733,240084,178741,178713,178710,178697,178746,178709,240082,240301,240302,240304,234393,240362,178695,178694,178703,178696,178693,178715,178742,178745,178743,240355,178744,178711,178712,240354,178716,178747,219122,219144,219734,234394,219123,219124,219127,219729,219140,219731,219141,219142,219143,219737,219738,219133,234190,219135,219136,234191,234192,240351,240353,240352,219147,240393,240153,240154,240152,240151,240155,240157,240158,219148,240267,240190,240194,240193,240192,240191,240265,240264,240255,219150,219152,219153,219156,219157,219159,234261,234262,234263,234264\" style=\"--smush-placeholder-width: 400px; --smush-placeholder-aspect-ratio: 400\/400;default\" lightbox_image_size=\"2048x2048\" columns=\"5\" animate=\"fadeInDown\" image_height=\"75%\" image_size=\"medium\" image_overlay=\"rgba(255, 255, 255, 0.25)\" image_hover=\"overlay-add\" text_size=\"xsmall\" text_color=\"dark\" data-srcset=\"https:\/\/halle.se\/wp-content\/uploads\/2024\/11\/Vitt-hus-i-sluttning-400x400.jpg 400w, https:\/\/halle.se\/wp-content\/uploads\/2024\/11\/Vitt-hus-i-sluttning-800x800.jpg 800w, https:\/\/halle.se\/wp-content\/uploads\/2024\/11\/Vitt-hus-i-sluttning-280x280.jpg 280w, https:\/\/halle.se\/wp-content\/uploads\/2024\/11\/Vitt-hus-i-sluttning-768x768.jpg 768w, https:\/\/halle.se\/wp-content\/uploads\/2024\/11\/Vitt-hus-i-sluttning-1536x1536.jpg 1536w, https:\/\/halle.se\/wp-content\/uploads\/2024\/11\/Vitt-hus-i-sluttning-2048x2048.jpg 2048w, https:\/\/halle.se\/wp-content\/uploads\/2024\/11\/Vitt-hus-i-sluttning-100x100.jpg 100w, https:\/\/halle.se\/wp-content\/uploads\/2024\/11\/Vitt-hus-i-sluttning-384x384.jpg 384w, https:\/\/halle.se\/wp-content\/uploads\/2024\/11\/Vitt-hus-i-sluttning-640x640.jpg 640w\" data-sizes=\"auto\" src=\"data:image\/svg+xml;base64,PHN2ZyB3aWR0aD0iMSIgaGVpZ2h0PSIxIiB4bWxucz0iaHR0cDovL3d3dy53My5vcmcvMjAwMC9zdmciPjwvc3ZnPg==\" data-original-sizes=\"(max-width: 400px) 100vw, 400px\" \/>                                  <div class=\"overlay fill\"\n                      style=\"background-color: rgba(255, 255, 255, 0.25)\">\n                  <\/div>\n                                                              <\/div>\n              <div class=\"box-text text-left is-xsmall dark\" >\n                 <p><\/p>\n              <\/div>\n            <\/div>\n            <\/a>          <\/div>\n         <\/div><div class=\"gallery-col col\" data-animate=\"fadeInDown\">\n          <div class=\"col-inner\">\n            <a class=\"image-lightbox lightbox-gallery\" href=\"https:\/\/halle.se\/wp-content\/uploads\/2024\/11\/vitt-hus-2-vaningar-i-vinter-2048x2048.jpg\" title=\"\">            <div class=\"box has-hover gallery-box box-default\">\n              <div class=\"box-image image-overlay-add image-cover\" style=\"padding-top:75%;\">\n                <img decoding=\"async\" width=\"400\" height=\"400\" data-src=\"https:\/\/halle.se\/wp-content\/uploads\/2024\/11\/vitt-hus-2-vaningar-i-vinter-400x400.jpg\" class=\"attachment-medium size-medium lazyload\" alt=\"Halle \u00f6ppningsbara fasadpartier i glas\" ids=\"227677,240358,227678,227680,227686,227682,227679,227681,221521,221524,221523,221522,178719,240309,221526,221525,221527,221528,234392,178736,178729,234452,240083,178730,178731,240311,178726,178727,178720,178718,178723,178738,240303,178737,178725,178740,178728,178704,240316,178724,178707,178732,178722,178733,240084,178741,178713,178710,178697,178746,178709,240082,240301,240302,240304,234393,240362,178695,178694,178703,178696,178693,178715,178742,178745,178743,240355,178744,178711,178712,240354,178716,178747,219122,219144,219734,234394,219123,219124,219127,219729,219140,219731,219141,219142,219143,219737,219738,219133,234190,219135,219136,234191,234192,240351,240353,240352,219147,240393,240153,240154,240152,240151,240155,240157,240158,219148,240267,240190,240194,240193,240192,240191,240265,240264,240255,219150,219152,219153,219156,219157,219159,234261,234262,234263,234264\" style=\"--smush-placeholder-width: 400px; --smush-placeholder-aspect-ratio: 400\/400;default\" lightbox_image_size=\"2048x2048\" columns=\"5\" animate=\"fadeInDown\" image_height=\"75%\" image_size=\"medium\" image_overlay=\"rgba(255, 255, 255, 0.25)\" image_hover=\"overlay-add\" text_size=\"xsmall\" text_color=\"dark\" data-srcset=\"https:\/\/halle.se\/wp-content\/uploads\/2024\/11\/vitt-hus-2-vaningar-i-vinter-400x400.jpg 400w, https:\/\/halle.se\/wp-content\/uploads\/2024\/11\/vitt-hus-2-vaningar-i-vinter-800x800.jpg 800w, https:\/\/halle.se\/wp-content\/uploads\/2024\/11\/vitt-hus-2-vaningar-i-vinter-280x280.jpg 280w, https:\/\/halle.se\/wp-content\/uploads\/2024\/11\/vitt-hus-2-vaningar-i-vinter-768x768.jpg 768w, https:\/\/halle.se\/wp-content\/uploads\/2024\/11\/vitt-hus-2-vaningar-i-vinter-1536x1536.jpg 1536w, https:\/\/halle.se\/wp-content\/uploads\/2024\/11\/vitt-hus-2-vaningar-i-vinter-2048x2048.jpg 2048w, https:\/\/halle.se\/wp-content\/uploads\/2024\/11\/vitt-hus-2-vaningar-i-vinter-100x100.jpg 100w, https:\/\/halle.se\/wp-content\/uploads\/2024\/11\/vitt-hus-2-vaningar-i-vinter-384x384.jpg 384w, https:\/\/halle.se\/wp-content\/uploads\/2024\/11\/vitt-hus-2-vaningar-i-vinter-640x640.jpg 640w\" data-sizes=\"auto\" src=\"data:image\/svg+xml;base64,PHN2ZyB3aWR0aD0iMSIgaGVpZ2h0PSIxIiB4bWxucz0iaHR0cDovL3d3dy53My5vcmcvMjAwMC9zdmciPjwvc3ZnPg==\" data-original-sizes=\"(max-width: 400px) 100vw, 400px\" \/>                                  <div class=\"overlay fill\"\n                      style=\"background-color: rgba(255, 255, 255, 0.25)\">\n                  <\/div>\n                                                              <\/div>\n              <div class=\"box-text text-left is-xsmall dark\" >\n                 <p><\/p>\n              <\/div>\n            <\/div>\n            <\/a>          <\/div>\n         <\/div><div class=\"gallery-col col\" data-animate=\"fadeInDown\">\n          <div class=\"col-inner\">\n            <a class=\"image-lightbox lightbox-gallery\" href=\"https:\/\/halle.se\/wp-content\/uploads\/2024\/11\/modern-hus-med-platt-tak-vid-sjo-2048x2048.jpg\" title=\"\">            <div class=\"box has-hover gallery-box box-default\">\n              <div class=\"box-image image-overlay-add image-cover\" style=\"padding-top:75%;\">\n                <img decoding=\"async\" width=\"400\" height=\"400\" data-src=\"https:\/\/halle.se\/wp-content\/uploads\/2024\/11\/modern-hus-med-platt-tak-vid-sjo-400x400.jpg\" class=\"attachment-medium size-medium lazyload\" alt=\"Halle hus vid vatten med glaspartier\" ids=\"227677,240358,227678,227680,227686,227682,227679,227681,221521,221524,221523,221522,178719,240309,221526,221525,221527,221528,234392,178736,178729,234452,240083,178730,178731,240311,178726,178727,178720,178718,178723,178738,240303,178737,178725,178740,178728,178704,240316,178724,178707,178732,178722,178733,240084,178741,178713,178710,178697,178746,178709,240082,240301,240302,240304,234393,240362,178695,178694,178703,178696,178693,178715,178742,178745,178743,240355,178744,178711,178712,240354,178716,178747,219122,219144,219734,234394,219123,219124,219127,219729,219140,219731,219141,219142,219143,219737,219738,219133,234190,219135,219136,234191,234192,240351,240353,240352,219147,240393,240153,240154,240152,240151,240155,240157,240158,219148,240267,240190,240194,240193,240192,240191,240265,240264,240255,219150,219152,219153,219156,219157,219159,234261,234262,234263,234264\" style=\"--smush-placeholder-width: 400px; --smush-placeholder-aspect-ratio: 400\/400;default\" lightbox_image_size=\"2048x2048\" columns=\"5\" animate=\"fadeInDown\" image_height=\"75%\" image_size=\"medium\" image_overlay=\"rgba(255, 255, 255, 0.25)\" image_hover=\"overlay-add\" text_size=\"xsmall\" text_color=\"dark\" data-srcset=\"https:\/\/halle.se\/wp-content\/uploads\/2024\/11\/modern-hus-med-platt-tak-vid-sjo-400x400.jpg 400w, https:\/\/halle.se\/wp-content\/uploads\/2024\/11\/modern-hus-med-platt-tak-vid-sjo-800x800.jpg 800w, https:\/\/halle.se\/wp-content\/uploads\/2024\/11\/modern-hus-med-platt-tak-vid-sjo-280x280.jpg 280w, https:\/\/halle.se\/wp-content\/uploads\/2024\/11\/modern-hus-med-platt-tak-vid-sjo-768x768.jpg 768w, https:\/\/halle.se\/wp-content\/uploads\/2024\/11\/modern-hus-med-platt-tak-vid-sjo-1536x1536.jpg 1536w, https:\/\/halle.se\/wp-content\/uploads\/2024\/11\/modern-hus-med-platt-tak-vid-sjo-2048x2048.jpg 2048w, https:\/\/halle.se\/wp-content\/uploads\/2024\/11\/modern-hus-med-platt-tak-vid-sjo-100x100.jpg 100w, https:\/\/halle.se\/wp-content\/uploads\/2024\/11\/modern-hus-med-platt-tak-vid-sjo-384x384.jpg 384w, https:\/\/halle.se\/wp-content\/uploads\/2024\/11\/modern-hus-med-platt-tak-vid-sjo-640x640.jpg 640w\" data-sizes=\"auto\" src=\"data:image\/svg+xml;base64,PHN2ZyB3aWR0aD0iMSIgaGVpZ2h0PSIxIiB4bWxucz0iaHR0cDovL3d3dy53My5vcmcvMjAwMC9zdmciPjwvc3ZnPg==\" data-original-sizes=\"(max-width: 400px) 100vw, 400px\" \/>                                  <div class=\"overlay fill\"\n                      style=\"background-color: rgba(255, 255, 255, 0.25)\">\n                  <\/div>\n                                                              <\/div>\n              <div class=\"box-text text-left is-xsmall dark\" >\n                 <p><\/p>\n              <\/div>\n            <\/div>\n            <\/a>          <\/div>\n         <\/div><div class=\"gallery-col col\" data-animate=\"fadeInDown\">\n          <div class=\"col-inner\">\n            <a class=\"image-lightbox lightbox-gallery\" href=\"https:\/\/halle.se\/wp-content\/uploads\/2021\/03\/halle-uterum-med-logotype.jpg\" title=\"\">            <div class=\"box has-hover gallery-box box-default\">\n              <div class=\"box-image image-overlay-add image-cover\" style=\"padding-top:75%;\">\n                <img decoding=\"async\" width=\"533\" height=\"400\" data-src=\"https:\/\/halle.se\/wp-content\/uploads\/2021\/03\/halle-uterum-med-logotype-533x400.jpg\" class=\"attachment-medium size-medium lazyload\" alt=\"Halle uterum med svensktillverkade produkter\" ids=\"227677,240358,227678,227680,227686,227682,227679,227681,221521,221524,221523,221522,178719,240309,221526,221525,221527,221528,234392,178736,178729,234452,240083,178730,178731,240311,178726,178727,178720,178718,178723,178738,240303,178737,178725,178740,178728,178704,240316,178724,178707,178732,178722,178733,240084,178741,178713,178710,178697,178746,178709,240082,240301,240302,240304,234393,240362,178695,178694,178703,178696,178693,178715,178742,178745,178743,240355,178744,178711,178712,240354,178716,178747,219122,219144,219734,234394,219123,219124,219127,219729,219140,219731,219141,219142,219143,219737,219738,219133,234190,219135,219136,234191,234192,240351,240353,240352,219147,240393,240153,240154,240152,240151,240155,240157,240158,219148,240267,240190,240194,240193,240192,240191,240265,240264,240255,219150,219152,219153,219156,219157,219159,234261,234262,234263,234264\" style=\"--smush-placeholder-width: 533px; --smush-placeholder-aspect-ratio: 533\/400;default\" lightbox_image_size=\"2048x2048\" columns=\"5\" animate=\"fadeInDown\" image_height=\"75%\" image_size=\"medium\" image_overlay=\"rgba(255, 255, 255, 0.25)\" image_hover=\"overlay-add\" text_size=\"xsmall\" text_color=\"dark\" data-srcset=\"https:\/\/halle.se\/wp-content\/uploads\/2021\/03\/halle-uterum-med-logotype-533x400.jpg 533w, https:\/\/halle.se\/wp-content\/uploads\/2021\/03\/halle-uterum-med-logotype-640x480.jpg 640w, https:\/\/halle.se\/wp-content\/uploads\/2021\/03\/halle-uterum-med-logotype-1067x800.jpg 1067w, https:\/\/halle.se\/wp-content\/uploads\/2021\/03\/halle-uterum-med-logotype-768x576.jpg 768w, https:\/\/halle.se\/wp-content\/uploads\/2021\/03\/halle-uterum-med-logotype-1536x1152.jpg 1536w, https:\/\/halle.se\/wp-content\/uploads\/2021\/03\/halle-uterum-med-logotype-133x100.jpg 133w, https:\/\/halle.se\/wp-content\/uploads\/2021\/03\/halle-uterum-med-logotype.jpg 1600w\" data-sizes=\"auto\" src=\"data:image\/svg+xml;base64,PHN2ZyB3aWR0aD0iMSIgaGVpZ2h0PSIxIiB4bWxucz0iaHR0cDovL3d3dy53My5vcmcvMjAwMC9zdmciPjwvc3ZnPg==\" data-original-sizes=\"(max-width: 533px) 100vw, 533px\" \/>                                  <div class=\"overlay fill\"\n                      style=\"background-color: rgba(255, 255, 255, 0.25)\">\n                  <\/div>\n                                                              <\/div>\n              <div class=\"box-text text-left is-xsmall dark\" >\n                 <p><\/p>\n              <\/div>\n            <\/div>\n            <\/a>          <\/div>\n         <\/div><div class=\"gallery-col col\" data-animate=\"fadeInDown\">\n          <div class=\"col-inner\">\n            <a class=\"image-lightbox lightbox-gallery\" href=\"https:\/\/halle.se\/wp-content\/uploads\/2018\/08\/halle-uterum-stugan-skummeslov-dagsljus-2048x2048.jpg\" title=\"\">            <div class=\"box has-hover gallery-box box-default\">\n              <div class=\"box-image image-overlay-add image-cover\" style=\"padding-top:75%;\">\n                <img decoding=\"async\" width=\"400\" height=\"400\" data-src=\"https:\/\/halle.se\/wp-content\/uploads\/2018\/08\/halle-uterum-stugan-skummeslov-dagsljus-400x400.jpg\" class=\"attachment-medium size-medium lazyload\" alt=\"\" ids=\"227677,240358,227678,227680,227686,227682,227679,227681,221521,221524,221523,221522,178719,240309,221526,221525,221527,221528,234392,178736,178729,234452,240083,178730,178731,240311,178726,178727,178720,178718,178723,178738,240303,178737,178725,178740,178728,178704,240316,178724,178707,178732,178722,178733,240084,178741,178713,178710,178697,178746,178709,240082,240301,240302,240304,234393,240362,178695,178694,178703,178696,178693,178715,178742,178745,178743,240355,178744,178711,178712,240354,178716,178747,219122,219144,219734,234394,219123,219124,219127,219729,219140,219731,219141,219142,219143,219737,219738,219133,234190,219135,219136,234191,234192,240351,240353,240352,219147,240393,240153,240154,240152,240151,240155,240157,240158,219148,240267,240190,240194,240193,240192,240191,240265,240264,240255,219150,219152,219153,219156,219157,219159,234261,234262,234263,234264\" style=\"--smush-placeholder-width: 400px; --smush-placeholder-aspect-ratio: 400\/400;default\" lightbox_image_size=\"2048x2048\" columns=\"5\" animate=\"fadeInDown\" image_height=\"75%\" image_size=\"medium\" image_overlay=\"rgba(255, 255, 255, 0.25)\" image_hover=\"overlay-add\" text_size=\"xsmall\" text_color=\"dark\" data-srcset=\"https:\/\/halle.se\/wp-content\/uploads\/2018\/08\/halle-uterum-stugan-skummeslov-dagsljus-400x400.jpg 400w, https:\/\/halle.se\/wp-content\/uploads\/2018\/08\/halle-uterum-stugan-skummeslov-dagsljus-800x800.jpg 800w, https:\/\/halle.se\/wp-content\/uploads\/2018\/08\/halle-uterum-stugan-skummeslov-dagsljus-280x280.jpg 280w, https:\/\/halle.se\/wp-content\/uploads\/2018\/08\/halle-uterum-stugan-skummeslov-dagsljus-768x768.jpg 768w, https:\/\/halle.se\/wp-content\/uploads\/2018\/08\/halle-uterum-stugan-skummeslov-dagsljus-1536x1536.jpg 1536w, https:\/\/halle.se\/wp-content\/uploads\/2018\/08\/halle-uterum-stugan-skummeslov-dagsljus-2048x2048.jpg 2048w, https:\/\/halle.se\/wp-content\/uploads\/2018\/08\/halle-uterum-stugan-skummeslov-dagsljus-100x100.jpg 100w, https:\/\/halle.se\/wp-content\/uploads\/2018\/08\/halle-uterum-stugan-skummeslov-dagsljus-384x384.jpg 384w, https:\/\/halle.se\/wp-content\/uploads\/2018\/08\/halle-uterum-stugan-skummeslov-dagsljus-640x640.jpg 640w\" data-sizes=\"auto\" src=\"data:image\/svg+xml;base64,PHN2ZyB3aWR0aD0iMSIgaGVpZ2h0PSIxIiB4bWxucz0iaHR0cDovL3d3dy53My5vcmcvMjAwMC9zdmciPjwvc3ZnPg==\" data-original-sizes=\"(max-width: 400px) 100vw, 400px\" \/>                                  <div class=\"overlay fill\"\n                      style=\"background-color: rgba(255, 255, 255, 0.25)\">\n                  <\/div>\n                                                              <\/div>\n              <div class=\"box-text text-left is-xsmall dark\" >\n                 <p><\/p>\n              <\/div>\n            <\/div>\n            <\/a>          <\/div>\n         <\/div><div class=\"gallery-col col\" data-animate=\"fadeInDown\">\n          <div class=\"col-inner\">\n            <a class=\"image-lightbox lightbox-gallery\" href=\"https:\/\/halle.se\/wp-content\/uploads\/2024\/11\/halle-uterum-med-kanalplasttak-2048x1365.jpg\" title=\"\">            <div class=\"box has-hover gallery-box box-default\">\n              <div class=\"box-image image-overlay-add image-cover\" style=\"padding-top:75%;\">\n                <img decoding=\"async\" width=\"600\" height=\"400\" data-src=\"https:\/\/halle.se\/wp-content\/uploads\/2024\/11\/halle-uterum-med-kanalplasttak-600x400.jpg\" class=\"attachment-medium size-medium lazyload\" alt=\"Halle uterum med uterumspartier i svart och kanalplasttak\" ids=\"227677,240358,227678,227680,227686,227682,227679,227681,221521,221524,221523,221522,178719,240309,221526,221525,221527,221528,234392,178736,178729,234452,240083,178730,178731,240311,178726,178727,178720,178718,178723,178738,240303,178737,178725,178740,178728,178704,240316,178724,178707,178732,178722,178733,240084,178741,178713,178710,178697,178746,178709,240082,240301,240302,240304,234393,240362,178695,178694,178703,178696,178693,178715,178742,178745,178743,240355,178744,178711,178712,240354,178716,178747,219122,219144,219734,234394,219123,219124,219127,219729,219140,219731,219141,219142,219143,219737,219738,219133,234190,219135,219136,234191,234192,240351,240353,240352,219147,240393,240153,240154,240152,240151,240155,240157,240158,219148,240267,240190,240194,240193,240192,240191,240265,240264,240255,219150,219152,219153,219156,219157,219159,234261,234262,234263,234264\" style=\"--smush-placeholder-width: 600px; --smush-placeholder-aspect-ratio: 600\/400;default\" lightbox_image_size=\"2048x2048\" columns=\"5\" animate=\"fadeInDown\" image_height=\"75%\" image_size=\"medium\" image_overlay=\"rgba(255, 255, 255, 0.25)\" image_hover=\"overlay-add\" text_size=\"xsmall\" text_color=\"dark\" data-srcset=\"https:\/\/halle.se\/wp-content\/uploads\/2024\/11\/halle-uterum-med-kanalplasttak-600x400.jpg 600w, https:\/\/halle.se\/wp-content\/uploads\/2024\/11\/halle-uterum-med-kanalplasttak-1200x800.jpg 1200w, https:\/\/halle.se\/wp-content\/uploads\/2024\/11\/halle-uterum-med-kanalplasttak-768x512.jpg 768w, https:\/\/halle.se\/wp-content\/uploads\/2024\/11\/halle-uterum-med-kanalplasttak-1536x1024.jpg 1536w, https:\/\/halle.se\/wp-content\/uploads\/2024\/11\/halle-uterum-med-kanalplasttak-2048x1365.jpg 2048w, https:\/\/halle.se\/wp-content\/uploads\/2024\/11\/halle-uterum-med-kanalplasttak-150x100.jpg 150w, https:\/\/halle.se\/wp-content\/uploads\/2024\/11\/halle-uterum-med-kanalplasttak-640x427.jpg 640w\" data-sizes=\"auto\" src=\"data:image\/svg+xml;base64,PHN2ZyB3aWR0aD0iMSIgaGVpZ2h0PSIxIiB4bWxucz0iaHR0cDovL3d3dy53My5vcmcvMjAwMC9zdmciPjwvc3ZnPg==\" data-original-sizes=\"(max-width: 600px) 100vw, 600px\" \/>                                  <div class=\"overlay fill\"\n                      style=\"background-color: rgba(255, 255, 255, 0.25)\">\n                  <\/div>\n                                                              <\/div>\n              <div class=\"box-text text-left is-xsmall dark\" >\n                 <p><\/p>\n              <\/div>\n            <\/div>\n            <\/a>          <\/div>\n         <\/div><div class=\"gallery-col col\" data-animate=\"fadeInDown\">\n          <div class=\"col-inner\">\n            <a class=\"image-lightbox lightbox-gallery\" href=\"https:\/\/halle.se\/wp-content\/uploads\/2024\/11\/halle-uterum-med-kanalplast-2048x1366.jpg\" title=\"\">            <div class=\"box has-hover gallery-box box-default\">\n              <div class=\"box-image image-overlay-add image-cover\" style=\"padding-top:75%;\">\n                <img decoding=\"async\" width=\"600\" height=\"400\" data-src=\"https:\/\/halle.se\/wp-content\/uploads\/2024\/11\/halle-uterum-med-kanalplast-600x400.jpg\" class=\"attachment-medium size-medium lazyload\" alt=\"Halle uterum med uterumspartier i svart\" ids=\"227677,240358,227678,227680,227686,227682,227679,227681,221521,221524,221523,221522,178719,240309,221526,221525,221527,221528,234392,178736,178729,234452,240083,178730,178731,240311,178726,178727,178720,178718,178723,178738,240303,178737,178725,178740,178728,178704,240316,178724,178707,178732,178722,178733,240084,178741,178713,178710,178697,178746,178709,240082,240301,240302,240304,234393,240362,178695,178694,178703,178696,178693,178715,178742,178745,178743,240355,178744,178711,178712,240354,178716,178747,219122,219144,219734,234394,219123,219124,219127,219729,219140,219731,219141,219142,219143,219737,219738,219133,234190,219135,219136,234191,234192,240351,240353,240352,219147,240393,240153,240154,240152,240151,240155,240157,240158,219148,240267,240190,240194,240193,240192,240191,240265,240264,240255,219150,219152,219153,219156,219157,219159,234261,234262,234263,234264\" style=\"--smush-placeholder-width: 600px; --smush-placeholder-aspect-ratio: 600\/400;default\" lightbox_image_size=\"2048x2048\" columns=\"5\" animate=\"fadeInDown\" image_height=\"75%\" image_size=\"medium\" image_overlay=\"rgba(255, 255, 255, 0.25)\" image_hover=\"overlay-add\" text_size=\"xsmall\" text_color=\"dark\" data-srcset=\"https:\/\/halle.se\/wp-content\/uploads\/2024\/11\/halle-uterum-med-kanalplast-600x400.jpg 600w, https:\/\/halle.se\/wp-content\/uploads\/2024\/11\/halle-uterum-med-kanalplast-1200x800.jpg 1200w, https:\/\/halle.se\/wp-content\/uploads\/2024\/11\/halle-uterum-med-kanalplast-768x512.jpg 768w, https:\/\/halle.se\/wp-content\/uploads\/2024\/11\/halle-uterum-med-kanalplast-1536x1024.jpg 1536w, https:\/\/halle.se\/wp-content\/uploads\/2024\/11\/halle-uterum-med-kanalplast-2048x1366.jpg 2048w, https:\/\/halle.se\/wp-content\/uploads\/2024\/11\/halle-uterum-med-kanalplast-150x100.jpg 150w, https:\/\/halle.se\/wp-content\/uploads\/2024\/11\/halle-uterum-med-kanalplast-640x427.jpg 640w\" data-sizes=\"auto\" src=\"data:image\/svg+xml;base64,PHN2ZyB3aWR0aD0iMSIgaGVpZ2h0PSIxIiB4bWxucz0iaHR0cDovL3d3dy53My5vcmcvMjAwMC9zdmciPjwvc3ZnPg==\" data-original-sizes=\"(max-width: 600px) 100vw, 600px\" \/>                                  <div class=\"overlay fill\"\n                      style=\"background-color: rgba(255, 255, 255, 0.25)\">\n                  <\/div>\n                                                              <\/div>\n              <div class=\"box-text text-left is-xsmall dark\" >\n                 <p><\/p>\n              <\/div>\n            <\/div>\n            <\/a>          <\/div>\n         <\/div><div class=\"gallery-col col\" data-animate=\"fadeInDown\">\n          <div class=\"col-inner\">\n            <a class=\"image-lightbox lightbox-gallery\" href=\"https:\/\/halle.se\/wp-content\/uploads\/2024\/11\/halle-uterum-med-svart-uterumsparti-och-kanalplast-2048x1394.jpg\" title=\"\">            <div class=\"box has-hover gallery-box box-default\">\n              <div class=\"box-image image-overlay-add image-cover\" style=\"padding-top:75%;\">\n                <img decoding=\"async\" width=\"588\" height=\"400\" data-src=\"https:\/\/halle.se\/wp-content\/uploads\/2024\/11\/halle-uterum-med-svart-uterumsparti-och-kanalplast-588x400.jpg\" class=\"attachment-medium size-medium lazyload\" alt=\"Halle uterum med uterumspartier i svart med kanalplasttak i opal\" ids=\"227677,240358,227678,227680,227686,227682,227679,227681,221521,221524,221523,221522,178719,240309,221526,221525,221527,221528,234392,178736,178729,234452,240083,178730,178731,240311,178726,178727,178720,178718,178723,178738,240303,178737,178725,178740,178728,178704,240316,178724,178707,178732,178722,178733,240084,178741,178713,178710,178697,178746,178709,240082,240301,240302,240304,234393,240362,178695,178694,178703,178696,178693,178715,178742,178745,178743,240355,178744,178711,178712,240354,178716,178747,219122,219144,219734,234394,219123,219124,219127,219729,219140,219731,219141,219142,219143,219737,219738,219133,234190,219135,219136,234191,234192,240351,240353,240352,219147,240393,240153,240154,240152,240151,240155,240157,240158,219148,240267,240190,240194,240193,240192,240191,240265,240264,240255,219150,219152,219153,219156,219157,219159,234261,234262,234263,234264\" style=\"--smush-placeholder-width: 588px; --smush-placeholder-aspect-ratio: 588\/400;default\" lightbox_image_size=\"2048x2048\" columns=\"5\" animate=\"fadeInDown\" image_height=\"75%\" image_size=\"medium\" image_overlay=\"rgba(255, 255, 255, 0.25)\" image_hover=\"overlay-add\" text_size=\"xsmall\" text_color=\"dark\" data-srcset=\"https:\/\/halle.se\/wp-content\/uploads\/2024\/11\/halle-uterum-med-svart-uterumsparti-och-kanalplast-588x400.jpg 588w, https:\/\/halle.se\/wp-content\/uploads\/2024\/11\/halle-uterum-med-svart-uterumsparti-och-kanalplast-1175x800.jpg 1175w, https:\/\/halle.se\/wp-content\/uploads\/2024\/11\/halle-uterum-med-svart-uterumsparti-och-kanalplast-768x523.jpg 768w, https:\/\/halle.se\/wp-content\/uploads\/2024\/11\/halle-uterum-med-svart-uterumsparti-och-kanalplast-1536x1045.jpg 1536w, https:\/\/halle.se\/wp-content\/uploads\/2024\/11\/halle-uterum-med-svart-uterumsparti-och-kanalplast-2048x1394.jpg 2048w, https:\/\/halle.se\/wp-content\/uploads\/2024\/11\/halle-uterum-med-svart-uterumsparti-och-kanalplast-147x100.jpg 147w, https:\/\/halle.se\/wp-content\/uploads\/2024\/11\/halle-uterum-med-svart-uterumsparti-och-kanalplast-640x436.jpg 640w\" data-sizes=\"auto\" src=\"data:image\/svg+xml;base64,PHN2ZyB3aWR0aD0iMSIgaGVpZ2h0PSIxIiB4bWxucz0iaHR0cDovL3d3dy53My5vcmcvMjAwMC9zdmciPjwvc3ZnPg==\" data-original-sizes=\"(max-width: 588px) 100vw, 588px\" \/>                                  <div class=\"overlay fill\"\n                      style=\"background-color: rgba(255, 255, 255, 0.25)\">\n                  <\/div>\n                                                              <\/div>\n              <div class=\"box-text text-left is-xsmall dark\" >\n                 <p><\/p>\n              <\/div>\n            <\/div>\n            <\/a>          <\/div>\n         <\/div><div class=\"gallery-col col\" data-animate=\"fadeInDown\">\n          <div class=\"col-inner\">\n            <a class=\"image-lightbox lightbox-gallery\" href=\"https:\/\/halle.se\/wp-content\/uploads\/2024\/11\/halle-uterum-med-svart-uterumspartier-och-kanalplast-2048x1551.jpg\" title=\"\">            <div class=\"box has-hover gallery-box box-default\">\n              <div class=\"box-image image-overlay-add image-cover\" style=\"padding-top:75%;\">\n                <img decoding=\"async\" width=\"528\" height=\"400\" data-src=\"https:\/\/halle.se\/wp-content\/uploads\/2024\/11\/halle-uterum-med-svart-uterumspartier-och-kanalplast-528x400.jpg\" class=\"attachment-medium size-medium lazyload\" alt=\"Halle uterum med uterumspartier med svarta uterumspartier\" ids=\"227677,240358,227678,227680,227686,227682,227679,227681,221521,221524,221523,221522,178719,240309,221526,221525,221527,221528,234392,178736,178729,234452,240083,178730,178731,240311,178726,178727,178720,178718,178723,178738,240303,178737,178725,178740,178728,178704,240316,178724,178707,178732,178722,178733,240084,178741,178713,178710,178697,178746,178709,240082,240301,240302,240304,234393,240362,178695,178694,178703,178696,178693,178715,178742,178745,178743,240355,178744,178711,178712,240354,178716,178747,219122,219144,219734,234394,219123,219124,219127,219729,219140,219731,219141,219142,219143,219737,219738,219133,234190,219135,219136,234191,234192,240351,240353,240352,219147,240393,240153,240154,240152,240151,240155,240157,240158,219148,240267,240190,240194,240193,240192,240191,240265,240264,240255,219150,219152,219153,219156,219157,219159,234261,234262,234263,234264\" style=\"--smush-placeholder-width: 528px; --smush-placeholder-aspect-ratio: 528\/400;default\" lightbox_image_size=\"2048x2048\" columns=\"5\" animate=\"fadeInDown\" image_height=\"75%\" image_size=\"medium\" image_overlay=\"rgba(255, 255, 255, 0.25)\" image_hover=\"overlay-add\" text_size=\"xsmall\" text_color=\"dark\" data-srcset=\"https:\/\/halle.se\/wp-content\/uploads\/2024\/11\/halle-uterum-med-svart-uterumspartier-och-kanalplast-528x400.jpg 528w, https:\/\/halle.se\/wp-content\/uploads\/2024\/11\/halle-uterum-med-svart-uterumspartier-och-kanalplast-1056x800.jpg 1056w, https:\/\/halle.se\/wp-content\/uploads\/2024\/11\/halle-uterum-med-svart-uterumspartier-och-kanalplast-768x582.jpg 768w, https:\/\/halle.se\/wp-content\/uploads\/2024\/11\/halle-uterum-med-svart-uterumspartier-och-kanalplast-1536x1163.jpg 1536w, https:\/\/halle.se\/wp-content\/uploads\/2024\/11\/halle-uterum-med-svart-uterumspartier-och-kanalplast-2048x1551.jpg 2048w, https:\/\/halle.se\/wp-content\/uploads\/2024\/11\/halle-uterum-med-svart-uterumspartier-och-kanalplast-132x100.jpg 132w, https:\/\/halle.se\/wp-content\/uploads\/2024\/11\/halle-uterum-med-svart-uterumspartier-och-kanalplast-640x485.jpg 640w\" data-sizes=\"auto\" src=\"data:image\/svg+xml;base64,PHN2ZyB3aWR0aD0iMSIgaGVpZ2h0PSIxIiB4bWxucz0iaHR0cDovL3d3dy53My5vcmcvMjAwMC9zdmciPjwvc3ZnPg==\" data-original-sizes=\"(max-width: 528px) 100vw, 528px\" \/>                                  <div class=\"overlay fill\"\n                      style=\"background-color: rgba(255, 255, 255, 0.25)\">\n                  <\/div>\n                                                              <\/div>\n              <div class=\"box-text text-left is-xsmall dark\" >\n                 <p><\/p>\n              <\/div>\n            <\/div>\n            <\/a>          <\/div>\n         <\/div><div class=\"gallery-col col\" data-animate=\"fadeInDown\">\n          <div class=\"col-inner\">\n            <a class=\"image-lightbox lightbox-gallery\" href=\"https:\/\/halle.se\/wp-content\/uploads\/2018\/08\/primolux-svart-kanalplast-opal-miljo-1-2048x2048.jpg\" title=\"\">            <div class=\"box has-hover gallery-box box-default\">\n              <div class=\"box-image image-overlay-add image-cover\" style=\"padding-top:75%;\">\n                <img decoding=\"async\" width=\"400\" height=\"400\" data-src=\"https:\/\/halle.se\/wp-content\/uploads\/2018\/08\/primolux-svart-kanalplast-opal-miljo-1-400x400.jpg\" class=\"attachment-medium size-medium lazyload\" alt=\"\" ids=\"227677,240358,227678,227680,227686,227682,227679,227681,221521,221524,221523,221522,178719,240309,221526,221525,221527,221528,234392,178736,178729,234452,240083,178730,178731,240311,178726,178727,178720,178718,178723,178738,240303,178737,178725,178740,178728,178704,240316,178724,178707,178732,178722,178733,240084,178741,178713,178710,178697,178746,178709,240082,240301,240302,240304,234393,240362,178695,178694,178703,178696,178693,178715,178742,178745,178743,240355,178744,178711,178712,240354,178716,178747,219122,219144,219734,234394,219123,219124,219127,219729,219140,219731,219141,219142,219143,219737,219738,219133,234190,219135,219136,234191,234192,240351,240353,240352,219147,240393,240153,240154,240152,240151,240155,240157,240158,219148,240267,240190,240194,240193,240192,240191,240265,240264,240255,219150,219152,219153,219156,219157,219159,234261,234262,234263,234264\" style=\"--smush-placeholder-width: 400px; --smush-placeholder-aspect-ratio: 400\/400;default\" lightbox_image_size=\"2048x2048\" columns=\"5\" animate=\"fadeInDown\" image_height=\"75%\" image_size=\"medium\" image_overlay=\"rgba(255, 255, 255, 0.25)\" image_hover=\"overlay-add\" text_size=\"xsmall\" text_color=\"dark\" data-srcset=\"https:\/\/halle.se\/wp-content\/uploads\/2018\/08\/primolux-svart-kanalplast-opal-miljo-1-400x400.jpg 400w, https:\/\/halle.se\/wp-content\/uploads\/2018\/08\/primolux-svart-kanalplast-opal-miljo-1-800x800.jpg 800w, https:\/\/halle.se\/wp-content\/uploads\/2018\/08\/primolux-svart-kanalplast-opal-miljo-1-280x280.jpg 280w, https:\/\/halle.se\/wp-content\/uploads\/2018\/08\/primolux-svart-kanalplast-opal-miljo-1-768x768.jpg 768w, https:\/\/halle.se\/wp-content\/uploads\/2018\/08\/primolux-svart-kanalplast-opal-miljo-1-1536x1536.jpg 1536w, https:\/\/halle.se\/wp-content\/uploads\/2018\/08\/primolux-svart-kanalplast-opal-miljo-1-2048x2048.jpg 2048w, https:\/\/halle.se\/wp-content\/uploads\/2018\/08\/primolux-svart-kanalplast-opal-miljo-1-100x100.jpg 100w, https:\/\/halle.se\/wp-content\/uploads\/2018\/08\/primolux-svart-kanalplast-opal-miljo-1-384x384.jpg 384w, https:\/\/halle.se\/wp-content\/uploads\/2018\/08\/primolux-svart-kanalplast-opal-miljo-1-640x640.jpg 640w\" data-sizes=\"auto\" src=\"data:image\/svg+xml;base64,PHN2ZyB3aWR0aD0iMSIgaGVpZ2h0PSIxIiB4bWxucz0iaHR0cDovL3d3dy53My5vcmcvMjAwMC9zdmciPjwvc3ZnPg==\" data-original-sizes=\"(max-width: 400px) 100vw, 400px\" \/>                                  <div class=\"overlay fill\"\n                      style=\"background-color: rgba(255, 255, 255, 0.25)\">\n                  <\/div>\n                                                              <\/div>\n              <div class=\"box-text text-left is-xsmall dark\" >\n                 <p><\/p>\n              <\/div>\n            <\/div>\n            <\/a>          <\/div>\n         <\/div><div class=\"gallery-col col\" data-animate=\"fadeInDown\">\n          <div class=\"col-inner\">\n            <a class=\"image-lightbox lightbox-gallery\" href=\"https:\/\/halle.se\/wp-content\/uploads\/2021\/03\/halle-uterum-sadeltak-primolux-vitt-hus-2048x1536.jpg\" title=\"\">            <div class=\"box has-hover gallery-box box-default\">\n              <div class=\"box-image image-overlay-add image-cover\" style=\"padding-top:75%;\">\n                <img decoding=\"async\" width=\"533\" height=\"400\" data-src=\"https:\/\/halle.se\/wp-content\/uploads\/2021\/03\/halle-uterum-sadeltak-primolux-vitt-hus-533x400.jpg\" class=\"attachment-medium size-medium lazyload\" alt=\"Uterum mitt i sommarens gr\u00f6nska\" ids=\"227677,240358,227678,227680,227686,227682,227679,227681,221521,221524,221523,221522,178719,240309,221526,221525,221527,221528,234392,178736,178729,234452,240083,178730,178731,240311,178726,178727,178720,178718,178723,178738,240303,178737,178725,178740,178728,178704,240316,178724,178707,178732,178722,178733,240084,178741,178713,178710,178697,178746,178709,240082,240301,240302,240304,234393,240362,178695,178694,178703,178696,178693,178715,178742,178745,178743,240355,178744,178711,178712,240354,178716,178747,219122,219144,219734,234394,219123,219124,219127,219729,219140,219731,219141,219142,219143,219737,219738,219133,234190,219135,219136,234191,234192,240351,240353,240352,219147,240393,240153,240154,240152,240151,240155,240157,240158,219148,240267,240190,240194,240193,240192,240191,240265,240264,240255,219150,219152,219153,219156,219157,219159,234261,234262,234263,234264\" style=\"--smush-placeholder-width: 533px; --smush-placeholder-aspect-ratio: 533\/400;default\" lightbox_image_size=\"2048x2048\" columns=\"5\" animate=\"fadeInDown\" image_height=\"75%\" image_size=\"medium\" image_overlay=\"rgba(255, 255, 255, 0.25)\" image_hover=\"overlay-add\" text_size=\"xsmall\" text_color=\"dark\" data-srcset=\"https:\/\/halle.se\/wp-content\/uploads\/2021\/03\/halle-uterum-sadeltak-primolux-vitt-hus-533x400.jpg 533w, https:\/\/halle.se\/wp-content\/uploads\/2021\/03\/halle-uterum-sadeltak-primolux-vitt-hus-640x480.jpg 640w, https:\/\/halle.se\/wp-content\/uploads\/2021\/03\/halle-uterum-sadeltak-primolux-vitt-hus-1067x800.jpg 1067w, https:\/\/halle.se\/wp-content\/uploads\/2021\/03\/halle-uterum-sadeltak-primolux-vitt-hus-768x576.jpg 768w, https:\/\/halle.se\/wp-content\/uploads\/2021\/03\/halle-uterum-sadeltak-primolux-vitt-hus-1536x1152.jpg 1536w, https:\/\/halle.se\/wp-content\/uploads\/2021\/03\/halle-uterum-sadeltak-primolux-vitt-hus-2048x1536.jpg 2048w, https:\/\/halle.se\/wp-content\/uploads\/2021\/03\/halle-uterum-sadeltak-primolux-vitt-hus-133x100.jpg 133w\" data-sizes=\"auto\" src=\"data:image\/svg+xml;base64,PHN2ZyB3aWR0aD0iMSIgaGVpZ2h0PSIxIiB4bWxucz0iaHR0cDovL3d3dy53My5vcmcvMjAwMC9zdmciPjwvc3ZnPg==\" data-original-sizes=\"(max-width: 533px) 100vw, 533px\" \/>                                  <div class=\"overlay fill\"\n                      style=\"background-color: rgba(255, 255, 255, 0.25)\">\n                  <\/div>\n                                                              <\/div>\n              <div class=\"box-text text-left is-xsmall dark\" >\n                 <p><\/p>\n              <\/div>\n            <\/div>\n            <\/a>          <\/div>\n         <\/div><div class=\"gallery-col col\" data-animate=\"fadeInDown\">\n          <div class=\"col-inner\">\n            <a class=\"image-lightbox lightbox-gallery\" href=\"https:\/\/halle.se\/wp-content\/uploads\/2021\/03\/halle-uterum-pulpettak-kanalplasttak-utsikt-o\u0308ver-vatten-2048x1536.jpg\" title=\"\">            <div class=\"box has-hover gallery-box box-default\">\n              <div class=\"box-image image-overlay-add image-cover\" style=\"padding-top:75%;\">\n                <img decoding=\"async\" width=\"533\" height=\"400\" data-src=\"https:\/\/halle.se\/wp-content\/uploads\/2021\/03\/halle-uterum-pulpettak-kanalplasttak-utsikt-o\u0308ver-vatten-533x400.jpg\" class=\"attachment-medium size-medium lazyload\" alt=\"Uterum fr\u00e5n Halle\u00ae med \u00f6ppningsbara uterumspartier med utsikt \u00f6ver vatten\" ids=\"227677,240358,227678,227680,227686,227682,227679,227681,221521,221524,221523,221522,178719,240309,221526,221525,221527,221528,234392,178736,178729,234452,240083,178730,178731,240311,178726,178727,178720,178718,178723,178738,240303,178737,178725,178740,178728,178704,240316,178724,178707,178732,178722,178733,240084,178741,178713,178710,178697,178746,178709,240082,240301,240302,240304,234393,240362,178695,178694,178703,178696,178693,178715,178742,178745,178743,240355,178744,178711,178712,240354,178716,178747,219122,219144,219734,234394,219123,219124,219127,219729,219140,219731,219141,219142,219143,219737,219738,219133,234190,219135,219136,234191,234192,240351,240353,240352,219147,240393,240153,240154,240152,240151,240155,240157,240158,219148,240267,240190,240194,240193,240192,240191,240265,240264,240255,219150,219152,219153,219156,219157,219159,234261,234262,234263,234264\" style=\"--smush-placeholder-width: 533px; --smush-placeholder-aspect-ratio: 533\/400;default\" lightbox_image_size=\"2048x2048\" columns=\"5\" animate=\"fadeInDown\" image_height=\"75%\" image_size=\"medium\" image_overlay=\"rgba(255, 255, 255, 0.25)\" image_hover=\"overlay-add\" text_size=\"xsmall\" text_color=\"dark\" data-srcset=\"https:\/\/halle.se\/wp-content\/uploads\/2021\/03\/halle-uterum-pulpettak-kanalplasttak-utsikt-o\u0308ver-vatten-533x400.jpg 533w, https:\/\/halle.se\/wp-content\/uploads\/2021\/03\/halle-uterum-pulpettak-kanalplasttak-utsikt-o\u0308ver-vatten-640x480.jpg 640w, https:\/\/halle.se\/wp-content\/uploads\/2021\/03\/halle-uterum-pulpettak-kanalplasttak-utsikt-o\u0308ver-vatten-1067x800.jpg 1067w, https:\/\/halle.se\/wp-content\/uploads\/2021\/03\/halle-uterum-pulpettak-kanalplasttak-utsikt-o\u0308ver-vatten-768x576.jpg 768w, https:\/\/halle.se\/wp-content\/uploads\/2021\/03\/halle-uterum-pulpettak-kanalplasttak-utsikt-o\u0308ver-vatten-1536x1152.jpg 1536w, https:\/\/halle.se\/wp-content\/uploads\/2021\/03\/halle-uterum-pulpettak-kanalplasttak-utsikt-o\u0308ver-vatten-2048x1536.jpg 2048w, https:\/\/halle.se\/wp-content\/uploads\/2021\/03\/halle-uterum-pulpettak-kanalplasttak-utsikt-o\u0308ver-vatten-133x100.jpg 133w\" data-sizes=\"auto\" src=\"data:image\/svg+xml;base64,PHN2ZyB3aWR0aD0iMSIgaGVpZ2h0PSIxIiB4bWxucz0iaHR0cDovL3d3dy53My5vcmcvMjAwMC9zdmciPjwvc3ZnPg==\" data-original-sizes=\"(max-width: 533px) 100vw, 533px\" \/>                                  <div class=\"overlay fill\"\n                      style=\"background-color: rgba(255, 255, 255, 0.25)\">\n                  <\/div>\n                                                              <\/div>\n              <div class=\"box-text text-left is-xsmall dark\" >\n                 <p><\/p>\n              <\/div>\n            <\/div>\n            <\/a>          <\/div>\n         <\/div><div class=\"gallery-col col\" data-animate=\"fadeInDown\">\n          <div class=\"col-inner\">\n            <a class=\"image-lightbox lightbox-gallery\" href=\"https:\/\/halle.se\/wp-content\/uploads\/2018\/08\/solid-vit-skjudorr-kanalplast-klar-miljo-6-2048x2048.jpg\" title=\"\">            <div class=\"box has-hover gallery-box box-default\">\n              <div class=\"box-image image-overlay-add image-cover\" style=\"padding-top:75%;\">\n                <img decoding=\"async\" width=\"400\" height=\"400\" data-src=\"https:\/\/halle.se\/wp-content\/uploads\/2018\/08\/solid-vit-skjudorr-kanalplast-klar-miljo-6-400x400.jpg\" class=\"attachment-medium size-medium lazyload\" alt=\"\" ids=\"227677,240358,227678,227680,227686,227682,227679,227681,221521,221524,221523,221522,178719,240309,221526,221525,221527,221528,234392,178736,178729,234452,240083,178730,178731,240311,178726,178727,178720,178718,178723,178738,240303,178737,178725,178740,178728,178704,240316,178724,178707,178732,178722,178733,240084,178741,178713,178710,178697,178746,178709,240082,240301,240302,240304,234393,240362,178695,178694,178703,178696,178693,178715,178742,178745,178743,240355,178744,178711,178712,240354,178716,178747,219122,219144,219734,234394,219123,219124,219127,219729,219140,219731,219141,219142,219143,219737,219738,219133,234190,219135,219136,234191,234192,240351,240353,240352,219147,240393,240153,240154,240152,240151,240155,240157,240158,219148,240267,240190,240194,240193,240192,240191,240265,240264,240255,219150,219152,219153,219156,219157,219159,234261,234262,234263,234264\" style=\"--smush-placeholder-width: 400px; --smush-placeholder-aspect-ratio: 400\/400;default\" lightbox_image_size=\"2048x2048\" columns=\"5\" animate=\"fadeInDown\" image_height=\"75%\" image_size=\"medium\" image_overlay=\"rgba(255, 255, 255, 0.25)\" image_hover=\"overlay-add\" text_size=\"xsmall\" text_color=\"dark\" data-srcset=\"https:\/\/halle.se\/wp-content\/uploads\/2018\/08\/solid-vit-skjudorr-kanalplast-klar-miljo-6-400x400.jpg 400w, https:\/\/halle.se\/wp-content\/uploads\/2018\/08\/solid-vit-skjudorr-kanalplast-klar-miljo-6-800x800.jpg 800w, https:\/\/halle.se\/wp-content\/uploads\/2018\/08\/solid-vit-skjudorr-kanalplast-klar-miljo-6-280x280.jpg 280w, https:\/\/halle.se\/wp-content\/uploads\/2018\/08\/solid-vit-skjudorr-kanalplast-klar-miljo-6-768x768.jpg 768w, https:\/\/halle.se\/wp-content\/uploads\/2018\/08\/solid-vit-skjudorr-kanalplast-klar-miljo-6-1536x1536.jpg 1536w, https:\/\/halle.se\/wp-content\/uploads\/2018\/08\/solid-vit-skjudorr-kanalplast-klar-miljo-6-2048x2048.jpg 2048w, https:\/\/halle.se\/wp-content\/uploads\/2018\/08\/solid-vit-skjudorr-kanalplast-klar-miljo-6-100x100.jpg 100w, https:\/\/halle.se\/wp-content\/uploads\/2018\/08\/solid-vit-skjudorr-kanalplast-klar-miljo-6-384x384.jpg 384w, https:\/\/halle.se\/wp-content\/uploads\/2018\/08\/solid-vit-skjudorr-kanalplast-klar-miljo-6-640x640.jpg 640w\" data-sizes=\"auto\" src=\"data:image\/svg+xml;base64,PHN2ZyB3aWR0aD0iMSIgaGVpZ2h0PSIxIiB4bWxucz0iaHR0cDovL3d3dy53My5vcmcvMjAwMC9zdmciPjwvc3ZnPg==\" data-original-sizes=\"(max-width: 400px) 100vw, 400px\" \/>                                  <div class=\"overlay fill\"\n                      style=\"background-color: rgba(255, 255, 255, 0.25)\">\n                  <\/div>\n                                                              <\/div>\n              <div class=\"box-text text-left is-xsmall dark\" >\n                 <p><\/p>\n              <\/div>\n            <\/div>\n            <\/a>          <\/div>\n         <\/div><div class=\"gallery-col col\" data-animate=\"fadeInDown\">\n          <div class=\"col-inner\">\n            <a class=\"image-lightbox lightbox-gallery\" href=\"https:\/\/halle.se\/wp-content\/uploads\/2026\/04\/solid-svart-uterum-med-hostkansla-2-2048x2048.jpg\" title=\"\">            <div class=\"box has-hover gallery-box box-default\">\n              <div class=\"box-image image-overlay-add image-cover\" style=\"padding-top:75%;\">\n                <img decoding=\"async\" width=\"400\" height=\"400\" data-src=\"https:\/\/halle.se\/wp-content\/uploads\/2026\/04\/solid-svart-uterum-med-hostkansla-2-400x400.jpg\" class=\"attachment-medium size-medium lazyload\" alt=\"\" ids=\"227677,240358,227678,227680,227686,227682,227679,227681,221521,221524,221523,221522,178719,240309,221526,221525,221527,221528,234392,178736,178729,234452,240083,178730,178731,240311,178726,178727,178720,178718,178723,178738,240303,178737,178725,178740,178728,178704,240316,178724,178707,178732,178722,178733,240084,178741,178713,178710,178697,178746,178709,240082,240301,240302,240304,234393,240362,178695,178694,178703,178696,178693,178715,178742,178745,178743,240355,178744,178711,178712,240354,178716,178747,219122,219144,219734,234394,219123,219124,219127,219729,219140,219731,219141,219142,219143,219737,219738,219133,234190,219135,219136,234191,234192,240351,240353,240352,219147,240393,240153,240154,240152,240151,240155,240157,240158,219148,240267,240190,240194,240193,240192,240191,240265,240264,240255,219150,219152,219153,219156,219157,219159,234261,234262,234263,234264\" style=\"--smush-placeholder-width: 400px; --smush-placeholder-aspect-ratio: 400\/400;default\" lightbox_image_size=\"2048x2048\" columns=\"5\" animate=\"fadeInDown\" image_height=\"75%\" image_size=\"medium\" image_overlay=\"rgba(255, 255, 255, 0.25)\" image_hover=\"overlay-add\" text_size=\"xsmall\" text_color=\"dark\" data-srcset=\"https:\/\/halle.se\/wp-content\/uploads\/2026\/04\/solid-svart-uterum-med-hostkansla-2-400x400.jpg 400w, https:\/\/halle.se\/wp-content\/uploads\/2026\/04\/solid-svart-uterum-med-hostkansla-2-800x800.jpg 800w, https:\/\/halle.se\/wp-content\/uploads\/2026\/04\/solid-svart-uterum-med-hostkansla-2-280x280.jpg 280w, https:\/\/halle.se\/wp-content\/uploads\/2026\/04\/solid-svart-uterum-med-hostkansla-2-768x768.jpg 768w, https:\/\/halle.se\/wp-content\/uploads\/2026\/04\/solid-svart-uterum-med-hostkansla-2-1536x1536.jpg 1536w, https:\/\/halle.se\/wp-content\/uploads\/2026\/04\/solid-svart-uterum-med-hostkansla-2-2048x2048.jpg 2048w, https:\/\/halle.se\/wp-content\/uploads\/2026\/04\/solid-svart-uterum-med-hostkansla-2-100x100.jpg 100w, https:\/\/halle.se\/wp-content\/uploads\/2026\/04\/solid-svart-uterum-med-hostkansla-2-384x384.jpg 384w, https:\/\/halle.se\/wp-content\/uploads\/2026\/04\/solid-svart-uterum-med-hostkansla-2-640x640.jpg 640w\" data-sizes=\"auto\" src=\"data:image\/svg+xml;base64,PHN2ZyB3aWR0aD0iMSIgaGVpZ2h0PSIxIiB4bWxucz0iaHR0cDovL3d3dy53My5vcmcvMjAwMC9zdmciPjwvc3ZnPg==\" data-original-sizes=\"(max-width: 400px) 100vw, 400px\" \/>                                  <div class=\"overlay fill\"\n                      style=\"background-color: rgba(255, 255, 255, 0.25)\">\n                  <\/div>\n                                                              <\/div>\n              <div class=\"box-text text-left is-xsmall dark\" >\n                 <p><\/p>\n              <\/div>\n            <\/div>\n            <\/a>          <\/div>\n         <\/div><div class=\"gallery-col col\" data-animate=\"fadeInDown\">\n          <div class=\"col-inner\">\n            <a class=\"image-lightbox lightbox-gallery\" href=\"https:\/\/halle.se\/wp-content\/uploads\/2021\/03\/halle-uterum-pulpettak-primolux-ro\u0308tt-hus-skymning-2048x1536.jpg\" title=\"\">            <div class=\"box has-hover gallery-box box-default\">\n              <div class=\"box-image image-overlay-add image-cover\" style=\"padding-top:75%;\">\n                <img decoding=\"async\" width=\"533\" height=\"400\" data-src=\"https:\/\/halle.se\/wp-content\/uploads\/2021\/03\/halle-uterum-pulpettak-primolux-ro\u0308tt-hus-skymning-533x400.jpg\" class=\"attachment-medium size-medium lazyload\" alt=\"Ett uterum som \u00e4r placerat p\u00e5 gaveln av ett hus\" ids=\"227677,240358,227678,227680,227686,227682,227679,227681,221521,221524,221523,221522,178719,240309,221526,221525,221527,221528,234392,178736,178729,234452,240083,178730,178731,240311,178726,178727,178720,178718,178723,178738,240303,178737,178725,178740,178728,178704,240316,178724,178707,178732,178722,178733,240084,178741,178713,178710,178697,178746,178709,240082,240301,240302,240304,234393,240362,178695,178694,178703,178696,178693,178715,178742,178745,178743,240355,178744,178711,178712,240354,178716,178747,219122,219144,219734,234394,219123,219124,219127,219729,219140,219731,219141,219142,219143,219737,219738,219133,234190,219135,219136,234191,234192,240351,240353,240352,219147,240393,240153,240154,240152,240151,240155,240157,240158,219148,240267,240190,240194,240193,240192,240191,240265,240264,240255,219150,219152,219153,219156,219157,219159,234261,234262,234263,234264\" style=\"--smush-placeholder-width: 533px; --smush-placeholder-aspect-ratio: 533\/400;default\" lightbox_image_size=\"2048x2048\" columns=\"5\" animate=\"fadeInDown\" image_height=\"75%\" image_size=\"medium\" image_overlay=\"rgba(255, 255, 255, 0.25)\" image_hover=\"overlay-add\" text_size=\"xsmall\" text_color=\"dark\" data-srcset=\"https:\/\/halle.se\/wp-content\/uploads\/2021\/03\/halle-uterum-pulpettak-primolux-ro\u0308tt-hus-skymning-533x400.jpg 533w, https:\/\/halle.se\/wp-content\/uploads\/2021\/03\/halle-uterum-pulpettak-primolux-ro\u0308tt-hus-skymning-640x480.jpg 640w, https:\/\/halle.se\/wp-content\/uploads\/2021\/03\/halle-uterum-pulpettak-primolux-ro\u0308tt-hus-skymning-1067x800.jpg 1067w, https:\/\/halle.se\/wp-content\/uploads\/2021\/03\/halle-uterum-pulpettak-primolux-ro\u0308tt-hus-skymning-768x576.jpg 768w, https:\/\/halle.se\/wp-content\/uploads\/2021\/03\/halle-uterum-pulpettak-primolux-ro\u0308tt-hus-skymning-1536x1152.jpg 1536w, https:\/\/halle.se\/wp-content\/uploads\/2021\/03\/halle-uterum-pulpettak-primolux-ro\u0308tt-hus-skymning-2048x1536.jpg 2048w, https:\/\/halle.se\/wp-content\/uploads\/2021\/03\/halle-uterum-pulpettak-primolux-ro\u0308tt-hus-skymning-133x100.jpg 133w\" data-sizes=\"auto\" src=\"data:image\/svg+xml;base64,PHN2ZyB3aWR0aD0iMSIgaGVpZ2h0PSIxIiB4bWxucz0iaHR0cDovL3d3dy53My5vcmcvMjAwMC9zdmciPjwvc3ZnPg==\" data-original-sizes=\"(max-width: 533px) 100vw, 533px\" \/>                                  <div class=\"overlay fill\"\n                      style=\"background-color: rgba(255, 255, 255, 0.25)\">\n                  <\/div>\n                                                              <\/div>\n              <div class=\"box-text text-left is-xsmall dark\" >\n                 <p><\/p>\n              <\/div>\n            <\/div>\n            <\/a>          <\/div>\n         <\/div><div class=\"gallery-col col\" data-animate=\"fadeInDown\">\n          <div class=\"col-inner\">\n            <a class=\"image-lightbox lightbox-gallery\" href=\"https:\/\/halle.se\/wp-content\/uploads\/2021\/03\/halle-uterum-pulpettak-primolux-ro\u0308tt-hus-skymning-3-2048x1536.jpg\" title=\"\">            <div class=\"box has-hover gallery-box box-default\">\n              <div class=\"box-image image-overlay-add image-cover\" style=\"padding-top:75%;\">\n                <img decoding=\"async\" width=\"533\" height=\"400\" data-src=\"https:\/\/halle.se\/wp-content\/uploads\/2021\/03\/halle-uterum-pulpettak-primolux-ro\u0308tt-hus-skymning-3-533x400.jpg\" class=\"attachment-medium size-medium lazyload\" alt=\"Uterum med uterumspartier och kanalplasttak som \u00e4r upplyst p\u00e5 kv\u00e4llen. Made in Laholm av Halle\u00ae\" ids=\"227677,240358,227678,227680,227686,227682,227679,227681,221521,221524,221523,221522,178719,240309,221526,221525,221527,221528,234392,178736,178729,234452,240083,178730,178731,240311,178726,178727,178720,178718,178723,178738,240303,178737,178725,178740,178728,178704,240316,178724,178707,178732,178722,178733,240084,178741,178713,178710,178697,178746,178709,240082,240301,240302,240304,234393,240362,178695,178694,178703,178696,178693,178715,178742,178745,178743,240355,178744,178711,178712,240354,178716,178747,219122,219144,219734,234394,219123,219124,219127,219729,219140,219731,219141,219142,219143,219737,219738,219133,234190,219135,219136,234191,234192,240351,240353,240352,219147,240393,240153,240154,240152,240151,240155,240157,240158,219148,240267,240190,240194,240193,240192,240191,240265,240264,240255,219150,219152,219153,219156,219157,219159,234261,234262,234263,234264\" style=\"--smush-placeholder-width: 533px; --smush-placeholder-aspect-ratio: 533\/400;default\" lightbox_image_size=\"2048x2048\" columns=\"5\" animate=\"fadeInDown\" image_height=\"75%\" image_size=\"medium\" image_overlay=\"rgba(255, 255, 255, 0.25)\" image_hover=\"overlay-add\" text_size=\"xsmall\" text_color=\"dark\" data-srcset=\"https:\/\/halle.se\/wp-content\/uploads\/2021\/03\/halle-uterum-pulpettak-primolux-ro\u0308tt-hus-skymning-3-533x400.jpg 533w, https:\/\/halle.se\/wp-content\/uploads\/2021\/03\/halle-uterum-pulpettak-primolux-ro\u0308tt-hus-skymning-3-640x480.jpg 640w, https:\/\/halle.se\/wp-content\/uploads\/2021\/03\/halle-uterum-pulpettak-primolux-ro\u0308tt-hus-skymning-3-1067x800.jpg 1067w, https:\/\/halle.se\/wp-content\/uploads\/2021\/03\/halle-uterum-pulpettak-primolux-ro\u0308tt-hus-skymning-3-768x576.jpg 768w, https:\/\/halle.se\/wp-content\/uploads\/2021\/03\/halle-uterum-pulpettak-primolux-ro\u0308tt-hus-skymning-3-1536x1152.jpg 1536w, https:\/\/halle.se\/wp-content\/uploads\/2021\/03\/halle-uterum-pulpettak-primolux-ro\u0308tt-hus-skymning-3-2048x1536.jpg 2048w, https:\/\/halle.se\/wp-content\/uploads\/2021\/03\/halle-uterum-pulpettak-primolux-ro\u0308tt-hus-skymning-3-133x100.jpg 133w\" data-sizes=\"auto\" src=\"data:image\/svg+xml;base64,PHN2ZyB3aWR0aD0iMSIgaGVpZ2h0PSIxIiB4bWxucz0iaHR0cDovL3d3dy53My5vcmcvMjAwMC9zdmciPjwvc3ZnPg==\" data-original-sizes=\"(max-width: 533px) 100vw, 533px\" \/>                                  <div class=\"overlay fill\"\n                      style=\"background-color: rgba(255, 255, 255, 0.25)\">\n                  <\/div>\n                                                              <\/div>\n              <div class=\"box-text text-left is-xsmall dark\" >\n                 <p><\/p>\n              <\/div>\n            <\/div>\n            <\/a>          <\/div>\n         <\/div><div class=\"gallery-col col\" data-animate=\"fadeInDown\">\n          <div class=\"col-inner\">\n            <a class=\"image-lightbox lightbox-gallery\" href=\"https:\/\/halle.se\/wp-content\/uploads\/2018\/08\/halle-uterum-pa-landet-skjutbart-parti-sadeltak-host-kvallsbild-2048x2048.jpg\" title=\"\">            <div class=\"box has-hover gallery-box box-default\">\n              <div class=\"box-image image-overlay-add image-cover\" style=\"padding-top:75%;\">\n                <img decoding=\"async\" width=\"400\" height=\"400\" data-src=\"https:\/\/halle.se\/wp-content\/uploads\/2018\/08\/halle-uterum-pa-landet-skjutbart-parti-sadeltak-host-kvallsbild-400x400.jpg\" class=\"attachment-medium size-medium lazyload\" alt=\"\" ids=\"227677,240358,227678,227680,227686,227682,227679,227681,221521,221524,221523,221522,178719,240309,221526,221525,221527,221528,234392,178736,178729,234452,240083,178730,178731,240311,178726,178727,178720,178718,178723,178738,240303,178737,178725,178740,178728,178704,240316,178724,178707,178732,178722,178733,240084,178741,178713,178710,178697,178746,178709,240082,240301,240302,240304,234393,240362,178695,178694,178703,178696,178693,178715,178742,178745,178743,240355,178744,178711,178712,240354,178716,178747,219122,219144,219734,234394,219123,219124,219127,219729,219140,219731,219141,219142,219143,219737,219738,219133,234190,219135,219136,234191,234192,240351,240353,240352,219147,240393,240153,240154,240152,240151,240155,240157,240158,219148,240267,240190,240194,240193,240192,240191,240265,240264,240255,219150,219152,219153,219156,219157,219159,234261,234262,234263,234264\" style=\"--smush-placeholder-width: 400px; --smush-placeholder-aspect-ratio: 400\/400;default\" lightbox_image_size=\"2048x2048\" columns=\"5\" animate=\"fadeInDown\" image_height=\"75%\" image_size=\"medium\" image_overlay=\"rgba(255, 255, 255, 0.25)\" image_hover=\"overlay-add\" text_size=\"xsmall\" text_color=\"dark\" data-srcset=\"https:\/\/halle.se\/wp-content\/uploads\/2018\/08\/halle-uterum-pa-landet-skjutbart-parti-sadeltak-host-kvallsbild-400x400.jpg 400w, https:\/\/halle.se\/wp-content\/uploads\/2018\/08\/halle-uterum-pa-landet-skjutbart-parti-sadeltak-host-kvallsbild-800x800.jpg 800w, https:\/\/halle.se\/wp-content\/uploads\/2018\/08\/halle-uterum-pa-landet-skjutbart-parti-sadeltak-host-kvallsbild-280x280.jpg 280w, https:\/\/halle.se\/wp-content\/uploads\/2018\/08\/halle-uterum-pa-landet-skjutbart-parti-sadeltak-host-kvallsbild-768x768.jpg 768w, https:\/\/halle.se\/wp-content\/uploads\/2018\/08\/halle-uterum-pa-landet-skjutbart-parti-sadeltak-host-kvallsbild-1536x1536.jpg 1536w, https:\/\/halle.se\/wp-content\/uploads\/2018\/08\/halle-uterum-pa-landet-skjutbart-parti-sadeltak-host-kvallsbild-2048x2048.jpg 2048w, https:\/\/halle.se\/wp-content\/uploads\/2018\/08\/halle-uterum-pa-landet-skjutbart-parti-sadeltak-host-kvallsbild-100x100.jpg 100w, https:\/\/halle.se\/wp-content\/uploads\/2018\/08\/halle-uterum-pa-landet-skjutbart-parti-sadeltak-host-kvallsbild-384x384.jpg 384w, https:\/\/halle.se\/wp-content\/uploads\/2018\/08\/halle-uterum-pa-landet-skjutbart-parti-sadeltak-host-kvallsbild-640x640.jpg 640w\" data-sizes=\"auto\" src=\"data:image\/svg+xml;base64,PHN2ZyB3aWR0aD0iMSIgaGVpZ2h0PSIxIiB4bWxucz0iaHR0cDovL3d3dy53My5vcmcvMjAwMC9zdmciPjwvc3ZnPg==\" data-original-sizes=\"(max-width: 400px) 100vw, 400px\" \/>                                  <div class=\"overlay fill\"\n                      style=\"background-color: rgba(255, 255, 255, 0.25)\">\n                  <\/div>\n                                                              <\/div>\n              <div class=\"box-text text-left is-xsmall dark\" >\n                 <p><\/p>\n              <\/div>\n            <\/div>\n            <\/a>          <\/div>\n         <\/div><div class=\"gallery-col col\" data-animate=\"fadeInDown\">\n          <div class=\"col-inner\">\n            <a class=\"image-lightbox lightbox-gallery\" href=\"https:\/\/halle.se\/wp-content\/uploads\/2021\/03\/halle-uterum-pulpettak-kanalplast-gra\u030att-hus-1-2048x1536.jpg\" title=\"\">            <div class=\"box has-hover gallery-box box-default\">\n              <div class=\"box-image image-overlay-add image-cover\" style=\"padding-top:75%;\">\n                <img decoding=\"async\" width=\"533\" height=\"400\" data-src=\"https:\/\/halle.se\/wp-content\/uploads\/2021\/03\/halle-uterum-pulpettak-kanalplast-gra\u030att-hus-1-533x400.jpg\" class=\"attachment-medium size-medium lazyload\" alt=\"Ett uterum i en sommarfin tr\u00e4dg\u00e5rd\" ids=\"227677,240358,227678,227680,227686,227682,227679,227681,221521,221524,221523,221522,178719,240309,221526,221525,221527,221528,234392,178736,178729,234452,240083,178730,178731,240311,178726,178727,178720,178718,178723,178738,240303,178737,178725,178740,178728,178704,240316,178724,178707,178732,178722,178733,240084,178741,178713,178710,178697,178746,178709,240082,240301,240302,240304,234393,240362,178695,178694,178703,178696,178693,178715,178742,178745,178743,240355,178744,178711,178712,240354,178716,178747,219122,219144,219734,234394,219123,219124,219127,219729,219140,219731,219141,219142,219143,219737,219738,219133,234190,219135,219136,234191,234192,240351,240353,240352,219147,240393,240153,240154,240152,240151,240155,240157,240158,219148,240267,240190,240194,240193,240192,240191,240265,240264,240255,219150,219152,219153,219156,219157,219159,234261,234262,234263,234264\" style=\"--smush-placeholder-width: 533px; --smush-placeholder-aspect-ratio: 533\/400;default\" lightbox_image_size=\"2048x2048\" columns=\"5\" animate=\"fadeInDown\" image_height=\"75%\" image_size=\"medium\" image_overlay=\"rgba(255, 255, 255, 0.25)\" image_hover=\"overlay-add\" text_size=\"xsmall\" text_color=\"dark\" data-srcset=\"https:\/\/halle.se\/wp-content\/uploads\/2021\/03\/halle-uterum-pulpettak-kanalplast-gra\u030att-hus-1-533x400.jpg 533w, https:\/\/halle.se\/wp-content\/uploads\/2021\/03\/halle-uterum-pulpettak-kanalplast-gra\u030att-hus-1-640x480.jpg 640w, https:\/\/halle.se\/wp-content\/uploads\/2021\/03\/halle-uterum-pulpettak-kanalplast-gra\u030att-hus-1-1067x800.jpg 1067w, https:\/\/halle.se\/wp-content\/uploads\/2021\/03\/halle-uterum-pulpettak-kanalplast-gra\u030att-hus-1-768x576.jpg 768w, https:\/\/halle.se\/wp-content\/uploads\/2021\/03\/halle-uterum-pulpettak-kanalplast-gra\u030att-hus-1-1536x1152.jpg 1536w, https:\/\/halle.se\/wp-content\/uploads\/2021\/03\/halle-uterum-pulpettak-kanalplast-gra\u030att-hus-1-2048x1536.jpg 2048w, https:\/\/halle.se\/wp-content\/uploads\/2021\/03\/halle-uterum-pulpettak-kanalplast-gra\u030att-hus-1-133x100.jpg 133w\" data-sizes=\"auto\" src=\"data:image\/svg+xml;base64,PHN2ZyB3aWR0aD0iMSIgaGVpZ2h0PSIxIiB4bWxucz0iaHR0cDovL3d3dy53My5vcmcvMjAwMC9zdmciPjwvc3ZnPg==\" data-original-sizes=\"(max-width: 533px) 100vw, 533px\" \/>                                  <div class=\"overlay fill\"\n                      style=\"background-color: rgba(255, 255, 255, 0.25)\">\n                  <\/div>\n                                                              <\/div>\n              <div class=\"box-text text-left is-xsmall dark\" >\n                 <p><\/p>\n              <\/div>\n            <\/div>\n            <\/a>          <\/div>\n         <\/div><div class=\"gallery-col col\" data-animate=\"fadeInDown\">\n          <div class=\"col-inner\">\n            <a class=\"image-lightbox lightbox-gallery\" href=\"https:\/\/halle.se\/wp-content\/uploads\/2021\/03\/halle-uterum-pulpettak-kanalplast-gra\u030att-hus-2-2048x1536.jpg\" title=\"\">            <div class=\"box has-hover gallery-box box-default\">\n              <div class=\"box-image image-overlay-add image-cover\" style=\"padding-top:75%;\">\n                <img decoding=\"async\" width=\"533\" height=\"400\" data-src=\"https:\/\/halle.se\/wp-content\/uploads\/2021\/03\/halle-uterum-pulpettak-kanalplast-gra\u030att-hus-2-533x400.jpg\" class=\"attachment-medium size-medium lazyload\" alt=\"Uterumspartier tillverkade i sverige av Halle System i Laholm f\u00f6r uterum\" ids=\"227677,240358,227678,227680,227686,227682,227679,227681,221521,221524,221523,221522,178719,240309,221526,221525,221527,221528,234392,178736,178729,234452,240083,178730,178731,240311,178726,178727,178720,178718,178723,178738,240303,178737,178725,178740,178728,178704,240316,178724,178707,178732,178722,178733,240084,178741,178713,178710,178697,178746,178709,240082,240301,240302,240304,234393,240362,178695,178694,178703,178696,178693,178715,178742,178745,178743,240355,178744,178711,178712,240354,178716,178747,219122,219144,219734,234394,219123,219124,219127,219729,219140,219731,219141,219142,219143,219737,219738,219133,234190,219135,219136,234191,234192,240351,240353,240352,219147,240393,240153,240154,240152,240151,240155,240157,240158,219148,240267,240190,240194,240193,240192,240191,240265,240264,240255,219150,219152,219153,219156,219157,219159,234261,234262,234263,234264\" style=\"--smush-placeholder-width: 533px; --smush-placeholder-aspect-ratio: 533\/400;default\" lightbox_image_size=\"2048x2048\" columns=\"5\" animate=\"fadeInDown\" image_height=\"75%\" image_size=\"medium\" image_overlay=\"rgba(255, 255, 255, 0.25)\" image_hover=\"overlay-add\" text_size=\"xsmall\" text_color=\"dark\" data-srcset=\"https:\/\/halle.se\/wp-content\/uploads\/2021\/03\/halle-uterum-pulpettak-kanalplast-gra\u030att-hus-2-533x400.jpg 533w, https:\/\/halle.se\/wp-content\/uploads\/2021\/03\/halle-uterum-pulpettak-kanalplast-gra\u030att-hus-2-640x480.jpg 640w, https:\/\/halle.se\/wp-content\/uploads\/2021\/03\/halle-uterum-pulpettak-kanalplast-gra\u030att-hus-2-1067x800.jpg 1067w, https:\/\/halle.se\/wp-content\/uploads\/2021\/03\/halle-uterum-pulpettak-kanalplast-gra\u030att-hus-2-768x576.jpg 768w, https:\/\/halle.se\/wp-content\/uploads\/2021\/03\/halle-uterum-pulpettak-kanalplast-gra\u030att-hus-2-1536x1152.jpg 1536w, https:\/\/halle.se\/wp-content\/uploads\/2021\/03\/halle-uterum-pulpettak-kanalplast-gra\u030att-hus-2-2048x1536.jpg 2048w, https:\/\/halle.se\/wp-content\/uploads\/2021\/03\/halle-uterum-pulpettak-kanalplast-gra\u030att-hus-2-133x100.jpg 133w\" data-sizes=\"auto\" src=\"data:image\/svg+xml;base64,PHN2ZyB3aWR0aD0iMSIgaGVpZ2h0PSIxIiB4bWxucz0iaHR0cDovL3d3dy53My5vcmcvMjAwMC9zdmciPjwvc3ZnPg==\" data-original-sizes=\"(max-width: 533px) 100vw, 533px\" \/>                                  <div class=\"overlay fill\"\n                      style=\"background-color: rgba(255, 255, 255, 0.25)\">\n                  <\/div>\n                                                              <\/div>\n              <div class=\"box-text text-left is-xsmall dark\" >\n                 <p><\/p>\n              <\/div>\n            <\/div>\n            <\/a>          <\/div>\n         <\/div><div class=\"gallery-col col\" data-animate=\"fadeInDown\">\n          <div class=\"col-inner\">\n            <a class=\"image-lightbox lightbox-gallery\" href=\"https:\/\/halle.se\/wp-content\/uploads\/2021\/03\/halle-uterum-med-pulpettak-en-sommardag.jpg\" title=\"\">            <div class=\"box has-hover gallery-box box-default\">\n              <div class=\"box-image image-overlay-add image-cover\" style=\"padding-top:75%;\">\n                <img decoding=\"async\" width=\"533\" height=\"400\" data-src=\"https:\/\/halle.se\/wp-content\/uploads\/2021\/03\/halle-uterum-med-pulpettak-en-sommardag-533x400.jpg\" class=\"attachment-medium size-medium lazyload\" alt=\"Uterum som blir ett extra rum i huset\" ids=\"227677,240358,227678,227680,227686,227682,227679,227681,221521,221524,221523,221522,178719,240309,221526,221525,221527,221528,234392,178736,178729,234452,240083,178730,178731,240311,178726,178727,178720,178718,178723,178738,240303,178737,178725,178740,178728,178704,240316,178724,178707,178732,178722,178733,240084,178741,178713,178710,178697,178746,178709,240082,240301,240302,240304,234393,240362,178695,178694,178703,178696,178693,178715,178742,178745,178743,240355,178744,178711,178712,240354,178716,178747,219122,219144,219734,234394,219123,219124,219127,219729,219140,219731,219141,219142,219143,219737,219738,219133,234190,219135,219136,234191,234192,240351,240353,240352,219147,240393,240153,240154,240152,240151,240155,240157,240158,219148,240267,240190,240194,240193,240192,240191,240265,240264,240255,219150,219152,219153,219156,219157,219159,234261,234262,234263,234264\" style=\"--smush-placeholder-width: 533px; --smush-placeholder-aspect-ratio: 533\/400;default\" lightbox_image_size=\"2048x2048\" columns=\"5\" animate=\"fadeInDown\" image_height=\"75%\" image_size=\"medium\" image_overlay=\"rgba(255, 255, 255, 0.25)\" image_hover=\"overlay-add\" text_size=\"xsmall\" text_color=\"dark\" data-srcset=\"https:\/\/halle.se\/wp-content\/uploads\/2021\/03\/halle-uterum-med-pulpettak-en-sommardag-533x400.jpg 533w, https:\/\/halle.se\/wp-content\/uploads\/2021\/03\/halle-uterum-med-pulpettak-en-sommardag-640x480.jpg 640w, https:\/\/halle.se\/wp-content\/uploads\/2021\/03\/halle-uterum-med-pulpettak-en-sommardag-1067x800.jpg 1067w, https:\/\/halle.se\/wp-content\/uploads\/2021\/03\/halle-uterum-med-pulpettak-en-sommardag-768x576.jpg 768w, https:\/\/halle.se\/wp-content\/uploads\/2021\/03\/halle-uterum-med-pulpettak-en-sommardag-1536x1152.jpg 1536w, https:\/\/halle.se\/wp-content\/uploads\/2021\/03\/halle-uterum-med-pulpettak-en-sommardag-133x100.jpg 133w, https:\/\/halle.se\/wp-content\/uploads\/2021\/03\/halle-uterum-med-pulpettak-en-sommardag.jpg 1600w\" data-sizes=\"auto\" src=\"data:image\/svg+xml;base64,PHN2ZyB3aWR0aD0iMSIgaGVpZ2h0PSIxIiB4bWxucz0iaHR0cDovL3d3dy53My5vcmcvMjAwMC9zdmciPjwvc3ZnPg==\" data-original-sizes=\"(max-width: 533px) 100vw, 533px\" \/>                                  <div class=\"overlay fill\"\n                      style=\"background-color: rgba(255, 255, 255, 0.25)\">\n                  <\/div>\n                                                              <\/div>\n              <div class=\"box-text text-left is-xsmall dark\" >\n                 <p><\/p>\n              <\/div>\n            <\/div>\n            <\/a>          <\/div>\n         <\/div><div class=\"gallery-col col\" data-animate=\"fadeInDown\">\n          <div class=\"col-inner\">\n            <a class=\"image-lightbox lightbox-gallery\" href=\"https:\/\/halle.se\/wp-content\/uploads\/2021\/03\/halle-uterum-inspiration-i-en-sommaridyll-2048x1536.jpg\" title=\"\">            <div class=\"box has-hover gallery-box box-default\">\n              <div class=\"box-image image-overlay-add image-cover\" style=\"padding-top:75%;\">\n                <img decoding=\"async\" width=\"533\" height=\"400\" data-src=\"https:\/\/halle.se\/wp-content\/uploads\/2021\/03\/halle-uterum-inspiration-i-en-sommaridyll-533x400.jpg\" class=\"attachment-medium size-medium lazyload\" alt=\"Uterummet i en lummig tr\u00e4dg\u00e5rd ger njutning i vardagslivet\" ids=\"227677,240358,227678,227680,227686,227682,227679,227681,221521,221524,221523,221522,178719,240309,221526,221525,221527,221528,234392,178736,178729,234452,240083,178730,178731,240311,178726,178727,178720,178718,178723,178738,240303,178737,178725,178740,178728,178704,240316,178724,178707,178732,178722,178733,240084,178741,178713,178710,178697,178746,178709,240082,240301,240302,240304,234393,240362,178695,178694,178703,178696,178693,178715,178742,178745,178743,240355,178744,178711,178712,240354,178716,178747,219122,219144,219734,234394,219123,219124,219127,219729,219140,219731,219141,219142,219143,219737,219738,219133,234190,219135,219136,234191,234192,240351,240353,240352,219147,240393,240153,240154,240152,240151,240155,240157,240158,219148,240267,240190,240194,240193,240192,240191,240265,240264,240255,219150,219152,219153,219156,219157,219159,234261,234262,234263,234264\" style=\"--smush-placeholder-width: 533px; --smush-placeholder-aspect-ratio: 533\/400;default\" lightbox_image_size=\"2048x2048\" columns=\"5\" animate=\"fadeInDown\" image_height=\"75%\" image_size=\"medium\" image_overlay=\"rgba(255, 255, 255, 0.25)\" image_hover=\"overlay-add\" text_size=\"xsmall\" text_color=\"dark\" data-srcset=\"https:\/\/halle.se\/wp-content\/uploads\/2021\/03\/halle-uterum-inspiration-i-en-sommaridyll-533x400.jpg 533w, https:\/\/halle.se\/wp-content\/uploads\/2021\/03\/halle-uterum-inspiration-i-en-sommaridyll-640x480.jpg 640w, https:\/\/halle.se\/wp-content\/uploads\/2021\/03\/halle-uterum-inspiration-i-en-sommaridyll-1067x800.jpg 1067w, https:\/\/halle.se\/wp-content\/uploads\/2021\/03\/halle-uterum-inspiration-i-en-sommaridyll-768x576.jpg 768w, https:\/\/halle.se\/wp-content\/uploads\/2021\/03\/halle-uterum-inspiration-i-en-sommaridyll-1536x1152.jpg 1536w, https:\/\/halle.se\/wp-content\/uploads\/2021\/03\/halle-uterum-inspiration-i-en-sommaridyll-2048x1536.jpg 2048w, https:\/\/halle.se\/wp-content\/uploads\/2021\/03\/halle-uterum-inspiration-i-en-sommaridyll-133x100.jpg 133w\" data-sizes=\"auto\" src=\"data:image\/svg+xml;base64,PHN2ZyB3aWR0aD0iMSIgaGVpZ2h0PSIxIiB4bWxucz0iaHR0cDovL3d3dy53My5vcmcvMjAwMC9zdmciPjwvc3ZnPg==\" data-original-sizes=\"(max-width: 533px) 100vw, 533px\" \/>                                  <div class=\"overlay fill\"\n                      style=\"background-color: rgba(255, 255, 255, 0.25)\">\n                  <\/div>\n                                                              <\/div>\n              <div class=\"box-text text-left is-xsmall dark\" >\n                 <p><\/p>\n              <\/div>\n            <\/div>\n            <\/a>          <\/div>\n         <\/div><div class=\"gallery-col col\" data-animate=\"fadeInDown\">\n          <div class=\"col-inner\">\n            <a class=\"image-lightbox lightbox-gallery\" href=\"https:\/\/halle.se\/wp-content\/uploads\/2021\/03\/halle-uterum-med-sadeltak-som-en-forlangning-av-huset-2048x1536.jpg\" title=\"\">            <div class=\"box has-hover gallery-box box-default\">\n              <div class=\"box-image image-overlay-add image-cover\" style=\"padding-top:75%;\">\n                <img decoding=\"async\" width=\"533\" height=\"400\" data-src=\"https:\/\/halle.se\/wp-content\/uploads\/2021\/03\/halle-uterum-med-sadeltak-som-en-forlangning-av-huset-533x400.jpg\" class=\"attachment-medium size-medium lazyload\" alt=\"Uterummet \u00e4r upplyst med lampor och nu \u00e4r det en inbjudande oas\" ids=\"227677,240358,227678,227680,227686,227682,227679,227681,221521,221524,221523,221522,178719,240309,221526,221525,221527,221528,234392,178736,178729,234452,240083,178730,178731,240311,178726,178727,178720,178718,178723,178738,240303,178737,178725,178740,178728,178704,240316,178724,178707,178732,178722,178733,240084,178741,178713,178710,178697,178746,178709,240082,240301,240302,240304,234393,240362,178695,178694,178703,178696,178693,178715,178742,178745,178743,240355,178744,178711,178712,240354,178716,178747,219122,219144,219734,234394,219123,219124,219127,219729,219140,219731,219141,219142,219143,219737,219738,219133,234190,219135,219136,234191,234192,240351,240353,240352,219147,240393,240153,240154,240152,240151,240155,240157,240158,219148,240267,240190,240194,240193,240192,240191,240265,240264,240255,219150,219152,219153,219156,219157,219159,234261,234262,234263,234264\" style=\"--smush-placeholder-width: 533px; --smush-placeholder-aspect-ratio: 533\/400;default\" lightbox_image_size=\"2048x2048\" columns=\"5\" animate=\"fadeInDown\" image_height=\"75%\" image_size=\"medium\" image_overlay=\"rgba(255, 255, 255, 0.25)\" image_hover=\"overlay-add\" text_size=\"xsmall\" text_color=\"dark\" data-srcset=\"https:\/\/halle.se\/wp-content\/uploads\/2021\/03\/halle-uterum-med-sadeltak-som-en-forlangning-av-huset-533x400.jpg 533w, https:\/\/halle.se\/wp-content\/uploads\/2021\/03\/halle-uterum-med-sadeltak-som-en-forlangning-av-huset-640x480.jpg 640w, https:\/\/halle.se\/wp-content\/uploads\/2021\/03\/halle-uterum-med-sadeltak-som-en-forlangning-av-huset-1067x800.jpg 1067w, https:\/\/halle.se\/wp-content\/uploads\/2021\/03\/halle-uterum-med-sadeltak-som-en-forlangning-av-huset-768x576.jpg 768w, https:\/\/halle.se\/wp-content\/uploads\/2021\/03\/halle-uterum-med-sadeltak-som-en-forlangning-av-huset-1536x1152.jpg 1536w, https:\/\/halle.se\/wp-content\/uploads\/2021\/03\/halle-uterum-med-sadeltak-som-en-forlangning-av-huset-2048x1536.jpg 2048w, https:\/\/halle.se\/wp-content\/uploads\/2021\/03\/halle-uterum-med-sadeltak-som-en-forlangning-av-huset-133x100.jpg 133w\" data-sizes=\"auto\" src=\"data:image\/svg+xml;base64,PHN2ZyB3aWR0aD0iMSIgaGVpZ2h0PSIxIiB4bWxucz0iaHR0cDovL3d3dy53My5vcmcvMjAwMC9zdmciPjwvc3ZnPg==\" data-original-sizes=\"(max-width: 533px) 100vw, 533px\" \/>                                  <div class=\"overlay fill\"\n                      style=\"background-color: rgba(255, 255, 255, 0.25)\">\n                  <\/div>\n                                                              <\/div>\n              <div class=\"box-text text-left is-xsmall dark\" >\n                 <p><\/p>\n              <\/div>\n            <\/div>\n            <\/a>          <\/div>\n         <\/div><div class=\"gallery-col col\" data-animate=\"fadeInDown\">\n          <div class=\"col-inner\">\n            <a class=\"image-lightbox lightbox-gallery\" href=\"https:\/\/halle.se\/wp-content\/uploads\/2021\/03\/halle-uterum-thermo-svart-vintertra\u0308dga\u030ard-ro\u0308tt-hus-1--2048x1536.jpg\" title=\"\">            <div class=\"box has-hover gallery-box box-default\">\n              <div class=\"box-image image-overlay-add image-cover\" style=\"padding-top:75%;\">\n                <img decoding=\"async\" width=\"533\" height=\"400\" data-src=\"https:\/\/halle.se\/wp-content\/uploads\/2021\/03\/halle-uterum-thermo-svart-vintertra\u0308dga\u030ard-ro\u0308tt-hus-1--533x400.jpg\" class=\"attachment-medium size-medium lazyload\" alt=\"Uterumsparti Thermo f\u00f6r vintertr\u00e4dg\u00e5rd\" ids=\"227677,240358,227678,227680,227686,227682,227679,227681,221521,221524,221523,221522,178719,240309,221526,221525,221527,221528,234392,178736,178729,234452,240083,178730,178731,240311,178726,178727,178720,178718,178723,178738,240303,178737,178725,178740,178728,178704,240316,178724,178707,178732,178722,178733,240084,178741,178713,178710,178697,178746,178709,240082,240301,240302,240304,234393,240362,178695,178694,178703,178696,178693,178715,178742,178745,178743,240355,178744,178711,178712,240354,178716,178747,219122,219144,219734,234394,219123,219124,219127,219729,219140,219731,219141,219142,219143,219737,219738,219133,234190,219135,219136,234191,234192,240351,240353,240352,219147,240393,240153,240154,240152,240151,240155,240157,240158,219148,240267,240190,240194,240193,240192,240191,240265,240264,240255,219150,219152,219153,219156,219157,219159,234261,234262,234263,234264\" style=\"--smush-placeholder-width: 533px; --smush-placeholder-aspect-ratio: 533\/400;default\" lightbox_image_size=\"2048x2048\" columns=\"5\" animate=\"fadeInDown\" image_height=\"75%\" image_size=\"medium\" image_overlay=\"rgba(255, 255, 255, 0.25)\" image_hover=\"overlay-add\" text_size=\"xsmall\" text_color=\"dark\" data-srcset=\"https:\/\/halle.se\/wp-content\/uploads\/2021\/03\/halle-uterum-thermo-svart-vintertra\u0308dga\u030ard-ro\u0308tt-hus-1--533x400.jpg 533w, https:\/\/halle.se\/wp-content\/uploads\/2021\/03\/halle-uterum-thermo-svart-vintertra\u0308dga\u030ard-ro\u0308tt-hus-1--640x480.jpg 640w, https:\/\/halle.se\/wp-content\/uploads\/2021\/03\/halle-uterum-thermo-svart-vintertra\u0308dga\u030ard-ro\u0308tt-hus-1--1067x800.jpg 1067w, https:\/\/halle.se\/wp-content\/uploads\/2021\/03\/halle-uterum-thermo-svart-vintertra\u0308dga\u030ard-ro\u0308tt-hus-1--768x576.jpg 768w, https:\/\/halle.se\/wp-content\/uploads\/2021\/03\/halle-uterum-thermo-svart-vintertra\u0308dga\u030ard-ro\u0308tt-hus-1--1536x1152.jpg 1536w, https:\/\/halle.se\/wp-content\/uploads\/2021\/03\/halle-uterum-thermo-svart-vintertra\u0308dga\u030ard-ro\u0308tt-hus-1--2048x1536.jpg 2048w, https:\/\/halle.se\/wp-content\/uploads\/2021\/03\/halle-uterum-thermo-svart-vintertra\u0308dga\u030ard-ro\u0308tt-hus-1--133x100.jpg 133w\" data-sizes=\"auto\" src=\"data:image\/svg+xml;base64,PHN2ZyB3aWR0aD0iMSIgaGVpZ2h0PSIxIiB4bWxucz0iaHR0cDovL3d3dy53My5vcmcvMjAwMC9zdmciPjwvc3ZnPg==\" data-original-sizes=\"(max-width: 533px) 100vw, 533px\" \/>                                  <div class=\"overlay fill\"\n                      style=\"background-color: rgba(255, 255, 255, 0.25)\">\n                  <\/div>\n                                                              <\/div>\n              <div class=\"box-text text-left is-xsmall dark\" >\n                 <p><\/p>\n              <\/div>\n            <\/div>\n            <\/a>          <\/div>\n         <\/div><div class=\"gallery-col col\" data-animate=\"fadeInDown\">\n          <div class=\"col-inner\">\n            <a class=\"image-lightbox lightbox-gallery\" href=\"https:\/\/halle.se\/wp-content\/uploads\/2018\/08\/halle-uterum-stugan-skummeslov-vinter-dagsljus-2048x2048.jpg\" title=\"\">            <div class=\"box has-hover gallery-box box-default\">\n              <div class=\"box-image image-overlay-add image-cover\" style=\"padding-top:75%;\">\n                <img decoding=\"async\" width=\"400\" height=\"400\" data-src=\"https:\/\/halle.se\/wp-content\/uploads\/2018\/08\/halle-uterum-stugan-skummeslov-vinter-dagsljus-400x400.jpg\" class=\"attachment-medium size-medium lazyload\" alt=\"\" ids=\"227677,240358,227678,227680,227686,227682,227679,227681,221521,221524,221523,221522,178719,240309,221526,221525,221527,221528,234392,178736,178729,234452,240083,178730,178731,240311,178726,178727,178720,178718,178723,178738,240303,178737,178725,178740,178728,178704,240316,178724,178707,178732,178722,178733,240084,178741,178713,178710,178697,178746,178709,240082,240301,240302,240304,234393,240362,178695,178694,178703,178696,178693,178715,178742,178745,178743,240355,178744,178711,178712,240354,178716,178747,219122,219144,219734,234394,219123,219124,219127,219729,219140,219731,219141,219142,219143,219737,219738,219133,234190,219135,219136,234191,234192,240351,240353,240352,219147,240393,240153,240154,240152,240151,240155,240157,240158,219148,240267,240190,240194,240193,240192,240191,240265,240264,240255,219150,219152,219153,219156,219157,219159,234261,234262,234263,234264\" style=\"--smush-placeholder-width: 400px; --smush-placeholder-aspect-ratio: 400\/400;default\" lightbox_image_size=\"2048x2048\" columns=\"5\" animate=\"fadeInDown\" image_height=\"75%\" image_size=\"medium\" image_overlay=\"rgba(255, 255, 255, 0.25)\" image_hover=\"overlay-add\" text_size=\"xsmall\" text_color=\"dark\" data-srcset=\"https:\/\/halle.se\/wp-content\/uploads\/2018\/08\/halle-uterum-stugan-skummeslov-vinter-dagsljus-400x400.jpg 400w, https:\/\/halle.se\/wp-content\/uploads\/2018\/08\/halle-uterum-stugan-skummeslov-vinter-dagsljus-800x800.jpg 800w, https:\/\/halle.se\/wp-content\/uploads\/2018\/08\/halle-uterum-stugan-skummeslov-vinter-dagsljus-280x280.jpg 280w, https:\/\/halle.se\/wp-content\/uploads\/2018\/08\/halle-uterum-stugan-skummeslov-vinter-dagsljus-768x768.jpg 768w, https:\/\/halle.se\/wp-content\/uploads\/2018\/08\/halle-uterum-stugan-skummeslov-vinter-dagsljus-1536x1536.jpg 1536w, https:\/\/halle.se\/wp-content\/uploads\/2018\/08\/halle-uterum-stugan-skummeslov-vinter-dagsljus-2048x2048.jpg 2048w, https:\/\/halle.se\/wp-content\/uploads\/2018\/08\/halle-uterum-stugan-skummeslov-vinter-dagsljus-100x100.jpg 100w, https:\/\/halle.se\/wp-content\/uploads\/2018\/08\/halle-uterum-stugan-skummeslov-vinter-dagsljus-384x384.jpg 384w, https:\/\/halle.se\/wp-content\/uploads\/2018\/08\/halle-uterum-stugan-skummeslov-vinter-dagsljus-640x640.jpg 640w\" data-sizes=\"auto\" src=\"data:image\/svg+xml;base64,PHN2ZyB3aWR0aD0iMSIgaGVpZ2h0PSIxIiB4bWxucz0iaHR0cDovL3d3dy53My5vcmcvMjAwMC9zdmciPjwvc3ZnPg==\" data-original-sizes=\"(max-width: 400px) 100vw, 400px\" \/>                                  <div class=\"overlay fill\"\n                      style=\"background-color: rgba(255, 255, 255, 0.25)\">\n                  <\/div>\n                                                              <\/div>\n              <div class=\"box-text text-left is-xsmall dark\" >\n                 <p><\/p>\n              <\/div>\n            <\/div>\n            <\/a>          <\/div>\n         <\/div><div class=\"gallery-col col\" data-animate=\"fadeInDown\">\n          <div class=\"col-inner\">\n            <a class=\"image-lightbox lightbox-gallery\" href=\"https:\/\/halle.se\/wp-content\/uploads\/2021\/03\/halle-uterum-som-extrarum-for-njutning-2048x1536.jpg\" title=\"\">            <div class=\"box has-hover gallery-box box-default\">\n              <div class=\"box-image image-overlay-add image-cover\" style=\"padding-top:75%;\">\n                <img decoding=\"async\" width=\"533\" height=\"400\" data-src=\"https:\/\/halle.se\/wp-content\/uploads\/2021\/03\/halle-uterum-som-extrarum-for-njutning-533x400.jpg\" class=\"attachment-medium size-medium lazyload\" alt=\"Uterum m\u00f6blerat med en mysig plats f\u00f6r kaffe och avkoppling\" ids=\"227677,240358,227678,227680,227686,227682,227679,227681,221521,221524,221523,221522,178719,240309,221526,221525,221527,221528,234392,178736,178729,234452,240083,178730,178731,240311,178726,178727,178720,178718,178723,178738,240303,178737,178725,178740,178728,178704,240316,178724,178707,178732,178722,178733,240084,178741,178713,178710,178697,178746,178709,240082,240301,240302,240304,234393,240362,178695,178694,178703,178696,178693,178715,178742,178745,178743,240355,178744,178711,178712,240354,178716,178747,219122,219144,219734,234394,219123,219124,219127,219729,219140,219731,219141,219142,219143,219737,219738,219133,234190,219135,219136,234191,234192,240351,240353,240352,219147,240393,240153,240154,240152,240151,240155,240157,240158,219148,240267,240190,240194,240193,240192,240191,240265,240264,240255,219150,219152,219153,219156,219157,219159,234261,234262,234263,234264\" style=\"--smush-placeholder-width: 533px; --smush-placeholder-aspect-ratio: 533\/400;default\" lightbox_image_size=\"2048x2048\" columns=\"5\" animate=\"fadeInDown\" image_height=\"75%\" image_size=\"medium\" image_overlay=\"rgba(255, 255, 255, 0.25)\" image_hover=\"overlay-add\" text_size=\"xsmall\" text_color=\"dark\" data-srcset=\"https:\/\/halle.se\/wp-content\/uploads\/2021\/03\/halle-uterum-som-extrarum-for-njutning-533x400.jpg 533w, https:\/\/halle.se\/wp-content\/uploads\/2021\/03\/halle-uterum-som-extrarum-for-njutning-640x480.jpg 640w, https:\/\/halle.se\/wp-content\/uploads\/2021\/03\/halle-uterum-som-extrarum-for-njutning-1067x800.jpg 1067w, https:\/\/halle.se\/wp-content\/uploads\/2021\/03\/halle-uterum-som-extrarum-for-njutning-768x576.jpg 768w, https:\/\/halle.se\/wp-content\/uploads\/2021\/03\/halle-uterum-som-extrarum-for-njutning-1536x1152.jpg 1536w, https:\/\/halle.se\/wp-content\/uploads\/2021\/03\/halle-uterum-som-extrarum-for-njutning-2048x1536.jpg 2048w, https:\/\/halle.se\/wp-content\/uploads\/2021\/03\/halle-uterum-som-extrarum-for-njutning-133x100.jpg 133w\" data-sizes=\"auto\" src=\"data:image\/svg+xml;base64,PHN2ZyB3aWR0aD0iMSIgaGVpZ2h0PSIxIiB4bWxucz0iaHR0cDovL3d3dy53My5vcmcvMjAwMC9zdmciPjwvc3ZnPg==\" data-original-sizes=\"(max-width: 533px) 100vw, 533px\" \/>                                  <div class=\"overlay fill\"\n                      style=\"background-color: rgba(255, 255, 255, 0.25)\">\n                  <\/div>\n                                                              <\/div>\n              <div class=\"box-text text-left is-xsmall dark\" >\n                 <p><\/p>\n              <\/div>\n            <\/div>\n            <\/a>          <\/div>\n         <\/div><div class=\"gallery-col col\" data-animate=\"fadeInDown\">\n          <div class=\"col-inner\">\n            <a class=\"image-lightbox lightbox-gallery\" href=\"https:\/\/halle.se\/wp-content\/uploads\/2021\/03\/halle-uterum-med-vadringslucka-i-brutet-horn.jpg\" title=\"\">            <div class=\"box has-hover gallery-box box-default\">\n              <div class=\"box-image image-overlay-add image-cover\" style=\"padding-top:75%;\">\n                <img decoding=\"async\" width=\"533\" height=\"400\" data-src=\"https:\/\/halle.se\/wp-content\/uploads\/2021\/03\/halle-uterum-med-vadringslucka-i-brutet-horn-533x400.jpg\" class=\"attachment-medium size-medium lazyload\" alt=\"Uterumspartier som ger en h\u00e4rlig utsikt i ditt uterum\" ids=\"227677,240358,227678,227680,227686,227682,227679,227681,221521,221524,221523,221522,178719,240309,221526,221525,221527,221528,234392,178736,178729,234452,240083,178730,178731,240311,178726,178727,178720,178718,178723,178738,240303,178737,178725,178740,178728,178704,240316,178724,178707,178732,178722,178733,240084,178741,178713,178710,178697,178746,178709,240082,240301,240302,240304,234393,240362,178695,178694,178703,178696,178693,178715,178742,178745,178743,240355,178744,178711,178712,240354,178716,178747,219122,219144,219734,234394,219123,219124,219127,219729,219140,219731,219141,219142,219143,219737,219738,219133,234190,219135,219136,234191,234192,240351,240353,240352,219147,240393,240153,240154,240152,240151,240155,240157,240158,219148,240267,240190,240194,240193,240192,240191,240265,240264,240255,219150,219152,219153,219156,219157,219159,234261,234262,234263,234264\" style=\"--smush-placeholder-width: 533px; --smush-placeholder-aspect-ratio: 533\/400;default\" lightbox_image_size=\"2048x2048\" columns=\"5\" animate=\"fadeInDown\" image_height=\"75%\" image_size=\"medium\" image_overlay=\"rgba(255, 255, 255, 0.25)\" image_hover=\"overlay-add\" text_size=\"xsmall\" text_color=\"dark\" data-srcset=\"https:\/\/halle.se\/wp-content\/uploads\/2021\/03\/halle-uterum-med-vadringslucka-i-brutet-horn-533x400.jpg 533w, https:\/\/halle.se\/wp-content\/uploads\/2021\/03\/halle-uterum-med-vadringslucka-i-brutet-horn-640x480.jpg 640w, https:\/\/halle.se\/wp-content\/uploads\/2021\/03\/halle-uterum-med-vadringslucka-i-brutet-horn-1067x800.jpg 1067w, https:\/\/halle.se\/wp-content\/uploads\/2021\/03\/halle-uterum-med-vadringslucka-i-brutet-horn-768x576.jpg 768w, https:\/\/halle.se\/wp-content\/uploads\/2021\/03\/halle-uterum-med-vadringslucka-i-brutet-horn-1536x1152.jpg 1536w, https:\/\/halle.se\/wp-content\/uploads\/2021\/03\/halle-uterum-med-vadringslucka-i-brutet-horn-133x100.jpg 133w, https:\/\/halle.se\/wp-content\/uploads\/2021\/03\/halle-uterum-med-vadringslucka-i-brutet-horn.jpg 1600w\" data-sizes=\"auto\" src=\"data:image\/svg+xml;base64,PHN2ZyB3aWR0aD0iMSIgaGVpZ2h0PSIxIiB4bWxucz0iaHR0cDovL3d3dy53My5vcmcvMjAwMC9zdmciPjwvc3ZnPg==\" data-original-sizes=\"(max-width: 533px) 100vw, 533px\" \/>                                  <div class=\"overlay fill\"\n                      style=\"background-color: rgba(255, 255, 255, 0.25)\">\n                  <\/div>\n                                                              <\/div>\n              <div class=\"box-text text-left is-xsmall dark\" >\n                 <p><\/p>\n              <\/div>\n            <\/div>\n            <\/a>          <\/div>\n         <\/div><div class=\"gallery-col col\" data-animate=\"fadeInDown\">\n          <div class=\"col-inner\">\n            <a class=\"image-lightbox lightbox-gallery\" href=\"https:\/\/halle.se\/wp-content\/uploads\/2021\/03\/halle-uterum-thermo-vintersystem-interio\u0308r-1-2048x1536.jpg\" title=\"\">            <div class=\"box has-hover gallery-box box-default\">\n              <div class=\"box-image image-overlay-add image-cover\" style=\"padding-top:75%;\">\n                <img decoding=\"async\" width=\"533\" height=\"400\" data-src=\"https:\/\/halle.se\/wp-content\/uploads\/2021\/03\/halle-uterum-thermo-vintersystem-interio\u0308r-1-533x400.jpg\" class=\"attachment-medium size-medium lazyload\" alt=\"uterumsparti som \u00e4r isolerat\" ids=\"227677,240358,227678,227680,227686,227682,227679,227681,221521,221524,221523,221522,178719,240309,221526,221525,221527,221528,234392,178736,178729,234452,240083,178730,178731,240311,178726,178727,178720,178718,178723,178738,240303,178737,178725,178740,178728,178704,240316,178724,178707,178732,178722,178733,240084,178741,178713,178710,178697,178746,178709,240082,240301,240302,240304,234393,240362,178695,178694,178703,178696,178693,178715,178742,178745,178743,240355,178744,178711,178712,240354,178716,178747,219122,219144,219734,234394,219123,219124,219127,219729,219140,219731,219141,219142,219143,219737,219738,219133,234190,219135,219136,234191,234192,240351,240353,240352,219147,240393,240153,240154,240152,240151,240155,240157,240158,219148,240267,240190,240194,240193,240192,240191,240265,240264,240255,219150,219152,219153,219156,219157,219159,234261,234262,234263,234264\" style=\"--smush-placeholder-width: 533px; --smush-placeholder-aspect-ratio: 533\/400;default\" lightbox_image_size=\"2048x2048\" columns=\"5\" animate=\"fadeInDown\" image_height=\"75%\" image_size=\"medium\" image_overlay=\"rgba(255, 255, 255, 0.25)\" image_hover=\"overlay-add\" text_size=\"xsmall\" text_color=\"dark\" data-srcset=\"https:\/\/halle.se\/wp-content\/uploads\/2021\/03\/halle-uterum-thermo-vintersystem-interio\u0308r-1-533x400.jpg 533w, https:\/\/halle.se\/wp-content\/uploads\/2021\/03\/halle-uterum-thermo-vintersystem-interio\u0308r-1-640x480.jpg 640w, https:\/\/halle.se\/wp-content\/uploads\/2021\/03\/halle-uterum-thermo-vintersystem-interio\u0308r-1-1067x800.jpg 1067w, https:\/\/halle.se\/wp-content\/uploads\/2021\/03\/halle-uterum-thermo-vintersystem-interio\u0308r-1-768x576.jpg 768w, https:\/\/halle.se\/wp-content\/uploads\/2021\/03\/halle-uterum-thermo-vintersystem-interio\u0308r-1-1536x1152.jpg 1536w, https:\/\/halle.se\/wp-content\/uploads\/2021\/03\/halle-uterum-thermo-vintersystem-interio\u0308r-1-2048x1536.jpg 2048w, https:\/\/halle.se\/wp-content\/uploads\/2021\/03\/halle-uterum-thermo-vintersystem-interio\u0308r-1-133x100.jpg 133w\" data-sizes=\"auto\" src=\"data:image\/svg+xml;base64,PHN2ZyB3aWR0aD0iMSIgaGVpZ2h0PSIxIiB4bWxucz0iaHR0cDovL3d3dy53My5vcmcvMjAwMC9zdmciPjwvc3ZnPg==\" data-original-sizes=\"(max-width: 533px) 100vw, 533px\" \/>                                  <div class=\"overlay fill\"\n                      style=\"background-color: rgba(255, 255, 255, 0.25)\">\n                  <\/div>\n                                                              <\/div>\n              <div class=\"box-text text-left is-xsmall dark\" >\n                 <p><\/p>\n              <\/div>\n            <\/div>\n            <\/a>          <\/div>\n         <\/div><div class=\"gallery-col col\" data-animate=\"fadeInDown\">\n          <div class=\"col-inner\">\n            <a class=\"image-lightbox lightbox-gallery\" href=\"https:\/\/halle.se\/wp-content\/uploads\/2021\/03\/halle-uterum-pulpettak-kanalplasttak-interio\u0308r-2-2048x1536.jpg\" title=\"\">            <div class=\"box has-hover gallery-box box-default\">\n              <div class=\"box-image image-overlay-add image-cover\" style=\"padding-top:75%;\">\n                <img decoding=\"async\" width=\"533\" height=\"400\" data-src=\"https:\/\/halle.se\/wp-content\/uploads\/2021\/03\/halle-uterum-pulpettak-kanalplasttak-interio\u0308r-2-533x400.jpg\" class=\"attachment-medium size-medium lazyload\" alt=\"Svensktillverkat Uterum med bord och bekv\u00e4ma stolar\" ids=\"227677,240358,227678,227680,227686,227682,227679,227681,221521,221524,221523,221522,178719,240309,221526,221525,221527,221528,234392,178736,178729,234452,240083,178730,178731,240311,178726,178727,178720,178718,178723,178738,240303,178737,178725,178740,178728,178704,240316,178724,178707,178732,178722,178733,240084,178741,178713,178710,178697,178746,178709,240082,240301,240302,240304,234393,240362,178695,178694,178703,178696,178693,178715,178742,178745,178743,240355,178744,178711,178712,240354,178716,178747,219122,219144,219734,234394,219123,219124,219127,219729,219140,219731,219141,219142,219143,219737,219738,219133,234190,219135,219136,234191,234192,240351,240353,240352,219147,240393,240153,240154,240152,240151,240155,240157,240158,219148,240267,240190,240194,240193,240192,240191,240265,240264,240255,219150,219152,219153,219156,219157,219159,234261,234262,234263,234264\" style=\"--smush-placeholder-width: 533px; --smush-placeholder-aspect-ratio: 533\/400;default\" lightbox_image_size=\"2048x2048\" columns=\"5\" animate=\"fadeInDown\" image_height=\"75%\" image_size=\"medium\" image_overlay=\"rgba(255, 255, 255, 0.25)\" image_hover=\"overlay-add\" text_size=\"xsmall\" text_color=\"dark\" data-srcset=\"https:\/\/halle.se\/wp-content\/uploads\/2021\/03\/halle-uterum-pulpettak-kanalplasttak-interio\u0308r-2-533x400.jpg 533w, https:\/\/halle.se\/wp-content\/uploads\/2021\/03\/halle-uterum-pulpettak-kanalplasttak-interio\u0308r-2-640x480.jpg 640w, https:\/\/halle.se\/wp-content\/uploads\/2021\/03\/halle-uterum-pulpettak-kanalplasttak-interio\u0308r-2-1067x800.jpg 1067w, https:\/\/halle.se\/wp-content\/uploads\/2021\/03\/halle-uterum-pulpettak-kanalplasttak-interio\u0308r-2-768x576.jpg 768w, https:\/\/halle.se\/wp-content\/uploads\/2021\/03\/halle-uterum-pulpettak-kanalplasttak-interio\u0308r-2-1536x1152.jpg 1536w, https:\/\/halle.se\/wp-content\/uploads\/2021\/03\/halle-uterum-pulpettak-kanalplasttak-interio\u0308r-2-2048x1536.jpg 2048w, https:\/\/halle.se\/wp-content\/uploads\/2021\/03\/halle-uterum-pulpettak-kanalplasttak-interio\u0308r-2-133x100.jpg 133w\" data-sizes=\"auto\" src=\"data:image\/svg+xml;base64,PHN2ZyB3aWR0aD0iMSIgaGVpZ2h0PSIxIiB4bWxucz0iaHR0cDovL3d3dy53My5vcmcvMjAwMC9zdmciPjwvc3ZnPg==\" data-original-sizes=\"(max-width: 533px) 100vw, 533px\" \/>                                  <div class=\"overlay fill\"\n                      style=\"background-color: rgba(255, 255, 255, 0.25)\">\n                  <\/div>\n                                                              <\/div>\n              <div class=\"box-text text-left is-xsmall dark\" >\n                 <p><\/p>\n              <\/div>\n            <\/div>\n            <\/a>          <\/div>\n         <\/div><div class=\"gallery-col col\" data-animate=\"fadeInDown\">\n          <div class=\"col-inner\">\n            <a class=\"image-lightbox lightbox-gallery\" href=\"https:\/\/halle.se\/wp-content\/uploads\/2021\/03\/halle-thermo-fira-jul-i-ditt-uterum.jpg\" title=\"\">            <div class=\"box has-hover gallery-box box-default\">\n              <div class=\"box-image image-overlay-add image-cover\" style=\"padding-top:75%;\">\n                <img decoding=\"async\" width=\"533\" height=\"400\" data-src=\"https:\/\/halle.se\/wp-content\/uploads\/2021\/03\/halle-thermo-fira-jul-i-ditt-uterum-533x400.jpg\" class=\"attachment-medium size-medium lazyload\" alt=\"Julfirande i uterum med isolerade uterumspartier\" ids=\"227677,240358,227678,227680,227686,227682,227679,227681,221521,221524,221523,221522,178719,240309,221526,221525,221527,221528,234392,178736,178729,234452,240083,178730,178731,240311,178726,178727,178720,178718,178723,178738,240303,178737,178725,178740,178728,178704,240316,178724,178707,178732,178722,178733,240084,178741,178713,178710,178697,178746,178709,240082,240301,240302,240304,234393,240362,178695,178694,178703,178696,178693,178715,178742,178745,178743,240355,178744,178711,178712,240354,178716,178747,219122,219144,219734,234394,219123,219124,219127,219729,219140,219731,219141,219142,219143,219737,219738,219133,234190,219135,219136,234191,234192,240351,240353,240352,219147,240393,240153,240154,240152,240151,240155,240157,240158,219148,240267,240190,240194,240193,240192,240191,240265,240264,240255,219150,219152,219153,219156,219157,219159,234261,234262,234263,234264\" style=\"--smush-placeholder-width: 533px; --smush-placeholder-aspect-ratio: 533\/400;default\" lightbox_image_size=\"2048x2048\" columns=\"5\" animate=\"fadeInDown\" image_height=\"75%\" image_size=\"medium\" image_overlay=\"rgba(255, 255, 255, 0.25)\" image_hover=\"overlay-add\" text_size=\"xsmall\" text_color=\"dark\" data-srcset=\"https:\/\/halle.se\/wp-content\/uploads\/2021\/03\/halle-thermo-fira-jul-i-ditt-uterum-533x400.jpg 533w, https:\/\/halle.se\/wp-content\/uploads\/2021\/03\/halle-thermo-fira-jul-i-ditt-uterum-640x480.jpg 640w, https:\/\/halle.se\/wp-content\/uploads\/2021\/03\/halle-thermo-fira-jul-i-ditt-uterum-1067x800.jpg 1067w, https:\/\/halle.se\/wp-content\/uploads\/2021\/03\/halle-thermo-fira-jul-i-ditt-uterum-768x576.jpg 768w, https:\/\/halle.se\/wp-content\/uploads\/2021\/03\/halle-thermo-fira-jul-i-ditt-uterum-1536x1152.jpg 1536w, https:\/\/halle.se\/wp-content\/uploads\/2021\/03\/halle-thermo-fira-jul-i-ditt-uterum-133x100.jpg 133w, https:\/\/halle.se\/wp-content\/uploads\/2021\/03\/halle-thermo-fira-jul-i-ditt-uterum.jpg 1600w\" data-sizes=\"auto\" src=\"data:image\/svg+xml;base64,PHN2ZyB3aWR0aD0iMSIgaGVpZ2h0PSIxIiB4bWxucz0iaHR0cDovL3d3dy53My5vcmcvMjAwMC9zdmciPjwvc3ZnPg==\" data-original-sizes=\"(max-width: 533px) 100vw, 533px\" \/>                                  <div class=\"overlay fill\"\n                      style=\"background-color: rgba(255, 255, 255, 0.25)\">\n                  <\/div>\n                                                              <\/div>\n              <div class=\"box-text text-left is-xsmall dark\" >\n                 <p><\/p>\n              <\/div>\n            <\/div>\n            <\/a>          <\/div>\n         <\/div><div class=\"gallery-col col\" data-animate=\"fadeInDown\">\n          <div class=\"col-inner\">\n            <a class=\"image-lightbox lightbox-gallery\" href=\"https:\/\/halle.se\/wp-content\/uploads\/2021\/02\/halle-uterum-stugan-skummeslov-host-kvall-2048x2048.jpg\" title=\"\">            <div class=\"box has-hover gallery-box box-default\">\n              <div class=\"box-image image-overlay-add image-cover\" style=\"padding-top:75%;\">\n                <img decoding=\"async\" width=\"400\" height=\"400\" data-src=\"https:\/\/halle.se\/wp-content\/uploads\/2021\/02\/halle-uterum-stugan-skummeslov-host-kvall-400x400.jpg\" class=\"attachment-medium size-medium lazyload\" alt=\"\" ids=\"227677,240358,227678,227680,227686,227682,227679,227681,221521,221524,221523,221522,178719,240309,221526,221525,221527,221528,234392,178736,178729,234452,240083,178730,178731,240311,178726,178727,178720,178718,178723,178738,240303,178737,178725,178740,178728,178704,240316,178724,178707,178732,178722,178733,240084,178741,178713,178710,178697,178746,178709,240082,240301,240302,240304,234393,240362,178695,178694,178703,178696,178693,178715,178742,178745,178743,240355,178744,178711,178712,240354,178716,178747,219122,219144,219734,234394,219123,219124,219127,219729,219140,219731,219141,219142,219143,219737,219738,219133,234190,219135,219136,234191,234192,240351,240353,240352,219147,240393,240153,240154,240152,240151,240155,240157,240158,219148,240267,240190,240194,240193,240192,240191,240265,240264,240255,219150,219152,219153,219156,219157,219159,234261,234262,234263,234264\" style=\"--smush-placeholder-width: 400px; --smush-placeholder-aspect-ratio: 400\/400;default\" lightbox_image_size=\"2048x2048\" columns=\"5\" animate=\"fadeInDown\" image_height=\"75%\" image_size=\"medium\" image_overlay=\"rgba(255, 255, 255, 0.25)\" image_hover=\"overlay-add\" text_size=\"xsmall\" text_color=\"dark\" data-srcset=\"https:\/\/halle.se\/wp-content\/uploads\/2021\/02\/halle-uterum-stugan-skummeslov-host-kvall-400x400.jpg 400w, https:\/\/halle.se\/wp-content\/uploads\/2021\/02\/halle-uterum-stugan-skummeslov-host-kvall-800x800.jpg 800w, https:\/\/halle.se\/wp-content\/uploads\/2021\/02\/halle-uterum-stugan-skummeslov-host-kvall-280x280.jpg 280w, https:\/\/halle.se\/wp-content\/uploads\/2021\/02\/halle-uterum-stugan-skummeslov-host-kvall-768x768.jpg 768w, https:\/\/halle.se\/wp-content\/uploads\/2021\/02\/halle-uterum-stugan-skummeslov-host-kvall-1536x1536.jpg 1536w, https:\/\/halle.se\/wp-content\/uploads\/2021\/02\/halle-uterum-stugan-skummeslov-host-kvall-2048x2048.jpg 2048w, https:\/\/halle.se\/wp-content\/uploads\/2021\/02\/halle-uterum-stugan-skummeslov-host-kvall-100x100.jpg 100w, https:\/\/halle.se\/wp-content\/uploads\/2021\/02\/halle-uterum-stugan-skummeslov-host-kvall-384x384.jpg 384w, https:\/\/halle.se\/wp-content\/uploads\/2021\/02\/halle-uterum-stugan-skummeslov-host-kvall-640x640.jpg 640w\" data-sizes=\"auto\" src=\"data:image\/svg+xml;base64,PHN2ZyB3aWR0aD0iMSIgaGVpZ2h0PSIxIiB4bWxucz0iaHR0cDovL3d3dy53My5vcmcvMjAwMC9zdmciPjwvc3ZnPg==\" data-original-sizes=\"(max-width: 400px) 100vw, 400px\" \/>                                  <div class=\"overlay fill\"\n                      style=\"background-color: rgba(255, 255, 255, 0.25)\">\n                  <\/div>\n                                                              <\/div>\n              <div class=\"box-text text-left is-xsmall dark\" >\n                 <p><\/p>\n              <\/div>\n            <\/div>\n            <\/a>          <\/div>\n         <\/div><div class=\"gallery-col col\" data-animate=\"fadeInDown\">\n          <div class=\"col-inner\">\n            <a class=\"image-lightbox lightbox-gallery\" href=\"https:\/\/halle.se\/wp-content\/uploads\/2021\/03\/halle-uterum-med-thermo-partier-i-vintertradgard.jpg\" title=\"\">            <div class=\"box has-hover gallery-box box-default\">\n              <div class=\"box-image image-overlay-add image-cover\" style=\"padding-top:75%;\">\n                <img decoding=\"async\" width=\"533\" height=\"400\" data-src=\"https:\/\/halle.se\/wp-content\/uploads\/2021\/03\/halle-uterum-med-thermo-partier-i-vintertradgard-533x400.jpg\" class=\"attachment-medium size-medium lazyload\" alt=\"Uterum med \u00f6ppningsbara uterumspartier\" ids=\"227677,240358,227678,227680,227686,227682,227679,227681,221521,221524,221523,221522,178719,240309,221526,221525,221527,221528,234392,178736,178729,234452,240083,178730,178731,240311,178726,178727,178720,178718,178723,178738,240303,178737,178725,178740,178728,178704,240316,178724,178707,178732,178722,178733,240084,178741,178713,178710,178697,178746,178709,240082,240301,240302,240304,234393,240362,178695,178694,178703,178696,178693,178715,178742,178745,178743,240355,178744,178711,178712,240354,178716,178747,219122,219144,219734,234394,219123,219124,219127,219729,219140,219731,219141,219142,219143,219737,219738,219133,234190,219135,219136,234191,234192,240351,240353,240352,219147,240393,240153,240154,240152,240151,240155,240157,240158,219148,240267,240190,240194,240193,240192,240191,240265,240264,240255,219150,219152,219153,219156,219157,219159,234261,234262,234263,234264\" style=\"--smush-placeholder-width: 533px; --smush-placeholder-aspect-ratio: 533\/400;default\" lightbox_image_size=\"2048x2048\" columns=\"5\" animate=\"fadeInDown\" image_height=\"75%\" image_size=\"medium\" image_overlay=\"rgba(255, 255, 255, 0.25)\" image_hover=\"overlay-add\" text_size=\"xsmall\" text_color=\"dark\" data-srcset=\"https:\/\/halle.se\/wp-content\/uploads\/2021\/03\/halle-uterum-med-thermo-partier-i-vintertradgard-533x400.jpg 533w, https:\/\/halle.se\/wp-content\/uploads\/2021\/03\/halle-uterum-med-thermo-partier-i-vintertradgard-640x480.jpg 640w, https:\/\/halle.se\/wp-content\/uploads\/2021\/03\/halle-uterum-med-thermo-partier-i-vintertradgard-1067x800.jpg 1067w, https:\/\/halle.se\/wp-content\/uploads\/2021\/03\/halle-uterum-med-thermo-partier-i-vintertradgard-768x576.jpg 768w, https:\/\/halle.se\/wp-content\/uploads\/2021\/03\/halle-uterum-med-thermo-partier-i-vintertradgard-1536x1152.jpg 1536w, https:\/\/halle.se\/wp-content\/uploads\/2021\/03\/halle-uterum-med-thermo-partier-i-vintertradgard-133x100.jpg 133w, https:\/\/halle.se\/wp-content\/uploads\/2021\/03\/halle-uterum-med-thermo-partier-i-vintertradgard.jpg 1600w\" data-sizes=\"auto\" src=\"data:image\/svg+xml;base64,PHN2ZyB3aWR0aD0iMSIgaGVpZ2h0PSIxIiB4bWxucz0iaHR0cDovL3d3dy53My5vcmcvMjAwMC9zdmciPjwvc3ZnPg==\" data-original-sizes=\"(max-width: 533px) 100vw, 533px\" \/>                                  <div class=\"overlay fill\"\n                      style=\"background-color: rgba(255, 255, 255, 0.25)\">\n                  <\/div>\n                                                              <\/div>\n              <div class=\"box-text text-left is-xsmall dark\" >\n                 <p><\/p>\n              <\/div>\n            <\/div>\n            <\/a>          <\/div>\n         <\/div><div class=\"gallery-col col\" data-animate=\"fadeInDown\">\n          <div class=\"col-inner\">\n            <a class=\"image-lightbox lightbox-gallery\" href=\"https:\/\/halle.se\/wp-content\/uploads\/2021\/03\/halle-thermo-uterumspartier-med-sprojs-2048x1536.jpg\" title=\"\">            <div class=\"box has-hover gallery-box box-default\">\n              <div class=\"box-image image-overlay-add image-cover\" style=\"padding-top:75%;\">\n                <img decoding=\"async\" width=\"533\" height=\"400\" data-src=\"https:\/\/halle.se\/wp-content\/uploads\/2021\/03\/halle-thermo-uterumspartier-med-sprojs-533x400.jpg\" class=\"attachment-medium size-medium lazyload\" alt=\"Uterum som har spr\u00f6js i uterumspartiet Thermo\" ids=\"227677,240358,227678,227680,227686,227682,227679,227681,221521,221524,221523,221522,178719,240309,221526,221525,221527,221528,234392,178736,178729,234452,240083,178730,178731,240311,178726,178727,178720,178718,178723,178738,240303,178737,178725,178740,178728,178704,240316,178724,178707,178732,178722,178733,240084,178741,178713,178710,178697,178746,178709,240082,240301,240302,240304,234393,240362,178695,178694,178703,178696,178693,178715,178742,178745,178743,240355,178744,178711,178712,240354,178716,178747,219122,219144,219734,234394,219123,219124,219127,219729,219140,219731,219141,219142,219143,219737,219738,219133,234190,219135,219136,234191,234192,240351,240353,240352,219147,240393,240153,240154,240152,240151,240155,240157,240158,219148,240267,240190,240194,240193,240192,240191,240265,240264,240255,219150,219152,219153,219156,219157,219159,234261,234262,234263,234264\" style=\"--smush-placeholder-width: 533px; --smush-placeholder-aspect-ratio: 533\/400;default\" lightbox_image_size=\"2048x2048\" columns=\"5\" animate=\"fadeInDown\" image_height=\"75%\" image_size=\"medium\" image_overlay=\"rgba(255, 255, 255, 0.25)\" image_hover=\"overlay-add\" text_size=\"xsmall\" text_color=\"dark\" data-srcset=\"https:\/\/halle.se\/wp-content\/uploads\/2021\/03\/halle-thermo-uterumspartier-med-sprojs-533x400.jpg 533w, https:\/\/halle.se\/wp-content\/uploads\/2021\/03\/halle-thermo-uterumspartier-med-sprojs-640x480.jpg 640w, https:\/\/halle.se\/wp-content\/uploads\/2021\/03\/halle-thermo-uterumspartier-med-sprojs-1067x800.jpg 1067w, https:\/\/halle.se\/wp-content\/uploads\/2021\/03\/halle-thermo-uterumspartier-med-sprojs-768x576.jpg 768w, https:\/\/halle.se\/wp-content\/uploads\/2021\/03\/halle-thermo-uterumspartier-med-sprojs-1536x1152.jpg 1536w, https:\/\/halle.se\/wp-content\/uploads\/2021\/03\/halle-thermo-uterumspartier-med-sprojs-2048x1536.jpg 2048w, https:\/\/halle.se\/wp-content\/uploads\/2021\/03\/halle-thermo-uterumspartier-med-sprojs-133x100.jpg 133w\" data-sizes=\"auto\" src=\"data:image\/svg+xml;base64,PHN2ZyB3aWR0aD0iMSIgaGVpZ2h0PSIxIiB4bWxucz0iaHR0cDovL3d3dy53My5vcmcvMjAwMC9zdmciPjwvc3ZnPg==\" data-original-sizes=\"(max-width: 533px) 100vw, 533px\" \/>                                  <div class=\"overlay fill\"\n                      style=\"background-color: rgba(255, 255, 255, 0.25)\">\n                  <\/div>\n                                                              <\/div>\n              <div class=\"box-text text-left is-xsmall dark\" >\n                 <p><\/p>\n              <\/div>\n            <\/div>\n            <\/a>          <\/div>\n         <\/div><div class=\"gallery-col col\" data-animate=\"fadeInDown\">\n          <div class=\"col-inner\">\n            <a class=\"image-lightbox lightbox-gallery\" href=\"https:\/\/halle.se\/wp-content\/uploads\/2021\/03\/halle-uterum-pulpettak-skjutparti-kanalplast.jpg\" title=\"\">            <div class=\"box has-hover gallery-box box-default\">\n              <div class=\"box-image image-overlay-add image-cover\" style=\"padding-top:75%;\">\n                <img decoding=\"async\" width=\"533\" height=\"400\" data-src=\"https:\/\/halle.se\/wp-content\/uploads\/2021\/03\/halle-uterum-pulpettak-skjutparti-kanalplast-533x400.jpg\" class=\"attachment-medium size-medium lazyload\" alt=\"Ett uterum och en vattenfylld pool i tr\u00e4dg\u00e5rden som ger en trevlig tillvaro\" ids=\"227677,240358,227678,227680,227686,227682,227679,227681,221521,221524,221523,221522,178719,240309,221526,221525,221527,221528,234392,178736,178729,234452,240083,178730,178731,240311,178726,178727,178720,178718,178723,178738,240303,178737,178725,178740,178728,178704,240316,178724,178707,178732,178722,178733,240084,178741,178713,178710,178697,178746,178709,240082,240301,240302,240304,234393,240362,178695,178694,178703,178696,178693,178715,178742,178745,178743,240355,178744,178711,178712,240354,178716,178747,219122,219144,219734,234394,219123,219124,219127,219729,219140,219731,219141,219142,219143,219737,219738,219133,234190,219135,219136,234191,234192,240351,240353,240352,219147,240393,240153,240154,240152,240151,240155,240157,240158,219148,240267,240190,240194,240193,240192,240191,240265,240264,240255,219150,219152,219153,219156,219157,219159,234261,234262,234263,234264\" style=\"--smush-placeholder-width: 533px; --smush-placeholder-aspect-ratio: 533\/400;default\" lightbox_image_size=\"2048x2048\" columns=\"5\" animate=\"fadeInDown\" image_height=\"75%\" image_size=\"medium\" image_overlay=\"rgba(255, 255, 255, 0.25)\" image_hover=\"overlay-add\" text_size=\"xsmall\" text_color=\"dark\" data-srcset=\"https:\/\/halle.se\/wp-content\/uploads\/2021\/03\/halle-uterum-pulpettak-skjutparti-kanalplast-533x400.jpg 533w, https:\/\/halle.se\/wp-content\/uploads\/2021\/03\/halle-uterum-pulpettak-skjutparti-kanalplast-640x480.jpg 640w, https:\/\/halle.se\/wp-content\/uploads\/2021\/03\/halle-uterum-pulpettak-skjutparti-kanalplast-1067x800.jpg 1067w, https:\/\/halle.se\/wp-content\/uploads\/2021\/03\/halle-uterum-pulpettak-skjutparti-kanalplast-768x576.jpg 768w, https:\/\/halle.se\/wp-content\/uploads\/2021\/03\/halle-uterum-pulpettak-skjutparti-kanalplast-1536x1152.jpg 1536w, https:\/\/halle.se\/wp-content\/uploads\/2021\/03\/halle-uterum-pulpettak-skjutparti-kanalplast-133x100.jpg 133w, https:\/\/halle.se\/wp-content\/uploads\/2021\/03\/halle-uterum-pulpettak-skjutparti-kanalplast.jpg 1600w\" data-sizes=\"auto\" src=\"data:image\/svg+xml;base64,PHN2ZyB3aWR0aD0iMSIgaGVpZ2h0PSIxIiB4bWxucz0iaHR0cDovL3d3dy53My5vcmcvMjAwMC9zdmciPjwvc3ZnPg==\" data-original-sizes=\"(max-width: 533px) 100vw, 533px\" \/>                                  <div class=\"overlay fill\"\n                      style=\"background-color: rgba(255, 255, 255, 0.25)\">\n                  <\/div>\n                                                              <\/div>\n              <div class=\"box-text text-left is-xsmall dark\" >\n                 <p><\/p>\n              <\/div>\n            <\/div>\n            <\/a>          <\/div>\n         <\/div><div class=\"gallery-col col\" data-animate=\"fadeInDown\">\n          <div class=\"col-inner\">\n            <a class=\"image-lightbox lightbox-gallery\" href=\"https:\/\/halle.se\/wp-content\/uploads\/2021\/03\/halle-uterum-med-sadeltak-och-kanalplast.jpg\" title=\"\">            <div class=\"box has-hover gallery-box box-default\">\n              <div class=\"box-image image-overlay-add image-cover\" style=\"padding-top:75%;\">\n                <img decoding=\"async\" width=\"533\" height=\"400\" data-src=\"https:\/\/halle.se\/wp-content\/uploads\/2021\/03\/halle-uterum-med-sadeltak-och-kanalplast-533x400.jpg\" class=\"attachment-medium size-medium lazyload\" alt=\"Uterumspartier och kanalplast i ett uterum ger en ljus och trivsam plats\" ids=\"227677,240358,227678,227680,227686,227682,227679,227681,221521,221524,221523,221522,178719,240309,221526,221525,221527,221528,234392,178736,178729,234452,240083,178730,178731,240311,178726,178727,178720,178718,178723,178738,240303,178737,178725,178740,178728,178704,240316,178724,178707,178732,178722,178733,240084,178741,178713,178710,178697,178746,178709,240082,240301,240302,240304,234393,240362,178695,178694,178703,178696,178693,178715,178742,178745,178743,240355,178744,178711,178712,240354,178716,178747,219122,219144,219734,234394,219123,219124,219127,219729,219140,219731,219141,219142,219143,219737,219738,219133,234190,219135,219136,234191,234192,240351,240353,240352,219147,240393,240153,240154,240152,240151,240155,240157,240158,219148,240267,240190,240194,240193,240192,240191,240265,240264,240255,219150,219152,219153,219156,219157,219159,234261,234262,234263,234264\" style=\"--smush-placeholder-width: 533px; --smush-placeholder-aspect-ratio: 533\/400;default\" lightbox_image_size=\"2048x2048\" columns=\"5\" animate=\"fadeInDown\" image_height=\"75%\" image_size=\"medium\" image_overlay=\"rgba(255, 255, 255, 0.25)\" image_hover=\"overlay-add\" text_size=\"xsmall\" text_color=\"dark\" data-srcset=\"https:\/\/halle.se\/wp-content\/uploads\/2021\/03\/halle-uterum-med-sadeltak-och-kanalplast-533x400.jpg 533w, https:\/\/halle.se\/wp-content\/uploads\/2021\/03\/halle-uterum-med-sadeltak-och-kanalplast-640x480.jpg 640w, https:\/\/halle.se\/wp-content\/uploads\/2021\/03\/halle-uterum-med-sadeltak-och-kanalplast-1067x800.jpg 1067w, https:\/\/halle.se\/wp-content\/uploads\/2021\/03\/halle-uterum-med-sadeltak-och-kanalplast-768x576.jpg 768w, https:\/\/halle.se\/wp-content\/uploads\/2021\/03\/halle-uterum-med-sadeltak-och-kanalplast-1536x1152.jpg 1536w, https:\/\/halle.se\/wp-content\/uploads\/2021\/03\/halle-uterum-med-sadeltak-och-kanalplast-133x100.jpg 133w, https:\/\/halle.se\/wp-content\/uploads\/2021\/03\/halle-uterum-med-sadeltak-och-kanalplast.jpg 1600w\" data-sizes=\"auto\" src=\"data:image\/svg+xml;base64,PHN2ZyB3aWR0aD0iMSIgaGVpZ2h0PSIxIiB4bWxucz0iaHR0cDovL3d3dy53My5vcmcvMjAwMC9zdmciPjwvc3ZnPg==\" data-original-sizes=\"(max-width: 533px) 100vw, 533px\" \/>                                  <div class=\"overlay fill\"\n                      style=\"background-color: rgba(255, 255, 255, 0.25)\">\n                  <\/div>\n                                                              <\/div>\n              <div class=\"box-text text-left is-xsmall dark\" >\n                 <p><\/p>\n              <\/div>\n            <\/div>\n            <\/a>          <\/div>\n         <\/div><div class=\"gallery-col col\" data-animate=\"fadeInDown\">\n          <div class=\"col-inner\">\n            <a class=\"image-lightbox lightbox-gallery\" href=\"https:\/\/halle.se\/wp-content\/uploads\/2021\/03\/halle-uterum-sadeltak-ho\u0308stskog-2048x1536.jpg\" title=\"\">            <div class=\"box has-hover gallery-box box-default\">\n              <div class=\"box-image image-overlay-add image-cover\" style=\"padding-top:75%;\">\n                <img decoding=\"async\" width=\"533\" height=\"400\" data-src=\"https:\/\/halle.se\/wp-content\/uploads\/2021\/03\/halle-uterum-sadeltak-ho\u0308stskog-533x400.jpg\" class=\"attachment-medium size-medium lazyload\" alt=\"Uterum med uterumsparti f\u00f6r h\u00f6sten\" ids=\"227677,240358,227678,227680,227686,227682,227679,227681,221521,221524,221523,221522,178719,240309,221526,221525,221527,221528,234392,178736,178729,234452,240083,178730,178731,240311,178726,178727,178720,178718,178723,178738,240303,178737,178725,178740,178728,178704,240316,178724,178707,178732,178722,178733,240084,178741,178713,178710,178697,178746,178709,240082,240301,240302,240304,234393,240362,178695,178694,178703,178696,178693,178715,178742,178745,178743,240355,178744,178711,178712,240354,178716,178747,219122,219144,219734,234394,219123,219124,219127,219729,219140,219731,219141,219142,219143,219737,219738,219133,234190,219135,219136,234191,234192,240351,240353,240352,219147,240393,240153,240154,240152,240151,240155,240157,240158,219148,240267,240190,240194,240193,240192,240191,240265,240264,240255,219150,219152,219153,219156,219157,219159,234261,234262,234263,234264\" style=\"--smush-placeholder-width: 533px; --smush-placeholder-aspect-ratio: 533\/400;default\" lightbox_image_size=\"2048x2048\" columns=\"5\" animate=\"fadeInDown\" image_height=\"75%\" image_size=\"medium\" image_overlay=\"rgba(255, 255, 255, 0.25)\" image_hover=\"overlay-add\" text_size=\"xsmall\" text_color=\"dark\" data-srcset=\"https:\/\/halle.se\/wp-content\/uploads\/2021\/03\/halle-uterum-sadeltak-ho\u0308stskog-533x400.jpg 533w, https:\/\/halle.se\/wp-content\/uploads\/2021\/03\/halle-uterum-sadeltak-ho\u0308stskog-640x480.jpg 640w, https:\/\/halle.se\/wp-content\/uploads\/2021\/03\/halle-uterum-sadeltak-ho\u0308stskog-1067x800.jpg 1067w, https:\/\/halle.se\/wp-content\/uploads\/2021\/03\/halle-uterum-sadeltak-ho\u0308stskog-768x576.jpg 768w, https:\/\/halle.se\/wp-content\/uploads\/2021\/03\/halle-uterum-sadeltak-ho\u0308stskog-1536x1152.jpg 1536w, https:\/\/halle.se\/wp-content\/uploads\/2021\/03\/halle-uterum-sadeltak-ho\u0308stskog-2048x1536.jpg 2048w, https:\/\/halle.se\/wp-content\/uploads\/2021\/03\/halle-uterum-sadeltak-ho\u0308stskog-133x100.jpg 133w\" data-sizes=\"auto\" src=\"data:image\/svg+xml;base64,PHN2ZyB3aWR0aD0iMSIgaGVpZ2h0PSIxIiB4bWxucz0iaHR0cDovL3d3dy53My5vcmcvMjAwMC9zdmciPjwvc3ZnPg==\" data-original-sizes=\"(max-width: 533px) 100vw, 533px\" \/>                                  <div class=\"overlay fill\"\n                      style=\"background-color: rgba(255, 255, 255, 0.25)\">\n                  <\/div>\n                                                              <\/div>\n              <div class=\"box-text text-left is-xsmall dark\" >\n                 <p><\/p>\n              <\/div>\n            <\/div>\n            <\/a>          <\/div>\n         <\/div><div class=\"gallery-col col\" data-animate=\"fadeInDown\">\n          <div class=\"col-inner\">\n            <a class=\"image-lightbox lightbox-gallery\" href=\"https:\/\/halle.se\/wp-content\/uploads\/2026\/04\/svart-thermo-uterum-vinterbild-med-spa-bad-2048x2048.jpg\" title=\"\">            <div class=\"box has-hover gallery-box box-default\">\n              <div class=\"box-image image-overlay-add image-cover\" style=\"padding-top:75%;\">\n                <img decoding=\"async\" width=\"400\" height=\"400\" data-src=\"https:\/\/halle.se\/wp-content\/uploads\/2026\/04\/svart-thermo-uterum-vinterbild-med-spa-bad-400x400.jpg\" class=\"attachment-medium size-medium lazyload\" alt=\"\" ids=\"227677,240358,227678,227680,227686,227682,227679,227681,221521,221524,221523,221522,178719,240309,221526,221525,221527,221528,234392,178736,178729,234452,240083,178730,178731,240311,178726,178727,178720,178718,178723,178738,240303,178737,178725,178740,178728,178704,240316,178724,178707,178732,178722,178733,240084,178741,178713,178710,178697,178746,178709,240082,240301,240302,240304,234393,240362,178695,178694,178703,178696,178693,178715,178742,178745,178743,240355,178744,178711,178712,240354,178716,178747,219122,219144,219734,234394,219123,219124,219127,219729,219140,219731,219141,219142,219143,219737,219738,219133,234190,219135,219136,234191,234192,240351,240353,240352,219147,240393,240153,240154,240152,240151,240155,240157,240158,219148,240267,240190,240194,240193,240192,240191,240265,240264,240255,219150,219152,219153,219156,219157,219159,234261,234262,234263,234264\" style=\"--smush-placeholder-width: 400px; --smush-placeholder-aspect-ratio: 400\/400;default\" lightbox_image_size=\"2048x2048\" columns=\"5\" animate=\"fadeInDown\" image_height=\"75%\" image_size=\"medium\" image_overlay=\"rgba(255, 255, 255, 0.25)\" image_hover=\"overlay-add\" text_size=\"xsmall\" text_color=\"dark\" data-srcset=\"https:\/\/halle.se\/wp-content\/uploads\/2026\/04\/svart-thermo-uterum-vinterbild-med-spa-bad-400x400.jpg 400w, https:\/\/halle.se\/wp-content\/uploads\/2026\/04\/svart-thermo-uterum-vinterbild-med-spa-bad-800x800.jpg 800w, https:\/\/halle.se\/wp-content\/uploads\/2026\/04\/svart-thermo-uterum-vinterbild-med-spa-bad-280x280.jpg 280w, https:\/\/halle.se\/wp-content\/uploads\/2026\/04\/svart-thermo-uterum-vinterbild-med-spa-bad-768x768.jpg 768w, https:\/\/halle.se\/wp-content\/uploads\/2026\/04\/svart-thermo-uterum-vinterbild-med-spa-bad-1536x1536.jpg 1536w, https:\/\/halle.se\/wp-content\/uploads\/2026\/04\/svart-thermo-uterum-vinterbild-med-spa-bad-2048x2048.jpg 2048w, https:\/\/halle.se\/wp-content\/uploads\/2026\/04\/svart-thermo-uterum-vinterbild-med-spa-bad-100x100.jpg 100w, https:\/\/halle.se\/wp-content\/uploads\/2026\/04\/svart-thermo-uterum-vinterbild-med-spa-bad-384x384.jpg 384w, https:\/\/halle.se\/wp-content\/uploads\/2026\/04\/svart-thermo-uterum-vinterbild-med-spa-bad-640x640.jpg 640w\" data-sizes=\"auto\" src=\"data:image\/svg+xml;base64,PHN2ZyB3aWR0aD0iMSIgaGVpZ2h0PSIxIiB4bWxucz0iaHR0cDovL3d3dy53My5vcmcvMjAwMC9zdmciPjwvc3ZnPg==\" data-original-sizes=\"(max-width: 400px) 100vw, 400px\" \/>                                  <div class=\"overlay fill\"\n                      style=\"background-color: rgba(255, 255, 255, 0.25)\">\n                  <\/div>\n                                                              <\/div>\n              <div class=\"box-text text-left is-xsmall dark\" >\n                 <p><\/p>\n              <\/div>\n            <\/div>\n            <\/a>          <\/div>\n         <\/div><div class=\"gallery-col col\" data-animate=\"fadeInDown\">\n          <div class=\"col-inner\">\n            <a class=\"image-lightbox lightbox-gallery\" href=\"https:\/\/halle.se\/wp-content\/uploads\/2021\/03\/halle-uterum-thermo-vintertra\u0308dga\u030ard-pulpettak-kanalplast--2048x1536.jpg\" title=\"\">            <div class=\"box has-hover gallery-box box-default\">\n              <div class=\"box-image image-overlay-add image-cover\" style=\"padding-top:75%;\">\n                <img decoding=\"async\" width=\"533\" height=\"400\" data-src=\"https:\/\/halle.se\/wp-content\/uploads\/2021\/03\/halle-uterum-thermo-vintertra\u0308dga\u030ard-pulpettak-kanalplast--533x400.jpg\" class=\"attachment-medium size-medium lazyload\" alt=\"Vinterisolerade uterumspartier som h\u00e5ller kylan fr\u00e5n sn\u00f6n ute\" ids=\"227677,240358,227678,227680,227686,227682,227679,227681,221521,221524,221523,221522,178719,240309,221526,221525,221527,221528,234392,178736,178729,234452,240083,178730,178731,240311,178726,178727,178720,178718,178723,178738,240303,178737,178725,178740,178728,178704,240316,178724,178707,178732,178722,178733,240084,178741,178713,178710,178697,178746,178709,240082,240301,240302,240304,234393,240362,178695,178694,178703,178696,178693,178715,178742,178745,178743,240355,178744,178711,178712,240354,178716,178747,219122,219144,219734,234394,219123,219124,219127,219729,219140,219731,219141,219142,219143,219737,219738,219133,234190,219135,219136,234191,234192,240351,240353,240352,219147,240393,240153,240154,240152,240151,240155,240157,240158,219148,240267,240190,240194,240193,240192,240191,240265,240264,240255,219150,219152,219153,219156,219157,219159,234261,234262,234263,234264\" style=\"--smush-placeholder-width: 533px; --smush-placeholder-aspect-ratio: 533\/400;default\" lightbox_image_size=\"2048x2048\" columns=\"5\" animate=\"fadeInDown\" image_height=\"75%\" image_size=\"medium\" image_overlay=\"rgba(255, 255, 255, 0.25)\" image_hover=\"overlay-add\" text_size=\"xsmall\" text_color=\"dark\" data-srcset=\"https:\/\/halle.se\/wp-content\/uploads\/2021\/03\/halle-uterum-thermo-vintertra\u0308dga\u030ard-pulpettak-kanalplast--533x400.jpg 533w, https:\/\/halle.se\/wp-content\/uploads\/2021\/03\/halle-uterum-thermo-vintertra\u0308dga\u030ard-pulpettak-kanalplast--640x480.jpg 640w, https:\/\/halle.se\/wp-content\/uploads\/2021\/03\/halle-uterum-thermo-vintertra\u0308dga\u030ard-pulpettak-kanalplast--1067x800.jpg 1067w, https:\/\/halle.se\/wp-content\/uploads\/2021\/03\/halle-uterum-thermo-vintertra\u0308dga\u030ard-pulpettak-kanalplast--768x576.jpg 768w, https:\/\/halle.se\/wp-content\/uploads\/2021\/03\/halle-uterum-thermo-vintertra\u0308dga\u030ard-pulpettak-kanalplast--1536x1152.jpg 1536w, https:\/\/halle.se\/wp-content\/uploads\/2021\/03\/halle-uterum-thermo-vintertra\u0308dga\u030ard-pulpettak-kanalplast--2048x1536.jpg 2048w, https:\/\/halle.se\/wp-content\/uploads\/2021\/03\/halle-uterum-thermo-vintertra\u0308dga\u030ard-pulpettak-kanalplast--133x100.jpg 133w\" data-sizes=\"auto\" src=\"data:image\/svg+xml;base64,PHN2ZyB3aWR0aD0iMSIgaGVpZ2h0PSIxIiB4bWxucz0iaHR0cDovL3d3dy53My5vcmcvMjAwMC9zdmciPjwvc3ZnPg==\" data-original-sizes=\"(max-width: 533px) 100vw, 533px\" \/>                                  <div class=\"overlay fill\"\n                      style=\"background-color: rgba(255, 255, 255, 0.25)\">\n                  <\/div>\n                                                              <\/div>\n              <div class=\"box-text text-left is-xsmall dark\" >\n                 <p><\/p>\n              <\/div>\n            <\/div>\n            <\/a>          <\/div>\n         <\/div><div class=\"gallery-col col\" data-animate=\"fadeInDown\">\n          <div class=\"col-inner\">\n            <a class=\"image-lightbox lightbox-gallery\" href=\"https:\/\/halle.se\/wp-content\/uploads\/2021\/03\/halle-uterum-frisa\u030aende-kanalplasttak-opal-kanaltak-2048x1536.jpg\" title=\"\">            <div class=\"box has-hover gallery-box box-default\">\n              <div class=\"box-image image-overlay-add image-cover\" style=\"padding-top:75%;\">\n                <img decoding=\"async\" width=\"533\" height=\"400\" data-src=\"https:\/\/halle.se\/wp-content\/uploads\/2021\/03\/halle-uterum-frisa\u030aende-kanalplasttak-opal-kanaltak-533x400.jpg\" class=\"attachment-medium size-medium lazyload\" alt=\"Frist\u00e5ende uterum med vit stomme och kanalplast som tak\" ids=\"227677,240358,227678,227680,227686,227682,227679,227681,221521,221524,221523,221522,178719,240309,221526,221525,221527,221528,234392,178736,178729,234452,240083,178730,178731,240311,178726,178727,178720,178718,178723,178738,240303,178737,178725,178740,178728,178704,240316,178724,178707,178732,178722,178733,240084,178741,178713,178710,178697,178746,178709,240082,240301,240302,240304,234393,240362,178695,178694,178703,178696,178693,178715,178742,178745,178743,240355,178744,178711,178712,240354,178716,178747,219122,219144,219734,234394,219123,219124,219127,219729,219140,219731,219141,219142,219143,219737,219738,219133,234190,219135,219136,234191,234192,240351,240353,240352,219147,240393,240153,240154,240152,240151,240155,240157,240158,219148,240267,240190,240194,240193,240192,240191,240265,240264,240255,219150,219152,219153,219156,219157,219159,234261,234262,234263,234264\" style=\"--smush-placeholder-width: 533px; --smush-placeholder-aspect-ratio: 533\/400;default\" lightbox_image_size=\"2048x2048\" columns=\"5\" animate=\"fadeInDown\" image_height=\"75%\" image_size=\"medium\" image_overlay=\"rgba(255, 255, 255, 0.25)\" image_hover=\"overlay-add\" text_size=\"xsmall\" text_color=\"dark\" data-srcset=\"https:\/\/halle.se\/wp-content\/uploads\/2021\/03\/halle-uterum-frisa\u030aende-kanalplasttak-opal-kanaltak-533x400.jpg 533w, https:\/\/halle.se\/wp-content\/uploads\/2021\/03\/halle-uterum-frisa\u030aende-kanalplasttak-opal-kanaltak-640x480.jpg 640w, https:\/\/halle.se\/wp-content\/uploads\/2021\/03\/halle-uterum-frisa\u030aende-kanalplasttak-opal-kanaltak-1067x800.jpg 1067w, https:\/\/halle.se\/wp-content\/uploads\/2021\/03\/halle-uterum-frisa\u030aende-kanalplasttak-opal-kanaltak-768x576.jpg 768w, https:\/\/halle.se\/wp-content\/uploads\/2021\/03\/halle-uterum-frisa\u030aende-kanalplasttak-opal-kanaltak-1536x1152.jpg 1536w, https:\/\/halle.se\/wp-content\/uploads\/2021\/03\/halle-uterum-frisa\u030aende-kanalplasttak-opal-kanaltak-2048x1536.jpg 2048w, https:\/\/halle.se\/wp-content\/uploads\/2021\/03\/halle-uterum-frisa\u030aende-kanalplasttak-opal-kanaltak-133x100.jpg 133w\" data-sizes=\"auto\" src=\"data:image\/svg+xml;base64,PHN2ZyB3aWR0aD0iMSIgaGVpZ2h0PSIxIiB4bWxucz0iaHR0cDovL3d3dy53My5vcmcvMjAwMC9zdmciPjwvc3ZnPg==\" data-original-sizes=\"(max-width: 533px) 100vw, 533px\" \/>                                  <div class=\"overlay fill\"\n                      style=\"background-color: rgba(255, 255, 255, 0.25)\">\n                  <\/div>\n                                                              <\/div>\n              <div class=\"box-text text-left is-xsmall dark\" >\n                 <p><\/p>\n              <\/div>\n            <\/div>\n            <\/a>          <\/div>\n         <\/div><div class=\"gallery-col col\" data-animate=\"fadeInDown\">\n          <div class=\"col-inner\">\n            <a class=\"image-lightbox lightbox-gallery\" href=\"https:\/\/halle.se\/wp-content\/uploads\/2021\/03\/Halle-Thermo-Vintertr\uf03fdg\uf03frdsystem.jpg\" title=\"\">            <div class=\"box has-hover gallery-box box-default\">\n              <div class=\"box-image image-overlay-add image-cover\" style=\"padding-top:75%;\">\n                <img decoding=\"async\" width=\"383\" height=\"400\" data-src=\"https:\/\/halle.se\/wp-content\/uploads\/2021\/03\/Halle-Thermo-Vintertr\uf03fdg\uf03frdsystem-383x400.jpg\" class=\"attachment-medium size-medium lazyload\" alt=\"Ett uterum som har h\u00f6g takh\u00f6jd och \u00f6ppningsbara uterumspartier\" ids=\"227677,240358,227678,227680,227686,227682,227679,227681,221521,221524,221523,221522,178719,240309,221526,221525,221527,221528,234392,178736,178729,234452,240083,178730,178731,240311,178726,178727,178720,178718,178723,178738,240303,178737,178725,178740,178728,178704,240316,178724,178707,178732,178722,178733,240084,178741,178713,178710,178697,178746,178709,240082,240301,240302,240304,234393,240362,178695,178694,178703,178696,178693,178715,178742,178745,178743,240355,178744,178711,178712,240354,178716,178747,219122,219144,219734,234394,219123,219124,219127,219729,219140,219731,219141,219142,219143,219737,219738,219133,234190,219135,219136,234191,234192,240351,240353,240352,219147,240393,240153,240154,240152,240151,240155,240157,240158,219148,240267,240190,240194,240193,240192,240191,240265,240264,240255,219150,219152,219153,219156,219157,219159,234261,234262,234263,234264\" style=\"--smush-placeholder-width: 383px; --smush-placeholder-aspect-ratio: 383\/400;default\" lightbox_image_size=\"2048x2048\" columns=\"5\" animate=\"fadeInDown\" image_height=\"75%\" image_size=\"medium\" image_overlay=\"rgba(255, 255, 255, 0.25)\" image_hover=\"overlay-add\" text_size=\"xsmall\" text_color=\"dark\" data-srcset=\"https:\/\/halle.se\/wp-content\/uploads\/2021\/03\/Halle-Thermo-Vintertr\uf03fdg\uf03frdsystem-383x400.jpg 383w, https:\/\/halle.se\/wp-content\/uploads\/2021\/03\/Halle-Thermo-Vintertr\uf03fdg\uf03frdsystem-640x668.jpg 640w, https:\/\/halle.se\/wp-content\/uploads\/2021\/03\/Halle-Thermo-Vintertr\uf03fdg\uf03frdsystem-766x800.jpg 766w, https:\/\/halle.se\/wp-content\/uploads\/2021\/03\/Halle-Thermo-Vintertr\uf03fdg\uf03frdsystem-768x802.jpg 768w, https:\/\/halle.se\/wp-content\/uploads\/2021\/03\/Halle-Thermo-Vintertr\uf03fdg\uf03frdsystem-96x100.jpg 96w, https:\/\/halle.se\/wp-content\/uploads\/2021\/03\/Halle-Thermo-Vintertr\uf03fdg\uf03frdsystem.jpg 1357w\" data-sizes=\"auto\" src=\"data:image\/svg+xml;base64,PHN2ZyB3aWR0aD0iMSIgaGVpZ2h0PSIxIiB4bWxucz0iaHR0cDovL3d3dy53My5vcmcvMjAwMC9zdmciPjwvc3ZnPg==\" data-original-sizes=\"(max-width: 383px) 100vw, 383px\" \/>                                  <div class=\"overlay fill\"\n                      style=\"background-color: rgba(255, 255, 255, 0.25)\">\n                  <\/div>\n                                                              <\/div>\n              <div class=\"box-text text-left is-xsmall dark\" >\n                 <p><\/p>\n              <\/div>\n            <\/div>\n            <\/a>          <\/div>\n         <\/div><div class=\"gallery-col col\" data-animate=\"fadeInDown\">\n          <div class=\"col-inner\">\n            <a class=\"image-lightbox lightbox-gallery\" href=\"https:\/\/halle.se\/wp-content\/uploads\/2021\/03\/Halle-Fritid-Frist\uf03fende.jpg\" title=\"\">            <div class=\"box has-hover gallery-box box-default\">\n              <div class=\"box-image image-overlay-add image-cover\" style=\"padding-top:75%;\">\n                <img decoding=\"async\" width=\"566\" height=\"400\" data-src=\"https:\/\/halle.se\/wp-content\/uploads\/2021\/03\/Halle-Fritid-Frist\uf03fende-566x400.jpg\" class=\"attachment-medium size-medium lazyload\" alt=\"Frist\u00e5ende uterum med uterumspartier fr\u00e5n Halle System\" ids=\"227677,240358,227678,227680,227686,227682,227679,227681,221521,221524,221523,221522,178719,240309,221526,221525,221527,221528,234392,178736,178729,234452,240083,178730,178731,240311,178726,178727,178720,178718,178723,178738,240303,178737,178725,178740,178728,178704,240316,178724,178707,178732,178722,178733,240084,178741,178713,178710,178697,178746,178709,240082,240301,240302,240304,234393,240362,178695,178694,178703,178696,178693,178715,178742,178745,178743,240355,178744,178711,178712,240354,178716,178747,219122,219144,219734,234394,219123,219124,219127,219729,219140,219731,219141,219142,219143,219737,219738,219133,234190,219135,219136,234191,234192,240351,240353,240352,219147,240393,240153,240154,240152,240151,240155,240157,240158,219148,240267,240190,240194,240193,240192,240191,240265,240264,240255,219150,219152,219153,219156,219157,219159,234261,234262,234263,234264\" style=\"--smush-placeholder-width: 566px; --smush-placeholder-aspect-ratio: 566\/400;default\" lightbox_image_size=\"2048x2048\" columns=\"5\" animate=\"fadeInDown\" image_height=\"75%\" image_size=\"medium\" image_overlay=\"rgba(255, 255, 255, 0.25)\" image_hover=\"overlay-add\" text_size=\"xsmall\" text_color=\"dark\" data-srcset=\"https:\/\/halle.se\/wp-content\/uploads\/2021\/03\/Halle-Fritid-Frist\uf03fende-566x400.jpg 566w, https:\/\/halle.se\/wp-content\/uploads\/2021\/03\/Halle-Fritid-Frist\uf03fende-640x452.jpg 640w, https:\/\/halle.se\/wp-content\/uploads\/2021\/03\/Halle-Fritid-Frist\uf03fende-1132x800.jpg 1132w, https:\/\/halle.se\/wp-content\/uploads\/2021\/03\/Halle-Fritid-Frist\uf03fende-768x543.jpg 768w, https:\/\/halle.se\/wp-content\/uploads\/2021\/03\/Halle-Fritid-Frist\uf03fende-142x100.jpg 142w, https:\/\/halle.se\/wp-content\/uploads\/2021\/03\/Halle-Fritid-Frist\uf03fende.jpg 1169w\" data-sizes=\"auto\" src=\"data:image\/svg+xml;base64,PHN2ZyB3aWR0aD0iMSIgaGVpZ2h0PSIxIiB4bWxucz0iaHR0cDovL3d3dy53My5vcmcvMjAwMC9zdmciPjwvc3ZnPg==\" data-original-sizes=\"(max-width: 566px) 100vw, 566px\" \/>                                  <div class=\"overlay fill\"\n                      style=\"background-color: rgba(255, 255, 255, 0.25)\">\n                  <\/div>\n                                                              <\/div>\n              <div class=\"box-text text-left is-xsmall dark\" >\n                 <p><\/p>\n              <\/div>\n            <\/div>\n            <\/a>          <\/div>\n         <\/div><div class=\"gallery-col col\" data-animate=\"fadeInDown\">\n          <div class=\"col-inner\">\n            <a class=\"image-lightbox lightbox-gallery\" href=\"https:\/\/halle.se\/wp-content\/uploads\/2021\/03\/Halle-Vikparti-Vintertr\uf03fdg\uf03frd.jpg\" title=\"\">            <div class=\"box has-hover gallery-box box-default\">\n              <div class=\"box-image image-overlay-add image-cover\" style=\"padding-top:75%;\">\n                <img decoding=\"async\" width=\"600\" height=\"400\" data-src=\"https:\/\/halle.se\/wp-content\/uploads\/2021\/03\/Halle-Vikparti-Vintertr\uf03fdg\uf03frd-600x400.jpg\" class=\"attachment-medium size-medium lazyload\" alt=\"Ett vikparti som \u00e4r monterat p\u00e5 ett frist\u00e5ende hus\" ids=\"227677,240358,227678,227680,227686,227682,227679,227681,221521,221524,221523,221522,178719,240309,221526,221525,221527,221528,234392,178736,178729,234452,240083,178730,178731,240311,178726,178727,178720,178718,178723,178738,240303,178737,178725,178740,178728,178704,240316,178724,178707,178732,178722,178733,240084,178741,178713,178710,178697,178746,178709,240082,240301,240302,240304,234393,240362,178695,178694,178703,178696,178693,178715,178742,178745,178743,240355,178744,178711,178712,240354,178716,178747,219122,219144,219734,234394,219123,219124,219127,219729,219140,219731,219141,219142,219143,219737,219738,219133,234190,219135,219136,234191,234192,240351,240353,240352,219147,240393,240153,240154,240152,240151,240155,240157,240158,219148,240267,240190,240194,240193,240192,240191,240265,240264,240255,219150,219152,219153,219156,219157,219159,234261,234262,234263,234264\" style=\"--smush-placeholder-width: 600px; --smush-placeholder-aspect-ratio: 600\/400;default\" lightbox_image_size=\"2048x2048\" columns=\"5\" animate=\"fadeInDown\" image_height=\"75%\" image_size=\"medium\" image_overlay=\"rgba(255, 255, 255, 0.25)\" image_hover=\"overlay-add\" text_size=\"xsmall\" text_color=\"dark\" data-srcset=\"https:\/\/halle.se\/wp-content\/uploads\/2021\/03\/Halle-Vikparti-Vintertr\uf03fdg\uf03frd-600x400.jpg 600w, https:\/\/halle.se\/wp-content\/uploads\/2021\/03\/Halle-Vikparti-Vintertr\uf03fdg\uf03frd-640x426.jpg 640w, https:\/\/halle.se\/wp-content\/uploads\/2021\/03\/Halle-Vikparti-Vintertr\uf03fdg\uf03frd-1201x800.jpg 1201w, https:\/\/halle.se\/wp-content\/uploads\/2021\/03\/Halle-Vikparti-Vintertr\uf03fdg\uf03frd-768x512.jpg 768w, https:\/\/halle.se\/wp-content\/uploads\/2021\/03\/Halle-Vikparti-Vintertr\uf03fdg\uf03frd-1536x1023.jpg 1536w, https:\/\/halle.se\/wp-content\/uploads\/2021\/03\/Halle-Vikparti-Vintertr\uf03fdg\uf03frd-150x100.jpg 150w, https:\/\/halle.se\/wp-content\/uploads\/2021\/03\/Halle-Vikparti-Vintertr\uf03fdg\uf03frd.jpg 1861w\" data-sizes=\"auto\" src=\"data:image\/svg+xml;base64,PHN2ZyB3aWR0aD0iMSIgaGVpZ2h0PSIxIiB4bWxucz0iaHR0cDovL3d3dy53My5vcmcvMjAwMC9zdmciPjwvc3ZnPg==\" data-original-sizes=\"(max-width: 600px) 100vw, 600px\" \/>                                  <div class=\"overlay fill\"\n                      style=\"background-color: rgba(255, 255, 255, 0.25)\">\n                  <\/div>\n                                                              <\/div>\n              <div class=\"box-text text-left is-xsmall dark\" >\n                 <p><\/p>\n              <\/div>\n            <\/div>\n            <\/a>          <\/div>\n         <\/div><div class=\"gallery-col col\" data-animate=\"fadeInDown\">\n          <div class=\"col-inner\">\n            <a class=\"image-lightbox lightbox-gallery\" href=\"https:\/\/halle.se\/wp-content\/uploads\/2021\/03\/Halle-Thermo-Vintertr\uf03fdg\uf03frd-med-spr\uf03fjs.jpg\" title=\"\">            <div class=\"box has-hover gallery-box box-default\">\n              <div class=\"box-image image-overlay-add image-cover\" style=\"padding-top:75%;\">\n                <img decoding=\"async\" width=\"533\" height=\"400\" data-src=\"https:\/\/halle.se\/wp-content\/uploads\/2021\/03\/Halle-Thermo-Vintertr\uf03fdg\uf03frd-med-spr\uf03fjs-533x400.jpg\" class=\"attachment-medium size-medium lazyload\" alt=\"Halle Thermo \u00e4r ett uterumsparti som kan best\u00e4llas med spr\u00f6js i glasen\" ids=\"227677,240358,227678,227680,227686,227682,227679,227681,221521,221524,221523,221522,178719,240309,221526,221525,221527,221528,234392,178736,178729,234452,240083,178730,178731,240311,178726,178727,178720,178718,178723,178738,240303,178737,178725,178740,178728,178704,240316,178724,178707,178732,178722,178733,240084,178741,178713,178710,178697,178746,178709,240082,240301,240302,240304,234393,240362,178695,178694,178703,178696,178693,178715,178742,178745,178743,240355,178744,178711,178712,240354,178716,178747,219122,219144,219734,234394,219123,219124,219127,219729,219140,219731,219141,219142,219143,219737,219738,219133,234190,219135,219136,234191,234192,240351,240353,240352,219147,240393,240153,240154,240152,240151,240155,240157,240158,219148,240267,240190,240194,240193,240192,240191,240265,240264,240255,219150,219152,219153,219156,219157,219159,234261,234262,234263,234264\" style=\"--smush-placeholder-width: 533px; --smush-placeholder-aspect-ratio: 533\/400;default\" lightbox_image_size=\"2048x2048\" columns=\"5\" animate=\"fadeInDown\" image_height=\"75%\" image_size=\"medium\" image_overlay=\"rgba(255, 255, 255, 0.25)\" image_hover=\"overlay-add\" text_size=\"xsmall\" text_color=\"dark\" data-srcset=\"https:\/\/halle.se\/wp-content\/uploads\/2021\/03\/Halle-Thermo-Vintertr\uf03fdg\uf03frd-med-spr\uf03fjs-533x400.jpg 533w, https:\/\/halle.se\/wp-content\/uploads\/2021\/03\/Halle-Thermo-Vintertr\uf03fdg\uf03frd-med-spr\uf03fjs-640x480.jpg 640w, https:\/\/halle.se\/wp-content\/uploads\/2021\/03\/Halle-Thermo-Vintertr\uf03fdg\uf03frd-med-spr\uf03fjs-1067x800.jpg 1067w, https:\/\/halle.se\/wp-content\/uploads\/2021\/03\/Halle-Thermo-Vintertr\uf03fdg\uf03frd-med-spr\uf03fjs-768x576.jpg 768w, https:\/\/halle.se\/wp-content\/uploads\/2021\/03\/Halle-Thermo-Vintertr\uf03fdg\uf03frd-med-spr\uf03fjs-1536x1152.jpg 1536w, https:\/\/halle.se\/wp-content\/uploads\/2021\/03\/Halle-Thermo-Vintertr\uf03fdg\uf03frd-med-spr\uf03fjs-133x100.jpg 133w, https:\/\/halle.se\/wp-content\/uploads\/2021\/03\/Halle-Thermo-Vintertr\uf03fdg\uf03frd-med-spr\uf03fjs.jpg 1575w\" data-sizes=\"auto\" src=\"data:image\/svg+xml;base64,PHN2ZyB3aWR0aD0iMSIgaGVpZ2h0PSIxIiB4bWxucz0iaHR0cDovL3d3dy53My5vcmcvMjAwMC9zdmciPjwvc3ZnPg==\" data-original-sizes=\"(max-width: 533px) 100vw, 533px\" \/>                                  <div class=\"overlay fill\"\n                      style=\"background-color: rgba(255, 255, 255, 0.25)\">\n                  <\/div>\n                                                              <\/div>\n              <div class=\"box-text text-left is-xsmall dark\" >\n                 <p><\/p>\n              <\/div>\n            <\/div>\n            <\/a>          <\/div>\n         <\/div><div class=\"gallery-col col\" data-animate=\"fadeInDown\">\n          <div class=\"col-inner\">\n            <a class=\"image-lightbox lightbox-gallery\" href=\"https:\/\/halle.se\/wp-content\/uploads\/2026\/04\/primolux-isoler-uterum-host-2048x2048.jpg\" title=\"\">            <div class=\"box has-hover gallery-box box-default\">\n              <div class=\"box-image image-overlay-add image-cover\" style=\"padding-top:75%;\">\n                <img decoding=\"async\" width=\"400\" height=\"400\" data-src=\"https:\/\/halle.se\/wp-content\/uploads\/2026\/04\/primolux-isoler-uterum-host-400x400.jpg\" class=\"attachment-medium size-medium lazyload\" alt=\"\" ids=\"227677,240358,227678,227680,227686,227682,227679,227681,221521,221524,221523,221522,178719,240309,221526,221525,221527,221528,234392,178736,178729,234452,240083,178730,178731,240311,178726,178727,178720,178718,178723,178738,240303,178737,178725,178740,178728,178704,240316,178724,178707,178732,178722,178733,240084,178741,178713,178710,178697,178746,178709,240082,240301,240302,240304,234393,240362,178695,178694,178703,178696,178693,178715,178742,178745,178743,240355,178744,178711,178712,240354,178716,178747,219122,219144,219734,234394,219123,219124,219127,219729,219140,219731,219141,219142,219143,219737,219738,219133,234190,219135,219136,234191,234192,240351,240353,240352,219147,240393,240153,240154,240152,240151,240155,240157,240158,219148,240267,240190,240194,240193,240192,240191,240265,240264,240255,219150,219152,219153,219156,219157,219159,234261,234262,234263,234264\" style=\"--smush-placeholder-width: 400px; --smush-placeholder-aspect-ratio: 400\/400;default\" lightbox_image_size=\"2048x2048\" columns=\"5\" animate=\"fadeInDown\" image_height=\"75%\" image_size=\"medium\" image_overlay=\"rgba(255, 255, 255, 0.25)\" image_hover=\"overlay-add\" text_size=\"xsmall\" text_color=\"dark\" data-srcset=\"https:\/\/halle.se\/wp-content\/uploads\/2026\/04\/primolux-isoler-uterum-host-400x400.jpg 400w, https:\/\/halle.se\/wp-content\/uploads\/2026\/04\/primolux-isoler-uterum-host-800x800.jpg 800w, https:\/\/halle.se\/wp-content\/uploads\/2026\/04\/primolux-isoler-uterum-host-280x280.jpg 280w, https:\/\/halle.se\/wp-content\/uploads\/2026\/04\/primolux-isoler-uterum-host-768x768.jpg 768w, https:\/\/halle.se\/wp-content\/uploads\/2026\/04\/primolux-isoler-uterum-host-1536x1536.jpg 1536w, https:\/\/halle.se\/wp-content\/uploads\/2026\/04\/primolux-isoler-uterum-host-2048x2048.jpg 2048w, https:\/\/halle.se\/wp-content\/uploads\/2026\/04\/primolux-isoler-uterum-host-100x100.jpg 100w, https:\/\/halle.se\/wp-content\/uploads\/2026\/04\/primolux-isoler-uterum-host-384x384.jpg 384w, https:\/\/halle.se\/wp-content\/uploads\/2026\/04\/primolux-isoler-uterum-host-640x640.jpg 640w\" data-sizes=\"auto\" src=\"data:image\/svg+xml;base64,PHN2ZyB3aWR0aD0iMSIgaGVpZ2h0PSIxIiB4bWxucz0iaHR0cDovL3d3dy53My5vcmcvMjAwMC9zdmciPjwvc3ZnPg==\" data-original-sizes=\"(max-width: 400px) 100vw, 400px\" \/>                                  <div class=\"overlay fill\"\n                      style=\"background-color: rgba(255, 255, 255, 0.25)\">\n                  <\/div>\n                                                              <\/div>\n              <div class=\"box-text text-left is-xsmall dark\" >\n                 <p><\/p>\n              <\/div>\n            <\/div>\n            <\/a>          <\/div>\n         <\/div><div class=\"gallery-col col\" data-animate=\"fadeInDown\">\n          <div class=\"col-inner\">\n            <a class=\"image-lightbox lightbox-gallery\" href=\"https:\/\/halle.se\/wp-content\/uploads\/2018\/08\/halle-thermo-svarta-allrum-vinter-1-2048x2048.jpg\" title=\"\">            <div class=\"box has-hover gallery-box box-default\">\n              <div class=\"box-image image-overlay-add image-cover\" style=\"padding-top:75%;\">\n                <img decoding=\"async\" width=\"400\" height=\"400\" data-src=\"https:\/\/halle.se\/wp-content\/uploads\/2018\/08\/halle-thermo-svarta-allrum-vinter-1-400x400.jpg\" class=\"attachment-medium size-medium lazyload\" alt=\"\" ids=\"227677,240358,227678,227680,227686,227682,227679,227681,221521,221524,221523,221522,178719,240309,221526,221525,221527,221528,234392,178736,178729,234452,240083,178730,178731,240311,178726,178727,178720,178718,178723,178738,240303,178737,178725,178740,178728,178704,240316,178724,178707,178732,178722,178733,240084,178741,178713,178710,178697,178746,178709,240082,240301,240302,240304,234393,240362,178695,178694,178703,178696,178693,178715,178742,178745,178743,240355,178744,178711,178712,240354,178716,178747,219122,219144,219734,234394,219123,219124,219127,219729,219140,219731,219141,219142,219143,219737,219738,219133,234190,219135,219136,234191,234192,240351,240353,240352,219147,240393,240153,240154,240152,240151,240155,240157,240158,219148,240267,240190,240194,240193,240192,240191,240265,240264,240255,219150,219152,219153,219156,219157,219159,234261,234262,234263,234264\" style=\"--smush-placeholder-width: 400px; --smush-placeholder-aspect-ratio: 400\/400;default\" lightbox_image_size=\"2048x2048\" columns=\"5\" animate=\"fadeInDown\" image_height=\"75%\" image_size=\"medium\" image_overlay=\"rgba(255, 255, 255, 0.25)\" image_hover=\"overlay-add\" text_size=\"xsmall\" text_color=\"dark\" data-srcset=\"https:\/\/halle.se\/wp-content\/uploads\/2018\/08\/halle-thermo-svarta-allrum-vinter-1-400x400.jpg 400w, https:\/\/halle.se\/wp-content\/uploads\/2018\/08\/halle-thermo-svarta-allrum-vinter-1-800x800.jpg 800w, https:\/\/halle.se\/wp-content\/uploads\/2018\/08\/halle-thermo-svarta-allrum-vinter-1-280x280.jpg 280w, https:\/\/halle.se\/wp-content\/uploads\/2018\/08\/halle-thermo-svarta-allrum-vinter-1-768x768.jpg 768w, https:\/\/halle.se\/wp-content\/uploads\/2018\/08\/halle-thermo-svarta-allrum-vinter-1-1536x1536.jpg 1536w, https:\/\/halle.se\/wp-content\/uploads\/2018\/08\/halle-thermo-svarta-allrum-vinter-1-2048x2048.jpg 2048w, https:\/\/halle.se\/wp-content\/uploads\/2018\/08\/halle-thermo-svarta-allrum-vinter-1-100x100.jpg 100w, https:\/\/halle.se\/wp-content\/uploads\/2018\/08\/halle-thermo-svarta-allrum-vinter-1-384x384.jpg 384w, https:\/\/halle.se\/wp-content\/uploads\/2018\/08\/halle-thermo-svarta-allrum-vinter-1-640x640.jpg 640w\" data-sizes=\"auto\" src=\"data:image\/svg+xml;base64,PHN2ZyB3aWR0aD0iMSIgaGVpZ2h0PSIxIiB4bWxucz0iaHR0cDovL3d3dy53My5vcmcvMjAwMC9zdmciPjwvc3ZnPg==\" data-original-sizes=\"(max-width: 400px) 100vw, 400px\" \/>                                  <div class=\"overlay fill\"\n                      style=\"background-color: rgba(255, 255, 255, 0.25)\">\n                  <\/div>\n                                                              <\/div>\n              <div class=\"box-text text-left is-xsmall dark\" >\n                 <p><\/p>\n              <\/div>\n            <\/div>\n            <\/a>          <\/div>\n         <\/div><div class=\"gallery-col col\" data-animate=\"fadeInDown\">\n          <div class=\"col-inner\">\n            <a class=\"image-lightbox lightbox-gallery\" href=\"https:\/\/halle.se\/wp-content\/uploads\/2018\/08\/halle-thermo-svarta-allrum-vinter-2-2048x2048.jpg\" title=\"\">            <div class=\"box has-hover gallery-box box-default\">\n              <div class=\"box-image image-overlay-add image-cover\" style=\"padding-top:75%;\">\n                <img decoding=\"async\" width=\"400\" height=\"400\" data-src=\"https:\/\/halle.se\/wp-content\/uploads\/2018\/08\/halle-thermo-svarta-allrum-vinter-2-400x400.jpg\" class=\"attachment-medium size-medium lazyload\" alt=\"\" ids=\"227677,240358,227678,227680,227686,227682,227679,227681,221521,221524,221523,221522,178719,240309,221526,221525,221527,221528,234392,178736,178729,234452,240083,178730,178731,240311,178726,178727,178720,178718,178723,178738,240303,178737,178725,178740,178728,178704,240316,178724,178707,178732,178722,178733,240084,178741,178713,178710,178697,178746,178709,240082,240301,240302,240304,234393,240362,178695,178694,178703,178696,178693,178715,178742,178745,178743,240355,178744,178711,178712,240354,178716,178747,219122,219144,219734,234394,219123,219124,219127,219729,219140,219731,219141,219142,219143,219737,219738,219133,234190,219135,219136,234191,234192,240351,240353,240352,219147,240393,240153,240154,240152,240151,240155,240157,240158,219148,240267,240190,240194,240193,240192,240191,240265,240264,240255,219150,219152,219153,219156,219157,219159,234261,234262,234263,234264\" style=\"--smush-placeholder-width: 400px; --smush-placeholder-aspect-ratio: 400\/400;default\" lightbox_image_size=\"2048x2048\" columns=\"5\" animate=\"fadeInDown\" image_height=\"75%\" image_size=\"medium\" image_overlay=\"rgba(255, 255, 255, 0.25)\" image_hover=\"overlay-add\" text_size=\"xsmall\" text_color=\"dark\" data-srcset=\"https:\/\/halle.se\/wp-content\/uploads\/2018\/08\/halle-thermo-svarta-allrum-vinter-2-400x400.jpg 400w, https:\/\/halle.se\/wp-content\/uploads\/2018\/08\/halle-thermo-svarta-allrum-vinter-2-800x800.jpg 800w, https:\/\/halle.se\/wp-content\/uploads\/2018\/08\/halle-thermo-svarta-allrum-vinter-2-280x280.jpg 280w, https:\/\/halle.se\/wp-content\/uploads\/2018\/08\/halle-thermo-svarta-allrum-vinter-2-768x768.jpg 768w, https:\/\/halle.se\/wp-content\/uploads\/2018\/08\/halle-thermo-svarta-allrum-vinter-2-1536x1536.jpg 1536w, https:\/\/halle.se\/wp-content\/uploads\/2018\/08\/halle-thermo-svarta-allrum-vinter-2-2048x2048.jpg 2048w, https:\/\/halle.se\/wp-content\/uploads\/2018\/08\/halle-thermo-svarta-allrum-vinter-2-100x100.jpg 100w, https:\/\/halle.se\/wp-content\/uploads\/2018\/08\/halle-thermo-svarta-allrum-vinter-2-384x384.jpg 384w, https:\/\/halle.se\/wp-content\/uploads\/2018\/08\/halle-thermo-svarta-allrum-vinter-2-640x640.jpg 640w\" data-sizes=\"auto\" src=\"data:image\/svg+xml;base64,PHN2ZyB3aWR0aD0iMSIgaGVpZ2h0PSIxIiB4bWxucz0iaHR0cDovL3d3dy53My5vcmcvMjAwMC9zdmciPjwvc3ZnPg==\" data-original-sizes=\"(max-width: 400px) 100vw, 400px\" \/>                                  <div class=\"overlay fill\"\n                      style=\"background-color: rgba(255, 255, 255, 0.25)\">\n                  <\/div>\n                                                              <\/div>\n              <div class=\"box-text text-left is-xsmall dark\" >\n                 <p><\/p>\n              <\/div>\n            <\/div>\n            <\/a>          <\/div>\n         <\/div><div class=\"gallery-col col\" data-animate=\"fadeInDown\">\n          <div class=\"col-inner\">\n            <a class=\"image-lightbox lightbox-gallery\" href=\"https:\/\/halle.se\/wp-content\/uploads\/2018\/08\/halle-uterum-thermo-vita-profiler-pulpet-opal-kanalplast-vinter-dag-3-2048x2048.jpg\" title=\"\">            <div class=\"box has-hover gallery-box box-default\">\n              <div class=\"box-image image-overlay-add image-cover\" style=\"padding-top:75%;\">\n                <img decoding=\"async\" width=\"400\" height=\"400\" data-src=\"https:\/\/halle.se\/wp-content\/uploads\/2018\/08\/halle-uterum-thermo-vita-profiler-pulpet-opal-kanalplast-vinter-dag-3-400x400.jpg\" class=\"attachment-medium size-medium lazyload\" alt=\"\" ids=\"227677,240358,227678,227680,227686,227682,227679,227681,221521,221524,221523,221522,178719,240309,221526,221525,221527,221528,234392,178736,178729,234452,240083,178730,178731,240311,178726,178727,178720,178718,178723,178738,240303,178737,178725,178740,178728,178704,240316,178724,178707,178732,178722,178733,240084,178741,178713,178710,178697,178746,178709,240082,240301,240302,240304,234393,240362,178695,178694,178703,178696,178693,178715,178742,178745,178743,240355,178744,178711,178712,240354,178716,178747,219122,219144,219734,234394,219123,219124,219127,219729,219140,219731,219141,219142,219143,219737,219738,219133,234190,219135,219136,234191,234192,240351,240353,240352,219147,240393,240153,240154,240152,240151,240155,240157,240158,219148,240267,240190,240194,240193,240192,240191,240265,240264,240255,219150,219152,219153,219156,219157,219159,234261,234262,234263,234264\" style=\"--smush-placeholder-width: 400px; --smush-placeholder-aspect-ratio: 400\/400;default\" lightbox_image_size=\"2048x2048\" columns=\"5\" animate=\"fadeInDown\" image_height=\"75%\" image_size=\"medium\" image_overlay=\"rgba(255, 255, 255, 0.25)\" image_hover=\"overlay-add\" text_size=\"xsmall\" text_color=\"dark\" data-srcset=\"https:\/\/halle.se\/wp-content\/uploads\/2018\/08\/halle-uterum-thermo-vita-profiler-pulpet-opal-kanalplast-vinter-dag-3-400x400.jpg 400w, https:\/\/halle.se\/wp-content\/uploads\/2018\/08\/halle-uterum-thermo-vita-profiler-pulpet-opal-kanalplast-vinter-dag-3-800x800.jpg 800w, https:\/\/halle.se\/wp-content\/uploads\/2018\/08\/halle-uterum-thermo-vita-profiler-pulpet-opal-kanalplast-vinter-dag-3-280x280.jpg 280w, https:\/\/halle.se\/wp-content\/uploads\/2018\/08\/halle-uterum-thermo-vita-profiler-pulpet-opal-kanalplast-vinter-dag-3-768x768.jpg 768w, https:\/\/halle.se\/wp-content\/uploads\/2018\/08\/halle-uterum-thermo-vita-profiler-pulpet-opal-kanalplast-vinter-dag-3-1536x1536.jpg 1536w, https:\/\/halle.se\/wp-content\/uploads\/2018\/08\/halle-uterum-thermo-vita-profiler-pulpet-opal-kanalplast-vinter-dag-3-2048x2048.jpg 2048w, https:\/\/halle.se\/wp-content\/uploads\/2018\/08\/halle-uterum-thermo-vita-profiler-pulpet-opal-kanalplast-vinter-dag-3-100x100.jpg 100w, https:\/\/halle.se\/wp-content\/uploads\/2018\/08\/halle-uterum-thermo-vita-profiler-pulpet-opal-kanalplast-vinter-dag-3-384x384.jpg 384w, https:\/\/halle.se\/wp-content\/uploads\/2018\/08\/halle-uterum-thermo-vita-profiler-pulpet-opal-kanalplast-vinter-dag-3-640x640.jpg 640w\" data-sizes=\"auto\" src=\"data:image\/svg+xml;base64,PHN2ZyB3aWR0aD0iMSIgaGVpZ2h0PSIxIiB4bWxucz0iaHR0cDovL3d3dy53My5vcmcvMjAwMC9zdmciPjwvc3ZnPg==\" data-original-sizes=\"(max-width: 400px) 100vw, 400px\" \/>                                  <div class=\"overlay fill\"\n                      style=\"background-color: rgba(255, 255, 255, 0.25)\">\n                  <\/div>\n                                                              <\/div>\n              <div class=\"box-text text-left is-xsmall dark\" >\n                 <p><\/p>\n              <\/div>\n            <\/div>\n            <\/a>          <\/div>\n         <\/div><div class=\"gallery-col col\" data-animate=\"fadeInDown\">\n          <div class=\"col-inner\">\n            <a class=\"image-lightbox lightbox-gallery\" href=\"https:\/\/halle.se\/wp-content\/uploads\/2018\/08\/primolux-svart-kanalplast-opal-miljo-2-2048x2048.jpg\" title=\"\">            <div class=\"box has-hover gallery-box box-default\">\n              <div class=\"box-image image-overlay-add image-cover\" style=\"padding-top:75%;\">\n                <img decoding=\"async\" width=\"400\" height=\"400\" data-src=\"https:\/\/halle.se\/wp-content\/uploads\/2018\/08\/primolux-svart-kanalplast-opal-miljo-2-400x400.jpg\" class=\"attachment-medium size-medium lazyload\" alt=\"\" ids=\"227677,240358,227678,227680,227686,227682,227679,227681,221521,221524,221523,221522,178719,240309,221526,221525,221527,221528,234392,178736,178729,234452,240083,178730,178731,240311,178726,178727,178720,178718,178723,178738,240303,178737,178725,178740,178728,178704,240316,178724,178707,178732,178722,178733,240084,178741,178713,178710,178697,178746,178709,240082,240301,240302,240304,234393,240362,178695,178694,178703,178696,178693,178715,178742,178745,178743,240355,178744,178711,178712,240354,178716,178747,219122,219144,219734,234394,219123,219124,219127,219729,219140,219731,219141,219142,219143,219737,219738,219133,234190,219135,219136,234191,234192,240351,240353,240352,219147,240393,240153,240154,240152,240151,240155,240157,240158,219148,240267,240190,240194,240193,240192,240191,240265,240264,240255,219150,219152,219153,219156,219157,219159,234261,234262,234263,234264\" style=\"--smush-placeholder-width: 400px; --smush-placeholder-aspect-ratio: 400\/400;default\" lightbox_image_size=\"2048x2048\" columns=\"5\" animate=\"fadeInDown\" image_height=\"75%\" image_size=\"medium\" image_overlay=\"rgba(255, 255, 255, 0.25)\" image_hover=\"overlay-add\" text_size=\"xsmall\" text_color=\"dark\" data-srcset=\"https:\/\/halle.se\/wp-content\/uploads\/2018\/08\/primolux-svart-kanalplast-opal-miljo-2-400x400.jpg 400w, https:\/\/halle.se\/wp-content\/uploads\/2018\/08\/primolux-svart-kanalplast-opal-miljo-2-800x800.jpg 800w, https:\/\/halle.se\/wp-content\/uploads\/2018\/08\/primolux-svart-kanalplast-opal-miljo-2-280x280.jpg 280w, https:\/\/halle.se\/wp-content\/uploads\/2018\/08\/primolux-svart-kanalplast-opal-miljo-2-768x768.jpg 768w, https:\/\/halle.se\/wp-content\/uploads\/2018\/08\/primolux-svart-kanalplast-opal-miljo-2-1536x1536.jpg 1536w, https:\/\/halle.se\/wp-content\/uploads\/2018\/08\/primolux-svart-kanalplast-opal-miljo-2-2048x2048.jpg 2048w, https:\/\/halle.se\/wp-content\/uploads\/2018\/08\/primolux-svart-kanalplast-opal-miljo-2-100x100.jpg 100w, https:\/\/halle.se\/wp-content\/uploads\/2018\/08\/primolux-svart-kanalplast-opal-miljo-2-384x384.jpg 384w, https:\/\/halle.se\/wp-content\/uploads\/2018\/08\/primolux-svart-kanalplast-opal-miljo-2-640x640.jpg 640w\" data-sizes=\"auto\" src=\"data:image\/svg+xml;base64,PHN2ZyB3aWR0aD0iMSIgaGVpZ2h0PSIxIiB4bWxucz0iaHR0cDovL3d3dy53My5vcmcvMjAwMC9zdmciPjwvc3ZnPg==\" data-original-sizes=\"(max-width: 400px) 100vw, 400px\" \/>                                  <div class=\"overlay fill\"\n                      style=\"background-color: rgba(255, 255, 255, 0.25)\">\n                  <\/div>\n                                                              <\/div>\n              <div class=\"box-text text-left is-xsmall dark\" >\n                 <p><\/p>\n              <\/div>\n            <\/div>\n            <\/a>          <\/div>\n         <\/div><div class=\"gallery-col col\" data-animate=\"fadeInDown\">\n          <div class=\"col-inner\">\n            <a class=\"image-lightbox lightbox-gallery\" href=\"https:\/\/halle.se\/wp-content\/uploads\/2026\/04\/halle-uterum-sadeltak-mot-vitt-2-vaningshus-2048x2048.jpg\" title=\"\">            <div class=\"box has-hover gallery-box box-default\">\n              <div class=\"box-image image-overlay-add image-cover\" style=\"padding-top:75%;\">\n                <img decoding=\"async\" width=\"400\" height=\"400\" data-src=\"https:\/\/halle.se\/wp-content\/uploads\/2026\/04\/halle-uterum-sadeltak-mot-vitt-2-vaningshus-400x400.jpg\" class=\"attachment-medium size-medium lazyload\" alt=\"\" ids=\"227677,240358,227678,227680,227686,227682,227679,227681,221521,221524,221523,221522,178719,240309,221526,221525,221527,221528,234392,178736,178729,234452,240083,178730,178731,240311,178726,178727,178720,178718,178723,178738,240303,178737,178725,178740,178728,178704,240316,178724,178707,178732,178722,178733,240084,178741,178713,178710,178697,178746,178709,240082,240301,240302,240304,234393,240362,178695,178694,178703,178696,178693,178715,178742,178745,178743,240355,178744,178711,178712,240354,178716,178747,219122,219144,219734,234394,219123,219124,219127,219729,219140,219731,219141,219142,219143,219737,219738,219133,234190,219135,219136,234191,234192,240351,240353,240352,219147,240393,240153,240154,240152,240151,240155,240157,240158,219148,240267,240190,240194,240193,240192,240191,240265,240264,240255,219150,219152,219153,219156,219157,219159,234261,234262,234263,234264\" style=\"--smush-placeholder-width: 400px; --smush-placeholder-aspect-ratio: 400\/400;default\" lightbox_image_size=\"2048x2048\" columns=\"5\" animate=\"fadeInDown\" image_height=\"75%\" image_size=\"medium\" image_overlay=\"rgba(255, 255, 255, 0.25)\" image_hover=\"overlay-add\" text_size=\"xsmall\" text_color=\"dark\" data-srcset=\"https:\/\/halle.se\/wp-content\/uploads\/2026\/04\/halle-uterum-sadeltak-mot-vitt-2-vaningshus-400x400.jpg 400w, https:\/\/halle.se\/wp-content\/uploads\/2026\/04\/halle-uterum-sadeltak-mot-vitt-2-vaningshus-800x800.jpg 800w, https:\/\/halle.se\/wp-content\/uploads\/2026\/04\/halle-uterum-sadeltak-mot-vitt-2-vaningshus-280x280.jpg 280w, https:\/\/halle.se\/wp-content\/uploads\/2026\/04\/halle-uterum-sadeltak-mot-vitt-2-vaningshus-768x768.jpg 768w, https:\/\/halle.se\/wp-content\/uploads\/2026\/04\/halle-uterum-sadeltak-mot-vitt-2-vaningshus-1536x1536.jpg 1536w, https:\/\/halle.se\/wp-content\/uploads\/2026\/04\/halle-uterum-sadeltak-mot-vitt-2-vaningshus-2048x2048.jpg 2048w, https:\/\/halle.se\/wp-content\/uploads\/2026\/04\/halle-uterum-sadeltak-mot-vitt-2-vaningshus-100x100.jpg 100w, https:\/\/halle.se\/wp-content\/uploads\/2026\/04\/halle-uterum-sadeltak-mot-vitt-2-vaningshus-384x384.jpg 384w, https:\/\/halle.se\/wp-content\/uploads\/2026\/04\/halle-uterum-sadeltak-mot-vitt-2-vaningshus-640x640.jpg 640w\" data-sizes=\"auto\" src=\"data:image\/svg+xml;base64,PHN2ZyB3aWR0aD0iMSIgaGVpZ2h0PSIxIiB4bWxucz0iaHR0cDovL3d3dy53My5vcmcvMjAwMC9zdmciPjwvc3ZnPg==\" data-original-sizes=\"(max-width: 400px) 100vw, 400px\" \/>                                  <div class=\"overlay fill\"\n                      style=\"background-color: rgba(255, 255, 255, 0.25)\">\n                  <\/div>\n                                                              <\/div>\n              <div class=\"box-text text-left is-xsmall dark\" >\n                 <p><\/p>\n              <\/div>\n            <\/div>\n            <\/a>          <\/div>\n         <\/div><div class=\"gallery-col col\" data-animate=\"fadeInDown\">\n          <div class=\"col-inner\">\n            <a class=\"image-lightbox lightbox-gallery\" href=\"https:\/\/halle.se\/wp-content\/uploads\/2021\/03\/halle-fasad-med-logotype.jpg\" title=\"\">            <div class=\"box has-hover gallery-box box-default\">\n              <div class=\"box-image image-overlay-add image-cover\" style=\"padding-top:75%;\">\n                <img decoding=\"async\" width=\"533\" height=\"400\" data-src=\"https:\/\/halle.se\/wp-content\/uploads\/2021\/03\/halle-fasad-med-logotype-533x400.jpg\" class=\"attachment-medium size-medium lazyload\" alt=\"Halle Fasad ett lyft-glid aluminiumsystem f\u00f6r hus fasaden med stora \u00f6ppningsbara glaspartier\" ids=\"227677,240358,227678,227680,227686,227682,227679,227681,221521,221524,221523,221522,178719,240309,221526,221525,221527,221528,234392,178736,178729,234452,240083,178730,178731,240311,178726,178727,178720,178718,178723,178738,240303,178737,178725,178740,178728,178704,240316,178724,178707,178732,178722,178733,240084,178741,178713,178710,178697,178746,178709,240082,240301,240302,240304,234393,240362,178695,178694,178703,178696,178693,178715,178742,178745,178743,240355,178744,178711,178712,240354,178716,178747,219122,219144,219734,234394,219123,219124,219127,219729,219140,219731,219141,219142,219143,219737,219738,219133,234190,219135,219136,234191,234192,240351,240353,240352,219147,240393,240153,240154,240152,240151,240155,240157,240158,219148,240267,240190,240194,240193,240192,240191,240265,240264,240255,219150,219152,219153,219156,219157,219159,234261,234262,234263,234264\" style=\"--smush-placeholder-width: 533px; --smush-placeholder-aspect-ratio: 533\/400;default\" lightbox_image_size=\"2048x2048\" columns=\"5\" animate=\"fadeInDown\" image_height=\"75%\" image_size=\"medium\" image_overlay=\"rgba(255, 255, 255, 0.25)\" image_hover=\"overlay-add\" text_size=\"xsmall\" text_color=\"dark\" data-srcset=\"https:\/\/halle.se\/wp-content\/uploads\/2021\/03\/halle-fasad-med-logotype-533x400.jpg 533w, https:\/\/halle.se\/wp-content\/uploads\/2021\/03\/halle-fasad-med-logotype-640x480.jpg 640w, https:\/\/halle.se\/wp-content\/uploads\/2021\/03\/halle-fasad-med-logotype-1067x800.jpg 1067w, https:\/\/halle.se\/wp-content\/uploads\/2021\/03\/halle-fasad-med-logotype-768x576.jpg 768w, https:\/\/halle.se\/wp-content\/uploads\/2021\/03\/halle-fasad-med-logotype-1536x1152.jpg 1536w, https:\/\/halle.se\/wp-content\/uploads\/2021\/03\/halle-fasad-med-logotype-133x100.jpg 133w, https:\/\/halle.se\/wp-content\/uploads\/2021\/03\/halle-fasad-med-logotype.jpg 1600w\" data-sizes=\"auto\" src=\"data:image\/svg+xml;base64,PHN2ZyB3aWR0aD0iMSIgaGVpZ2h0PSIxIiB4bWxucz0iaHR0cDovL3d3dy53My5vcmcvMjAwMC9zdmciPjwvc3ZnPg==\" data-original-sizes=\"(max-width: 533px) 100vw, 533px\" \/>                                  <div class=\"overlay fill\"\n                      style=\"background-color: rgba(255, 255, 255, 0.25)\">\n                  <\/div>\n                                                              <\/div>\n              <div class=\"box-text text-left is-xsmall dark\" >\n                 <p><\/p>\n              <\/div>\n            <\/div>\n            <\/a>          <\/div>\n         <\/div><div class=\"gallery-col col\" data-animate=\"fadeInDown\">\n          <div class=\"col-inner\">\n            <a class=\"image-lightbox lightbox-gallery\" href=\"https:\/\/halle.se\/wp-content\/uploads\/2021\/03\/Halle-Fasad-f\uf03fre-efter.jpg\" title=\"\">            <div class=\"box has-hover gallery-box box-default\">\n              <div class=\"box-image image-overlay-add image-cover\" style=\"padding-top:75%;\">\n                <img decoding=\"async\" width=\"599\" height=\"400\" data-src=\"https:\/\/halle.se\/wp-content\/uploads\/2021\/03\/Halle-Fasad-f\uf03fre-efter-599x400.jpg\" class=\"attachment-medium size-medium lazyload\" alt=\"Vardagsrum med ett lyft \/ glid parti har ett ljust och modernt utseende med Halle Fasad\" ids=\"227677,240358,227678,227680,227686,227682,227679,227681,221521,221524,221523,221522,178719,240309,221526,221525,221527,221528,234392,178736,178729,234452,240083,178730,178731,240311,178726,178727,178720,178718,178723,178738,240303,178737,178725,178740,178728,178704,240316,178724,178707,178732,178722,178733,240084,178741,178713,178710,178697,178746,178709,240082,240301,240302,240304,234393,240362,178695,178694,178703,178696,178693,178715,178742,178745,178743,240355,178744,178711,178712,240354,178716,178747,219122,219144,219734,234394,219123,219124,219127,219729,219140,219731,219141,219142,219143,219737,219738,219133,234190,219135,219136,234191,234192,240351,240353,240352,219147,240393,240153,240154,240152,240151,240155,240157,240158,219148,240267,240190,240194,240193,240192,240191,240265,240264,240255,219150,219152,219153,219156,219157,219159,234261,234262,234263,234264\" style=\"--smush-placeholder-width: 599px; --smush-placeholder-aspect-ratio: 599\/400;default\" lightbox_image_size=\"2048x2048\" columns=\"5\" animate=\"fadeInDown\" image_height=\"75%\" image_size=\"medium\" image_overlay=\"rgba(255, 255, 255, 0.25)\" image_hover=\"overlay-add\" text_size=\"xsmall\" text_color=\"dark\" data-srcset=\"https:\/\/halle.se\/wp-content\/uploads\/2021\/03\/Halle-Fasad-f\uf03fre-efter-599x400.jpg 599w, https:\/\/halle.se\/wp-content\/uploads\/2021\/03\/Halle-Fasad-f\uf03fre-efter-640x427.jpg 640w, https:\/\/halle.se\/wp-content\/uploads\/2021\/03\/Halle-Fasad-f\uf03fre-efter-1198x800.jpg 1198w, https:\/\/halle.se\/wp-content\/uploads\/2021\/03\/Halle-Fasad-f\uf03fre-efter-768x513.jpg 768w, https:\/\/halle.se\/wp-content\/uploads\/2021\/03\/Halle-Fasad-f\uf03fre-efter-150x100.jpg 150w, https:\/\/halle.se\/wp-content\/uploads\/2021\/03\/Halle-Fasad-f\uf03fre-efter.jpg 1417w\" data-sizes=\"auto\" src=\"data:image\/svg+xml;base64,PHN2ZyB3aWR0aD0iMSIgaGVpZ2h0PSIxIiB4bWxucz0iaHR0cDovL3d3dy53My5vcmcvMjAwMC9zdmciPjwvc3ZnPg==\" data-original-sizes=\"(max-width: 599px) 100vw, 599px\" \/>                                  <div class=\"overlay fill\"\n                      style=\"background-color: rgba(255, 255, 255, 0.25)\">\n                  <\/div>\n                                                              <\/div>\n              <div class=\"box-text text-left is-xsmall dark\" >\n                 <p><\/p>\n              <\/div>\n            <\/div>\n            <\/a>          <\/div>\n         <\/div><div class=\"gallery-col col\" data-animate=\"fadeInDown\">\n          <div class=\"col-inner\">\n            <a class=\"image-lightbox lightbox-gallery\" href=\"https:\/\/halle.se\/wp-content\/uploads\/2021\/03\/halle-system-husfasad-fasad-svart-ral-2048x1536.jpg\" title=\"\">            <div class=\"box has-hover gallery-box box-default\">\n              <div class=\"box-image image-overlay-add image-cover\" style=\"padding-top:75%;\">\n                <img decoding=\"async\" width=\"533\" height=\"400\" data-src=\"https:\/\/halle.se\/wp-content\/uploads\/2021\/03\/halle-system-husfasad-fasad-svart-ral-533x400.jpg\" class=\"attachment-medium size-medium lazyload\" alt=\"Fasad \u00e4r ett \u00f6ppningsbart lyft-glid glasparti f\u00f6r husfasad\" ids=\"227677,240358,227678,227680,227686,227682,227679,227681,221521,221524,221523,221522,178719,240309,221526,221525,221527,221528,234392,178736,178729,234452,240083,178730,178731,240311,178726,178727,178720,178718,178723,178738,240303,178737,178725,178740,178728,178704,240316,178724,178707,178732,178722,178733,240084,178741,178713,178710,178697,178746,178709,240082,240301,240302,240304,234393,240362,178695,178694,178703,178696,178693,178715,178742,178745,178743,240355,178744,178711,178712,240354,178716,178747,219122,219144,219734,234394,219123,219124,219127,219729,219140,219731,219141,219142,219143,219737,219738,219133,234190,219135,219136,234191,234192,240351,240353,240352,219147,240393,240153,240154,240152,240151,240155,240157,240158,219148,240267,240190,240194,240193,240192,240191,240265,240264,240255,219150,219152,219153,219156,219157,219159,234261,234262,234263,234264\" style=\"--smush-placeholder-width: 533px; --smush-placeholder-aspect-ratio: 533\/400;default\" lightbox_image_size=\"2048x2048\" columns=\"5\" animate=\"fadeInDown\" image_height=\"75%\" image_size=\"medium\" image_overlay=\"rgba(255, 255, 255, 0.25)\" image_hover=\"overlay-add\" text_size=\"xsmall\" text_color=\"dark\" data-srcset=\"https:\/\/halle.se\/wp-content\/uploads\/2021\/03\/halle-system-husfasad-fasad-svart-ral-533x400.jpg 533w, https:\/\/halle.se\/wp-content\/uploads\/2021\/03\/halle-system-husfasad-fasad-svart-ral-640x480.jpg 640w, https:\/\/halle.se\/wp-content\/uploads\/2021\/03\/halle-system-husfasad-fasad-svart-ral-1067x800.jpg 1067w, https:\/\/halle.se\/wp-content\/uploads\/2021\/03\/halle-system-husfasad-fasad-svart-ral-768x576.jpg 768w, https:\/\/halle.se\/wp-content\/uploads\/2021\/03\/halle-system-husfasad-fasad-svart-ral-1536x1152.jpg 1536w, https:\/\/halle.se\/wp-content\/uploads\/2021\/03\/halle-system-husfasad-fasad-svart-ral-2048x1536.jpg 2048w, https:\/\/halle.se\/wp-content\/uploads\/2021\/03\/halle-system-husfasad-fasad-svart-ral-133x100.jpg 133w\" data-sizes=\"auto\" src=\"data:image\/svg+xml;base64,PHN2ZyB3aWR0aD0iMSIgaGVpZ2h0PSIxIiB4bWxucz0iaHR0cDovL3d3dy53My5vcmcvMjAwMC9zdmciPjwvc3ZnPg==\" data-original-sizes=\"(max-width: 533px) 100vw, 533px\" \/>                                  <div class=\"overlay fill\"\n                      style=\"background-color: rgba(255, 255, 255, 0.25)\">\n                  <\/div>\n                                                              <\/div>\n              <div class=\"box-text text-left is-xsmall dark\" >\n                 <p><\/p>\n              <\/div>\n            <\/div>\n            <\/a>          <\/div>\n         <\/div><div class=\"gallery-col col\" data-animate=\"fadeInDown\">\n          <div class=\"col-inner\">\n            <a class=\"image-lightbox lightbox-gallery\" href=\"https:\/\/halle.se\/wp-content\/uploads\/2021\/03\/halle-fasad-med-underbar-havsutsikt.jpg\" title=\"\">            <div class=\"box has-hover gallery-box box-default\">\n              <div class=\"box-image image-overlay-add image-cover\" style=\"padding-top:75%;\">\n                <img decoding=\"async\" width=\"533\" height=\"400\" data-src=\"https:\/\/halle.se\/wp-content\/uploads\/2021\/03\/halle-fasad-med-underbar-havsutsikt-533x400.jpg\" class=\"attachment-medium size-medium lazyload\" alt=\"Ett funktionellt lyft \/ glid aluminiumsystem som g\u00e5r att \u00f6ppna\" ids=\"227677,240358,227678,227680,227686,227682,227679,227681,221521,221524,221523,221522,178719,240309,221526,221525,221527,221528,234392,178736,178729,234452,240083,178730,178731,240311,178726,178727,178720,178718,178723,178738,240303,178737,178725,178740,178728,178704,240316,178724,178707,178732,178722,178733,240084,178741,178713,178710,178697,178746,178709,240082,240301,240302,240304,234393,240362,178695,178694,178703,178696,178693,178715,178742,178745,178743,240355,178744,178711,178712,240354,178716,178747,219122,219144,219734,234394,219123,219124,219127,219729,219140,219731,219141,219142,219143,219737,219738,219133,234190,219135,219136,234191,234192,240351,240353,240352,219147,240393,240153,240154,240152,240151,240155,240157,240158,219148,240267,240190,240194,240193,240192,240191,240265,240264,240255,219150,219152,219153,219156,219157,219159,234261,234262,234263,234264\" style=\"--smush-placeholder-width: 533px; --smush-placeholder-aspect-ratio: 533\/400;default\" lightbox_image_size=\"2048x2048\" columns=\"5\" animate=\"fadeInDown\" image_height=\"75%\" image_size=\"medium\" image_overlay=\"rgba(255, 255, 255, 0.25)\" image_hover=\"overlay-add\" text_size=\"xsmall\" text_color=\"dark\" data-srcset=\"https:\/\/halle.se\/wp-content\/uploads\/2021\/03\/halle-fasad-med-underbar-havsutsikt-533x400.jpg 533w, https:\/\/halle.se\/wp-content\/uploads\/2021\/03\/halle-fasad-med-underbar-havsutsikt-640x480.jpg 640w, https:\/\/halle.se\/wp-content\/uploads\/2021\/03\/halle-fasad-med-underbar-havsutsikt-1067x800.jpg 1067w, https:\/\/halle.se\/wp-content\/uploads\/2021\/03\/halle-fasad-med-underbar-havsutsikt-768x576.jpg 768w, https:\/\/halle.se\/wp-content\/uploads\/2021\/03\/halle-fasad-med-underbar-havsutsikt-1536x1152.jpg 1536w, https:\/\/halle.se\/wp-content\/uploads\/2021\/03\/halle-fasad-med-underbar-havsutsikt-133x100.jpg 133w, https:\/\/halle.se\/wp-content\/uploads\/2021\/03\/halle-fasad-med-underbar-havsutsikt.jpg 1600w\" data-sizes=\"auto\" src=\"data:image\/svg+xml;base64,PHN2ZyB3aWR0aD0iMSIgaGVpZ2h0PSIxIiB4bWxucz0iaHR0cDovL3d3dy53My5vcmcvMjAwMC9zdmciPjwvc3ZnPg==\" data-original-sizes=\"(max-width: 533px) 100vw, 533px\" \/>                                  <div class=\"overlay fill\"\n                      style=\"background-color: rgba(255, 255, 255, 0.25)\">\n                  <\/div>\n                                                              <\/div>\n              <div class=\"box-text text-left is-xsmall dark\" >\n                 <p><\/p>\n              <\/div>\n            <\/div>\n            <\/a>          <\/div>\n         <\/div><div class=\"gallery-col col\" data-animate=\"fadeInDown\">\n          <div class=\"col-inner\">\n            <a class=\"image-lightbox lightbox-gallery\" href=\"https:\/\/halle.se\/wp-content\/uploads\/2021\/03\/halle-fasad-2-delad-med-ett-fast-parti.jpg\" title=\"\">            <div class=\"box has-hover gallery-box box-default\">\n              <div class=\"box-image image-overlay-add image-cover\" style=\"padding-top:75%;\">\n                <img decoding=\"async\" width=\"533\" height=\"400\" data-src=\"https:\/\/halle.se\/wp-content\/uploads\/2021\/03\/halle-fasad-2-delad-med-ett-fast-parti-533x400.jpg\" class=\"attachment-medium size-medium lazyload\" alt=\"\u00d6ppningsbart glasparti i en husfasad som \u00e4r tillverkat av Halle System AB\" ids=\"227677,240358,227678,227680,227686,227682,227679,227681,221521,221524,221523,221522,178719,240309,221526,221525,221527,221528,234392,178736,178729,234452,240083,178730,178731,240311,178726,178727,178720,178718,178723,178738,240303,178737,178725,178740,178728,178704,240316,178724,178707,178732,178722,178733,240084,178741,178713,178710,178697,178746,178709,240082,240301,240302,240304,234393,240362,178695,178694,178703,178696,178693,178715,178742,178745,178743,240355,178744,178711,178712,240354,178716,178747,219122,219144,219734,234394,219123,219124,219127,219729,219140,219731,219141,219142,219143,219737,219738,219133,234190,219135,219136,234191,234192,240351,240353,240352,219147,240393,240153,240154,240152,240151,240155,240157,240158,219148,240267,240190,240194,240193,240192,240191,240265,240264,240255,219150,219152,219153,219156,219157,219159,234261,234262,234263,234264\" style=\"--smush-placeholder-width: 533px; --smush-placeholder-aspect-ratio: 533\/400;default\" lightbox_image_size=\"2048x2048\" columns=\"5\" animate=\"fadeInDown\" image_height=\"75%\" image_size=\"medium\" image_overlay=\"rgba(255, 255, 255, 0.25)\" image_hover=\"overlay-add\" text_size=\"xsmall\" text_color=\"dark\" data-srcset=\"https:\/\/halle.se\/wp-content\/uploads\/2021\/03\/halle-fasad-2-delad-med-ett-fast-parti-533x400.jpg 533w, https:\/\/halle.se\/wp-content\/uploads\/2021\/03\/halle-fasad-2-delad-med-ett-fast-parti-640x480.jpg 640w, https:\/\/halle.se\/wp-content\/uploads\/2021\/03\/halle-fasad-2-delad-med-ett-fast-parti-1067x800.jpg 1067w, https:\/\/halle.se\/wp-content\/uploads\/2021\/03\/halle-fasad-2-delad-med-ett-fast-parti-768x576.jpg 768w, https:\/\/halle.se\/wp-content\/uploads\/2021\/03\/halle-fasad-2-delad-med-ett-fast-parti-1536x1152.jpg 1536w, https:\/\/halle.se\/wp-content\/uploads\/2021\/03\/halle-fasad-2-delad-med-ett-fast-parti-133x100.jpg 133w, https:\/\/halle.se\/wp-content\/uploads\/2021\/03\/halle-fasad-2-delad-med-ett-fast-parti.jpg 1600w\" data-sizes=\"auto\" src=\"data:image\/svg+xml;base64,PHN2ZyB3aWR0aD0iMSIgaGVpZ2h0PSIxIiB4bWxucz0iaHR0cDovL3d3dy53My5vcmcvMjAwMC9zdmciPjwvc3ZnPg==\" data-original-sizes=\"(max-width: 533px) 100vw, 533px\" \/>                                  <div class=\"overlay fill\"\n                      style=\"background-color: rgba(255, 255, 255, 0.25)\">\n                  <\/div>\n                                                              <\/div>\n              <div class=\"box-text text-left is-xsmall dark\" >\n                 <p><\/p>\n              <\/div>\n            <\/div>\n            <\/a>          <\/div>\n         <\/div><div class=\"gallery-col col\" data-animate=\"fadeInDown\">\n          <div class=\"col-inner\">\n            <a class=\"image-lightbox lightbox-gallery\" href=\"https:\/\/halle.se\/wp-content\/uploads\/2021\/03\/halle-uterum-husfasad-fasad-skymning-1-2048x1536.jpg\" title=\"\">            <div class=\"box has-hover gallery-box box-default\">\n              <div class=\"box-image image-overlay-add image-cover\" style=\"padding-top:75%;\">\n                <img decoding=\"async\" width=\"533\" height=\"400\" data-src=\"https:\/\/halle.se\/wp-content\/uploads\/2021\/03\/halle-uterum-husfasad-fasad-skymning-1-533x400.jpg\" class=\"attachment-medium size-medium lazyload\" alt=\"Ett \u00f6ppningsbart Fasad parti fr\u00e5n Halle System som \u00e4r isolerat f\u00f6r din husfasad\" ids=\"227677,240358,227678,227680,227686,227682,227679,227681,221521,221524,221523,221522,178719,240309,221526,221525,221527,221528,234392,178736,178729,234452,240083,178730,178731,240311,178726,178727,178720,178718,178723,178738,240303,178737,178725,178740,178728,178704,240316,178724,178707,178732,178722,178733,240084,178741,178713,178710,178697,178746,178709,240082,240301,240302,240304,234393,240362,178695,178694,178703,178696,178693,178715,178742,178745,178743,240355,178744,178711,178712,240354,178716,178747,219122,219144,219734,234394,219123,219124,219127,219729,219140,219731,219141,219142,219143,219737,219738,219133,234190,219135,219136,234191,234192,240351,240353,240352,219147,240393,240153,240154,240152,240151,240155,240157,240158,219148,240267,240190,240194,240193,240192,240191,240265,240264,240255,219150,219152,219153,219156,219157,219159,234261,234262,234263,234264\" style=\"--smush-placeholder-width: 533px; --smush-placeholder-aspect-ratio: 533\/400;default\" lightbox_image_size=\"2048x2048\" columns=\"5\" animate=\"fadeInDown\" image_height=\"75%\" image_size=\"medium\" image_overlay=\"rgba(255, 255, 255, 0.25)\" image_hover=\"overlay-add\" text_size=\"xsmall\" text_color=\"dark\" data-srcset=\"https:\/\/halle.se\/wp-content\/uploads\/2021\/03\/halle-uterum-husfasad-fasad-skymning-1-533x400.jpg 533w, https:\/\/halle.se\/wp-content\/uploads\/2021\/03\/halle-uterum-husfasad-fasad-skymning-1-640x480.jpg 640w, https:\/\/halle.se\/wp-content\/uploads\/2021\/03\/halle-uterum-husfasad-fasad-skymning-1-1067x800.jpg 1067w, https:\/\/halle.se\/wp-content\/uploads\/2021\/03\/halle-uterum-husfasad-fasad-skymning-1-768x576.jpg 768w, https:\/\/halle.se\/wp-content\/uploads\/2021\/03\/halle-uterum-husfasad-fasad-skymning-1-1536x1152.jpg 1536w, https:\/\/halle.se\/wp-content\/uploads\/2021\/03\/halle-uterum-husfasad-fasad-skymning-1-2048x1536.jpg 2048w, https:\/\/halle.se\/wp-content\/uploads\/2021\/03\/halle-uterum-husfasad-fasad-skymning-1-133x100.jpg 133w\" data-sizes=\"auto\" src=\"data:image\/svg+xml;base64,PHN2ZyB3aWR0aD0iMSIgaGVpZ2h0PSIxIiB4bWxucz0iaHR0cDovL3d3dy53My5vcmcvMjAwMC9zdmciPjwvc3ZnPg==\" data-original-sizes=\"(max-width: 533px) 100vw, 533px\" \/>                                  <div class=\"overlay fill\"\n                      style=\"background-color: rgba(255, 255, 255, 0.25)\">\n                  <\/div>\n                                                              <\/div>\n              <div class=\"box-text text-left is-xsmall dark\" >\n                 <p><\/p>\n              <\/div>\n            <\/div>\n            <\/a>          <\/div>\n         <\/div><div class=\"gallery-col col\" data-animate=\"fadeInDown\">\n          <div class=\"col-inner\">\n            <a class=\"image-lightbox lightbox-gallery\" href=\"https:\/\/halle.se\/wp-content\/uploads\/2021\/03\/halle-vikparti-med-logotype.jpg\" title=\"\">            <div class=\"box has-hover gallery-box box-default\">\n              <div class=\"box-image image-overlay-add image-cover\" style=\"padding-top:75%;\">\n                <img decoding=\"async\" width=\"533\" height=\"400\" data-src=\"https:\/\/halle.se\/wp-content\/uploads\/2021\/03\/halle-vikparti-med-logotype-533x400.jpg\" class=\"attachment-medium size-medium lazyload\" alt=\"Halle Vikparti \u00e4r ett svensktillverkat system\" ids=\"227677,240358,227678,227680,227686,227682,227679,227681,221521,221524,221523,221522,178719,240309,221526,221525,221527,221528,234392,178736,178729,234452,240083,178730,178731,240311,178726,178727,178720,178718,178723,178738,240303,178737,178725,178740,178728,178704,240316,178724,178707,178732,178722,178733,240084,178741,178713,178710,178697,178746,178709,240082,240301,240302,240304,234393,240362,178695,178694,178703,178696,178693,178715,178742,178745,178743,240355,178744,178711,178712,240354,178716,178747,219122,219144,219734,234394,219123,219124,219127,219729,219140,219731,219141,219142,219143,219737,219738,219133,234190,219135,219136,234191,234192,240351,240353,240352,219147,240393,240153,240154,240152,240151,240155,240157,240158,219148,240267,240190,240194,240193,240192,240191,240265,240264,240255,219150,219152,219153,219156,219157,219159,234261,234262,234263,234264\" style=\"--smush-placeholder-width: 533px; --smush-placeholder-aspect-ratio: 533\/400;default\" lightbox_image_size=\"2048x2048\" columns=\"5\" animate=\"fadeInDown\" image_height=\"75%\" image_size=\"medium\" image_overlay=\"rgba(255, 255, 255, 0.25)\" image_hover=\"overlay-add\" text_size=\"xsmall\" text_color=\"dark\" data-srcset=\"https:\/\/halle.se\/wp-content\/uploads\/2021\/03\/halle-vikparti-med-logotype-533x400.jpg 533w, https:\/\/halle.se\/wp-content\/uploads\/2021\/03\/halle-vikparti-med-logotype-640x480.jpg 640w, https:\/\/halle.se\/wp-content\/uploads\/2021\/03\/halle-vikparti-med-logotype-1067x800.jpg 1067w, https:\/\/halle.se\/wp-content\/uploads\/2021\/03\/halle-vikparti-med-logotype-768x576.jpg 768w, https:\/\/halle.se\/wp-content\/uploads\/2021\/03\/halle-vikparti-med-logotype-1536x1152.jpg 1536w, https:\/\/halle.se\/wp-content\/uploads\/2021\/03\/halle-vikparti-med-logotype-133x100.jpg 133w, https:\/\/halle.se\/wp-content\/uploads\/2021\/03\/halle-vikparti-med-logotype.jpg 1600w\" data-sizes=\"auto\" src=\"data:image\/svg+xml;base64,PHN2ZyB3aWR0aD0iMSIgaGVpZ2h0PSIxIiB4bWxucz0iaHR0cDovL3d3dy53My5vcmcvMjAwMC9zdmciPjwvc3ZnPg==\" data-original-sizes=\"(max-width: 533px) 100vw, 533px\" \/>                                  <div class=\"overlay fill\"\n                      style=\"background-color: rgba(255, 255, 255, 0.25)\">\n                  <\/div>\n                                                              <\/div>\n              <div class=\"box-text text-left is-xsmall dark\" >\n                 <p><\/p>\n              <\/div>\n            <\/div>\n            <\/a>          <\/div>\n         <\/div><div class=\"gallery-col col\" data-animate=\"fadeInDown\">\n          <div class=\"col-inner\">\n            <a class=\"image-lightbox lightbox-gallery\" href=\"https:\/\/halle.se\/wp-content\/uploads\/2021\/03\/halle-vikparti-tar-bort-gransen-mellan-inne-och-ute.jpg\" title=\"\">            <div class=\"box has-hover gallery-box box-default\">\n              <div class=\"box-image image-overlay-add image-cover\" style=\"padding-top:75%;\">\n                <img decoding=\"async\" width=\"533\" height=\"400\" data-src=\"https:\/\/halle.se\/wp-content\/uploads\/2021\/03\/halle-vikparti-tar-bort-gransen-mellan-inne-och-ute-533x400.jpg\" class=\"attachment-medium size-medium lazyload\" alt=\"Vikparti som \u00e4r \u00f6ppnat till balkong\" ids=\"227677,240358,227678,227680,227686,227682,227679,227681,221521,221524,221523,221522,178719,240309,221526,221525,221527,221528,234392,178736,178729,234452,240083,178730,178731,240311,178726,178727,178720,178718,178723,178738,240303,178737,178725,178740,178728,178704,240316,178724,178707,178732,178722,178733,240084,178741,178713,178710,178697,178746,178709,240082,240301,240302,240304,234393,240362,178695,178694,178703,178696,178693,178715,178742,178745,178743,240355,178744,178711,178712,240354,178716,178747,219122,219144,219734,234394,219123,219124,219127,219729,219140,219731,219141,219142,219143,219737,219738,219133,234190,219135,219136,234191,234192,240351,240353,240352,219147,240393,240153,240154,240152,240151,240155,240157,240158,219148,240267,240190,240194,240193,240192,240191,240265,240264,240255,219150,219152,219153,219156,219157,219159,234261,234262,234263,234264\" style=\"--smush-placeholder-width: 533px; --smush-placeholder-aspect-ratio: 533\/400;default\" lightbox_image_size=\"2048x2048\" columns=\"5\" animate=\"fadeInDown\" image_height=\"75%\" image_size=\"medium\" image_overlay=\"rgba(255, 255, 255, 0.25)\" image_hover=\"overlay-add\" text_size=\"xsmall\" text_color=\"dark\" data-srcset=\"https:\/\/halle.se\/wp-content\/uploads\/2021\/03\/halle-vikparti-tar-bort-gransen-mellan-inne-och-ute-533x400.jpg 533w, https:\/\/halle.se\/wp-content\/uploads\/2021\/03\/halle-vikparti-tar-bort-gransen-mellan-inne-och-ute-640x480.jpg 640w, https:\/\/halle.se\/wp-content\/uploads\/2021\/03\/halle-vikparti-tar-bort-gransen-mellan-inne-och-ute-1067x800.jpg 1067w, https:\/\/halle.se\/wp-content\/uploads\/2021\/03\/halle-vikparti-tar-bort-gransen-mellan-inne-och-ute-768x576.jpg 768w, https:\/\/halle.se\/wp-content\/uploads\/2021\/03\/halle-vikparti-tar-bort-gransen-mellan-inne-och-ute-1536x1152.jpg 1536w, https:\/\/halle.se\/wp-content\/uploads\/2021\/03\/halle-vikparti-tar-bort-gransen-mellan-inne-och-ute-133x100.jpg 133w, https:\/\/halle.se\/wp-content\/uploads\/2021\/03\/halle-vikparti-tar-bort-gransen-mellan-inne-och-ute.jpg 1600w\" data-sizes=\"auto\" src=\"data:image\/svg+xml;base64,PHN2ZyB3aWR0aD0iMSIgaGVpZ2h0PSIxIiB4bWxucz0iaHR0cDovL3d3dy53My5vcmcvMjAwMC9zdmciPjwvc3ZnPg==\" data-original-sizes=\"(max-width: 533px) 100vw, 533px\" \/>                                  <div class=\"overlay fill\"\n                      style=\"background-color: rgba(255, 255, 255, 0.25)\">\n                  <\/div>\n                                                              <\/div>\n              <div class=\"box-text text-left is-xsmall dark\" >\n                 <p><\/p>\n              <\/div>\n            <\/div>\n            <\/a>          <\/div>\n         <\/div><div class=\"gallery-col col\" data-animate=\"fadeInDown\">\n          <div class=\"col-inner\">\n            <a class=\"image-lightbox lightbox-gallery\" href=\"https:\/\/halle.se\/wp-content\/uploads\/2021\/03\/halle-vikparti-med-utsikt-over-staden-i-skymning.jpg\" title=\"\">            <div class=\"box has-hover gallery-box box-default\">\n              <div class=\"box-image image-overlay-add image-cover\" style=\"padding-top:75%;\">\n                <img decoding=\"async\" width=\"533\" height=\"400\" data-src=\"https:\/\/halle.se\/wp-content\/uploads\/2021\/03\/halle-vikparti-med-utsikt-over-staden-i-skymning-533x400.jpg\" class=\"attachment-medium size-medium lazyload\" alt=\"Halle Vikparti \u00f6ppnat i staden\" ids=\"227677,240358,227678,227680,227686,227682,227679,227681,221521,221524,221523,221522,178719,240309,221526,221525,221527,221528,234392,178736,178729,234452,240083,178730,178731,240311,178726,178727,178720,178718,178723,178738,240303,178737,178725,178740,178728,178704,240316,178724,178707,178732,178722,178733,240084,178741,178713,178710,178697,178746,178709,240082,240301,240302,240304,234393,240362,178695,178694,178703,178696,178693,178715,178742,178745,178743,240355,178744,178711,178712,240354,178716,178747,219122,219144,219734,234394,219123,219124,219127,219729,219140,219731,219141,219142,219143,219737,219738,219133,234190,219135,219136,234191,234192,240351,240353,240352,219147,240393,240153,240154,240152,240151,240155,240157,240158,219148,240267,240190,240194,240193,240192,240191,240265,240264,240255,219150,219152,219153,219156,219157,219159,234261,234262,234263,234264\" style=\"--smush-placeholder-width: 533px; --smush-placeholder-aspect-ratio: 533\/400;default\" lightbox_image_size=\"2048x2048\" columns=\"5\" animate=\"fadeInDown\" image_height=\"75%\" image_size=\"medium\" image_overlay=\"rgba(255, 255, 255, 0.25)\" image_hover=\"overlay-add\" text_size=\"xsmall\" text_color=\"dark\" data-srcset=\"https:\/\/halle.se\/wp-content\/uploads\/2021\/03\/halle-vikparti-med-utsikt-over-staden-i-skymning-533x400.jpg 533w, https:\/\/halle.se\/wp-content\/uploads\/2021\/03\/halle-vikparti-med-utsikt-over-staden-i-skymning-640x480.jpg 640w, https:\/\/halle.se\/wp-content\/uploads\/2021\/03\/halle-vikparti-med-utsikt-over-staden-i-skymning-1067x800.jpg 1067w, https:\/\/halle.se\/wp-content\/uploads\/2021\/03\/halle-vikparti-med-utsikt-over-staden-i-skymning-768x576.jpg 768w, https:\/\/halle.se\/wp-content\/uploads\/2021\/03\/halle-vikparti-med-utsikt-over-staden-i-skymning-1536x1152.jpg 1536w, https:\/\/halle.se\/wp-content\/uploads\/2021\/03\/halle-vikparti-med-utsikt-over-staden-i-skymning-133x100.jpg 133w, https:\/\/halle.se\/wp-content\/uploads\/2021\/03\/halle-vikparti-med-utsikt-over-staden-i-skymning.jpg 1600w\" data-sizes=\"auto\" src=\"data:image\/svg+xml;base64,PHN2ZyB3aWR0aD0iMSIgaGVpZ2h0PSIxIiB4bWxucz0iaHR0cDovL3d3dy53My5vcmcvMjAwMC9zdmciPjwvc3ZnPg==\" data-original-sizes=\"(max-width: 533px) 100vw, 533px\" \/>                                  <div class=\"overlay fill\"\n                      style=\"background-color: rgba(255, 255, 255, 0.25)\">\n                  <\/div>\n                                                              <\/div>\n              <div class=\"box-text text-left is-xsmall dark\" >\n                 <p><\/p>\n              <\/div>\n            <\/div>\n            <\/a>          <\/div>\n         <\/div><div class=\"gallery-col col\" data-animate=\"fadeInDown\">\n          <div class=\"col-inner\">\n            <a class=\"image-lightbox lightbox-gallery\" href=\"https:\/\/halle.se\/wp-content\/uploads\/2026\/04\/halle-vikparti-trahus-med-svart-vikparti-2048x2048.jpg\" title=\"\">            <div class=\"box has-hover gallery-box box-default\">\n              <div class=\"box-image image-overlay-add image-cover\" style=\"padding-top:75%;\">\n                <img decoding=\"async\" width=\"400\" height=\"400\" data-src=\"https:\/\/halle.se\/wp-content\/uploads\/2026\/04\/halle-vikparti-trahus-med-svart-vikparti-400x400.jpg\" class=\"attachment-medium size-medium lazyload\" alt=\"\" ids=\"227677,240358,227678,227680,227686,227682,227679,227681,221521,221524,221523,221522,178719,240309,221526,221525,221527,221528,234392,178736,178729,234452,240083,178730,178731,240311,178726,178727,178720,178718,178723,178738,240303,178737,178725,178740,178728,178704,240316,178724,178707,178732,178722,178733,240084,178741,178713,178710,178697,178746,178709,240082,240301,240302,240304,234393,240362,178695,178694,178703,178696,178693,178715,178742,178745,178743,240355,178744,178711,178712,240354,178716,178747,219122,219144,219734,234394,219123,219124,219127,219729,219140,219731,219141,219142,219143,219737,219738,219133,234190,219135,219136,234191,234192,240351,240353,240352,219147,240393,240153,240154,240152,240151,240155,240157,240158,219148,240267,240190,240194,240193,240192,240191,240265,240264,240255,219150,219152,219153,219156,219157,219159,234261,234262,234263,234264\" style=\"--smush-placeholder-width: 400px; --smush-placeholder-aspect-ratio: 400\/400;default\" lightbox_image_size=\"2048x2048\" columns=\"5\" animate=\"fadeInDown\" image_height=\"75%\" image_size=\"medium\" image_overlay=\"rgba(255, 255, 255, 0.25)\" image_hover=\"overlay-add\" text_size=\"xsmall\" text_color=\"dark\" data-srcset=\"https:\/\/halle.se\/wp-content\/uploads\/2026\/04\/halle-vikparti-trahus-med-svart-vikparti-400x400.jpg 400w, https:\/\/halle.se\/wp-content\/uploads\/2026\/04\/halle-vikparti-trahus-med-svart-vikparti-800x800.jpg 800w, https:\/\/halle.se\/wp-content\/uploads\/2026\/04\/halle-vikparti-trahus-med-svart-vikparti-280x280.jpg 280w, https:\/\/halle.se\/wp-content\/uploads\/2026\/04\/halle-vikparti-trahus-med-svart-vikparti-768x768.jpg 768w, https:\/\/halle.se\/wp-content\/uploads\/2026\/04\/halle-vikparti-trahus-med-svart-vikparti-1536x1536.jpg 1536w, https:\/\/halle.se\/wp-content\/uploads\/2026\/04\/halle-vikparti-trahus-med-svart-vikparti-2048x2048.jpg 2048w, https:\/\/halle.se\/wp-content\/uploads\/2026\/04\/halle-vikparti-trahus-med-svart-vikparti-100x100.jpg 100w, https:\/\/halle.se\/wp-content\/uploads\/2026\/04\/halle-vikparti-trahus-med-svart-vikparti-384x384.jpg 384w, https:\/\/halle.se\/wp-content\/uploads\/2026\/04\/halle-vikparti-trahus-med-svart-vikparti-640x640.jpg 640w\" data-sizes=\"auto\" src=\"data:image\/svg+xml;base64,PHN2ZyB3aWR0aD0iMSIgaGVpZ2h0PSIxIiB4bWxucz0iaHR0cDovL3d3dy53My5vcmcvMjAwMC9zdmciPjwvc3ZnPg==\" data-original-sizes=\"(max-width: 400px) 100vw, 400px\" \/>                                  <div class=\"overlay fill\"\n                      style=\"background-color: rgba(255, 255, 255, 0.25)\">\n                  <\/div>\n                                                              <\/div>\n              <div class=\"box-text text-left is-xsmall dark\" >\n                 <p><\/p>\n              <\/div>\n            <\/div>\n            <\/a>          <\/div>\n         <\/div><div class=\"gallery-col col\" data-animate=\"fadeInDown\">\n          <div class=\"col-inner\">\n            <a class=\"image-lightbox lightbox-gallery\" href=\"https:\/\/halle.se\/wp-content\/uploads\/2021\/03\/halle-vikparti-svart-aluminium.jpg\" title=\"\">            <div class=\"box has-hover gallery-box box-default\">\n              <div class=\"box-image image-overlay-add image-cover\" style=\"padding-top:75%;\">\n                <img decoding=\"async\" width=\"533\" height=\"400\" data-src=\"https:\/\/halle.se\/wp-content\/uploads\/2021\/03\/halle-vikparti-svart-aluminium-533x400.jpg\" class=\"attachment-medium size-medium lazyload\" alt=\"Svart vikparti som \u00e4r \u00f6ppnat ut till swimingpool\" ids=\"227677,240358,227678,227680,227686,227682,227679,227681,221521,221524,221523,221522,178719,240309,221526,221525,221527,221528,234392,178736,178729,234452,240083,178730,178731,240311,178726,178727,178720,178718,178723,178738,240303,178737,178725,178740,178728,178704,240316,178724,178707,178732,178722,178733,240084,178741,178713,178710,178697,178746,178709,240082,240301,240302,240304,234393,240362,178695,178694,178703,178696,178693,178715,178742,178745,178743,240355,178744,178711,178712,240354,178716,178747,219122,219144,219734,234394,219123,219124,219127,219729,219140,219731,219141,219142,219143,219737,219738,219133,234190,219135,219136,234191,234192,240351,240353,240352,219147,240393,240153,240154,240152,240151,240155,240157,240158,219148,240267,240190,240194,240193,240192,240191,240265,240264,240255,219150,219152,219153,219156,219157,219159,234261,234262,234263,234264\" style=\"--smush-placeholder-width: 533px; --smush-placeholder-aspect-ratio: 533\/400;default\" lightbox_image_size=\"2048x2048\" columns=\"5\" animate=\"fadeInDown\" image_height=\"75%\" image_size=\"medium\" image_overlay=\"rgba(255, 255, 255, 0.25)\" image_hover=\"overlay-add\" text_size=\"xsmall\" text_color=\"dark\" data-srcset=\"https:\/\/halle.se\/wp-content\/uploads\/2021\/03\/halle-vikparti-svart-aluminium-533x400.jpg 533w, https:\/\/halle.se\/wp-content\/uploads\/2021\/03\/halle-vikparti-svart-aluminium-640x480.jpg 640w, https:\/\/halle.se\/wp-content\/uploads\/2021\/03\/halle-vikparti-svart-aluminium-1067x800.jpg 1067w, https:\/\/halle.se\/wp-content\/uploads\/2021\/03\/halle-vikparti-svart-aluminium-768x576.jpg 768w, https:\/\/halle.se\/wp-content\/uploads\/2021\/03\/halle-vikparti-svart-aluminium-1536x1152.jpg 1536w, https:\/\/halle.se\/wp-content\/uploads\/2021\/03\/halle-vikparti-svart-aluminium-133x100.jpg 133w, https:\/\/halle.se\/wp-content\/uploads\/2021\/03\/halle-vikparti-svart-aluminium.jpg 1600w\" data-sizes=\"auto\" src=\"data:image\/svg+xml;base64,PHN2ZyB3aWR0aD0iMSIgaGVpZ2h0PSIxIiB4bWxucz0iaHR0cDovL3d3dy53My5vcmcvMjAwMC9zdmciPjwvc3ZnPg==\" data-original-sizes=\"(max-width: 533px) 100vw, 533px\" \/>                                  <div class=\"overlay fill\"\n                      style=\"background-color: rgba(255, 255, 255, 0.25)\">\n                  <\/div>\n                                                              <\/div>\n              <div class=\"box-text text-left is-xsmall dark\" >\n                 <p><\/p>\n              <\/div>\n            <\/div>\n            <\/a>          <\/div>\n         <\/div><div class=\"gallery-col col\" data-animate=\"fadeInDown\">\n          <div class=\"col-inner\">\n            <a class=\"image-lightbox lightbox-gallery\" href=\"https:\/\/halle.se\/wp-content\/uploads\/2021\/03\/halle-uterum-frista\u030aende-hus-vikparti-o\u0308ppet-1-2048x1536.jpg\" title=\"\">            <div class=\"box has-hover gallery-box box-default\">\n              <div class=\"box-image image-overlay-add image-cover\" style=\"padding-top:75%;\">\n                <img decoding=\"async\" width=\"533\" height=\"400\" data-src=\"https:\/\/halle.se\/wp-content\/uploads\/2021\/03\/halle-uterum-frista\u030aende-hus-vikparti-o\u0308ppet-1-533x400.jpg\" class=\"attachment-medium size-medium lazyload\" alt=\"Vikparti som har \u00f6ppnat upp hela v\u00e4ggen\" ids=\"227677,240358,227678,227680,227686,227682,227679,227681,221521,221524,221523,221522,178719,240309,221526,221525,221527,221528,234392,178736,178729,234452,240083,178730,178731,240311,178726,178727,178720,178718,178723,178738,240303,178737,178725,178740,178728,178704,240316,178724,178707,178732,178722,178733,240084,178741,178713,178710,178697,178746,178709,240082,240301,240302,240304,234393,240362,178695,178694,178703,178696,178693,178715,178742,178745,178743,240355,178744,178711,178712,240354,178716,178747,219122,219144,219734,234394,219123,219124,219127,219729,219140,219731,219141,219142,219143,219737,219738,219133,234190,219135,219136,234191,234192,240351,240353,240352,219147,240393,240153,240154,240152,240151,240155,240157,240158,219148,240267,240190,240194,240193,240192,240191,240265,240264,240255,219150,219152,219153,219156,219157,219159,234261,234262,234263,234264\" style=\"--smush-placeholder-width: 533px; --smush-placeholder-aspect-ratio: 533\/400;default\" lightbox_image_size=\"2048x2048\" columns=\"5\" animate=\"fadeInDown\" image_height=\"75%\" image_size=\"medium\" image_overlay=\"rgba(255, 255, 255, 0.25)\" image_hover=\"overlay-add\" text_size=\"xsmall\" text_color=\"dark\" data-srcset=\"https:\/\/halle.se\/wp-content\/uploads\/2021\/03\/halle-uterum-frista\u030aende-hus-vikparti-o\u0308ppet-1-533x400.jpg 533w, https:\/\/halle.se\/wp-content\/uploads\/2021\/03\/halle-uterum-frista\u030aende-hus-vikparti-o\u0308ppet-1-640x480.jpg 640w, https:\/\/halle.se\/wp-content\/uploads\/2021\/03\/halle-uterum-frista\u030aende-hus-vikparti-o\u0308ppet-1-1067x800.jpg 1067w, https:\/\/halle.se\/wp-content\/uploads\/2021\/03\/halle-uterum-frista\u030aende-hus-vikparti-o\u0308ppet-1-768x576.jpg 768w, https:\/\/halle.se\/wp-content\/uploads\/2021\/03\/halle-uterum-frista\u030aende-hus-vikparti-o\u0308ppet-1-1536x1152.jpg 1536w, https:\/\/halle.se\/wp-content\/uploads\/2021\/03\/halle-uterum-frista\u030aende-hus-vikparti-o\u0308ppet-1-2048x1536.jpg 2048w, https:\/\/halle.se\/wp-content\/uploads\/2021\/03\/halle-uterum-frista\u030aende-hus-vikparti-o\u0308ppet-1-133x100.jpg 133w\" data-sizes=\"auto\" src=\"data:image\/svg+xml;base64,PHN2ZyB3aWR0aD0iMSIgaGVpZ2h0PSIxIiB4bWxucz0iaHR0cDovL3d3dy53My5vcmcvMjAwMC9zdmciPjwvc3ZnPg==\" data-original-sizes=\"(max-width: 533px) 100vw, 533px\" \/>                                  <div class=\"overlay fill\"\n                      style=\"background-color: rgba(255, 255, 255, 0.25)\">\n                  <\/div>\n                                                              <\/div>\n              <div class=\"box-text text-left is-xsmall dark\" >\n                 <p><\/p>\n              <\/div>\n            <\/div>\n            <\/a>          <\/div>\n         <\/div><div class=\"gallery-col col\" data-animate=\"fadeInDown\">\n          <div class=\"col-inner\">\n            <a class=\"image-lightbox lightbox-gallery\" href=\"https:\/\/halle.se\/wp-content\/uploads\/2021\/03\/halle-uterum-frista\u030aende-hus-vikparti-o\u0308ppet-2-2048x1536.jpg\" title=\"\">            <div class=\"box has-hover gallery-box box-default\">\n              <div class=\"box-image image-overlay-add image-cover\" style=\"padding-top:75%;\">\n                <img decoding=\"async\" width=\"533\" height=\"400\" data-src=\"https:\/\/halle.se\/wp-content\/uploads\/2021\/03\/halle-uterum-frista\u030aende-hus-vikparti-o\u0308ppet-2-533x400.jpg\" class=\"attachment-medium size-medium lazyload\" alt=\"Vikpartiet g\u00e5r att \u00f6ppna hela v\u00e4gen\" ids=\"227677,240358,227678,227680,227686,227682,227679,227681,221521,221524,221523,221522,178719,240309,221526,221525,221527,221528,234392,178736,178729,234452,240083,178730,178731,240311,178726,178727,178720,178718,178723,178738,240303,178737,178725,178740,178728,178704,240316,178724,178707,178732,178722,178733,240084,178741,178713,178710,178697,178746,178709,240082,240301,240302,240304,234393,240362,178695,178694,178703,178696,178693,178715,178742,178745,178743,240355,178744,178711,178712,240354,178716,178747,219122,219144,219734,234394,219123,219124,219127,219729,219140,219731,219141,219142,219143,219737,219738,219133,234190,219135,219136,234191,234192,240351,240353,240352,219147,240393,240153,240154,240152,240151,240155,240157,240158,219148,240267,240190,240194,240193,240192,240191,240265,240264,240255,219150,219152,219153,219156,219157,219159,234261,234262,234263,234264\" style=\"--smush-placeholder-width: 533px; --smush-placeholder-aspect-ratio: 533\/400;default\" lightbox_image_size=\"2048x2048\" columns=\"5\" animate=\"fadeInDown\" image_height=\"75%\" image_size=\"medium\" image_overlay=\"rgba(255, 255, 255, 0.25)\" image_hover=\"overlay-add\" text_size=\"xsmall\" text_color=\"dark\" data-srcset=\"https:\/\/halle.se\/wp-content\/uploads\/2021\/03\/halle-uterum-frista\u030aende-hus-vikparti-o\u0308ppet-2-533x400.jpg 533w, https:\/\/halle.se\/wp-content\/uploads\/2021\/03\/halle-uterum-frista\u030aende-hus-vikparti-o\u0308ppet-2-640x480.jpg 640w, https:\/\/halle.se\/wp-content\/uploads\/2021\/03\/halle-uterum-frista\u030aende-hus-vikparti-o\u0308ppet-2-1067x800.jpg 1067w, https:\/\/halle.se\/wp-content\/uploads\/2021\/03\/halle-uterum-frista\u030aende-hus-vikparti-o\u0308ppet-2-768x576.jpg 768w, https:\/\/halle.se\/wp-content\/uploads\/2021\/03\/halle-uterum-frista\u030aende-hus-vikparti-o\u0308ppet-2-1536x1152.jpg 1536w, https:\/\/halle.se\/wp-content\/uploads\/2021\/03\/halle-uterum-frista\u030aende-hus-vikparti-o\u0308ppet-2-2048x1536.jpg 2048w, https:\/\/halle.se\/wp-content\/uploads\/2021\/03\/halle-uterum-frista\u030aende-hus-vikparti-o\u0308ppet-2-133x100.jpg 133w\" data-sizes=\"auto\" src=\"data:image\/svg+xml;base64,PHN2ZyB3aWR0aD0iMSIgaGVpZ2h0PSIxIiB4bWxucz0iaHR0cDovL3d3dy53My5vcmcvMjAwMC9zdmciPjwvc3ZnPg==\" data-original-sizes=\"(max-width: 533px) 100vw, 533px\" \/>                                  <div class=\"overlay fill\"\n                      style=\"background-color: rgba(255, 255, 255, 0.25)\">\n                  <\/div>\n                                                              <\/div>\n              <div class=\"box-text text-left is-xsmall dark\" >\n                 <p><\/p>\n              <\/div>\n            <\/div>\n            <\/a>          <\/div>\n         <\/div><div class=\"gallery-col col\" data-animate=\"fadeInDown\">\n          <div class=\"col-inner\">\n            <a class=\"image-lightbox lightbox-gallery\" href=\"https:\/\/halle.se\/wp-content\/uploads\/2026\/04\/ny-halle-vikparti-vit-miljo-vitt-hus-platt-tak-funkis-2048x2048.jpg\" title=\"\">            <div class=\"box has-hover gallery-box box-default\">\n              <div class=\"box-image image-overlay-add image-cover\" style=\"padding-top:75%;\">\n                <img decoding=\"async\" width=\"400\" height=\"400\" data-src=\"https:\/\/halle.se\/wp-content\/uploads\/2026\/04\/ny-halle-vikparti-vit-miljo-vitt-hus-platt-tak-funkis-400x400.jpg\" class=\"attachment-medium size-medium lazyload\" alt=\"\" ids=\"227677,240358,227678,227680,227686,227682,227679,227681,221521,221524,221523,221522,178719,240309,221526,221525,221527,221528,234392,178736,178729,234452,240083,178730,178731,240311,178726,178727,178720,178718,178723,178738,240303,178737,178725,178740,178728,178704,240316,178724,178707,178732,178722,178733,240084,178741,178713,178710,178697,178746,178709,240082,240301,240302,240304,234393,240362,178695,178694,178703,178696,178693,178715,178742,178745,178743,240355,178744,178711,178712,240354,178716,178747,219122,219144,219734,234394,219123,219124,219127,219729,219140,219731,219141,219142,219143,219737,219738,219133,234190,219135,219136,234191,234192,240351,240353,240352,219147,240393,240153,240154,240152,240151,240155,240157,240158,219148,240267,240190,240194,240193,240192,240191,240265,240264,240255,219150,219152,219153,219156,219157,219159,234261,234262,234263,234264\" style=\"--smush-placeholder-width: 400px; --smush-placeholder-aspect-ratio: 400\/400;default\" lightbox_image_size=\"2048x2048\" columns=\"5\" animate=\"fadeInDown\" image_height=\"75%\" image_size=\"medium\" image_overlay=\"rgba(255, 255, 255, 0.25)\" image_hover=\"overlay-add\" text_size=\"xsmall\" text_color=\"dark\" data-srcset=\"https:\/\/halle.se\/wp-content\/uploads\/2026\/04\/ny-halle-vikparti-vit-miljo-vitt-hus-platt-tak-funkis-400x400.jpg 400w, https:\/\/halle.se\/wp-content\/uploads\/2026\/04\/ny-halle-vikparti-vit-miljo-vitt-hus-platt-tak-funkis-800x800.jpg 800w, https:\/\/halle.se\/wp-content\/uploads\/2026\/04\/ny-halle-vikparti-vit-miljo-vitt-hus-platt-tak-funkis-280x280.jpg 280w, https:\/\/halle.se\/wp-content\/uploads\/2026\/04\/ny-halle-vikparti-vit-miljo-vitt-hus-platt-tak-funkis-768x768.jpg 768w, https:\/\/halle.se\/wp-content\/uploads\/2026\/04\/ny-halle-vikparti-vit-miljo-vitt-hus-platt-tak-funkis-1536x1536.jpg 1536w, https:\/\/halle.se\/wp-content\/uploads\/2026\/04\/ny-halle-vikparti-vit-miljo-vitt-hus-platt-tak-funkis-2048x2048.jpg 2048w, https:\/\/halle.se\/wp-content\/uploads\/2026\/04\/ny-halle-vikparti-vit-miljo-vitt-hus-platt-tak-funkis-100x100.jpg 100w, https:\/\/halle.se\/wp-content\/uploads\/2026\/04\/ny-halle-vikparti-vit-miljo-vitt-hus-platt-tak-funkis-384x384.jpg 384w, https:\/\/halle.se\/wp-content\/uploads\/2026\/04\/ny-halle-vikparti-vit-miljo-vitt-hus-platt-tak-funkis-640x640.jpg 640w\" data-sizes=\"auto\" src=\"data:image\/svg+xml;base64,PHN2ZyB3aWR0aD0iMSIgaGVpZ2h0PSIxIiB4bWxucz0iaHR0cDovL3d3dy53My5vcmcvMjAwMC9zdmciPjwvc3ZnPg==\" data-original-sizes=\"(max-width: 400px) 100vw, 400px\" \/>                                  <div class=\"overlay fill\"\n                      style=\"background-color: rgba(255, 255, 255, 0.25)\">\n                  <\/div>\n                                                              <\/div>\n              <div class=\"box-text text-left is-xsmall dark\" >\n                 <p><\/p>\n              <\/div>\n            <\/div>\n            <\/a>          <\/div>\n         <\/div><div class=\"gallery-col col\" data-animate=\"fadeInDown\">\n          <div class=\"col-inner\">\n            <a class=\"image-lightbox lightbox-gallery\" href=\"https:\/\/halle.se\/wp-content\/uploads\/2021\/03\/halle-uterum-husfasad-sadeltak-vikparti-vitt-hus-2048x1536.jpg\" title=\"\">            <div class=\"box has-hover gallery-box box-default\">\n              <div class=\"box-image image-overlay-add image-cover\" style=\"padding-top:75%;\">\n                <img decoding=\"async\" width=\"533\" height=\"400\" data-src=\"https:\/\/halle.se\/wp-content\/uploads\/2021\/03\/halle-uterum-husfasad-sadeltak-vikparti-vitt-hus-533x400.jpg\" class=\"attachment-medium size-medium lazyload\" alt=\"Vikparti 5-delat stora glasytor\" ids=\"227677,240358,227678,227680,227686,227682,227679,227681,221521,221524,221523,221522,178719,240309,221526,221525,221527,221528,234392,178736,178729,234452,240083,178730,178731,240311,178726,178727,178720,178718,178723,178738,240303,178737,178725,178740,178728,178704,240316,178724,178707,178732,178722,178733,240084,178741,178713,178710,178697,178746,178709,240082,240301,240302,240304,234393,240362,178695,178694,178703,178696,178693,178715,178742,178745,178743,240355,178744,178711,178712,240354,178716,178747,219122,219144,219734,234394,219123,219124,219127,219729,219140,219731,219141,219142,219143,219737,219738,219133,234190,219135,219136,234191,234192,240351,240353,240352,219147,240393,240153,240154,240152,240151,240155,240157,240158,219148,240267,240190,240194,240193,240192,240191,240265,240264,240255,219150,219152,219153,219156,219157,219159,234261,234262,234263,234264\" style=\"--smush-placeholder-width: 533px; --smush-placeholder-aspect-ratio: 533\/400;default\" lightbox_image_size=\"2048x2048\" columns=\"5\" animate=\"fadeInDown\" image_height=\"75%\" image_size=\"medium\" image_overlay=\"rgba(255, 255, 255, 0.25)\" image_hover=\"overlay-add\" text_size=\"xsmall\" text_color=\"dark\" data-srcset=\"https:\/\/halle.se\/wp-content\/uploads\/2021\/03\/halle-uterum-husfasad-sadeltak-vikparti-vitt-hus-533x400.jpg 533w, https:\/\/halle.se\/wp-content\/uploads\/2021\/03\/halle-uterum-husfasad-sadeltak-vikparti-vitt-hus-640x480.jpg 640w, https:\/\/halle.se\/wp-content\/uploads\/2021\/03\/halle-uterum-husfasad-sadeltak-vikparti-vitt-hus-1067x800.jpg 1067w, https:\/\/halle.se\/wp-content\/uploads\/2021\/03\/halle-uterum-husfasad-sadeltak-vikparti-vitt-hus-768x576.jpg 768w, https:\/\/halle.se\/wp-content\/uploads\/2021\/03\/halle-uterum-husfasad-sadeltak-vikparti-vitt-hus-1536x1152.jpg 1536w, https:\/\/halle.se\/wp-content\/uploads\/2021\/03\/halle-uterum-husfasad-sadeltak-vikparti-vitt-hus-2048x1536.jpg 2048w, https:\/\/halle.se\/wp-content\/uploads\/2021\/03\/halle-uterum-husfasad-sadeltak-vikparti-vitt-hus-133x100.jpg 133w\" data-sizes=\"auto\" src=\"data:image\/svg+xml;base64,PHN2ZyB3aWR0aD0iMSIgaGVpZ2h0PSIxIiB4bWxucz0iaHR0cDovL3d3dy53My5vcmcvMjAwMC9zdmciPjwvc3ZnPg==\" data-original-sizes=\"(max-width: 533px) 100vw, 533px\" \/>                                  <div class=\"overlay fill\"\n                      style=\"background-color: rgba(255, 255, 255, 0.25)\">\n                  <\/div>\n                                                              <\/div>\n              <div class=\"box-text text-left is-xsmall dark\" >\n                 <p><\/p>\n              <\/div>\n            <\/div>\n            <\/a>          <\/div>\n         <\/div><div class=\"gallery-col col\" data-animate=\"fadeInDown\">\n          <div class=\"col-inner\">\n            <a class=\"image-lightbox lightbox-gallery\" href=\"https:\/\/halle.se\/wp-content\/uploads\/2021\/03\/Halle-Vikparti-Vintertr\uf03fdg\uf03frd-1.jpg\" title=\"\">            <div class=\"box has-hover gallery-box box-default\">\n              <div class=\"box-image image-overlay-add image-cover\" style=\"padding-top:75%;\">\n                <img decoding=\"async\" width=\"541\" height=\"400\" data-src=\"https:\/\/halle.se\/wp-content\/uploads\/2021\/03\/Halle-Vikparti-Vintertr\uf03fdg\uf03frd-1-541x400.jpg\" class=\"attachment-medium size-medium lazyload\" alt=\"Ett \u00f6ppnat Vikparti f\u00f6r uterum och husfasad som \u00e4r tillverkat av Halle System AB\" ids=\"227677,240358,227678,227680,227686,227682,227679,227681,221521,221524,221523,221522,178719,240309,221526,221525,221527,221528,234392,178736,178729,234452,240083,178730,178731,240311,178726,178727,178720,178718,178723,178738,240303,178737,178725,178740,178728,178704,240316,178724,178707,178732,178722,178733,240084,178741,178713,178710,178697,178746,178709,240082,240301,240302,240304,234393,240362,178695,178694,178703,178696,178693,178715,178742,178745,178743,240355,178744,178711,178712,240354,178716,178747,219122,219144,219734,234394,219123,219124,219127,219729,219140,219731,219141,219142,219143,219737,219738,219133,234190,219135,219136,234191,234192,240351,240353,240352,219147,240393,240153,240154,240152,240151,240155,240157,240158,219148,240267,240190,240194,240193,240192,240191,240265,240264,240255,219150,219152,219153,219156,219157,219159,234261,234262,234263,234264\" style=\"--smush-placeholder-width: 541px; --smush-placeholder-aspect-ratio: 541\/400;default\" lightbox_image_size=\"2048x2048\" columns=\"5\" animate=\"fadeInDown\" image_height=\"75%\" image_size=\"medium\" image_overlay=\"rgba(255, 255, 255, 0.25)\" image_hover=\"overlay-add\" text_size=\"xsmall\" text_color=\"dark\" data-srcset=\"https:\/\/halle.se\/wp-content\/uploads\/2021\/03\/Halle-Vikparti-Vintertr\uf03fdg\uf03frd-1-541x400.jpg 541w, https:\/\/halle.se\/wp-content\/uploads\/2021\/03\/Halle-Vikparti-Vintertr\uf03fdg\uf03frd-1-640x473.jpg 640w, https:\/\/halle.se\/wp-content\/uploads\/2021\/03\/Halle-Vikparti-Vintertr\uf03fdg\uf03frd-1-1082x800.jpg 1082w, https:\/\/halle.se\/wp-content\/uploads\/2021\/03\/Halle-Vikparti-Vintertr\uf03fdg\uf03frd-1-768x568.jpg 768w, https:\/\/halle.se\/wp-content\/uploads\/2021\/03\/Halle-Vikparti-Vintertr\uf03fdg\uf03frd-1-1536x1136.jpg 1536w, https:\/\/halle.se\/wp-content\/uploads\/2021\/03\/Halle-Vikparti-Vintertr\uf03fdg\uf03frd-1-135x100.jpg 135w, https:\/\/halle.se\/wp-content\/uploads\/2021\/03\/Halle-Vikparti-Vintertr\uf03fdg\uf03frd-1.jpg 1916w\" data-sizes=\"auto\" src=\"data:image\/svg+xml;base64,PHN2ZyB3aWR0aD0iMSIgaGVpZ2h0PSIxIiB4bWxucz0iaHR0cDovL3d3dy53My5vcmcvMjAwMC9zdmciPjwvc3ZnPg==\" data-original-sizes=\"(max-width: 541px) 100vw, 541px\" \/>                                  <div class=\"overlay fill\"\n                      style=\"background-color: rgba(255, 255, 255, 0.25)\">\n                  <\/div>\n                                                              <\/div>\n              <div class=\"box-text text-left is-xsmall dark\" >\n                 <p><\/p>\n              <\/div>\n            <\/div>\n            <\/a>          <\/div>\n         <\/div><div class=\"gallery-col col\" data-animate=\"fadeInDown\">\n          <div class=\"col-inner\">\n            <a class=\"image-lightbox lightbox-gallery\" href=\"https:\/\/halle.se\/wp-content\/uploads\/2024\/04\/halle-kanalplast-textruta-2048x2048.jpg\" title=\"\">            <div class=\"box has-hover gallery-box box-default\">\n              <div class=\"box-image image-overlay-add image-cover\" style=\"padding-top:75%;\">\n                <img decoding=\"async\" width=\"400\" height=\"400\" data-src=\"https:\/\/halle.se\/wp-content\/uploads\/2024\/04\/halle-kanalplast-textruta-400x400.jpg\" class=\"attachment-medium size-medium lazyload\" alt=\"halle kanalplast\" ids=\"227677,240358,227678,227680,227686,227682,227679,227681,221521,221524,221523,221522,178719,240309,221526,221525,221527,221528,234392,178736,178729,234452,240083,178730,178731,240311,178726,178727,178720,178718,178723,178738,240303,178737,178725,178740,178728,178704,240316,178724,178707,178732,178722,178733,240084,178741,178713,178710,178697,178746,178709,240082,240301,240302,240304,234393,240362,178695,178694,178703,178696,178693,178715,178742,178745,178743,240355,178744,178711,178712,240354,178716,178747,219122,219144,219734,234394,219123,219124,219127,219729,219140,219731,219141,219142,219143,219737,219738,219133,234190,219135,219136,234191,234192,240351,240353,240352,219147,240393,240153,240154,240152,240151,240155,240157,240158,219148,240267,240190,240194,240193,240192,240191,240265,240264,240255,219150,219152,219153,219156,219157,219159,234261,234262,234263,234264\" style=\"--smush-placeholder-width: 400px; --smush-placeholder-aspect-ratio: 400\/400;default\" lightbox_image_size=\"2048x2048\" columns=\"5\" animate=\"fadeInDown\" image_height=\"75%\" image_size=\"medium\" image_overlay=\"rgba(255, 255, 255, 0.25)\" image_hover=\"overlay-add\" text_size=\"xsmall\" text_color=\"dark\" data-srcset=\"https:\/\/halle.se\/wp-content\/uploads\/2024\/04\/halle-kanalplast-textruta-400x400.jpg 400w, https:\/\/halle.se\/wp-content\/uploads\/2024\/04\/halle-kanalplast-textruta-800x800.jpg 800w, https:\/\/halle.se\/wp-content\/uploads\/2024\/04\/halle-kanalplast-textruta-280x280.jpg 280w, https:\/\/halle.se\/wp-content\/uploads\/2024\/04\/halle-kanalplast-textruta-768x768.jpg 768w, https:\/\/halle.se\/wp-content\/uploads\/2024\/04\/halle-kanalplast-textruta-1536x1536.jpg 1536w, https:\/\/halle.se\/wp-content\/uploads\/2024\/04\/halle-kanalplast-textruta-2048x2048.jpg 2048w, https:\/\/halle.se\/wp-content\/uploads\/2024\/04\/halle-kanalplast-textruta-100x100.jpg 100w, https:\/\/halle.se\/wp-content\/uploads\/2024\/04\/halle-kanalplast-textruta-384x384.jpg 384w, https:\/\/halle.se\/wp-content\/uploads\/2024\/04\/halle-kanalplast-textruta-640x640.jpg 640w\" data-sizes=\"auto\" src=\"data:image\/svg+xml;base64,PHN2ZyB3aWR0aD0iMSIgaGVpZ2h0PSIxIiB4bWxucz0iaHR0cDovL3d3dy53My5vcmcvMjAwMC9zdmciPjwvc3ZnPg==\" data-original-sizes=\"(max-width: 400px) 100vw, 400px\" \/>                                  <div class=\"overlay fill\"\n                      style=\"background-color: rgba(255, 255, 255, 0.25)\">\n                  <\/div>\n                                                              <\/div>\n              <div class=\"box-text text-left is-xsmall dark\" >\n                 <p><\/p>\n              <\/div>\n            <\/div>\n            <\/a>          <\/div>\n         <\/div><div class=\"gallery-col col\" data-animate=\"fadeInDown\">\n          <div class=\"col-inner\">\n            <a class=\"image-lightbox lightbox-gallery\" href=\"https:\/\/halle.se\/wp-content\/uploads\/2024\/04\/klar-rok-opal-kanalplast-2048x2048.jpg\" title=\"\">            <div class=\"box has-hover gallery-box box-default\">\n              <div class=\"box-image image-overlay-add image-cover\" style=\"padding-top:75%;\">\n                <img decoding=\"async\" width=\"400\" height=\"400\" data-src=\"https:\/\/halle.se\/wp-content\/uploads\/2024\/04\/klar-rok-opal-kanalplast-400x400.jpg\" class=\"attachment-medium size-medium lazyload\" alt=\"Kanalplast Klar Opal R\u00f6k\" ids=\"227677,240358,227678,227680,227686,227682,227679,227681,221521,221524,221523,221522,178719,240309,221526,221525,221527,221528,234392,178736,178729,234452,240083,178730,178731,240311,178726,178727,178720,178718,178723,178738,240303,178737,178725,178740,178728,178704,240316,178724,178707,178732,178722,178733,240084,178741,178713,178710,178697,178746,178709,240082,240301,240302,240304,234393,240362,178695,178694,178703,178696,178693,178715,178742,178745,178743,240355,178744,178711,178712,240354,178716,178747,219122,219144,219734,234394,219123,219124,219127,219729,219140,219731,219141,219142,219143,219737,219738,219133,234190,219135,219136,234191,234192,240351,240353,240352,219147,240393,240153,240154,240152,240151,240155,240157,240158,219148,240267,240190,240194,240193,240192,240191,240265,240264,240255,219150,219152,219153,219156,219157,219159,234261,234262,234263,234264\" style=\"--smush-placeholder-width: 400px; --smush-placeholder-aspect-ratio: 400\/400;default\" lightbox_image_size=\"2048x2048\" columns=\"5\" animate=\"fadeInDown\" image_height=\"75%\" image_size=\"medium\" image_overlay=\"rgba(255, 255, 255, 0.25)\" image_hover=\"overlay-add\" text_size=\"xsmall\" text_color=\"dark\" data-srcset=\"https:\/\/halle.se\/wp-content\/uploads\/2024\/04\/klar-rok-opal-kanalplast-400x400.jpg 400w, https:\/\/halle.se\/wp-content\/uploads\/2024\/04\/klar-rok-opal-kanalplast-800x800.jpg 800w, https:\/\/halle.se\/wp-content\/uploads\/2024\/04\/klar-rok-opal-kanalplast-280x280.jpg 280w, https:\/\/halle.se\/wp-content\/uploads\/2024\/04\/klar-rok-opal-kanalplast-768x768.jpg 768w, https:\/\/halle.se\/wp-content\/uploads\/2024\/04\/klar-rok-opal-kanalplast-1536x1536.jpg 1536w, https:\/\/halle.se\/wp-content\/uploads\/2024\/04\/klar-rok-opal-kanalplast-2048x2048.jpg 2048w, https:\/\/halle.se\/wp-content\/uploads\/2024\/04\/klar-rok-opal-kanalplast-100x100.jpg 100w, https:\/\/halle.se\/wp-content\/uploads\/2024\/04\/klar-rok-opal-kanalplast-384x384.jpg 384w, https:\/\/halle.se\/wp-content\/uploads\/2024\/04\/klar-rok-opal-kanalplast-640x640.jpg 640w\" data-sizes=\"auto\" src=\"data:image\/svg+xml;base64,PHN2ZyB3aWR0aD0iMSIgaGVpZ2h0PSIxIiB4bWxucz0iaHR0cDovL3d3dy53My5vcmcvMjAwMC9zdmciPjwvc3ZnPg==\" data-original-sizes=\"(max-width: 400px) 100vw, 400px\" \/>                                  <div class=\"overlay fill\"\n                      style=\"background-color: rgba(255, 255, 255, 0.25)\">\n                  <\/div>\n                                                              <\/div>\n              <div class=\"box-text text-left is-xsmall dark\" >\n                 <p><\/p>\n              <\/div>\n            <\/div>\n            <\/a>          <\/div>\n         <\/div><div class=\"gallery-col col\" data-animate=\"fadeInDown\">\n          <div class=\"col-inner\">\n            <a class=\"image-lightbox lightbox-gallery\" href=\"https:\/\/halle.se\/wp-content\/uploads\/2024\/05\/kanalplasttak-till-uterum-med-svarta-uterumspartier-2048x2048.jpg\" title=\"\">            <div class=\"box has-hover gallery-box box-default\">\n              <div class=\"box-image image-overlay-add image-cover\" style=\"padding-top:75%;\">\n                <img decoding=\"async\" width=\"400\" height=\"400\" data-src=\"https:\/\/halle.se\/wp-content\/uploads\/2024\/05\/kanalplasttak-till-uterum-med-svarta-uterumspartier-400x400.jpg\" class=\"attachment-medium size-medium lazyload\" alt=\"kanalplasttak till uterum med svarta uterumspartier\" ids=\"227677,240358,227678,227680,227686,227682,227679,227681,221521,221524,221523,221522,178719,240309,221526,221525,221527,221528,234392,178736,178729,234452,240083,178730,178731,240311,178726,178727,178720,178718,178723,178738,240303,178737,178725,178740,178728,178704,240316,178724,178707,178732,178722,178733,240084,178741,178713,178710,178697,178746,178709,240082,240301,240302,240304,234393,240362,178695,178694,178703,178696,178693,178715,178742,178745,178743,240355,178744,178711,178712,240354,178716,178747,219122,219144,219734,234394,219123,219124,219127,219729,219140,219731,219141,219142,219143,219737,219738,219133,234190,219135,219136,234191,234192,240351,240353,240352,219147,240393,240153,240154,240152,240151,240155,240157,240158,219148,240267,240190,240194,240193,240192,240191,240265,240264,240255,219150,219152,219153,219156,219157,219159,234261,234262,234263,234264\" style=\"--smush-placeholder-width: 400px; --smush-placeholder-aspect-ratio: 400\/400;default\" lightbox_image_size=\"2048x2048\" columns=\"5\" animate=\"fadeInDown\" image_height=\"75%\" image_size=\"medium\" image_overlay=\"rgba(255, 255, 255, 0.25)\" image_hover=\"overlay-add\" text_size=\"xsmall\" text_color=\"dark\" data-srcset=\"https:\/\/halle.se\/wp-content\/uploads\/2024\/05\/kanalplasttak-till-uterum-med-svarta-uterumspartier-400x400.jpg 400w, https:\/\/halle.se\/wp-content\/uploads\/2024\/05\/kanalplasttak-till-uterum-med-svarta-uterumspartier-800x800.jpg 800w, https:\/\/halle.se\/wp-content\/uploads\/2024\/05\/kanalplasttak-till-uterum-med-svarta-uterumspartier-280x280.jpg 280w, https:\/\/halle.se\/wp-content\/uploads\/2024\/05\/kanalplasttak-till-uterum-med-svarta-uterumspartier-768x768.jpg 768w, https:\/\/halle.se\/wp-content\/uploads\/2024\/05\/kanalplasttak-till-uterum-med-svarta-uterumspartier-1536x1536.jpg 1536w, https:\/\/halle.se\/wp-content\/uploads\/2024\/05\/kanalplasttak-till-uterum-med-svarta-uterumspartier-2048x2048.jpg 2048w, https:\/\/halle.se\/wp-content\/uploads\/2024\/05\/kanalplasttak-till-uterum-med-svarta-uterumspartier-100x100.jpg 100w, https:\/\/halle.se\/wp-content\/uploads\/2024\/05\/kanalplasttak-till-uterum-med-svarta-uterumspartier-384x384.jpg 384w, https:\/\/halle.se\/wp-content\/uploads\/2024\/05\/kanalplasttak-till-uterum-med-svarta-uterumspartier-640x640.jpg 640w\" data-sizes=\"auto\" src=\"data:image\/svg+xml;base64,PHN2ZyB3aWR0aD0iMSIgaGVpZ2h0PSIxIiB4bWxucz0iaHR0cDovL3d3dy53My5vcmcvMjAwMC9zdmciPjwvc3ZnPg==\" data-original-sizes=\"(max-width: 400px) 100vw, 400px\" \/>                                  <div class=\"overlay fill\"\n                      style=\"background-color: rgba(255, 255, 255, 0.25)\">\n                  <\/div>\n                                                              <\/div>\n              <div class=\"box-text text-left is-xsmall dark\" >\n                 <p><\/p>\n              <\/div>\n            <\/div>\n            <\/a>          <\/div>\n         <\/div><div class=\"gallery-col col\" data-animate=\"fadeInDown\">\n          <div class=\"col-inner\">\n            <a class=\"image-lightbox lightbox-gallery\" href=\"https:\/\/halle.se\/wp-content\/uploads\/2018\/08\/primolux-svart-kanalplast-opal-miljo-3-2048x2048.jpg\" title=\"\">            <div class=\"box has-hover gallery-box box-default\">\n              <div class=\"box-image image-overlay-add image-cover\" style=\"padding-top:75%;\">\n                <img decoding=\"async\" width=\"400\" height=\"400\" data-src=\"https:\/\/halle.se\/wp-content\/uploads\/2018\/08\/primolux-svart-kanalplast-opal-miljo-3-400x400.jpg\" class=\"attachment-medium size-medium lazyload\" alt=\"\" ids=\"227677,240358,227678,227680,227686,227682,227679,227681,221521,221524,221523,221522,178719,240309,221526,221525,221527,221528,234392,178736,178729,234452,240083,178730,178731,240311,178726,178727,178720,178718,178723,178738,240303,178737,178725,178740,178728,178704,240316,178724,178707,178732,178722,178733,240084,178741,178713,178710,178697,178746,178709,240082,240301,240302,240304,234393,240362,178695,178694,178703,178696,178693,178715,178742,178745,178743,240355,178744,178711,178712,240354,178716,178747,219122,219144,219734,234394,219123,219124,219127,219729,219140,219731,219141,219142,219143,219737,219738,219133,234190,219135,219136,234191,234192,240351,240353,240352,219147,240393,240153,240154,240152,240151,240155,240157,240158,219148,240267,240190,240194,240193,240192,240191,240265,240264,240255,219150,219152,219153,219156,219157,219159,234261,234262,234263,234264\" style=\"--smush-placeholder-width: 400px; --smush-placeholder-aspect-ratio: 400\/400;default\" lightbox_image_size=\"2048x2048\" columns=\"5\" animate=\"fadeInDown\" image_height=\"75%\" image_size=\"medium\" image_overlay=\"rgba(255, 255, 255, 0.25)\" image_hover=\"overlay-add\" text_size=\"xsmall\" text_color=\"dark\" data-srcset=\"https:\/\/halle.se\/wp-content\/uploads\/2018\/08\/primolux-svart-kanalplast-opal-miljo-3-400x400.jpg 400w, https:\/\/halle.se\/wp-content\/uploads\/2018\/08\/primolux-svart-kanalplast-opal-miljo-3-800x800.jpg 800w, https:\/\/halle.se\/wp-content\/uploads\/2018\/08\/primolux-svart-kanalplast-opal-miljo-3-280x280.jpg 280w, https:\/\/halle.se\/wp-content\/uploads\/2018\/08\/primolux-svart-kanalplast-opal-miljo-3-768x768.jpg 768w, https:\/\/halle.se\/wp-content\/uploads\/2018\/08\/primolux-svart-kanalplast-opal-miljo-3-1536x1536.jpg 1536w, https:\/\/halle.se\/wp-content\/uploads\/2018\/08\/primolux-svart-kanalplast-opal-miljo-3-2048x2048.jpg 2048w, https:\/\/halle.se\/wp-content\/uploads\/2018\/08\/primolux-svart-kanalplast-opal-miljo-3-100x100.jpg 100w, https:\/\/halle.se\/wp-content\/uploads\/2018\/08\/primolux-svart-kanalplast-opal-miljo-3-384x384.jpg 384w, https:\/\/halle.se\/wp-content\/uploads\/2018\/08\/primolux-svart-kanalplast-opal-miljo-3-640x640.jpg 640w\" data-sizes=\"auto\" src=\"data:image\/svg+xml;base64,PHN2ZyB3aWR0aD0iMSIgaGVpZ2h0PSIxIiB4bWxucz0iaHR0cDovL3d3dy53My5vcmcvMjAwMC9zdmciPjwvc3ZnPg==\" data-original-sizes=\"(max-width: 400px) 100vw, 400px\" \/>                                  <div class=\"overlay fill\"\n                      style=\"background-color: rgba(255, 255, 255, 0.25)\">\n                  <\/div>\n                                                              <\/div>\n              <div class=\"box-text text-left is-xsmall dark\" >\n                 <p><\/p>\n              <\/div>\n            <\/div>\n            <\/a>          <\/div>\n         <\/div><div class=\"gallery-col col\" data-animate=\"fadeInDown\">\n          <div class=\"col-inner\">\n            <a class=\"image-lightbox lightbox-gallery\" href=\"https:\/\/halle.se\/wp-content\/uploads\/2024\/04\/halle-kanalplasttak-opal-miljobild-5-2048x2048.jpg\" title=\"\">            <div class=\"box has-hover gallery-box box-default\">\n              <div class=\"box-image image-overlay-add image-cover\" style=\"padding-top:75%;\">\n                <img decoding=\"async\" width=\"400\" height=\"400\" data-src=\"https:\/\/halle.se\/wp-content\/uploads\/2024\/04\/halle-kanalplasttak-opal-miljobild-5-400x400.jpg\" class=\"attachment-medium size-medium lazyload\" alt=\"Kanalplasttak till uterum\" ids=\"227677,240358,227678,227680,227686,227682,227679,227681,221521,221524,221523,221522,178719,240309,221526,221525,221527,221528,234392,178736,178729,234452,240083,178730,178731,240311,178726,178727,178720,178718,178723,178738,240303,178737,178725,178740,178728,178704,240316,178724,178707,178732,178722,178733,240084,178741,178713,178710,178697,178746,178709,240082,240301,240302,240304,234393,240362,178695,178694,178703,178696,178693,178715,178742,178745,178743,240355,178744,178711,178712,240354,178716,178747,219122,219144,219734,234394,219123,219124,219127,219729,219140,219731,219141,219142,219143,219737,219738,219133,234190,219135,219136,234191,234192,240351,240353,240352,219147,240393,240153,240154,240152,240151,240155,240157,240158,219148,240267,240190,240194,240193,240192,240191,240265,240264,240255,219150,219152,219153,219156,219157,219159,234261,234262,234263,234264\" style=\"--smush-placeholder-width: 400px; --smush-placeholder-aspect-ratio: 400\/400;default\" lightbox_image_size=\"2048x2048\" columns=\"5\" animate=\"fadeInDown\" image_height=\"75%\" image_size=\"medium\" image_overlay=\"rgba(255, 255, 255, 0.25)\" image_hover=\"overlay-add\" text_size=\"xsmall\" text_color=\"dark\" data-srcset=\"https:\/\/halle.se\/wp-content\/uploads\/2024\/04\/halle-kanalplasttak-opal-miljobild-5-400x400.jpg 400w, https:\/\/halle.se\/wp-content\/uploads\/2024\/04\/halle-kanalplasttak-opal-miljobild-5-800x800.jpg 800w, https:\/\/halle.se\/wp-content\/uploads\/2024\/04\/halle-kanalplasttak-opal-miljobild-5-280x280.jpg 280w, https:\/\/halle.se\/wp-content\/uploads\/2024\/04\/halle-kanalplasttak-opal-miljobild-5-768x768.jpg 768w, https:\/\/halle.se\/wp-content\/uploads\/2024\/04\/halle-kanalplasttak-opal-miljobild-5-1536x1536.jpg 1536w, https:\/\/halle.se\/wp-content\/uploads\/2024\/04\/halle-kanalplasttak-opal-miljobild-5-2048x2048.jpg 2048w, https:\/\/halle.se\/wp-content\/uploads\/2024\/04\/halle-kanalplasttak-opal-miljobild-5-100x100.jpg 100w, https:\/\/halle.se\/wp-content\/uploads\/2024\/04\/halle-kanalplasttak-opal-miljobild-5-384x384.jpg 384w, https:\/\/halle.se\/wp-content\/uploads\/2024\/04\/halle-kanalplasttak-opal-miljobild-5-640x640.jpg 640w\" data-sizes=\"auto\" src=\"data:image\/svg+xml;base64,PHN2ZyB3aWR0aD0iMSIgaGVpZ2h0PSIxIiB4bWxucz0iaHR0cDovL3d3dy53My5vcmcvMjAwMC9zdmciPjwvc3ZnPg==\" data-original-sizes=\"(max-width: 400px) 100vw, 400px\" \/>                                  <div class=\"overlay fill\"\n                      style=\"background-color: rgba(255, 255, 255, 0.25)\">\n                  <\/div>\n                                                              <\/div>\n              <div class=\"box-text text-left is-xsmall dark\" >\n                 <p><\/p>\n              <\/div>\n            <\/div>\n            <\/a>          <\/div>\n         <\/div><div class=\"gallery-col col\" data-animate=\"fadeInDown\">\n          <div class=\"col-inner\">\n            <a class=\"image-lightbox lightbox-gallery\" href=\"https:\/\/halle.se\/wp-content\/uploads\/2024\/04\/miljobild-4-thermo-svarta-profiler-med-kanalplasttak-opal-2048x2048.jpg\" title=\"\">            <div class=\"box has-hover gallery-box box-default\">\n              <div class=\"box-image image-overlay-add image-cover\" style=\"padding-top:75%;\">\n                <img decoding=\"async\" width=\"400\" height=\"400\" data-src=\"https:\/\/halle.se\/wp-content\/uploads\/2024\/04\/miljobild-4-thermo-svarta-profiler-med-kanalplasttak-opal-400x400.jpg\" class=\"attachment-medium size-medium lazyload\" alt=\"Ett tak av kanalplast till ett uterum\" ids=\"227677,240358,227678,227680,227686,227682,227679,227681,221521,221524,221523,221522,178719,240309,221526,221525,221527,221528,234392,178736,178729,234452,240083,178730,178731,240311,178726,178727,178720,178718,178723,178738,240303,178737,178725,178740,178728,178704,240316,178724,178707,178732,178722,178733,240084,178741,178713,178710,178697,178746,178709,240082,240301,240302,240304,234393,240362,178695,178694,178703,178696,178693,178715,178742,178745,178743,240355,178744,178711,178712,240354,178716,178747,219122,219144,219734,234394,219123,219124,219127,219729,219140,219731,219141,219142,219143,219737,219738,219133,234190,219135,219136,234191,234192,240351,240353,240352,219147,240393,240153,240154,240152,240151,240155,240157,240158,219148,240267,240190,240194,240193,240192,240191,240265,240264,240255,219150,219152,219153,219156,219157,219159,234261,234262,234263,234264\" style=\"--smush-placeholder-width: 400px; --smush-placeholder-aspect-ratio: 400\/400;default\" lightbox_image_size=\"2048x2048\" columns=\"5\" animate=\"fadeInDown\" image_height=\"75%\" image_size=\"medium\" image_overlay=\"rgba(255, 255, 255, 0.25)\" image_hover=\"overlay-add\" text_size=\"xsmall\" text_color=\"dark\" data-srcset=\"https:\/\/halle.se\/wp-content\/uploads\/2024\/04\/miljobild-4-thermo-svarta-profiler-med-kanalplasttak-opal-400x400.jpg 400w, https:\/\/halle.se\/wp-content\/uploads\/2024\/04\/miljobild-4-thermo-svarta-profiler-med-kanalplasttak-opal-800x800.jpg 800w, https:\/\/halle.se\/wp-content\/uploads\/2024\/04\/miljobild-4-thermo-svarta-profiler-med-kanalplasttak-opal-280x280.jpg 280w, https:\/\/halle.se\/wp-content\/uploads\/2024\/04\/miljobild-4-thermo-svarta-profiler-med-kanalplasttak-opal-768x768.jpg 768w, https:\/\/halle.se\/wp-content\/uploads\/2024\/04\/miljobild-4-thermo-svarta-profiler-med-kanalplasttak-opal-1536x1536.jpg 1536w, https:\/\/halle.se\/wp-content\/uploads\/2024\/04\/miljobild-4-thermo-svarta-profiler-med-kanalplasttak-opal-2048x2048.jpg 2048w, https:\/\/halle.se\/wp-content\/uploads\/2024\/04\/miljobild-4-thermo-svarta-profiler-med-kanalplasttak-opal-100x100.jpg 100w, https:\/\/halle.se\/wp-content\/uploads\/2024\/04\/miljobild-4-thermo-svarta-profiler-med-kanalplasttak-opal-384x384.jpg 384w, https:\/\/halle.se\/wp-content\/uploads\/2024\/04\/miljobild-4-thermo-svarta-profiler-med-kanalplasttak-opal-640x640.jpg 640w\" data-sizes=\"auto\" src=\"data:image\/svg+xml;base64,PHN2ZyB3aWR0aD0iMSIgaGVpZ2h0PSIxIiB4bWxucz0iaHR0cDovL3d3dy53My5vcmcvMjAwMC9zdmciPjwvc3ZnPg==\" data-original-sizes=\"(max-width: 400px) 100vw, 400px\" \/>                                  <div class=\"overlay fill\"\n                      style=\"background-color: rgba(255, 255, 255, 0.25)\">\n                  <\/div>\n                                                              <\/div>\n              <div class=\"box-text text-left is-xsmall dark\" >\n                 <p><\/p>\n              <\/div>\n            <\/div>\n            <\/a>          <\/div>\n         <\/div><div class=\"gallery-col col\" data-animate=\"fadeInDown\">\n          <div class=\"col-inner\">\n            <a class=\"image-lightbox lightbox-gallery\" href=\"https:\/\/halle.se\/wp-content\/uploads\/2024\/04\/halle-kanalplasttak-opal-miljobild-2-2048x2048.jpg\" title=\"\">            <div class=\"box has-hover gallery-box box-default\">\n              <div class=\"box-image image-overlay-add image-cover\" style=\"padding-top:75%;\">\n                <img decoding=\"async\" width=\"400\" height=\"400\" data-src=\"https:\/\/halle.se\/wp-content\/uploads\/2024\/04\/halle-kanalplasttak-opal-miljobild-2-400x400.jpg\" class=\"attachment-medium size-medium lazyload\" alt=\"Ett ljust uterum med kanalplastak\" ids=\"227677,240358,227678,227680,227686,227682,227679,227681,221521,221524,221523,221522,178719,240309,221526,221525,221527,221528,234392,178736,178729,234452,240083,178730,178731,240311,178726,178727,178720,178718,178723,178738,240303,178737,178725,178740,178728,178704,240316,178724,178707,178732,178722,178733,240084,178741,178713,178710,178697,178746,178709,240082,240301,240302,240304,234393,240362,178695,178694,178703,178696,178693,178715,178742,178745,178743,240355,178744,178711,178712,240354,178716,178747,219122,219144,219734,234394,219123,219124,219127,219729,219140,219731,219141,219142,219143,219737,219738,219133,234190,219135,219136,234191,234192,240351,240353,240352,219147,240393,240153,240154,240152,240151,240155,240157,240158,219148,240267,240190,240194,240193,240192,240191,240265,240264,240255,219150,219152,219153,219156,219157,219159,234261,234262,234263,234264\" style=\"--smush-placeholder-width: 400px; --smush-placeholder-aspect-ratio: 400\/400;default\" lightbox_image_size=\"2048x2048\" columns=\"5\" animate=\"fadeInDown\" image_height=\"75%\" image_size=\"medium\" image_overlay=\"rgba(255, 255, 255, 0.25)\" image_hover=\"overlay-add\" text_size=\"xsmall\" text_color=\"dark\" data-srcset=\"https:\/\/halle.se\/wp-content\/uploads\/2024\/04\/halle-kanalplasttak-opal-miljobild-2-400x400.jpg 400w, https:\/\/halle.se\/wp-content\/uploads\/2024\/04\/halle-kanalplasttak-opal-miljobild-2-800x800.jpg 800w, https:\/\/halle.se\/wp-content\/uploads\/2024\/04\/halle-kanalplasttak-opal-miljobild-2-280x280.jpg 280w, https:\/\/halle.se\/wp-content\/uploads\/2024\/04\/halle-kanalplasttak-opal-miljobild-2-768x768.jpg 768w, https:\/\/halle.se\/wp-content\/uploads\/2024\/04\/halle-kanalplasttak-opal-miljobild-2-1536x1536.jpg 1536w, https:\/\/halle.se\/wp-content\/uploads\/2024\/04\/halle-kanalplasttak-opal-miljobild-2-2048x2048.jpg 2048w, https:\/\/halle.se\/wp-content\/uploads\/2024\/04\/halle-kanalplasttak-opal-miljobild-2-100x100.jpg 100w, https:\/\/halle.se\/wp-content\/uploads\/2024\/04\/halle-kanalplasttak-opal-miljobild-2-384x384.jpg 384w, https:\/\/halle.se\/wp-content\/uploads\/2024\/04\/halle-kanalplasttak-opal-miljobild-2-640x640.jpg 640w\" data-sizes=\"auto\" src=\"data:image\/svg+xml;base64,PHN2ZyB3aWR0aD0iMSIgaGVpZ2h0PSIxIiB4bWxucz0iaHR0cDovL3d3dy53My5vcmcvMjAwMC9zdmciPjwvc3ZnPg==\" data-original-sizes=\"(max-width: 400px) 100vw, 400px\" \/>                                  <div class=\"overlay fill\"\n                      style=\"background-color: rgba(255, 255, 255, 0.25)\">\n                  <\/div>\n                                                              <\/div>\n              <div class=\"box-text text-left is-xsmall dark\" >\n                 <p><\/p>\n              <\/div>\n            <\/div>\n            <\/a>          <\/div>\n         <\/div><div class=\"gallery-col col\" data-animate=\"fadeInDown\">\n          <div class=\"col-inner\">\n            <a class=\"image-lightbox lightbox-gallery\" href=\"https:\/\/halle.se\/wp-content\/uploads\/2024\/05\/kanalplast-rok-bronze-utekok-2048x2048.jpg\" title=\"\">            <div class=\"box has-hover gallery-box box-default\">\n              <div class=\"box-image image-overlay-add image-cover\" style=\"padding-top:75%;\">\n                <img decoding=\"async\" width=\"400\" height=\"400\" data-src=\"https:\/\/halle.se\/wp-content\/uploads\/2024\/05\/kanalplast-rok-bronze-utekok-400x400.jpg\" class=\"attachment-medium size-medium lazyload\" alt=\"kanalplast r\u00f6k bronze utek\u00f6k\" ids=\"227677,240358,227678,227680,227686,227682,227679,227681,221521,221524,221523,221522,178719,240309,221526,221525,221527,221528,234392,178736,178729,234452,240083,178730,178731,240311,178726,178727,178720,178718,178723,178738,240303,178737,178725,178740,178728,178704,240316,178724,178707,178732,178722,178733,240084,178741,178713,178710,178697,178746,178709,240082,240301,240302,240304,234393,240362,178695,178694,178703,178696,178693,178715,178742,178745,178743,240355,178744,178711,178712,240354,178716,178747,219122,219144,219734,234394,219123,219124,219127,219729,219140,219731,219141,219142,219143,219737,219738,219133,234190,219135,219136,234191,234192,240351,240353,240352,219147,240393,240153,240154,240152,240151,240155,240157,240158,219148,240267,240190,240194,240193,240192,240191,240265,240264,240255,219150,219152,219153,219156,219157,219159,234261,234262,234263,234264\" style=\"--smush-placeholder-width: 400px; --smush-placeholder-aspect-ratio: 400\/400;default\" lightbox_image_size=\"2048x2048\" columns=\"5\" animate=\"fadeInDown\" image_height=\"75%\" image_size=\"medium\" image_overlay=\"rgba(255, 255, 255, 0.25)\" image_hover=\"overlay-add\" text_size=\"xsmall\" text_color=\"dark\" data-srcset=\"https:\/\/halle.se\/wp-content\/uploads\/2024\/05\/kanalplast-rok-bronze-utekok-400x400.jpg 400w, https:\/\/halle.se\/wp-content\/uploads\/2024\/05\/kanalplast-rok-bronze-utekok-800x800.jpg 800w, https:\/\/halle.se\/wp-content\/uploads\/2024\/05\/kanalplast-rok-bronze-utekok-280x280.jpg 280w, https:\/\/halle.se\/wp-content\/uploads\/2024\/05\/kanalplast-rok-bronze-utekok-768x768.jpg 768w, https:\/\/halle.se\/wp-content\/uploads\/2024\/05\/kanalplast-rok-bronze-utekok-1536x1536.jpg 1536w, https:\/\/halle.se\/wp-content\/uploads\/2024\/05\/kanalplast-rok-bronze-utekok-2048x2048.jpg 2048w, https:\/\/halle.se\/wp-content\/uploads\/2024\/05\/kanalplast-rok-bronze-utekok-100x100.jpg 100w, https:\/\/halle.se\/wp-content\/uploads\/2024\/05\/kanalplast-rok-bronze-utekok-384x384.jpg 384w, https:\/\/halle.se\/wp-content\/uploads\/2024\/05\/kanalplast-rok-bronze-utekok-640x640.jpg 640w\" data-sizes=\"auto\" src=\"data:image\/svg+xml;base64,PHN2ZyB3aWR0aD0iMSIgaGVpZ2h0PSIxIiB4bWxucz0iaHR0cDovL3d3dy53My5vcmcvMjAwMC9zdmciPjwvc3ZnPg==\" data-original-sizes=\"(max-width: 400px) 100vw, 400px\" \/>                                  <div class=\"overlay fill\"\n                      style=\"background-color: rgba(255, 255, 255, 0.25)\">\n                  <\/div>\n                                                              <\/div>\n              <div class=\"box-text text-left is-xsmall dark\" >\n                 <p><\/p>\n              <\/div>\n            <\/div>\n            <\/a>          <\/div>\n         <\/div><div class=\"gallery-col col\" data-animate=\"fadeInDown\">\n          <div class=\"col-inner\">\n            <a class=\"image-lightbox lightbox-gallery\" href=\"https:\/\/halle.se\/wp-content\/uploads\/2024\/04\/Kanalplast-rok-bronze-2048x2048.jpg\" title=\"\">            <div class=\"box has-hover gallery-box box-default\">\n              <div class=\"box-image image-overlay-add image-cover\" style=\"padding-top:75%;\">\n                <img decoding=\"async\" width=\"400\" height=\"400\" data-src=\"https:\/\/halle.se\/wp-content\/uploads\/2024\/04\/Kanalplast-rok-bronze-400x400.jpg\" class=\"attachment-medium size-medium lazyload\" alt=\"Kanalplasttak i R\u00f6k kul\u00f6r\" ids=\"227677,240358,227678,227680,227686,227682,227679,227681,221521,221524,221523,221522,178719,240309,221526,221525,221527,221528,234392,178736,178729,234452,240083,178730,178731,240311,178726,178727,178720,178718,178723,178738,240303,178737,178725,178740,178728,178704,240316,178724,178707,178732,178722,178733,240084,178741,178713,178710,178697,178746,178709,240082,240301,240302,240304,234393,240362,178695,178694,178703,178696,178693,178715,178742,178745,178743,240355,178744,178711,178712,240354,178716,178747,219122,219144,219734,234394,219123,219124,219127,219729,219140,219731,219141,219142,219143,219737,219738,219133,234190,219135,219136,234191,234192,240351,240353,240352,219147,240393,240153,240154,240152,240151,240155,240157,240158,219148,240267,240190,240194,240193,240192,240191,240265,240264,240255,219150,219152,219153,219156,219157,219159,234261,234262,234263,234264\" style=\"--smush-placeholder-width: 400px; --smush-placeholder-aspect-ratio: 400\/400;default\" lightbox_image_size=\"2048x2048\" columns=\"5\" animate=\"fadeInDown\" image_height=\"75%\" image_size=\"medium\" image_overlay=\"rgba(255, 255, 255, 0.25)\" image_hover=\"overlay-add\" text_size=\"xsmall\" text_color=\"dark\" data-srcset=\"https:\/\/halle.se\/wp-content\/uploads\/2024\/04\/Kanalplast-rok-bronze-400x400.jpg 400w, https:\/\/halle.se\/wp-content\/uploads\/2024\/04\/Kanalplast-rok-bronze-800x800.jpg 800w, https:\/\/halle.se\/wp-content\/uploads\/2024\/04\/Kanalplast-rok-bronze-280x280.jpg 280w, https:\/\/halle.se\/wp-content\/uploads\/2024\/04\/Kanalplast-rok-bronze-768x768.jpg 768w, https:\/\/halle.se\/wp-content\/uploads\/2024\/04\/Kanalplast-rok-bronze-1536x1536.jpg 1536w, https:\/\/halle.se\/wp-content\/uploads\/2024\/04\/Kanalplast-rok-bronze-2048x2048.jpg 2048w, https:\/\/halle.se\/wp-content\/uploads\/2024\/04\/Kanalplast-rok-bronze-100x100.jpg 100w, https:\/\/halle.se\/wp-content\/uploads\/2024\/04\/Kanalplast-rok-bronze-384x384.jpg 384w, https:\/\/halle.se\/wp-content\/uploads\/2024\/04\/Kanalplast-rok-bronze-640x640.jpg 640w\" data-sizes=\"auto\" src=\"data:image\/svg+xml;base64,PHN2ZyB3aWR0aD0iMSIgaGVpZ2h0PSIxIiB4bWxucz0iaHR0cDovL3d3dy53My5vcmcvMjAwMC9zdmciPjwvc3ZnPg==\" data-original-sizes=\"(max-width: 400px) 100vw, 400px\" \/>                                  <div class=\"overlay fill\"\n                      style=\"background-color: rgba(255, 255, 255, 0.25)\">\n                  <\/div>\n                                                              <\/div>\n              <div class=\"box-text text-left is-xsmall dark\" >\n                 <p><\/p>\n              <\/div>\n            <\/div>\n            <\/a>          <\/div>\n         <\/div><div class=\"gallery-col col\" data-animate=\"fadeInDown\">\n          <div class=\"col-inner\">\n            <a class=\"image-lightbox lightbox-gallery\" href=\"https:\/\/halle.se\/wp-content\/uploads\/2024\/05\/halle-kanalplast-uterum-som-odlingshus-2048x2048.jpg\" title=\"\">            <div class=\"box has-hover gallery-box box-default\">\n              <div class=\"box-image image-overlay-add image-cover\" style=\"padding-top:75%;\">\n                <img decoding=\"async\" width=\"400\" height=\"400\" data-src=\"https:\/\/halle.se\/wp-content\/uploads\/2024\/05\/halle-kanalplast-uterum-som-odlingshus-400x400.jpg\" class=\"attachment-medium size-medium lazyload\" alt=\"halle kanalplast uterum som odlingshus\" ids=\"227677,240358,227678,227680,227686,227682,227679,227681,221521,221524,221523,221522,178719,240309,221526,221525,221527,221528,234392,178736,178729,234452,240083,178730,178731,240311,178726,178727,178720,178718,178723,178738,240303,178737,178725,178740,178728,178704,240316,178724,178707,178732,178722,178733,240084,178741,178713,178710,178697,178746,178709,240082,240301,240302,240304,234393,240362,178695,178694,178703,178696,178693,178715,178742,178745,178743,240355,178744,178711,178712,240354,178716,178747,219122,219144,219734,234394,219123,219124,219127,219729,219140,219731,219141,219142,219143,219737,219738,219133,234190,219135,219136,234191,234192,240351,240353,240352,219147,240393,240153,240154,240152,240151,240155,240157,240158,219148,240267,240190,240194,240193,240192,240191,240265,240264,240255,219150,219152,219153,219156,219157,219159,234261,234262,234263,234264\" style=\"--smush-placeholder-width: 400px; --smush-placeholder-aspect-ratio: 400\/400;default\" lightbox_image_size=\"2048x2048\" columns=\"5\" animate=\"fadeInDown\" image_height=\"75%\" image_size=\"medium\" image_overlay=\"rgba(255, 255, 255, 0.25)\" image_hover=\"overlay-add\" text_size=\"xsmall\" text_color=\"dark\" data-srcset=\"https:\/\/halle.se\/wp-content\/uploads\/2024\/05\/halle-kanalplast-uterum-som-odlingshus-400x400.jpg 400w, https:\/\/halle.se\/wp-content\/uploads\/2024\/05\/halle-kanalplast-uterum-som-odlingshus-800x800.jpg 800w, https:\/\/halle.se\/wp-content\/uploads\/2024\/05\/halle-kanalplast-uterum-som-odlingshus-280x280.jpg 280w, https:\/\/halle.se\/wp-content\/uploads\/2024\/05\/halle-kanalplast-uterum-som-odlingshus-768x768.jpg 768w, https:\/\/halle.se\/wp-content\/uploads\/2024\/05\/halle-kanalplast-uterum-som-odlingshus-1536x1536.jpg 1536w, https:\/\/halle.se\/wp-content\/uploads\/2024\/05\/halle-kanalplast-uterum-som-odlingshus-2048x2048.jpg 2048w, https:\/\/halle.se\/wp-content\/uploads\/2024\/05\/halle-kanalplast-uterum-som-odlingshus-100x100.jpg 100w, https:\/\/halle.se\/wp-content\/uploads\/2024\/05\/halle-kanalplast-uterum-som-odlingshus-384x384.jpg 384w, https:\/\/halle.se\/wp-content\/uploads\/2024\/05\/halle-kanalplast-uterum-som-odlingshus-640x640.jpg 640w\" data-sizes=\"auto\" src=\"data:image\/svg+xml;base64,PHN2ZyB3aWR0aD0iMSIgaGVpZ2h0PSIxIiB4bWxucz0iaHR0cDovL3d3dy53My5vcmcvMjAwMC9zdmciPjwvc3ZnPg==\" data-original-sizes=\"(max-width: 400px) 100vw, 400px\" \/>                                  <div class=\"overlay fill\"\n                      style=\"background-color: rgba(255, 255, 255, 0.25)\">\n                  <\/div>\n                                                              <\/div>\n              <div class=\"box-text text-left is-xsmall dark\" >\n                 <p><\/p>\n              <\/div>\n            <\/div>\n            <\/a>          <\/div>\n         <\/div><div class=\"gallery-col col\" data-animate=\"fadeInDown\">\n          <div class=\"col-inner\">\n            <a class=\"image-lightbox lightbox-gallery\" href=\"https:\/\/halle.se\/wp-content\/uploads\/2024\/04\/halle-kanalplast-klar-pool-miljobild-3-2048x2048.jpg\" title=\"\">            <div class=\"box has-hover gallery-box box-default\">\n              <div class=\"box-image image-overlay-add image-cover\" style=\"padding-top:75%;\">\n                <img decoding=\"async\" width=\"400\" height=\"400\" data-src=\"https:\/\/halle.se\/wp-content\/uploads\/2024\/04\/halle-kanalplast-klar-pool-miljobild-3-400x400.jpg\" class=\"attachment-medium size-medium lazyload\" alt=\"Kanalplasttak Klar\" ids=\"227677,240358,227678,227680,227686,227682,227679,227681,221521,221524,221523,221522,178719,240309,221526,221525,221527,221528,234392,178736,178729,234452,240083,178730,178731,240311,178726,178727,178720,178718,178723,178738,240303,178737,178725,178740,178728,178704,240316,178724,178707,178732,178722,178733,240084,178741,178713,178710,178697,178746,178709,240082,240301,240302,240304,234393,240362,178695,178694,178703,178696,178693,178715,178742,178745,178743,240355,178744,178711,178712,240354,178716,178747,219122,219144,219734,234394,219123,219124,219127,219729,219140,219731,219141,219142,219143,219737,219738,219133,234190,219135,219136,234191,234192,240351,240353,240352,219147,240393,240153,240154,240152,240151,240155,240157,240158,219148,240267,240190,240194,240193,240192,240191,240265,240264,240255,219150,219152,219153,219156,219157,219159,234261,234262,234263,234264\" style=\"--smush-placeholder-width: 400px; --smush-placeholder-aspect-ratio: 400\/400;default\" lightbox_image_size=\"2048x2048\" columns=\"5\" animate=\"fadeInDown\" image_height=\"75%\" image_size=\"medium\" image_overlay=\"rgba(255, 255, 255, 0.25)\" image_hover=\"overlay-add\" text_size=\"xsmall\" text_color=\"dark\" data-srcset=\"https:\/\/halle.se\/wp-content\/uploads\/2024\/04\/halle-kanalplast-klar-pool-miljobild-3-400x400.jpg 400w, https:\/\/halle.se\/wp-content\/uploads\/2024\/04\/halle-kanalplast-klar-pool-miljobild-3-800x800.jpg 800w, https:\/\/halle.se\/wp-content\/uploads\/2024\/04\/halle-kanalplast-klar-pool-miljobild-3-280x280.jpg 280w, https:\/\/halle.se\/wp-content\/uploads\/2024\/04\/halle-kanalplast-klar-pool-miljobild-3-768x768.jpg 768w, https:\/\/halle.se\/wp-content\/uploads\/2024\/04\/halle-kanalplast-klar-pool-miljobild-3-1536x1536.jpg 1536w, https:\/\/halle.se\/wp-content\/uploads\/2024\/04\/halle-kanalplast-klar-pool-miljobild-3-2048x2048.jpg 2048w, https:\/\/halle.se\/wp-content\/uploads\/2024\/04\/halle-kanalplast-klar-pool-miljobild-3-100x100.jpg 100w, https:\/\/halle.se\/wp-content\/uploads\/2024\/04\/halle-kanalplast-klar-pool-miljobild-3-384x384.jpg 384w, https:\/\/halle.se\/wp-content\/uploads\/2024\/04\/halle-kanalplast-klar-pool-miljobild-3-640x640.jpg 640w\" data-sizes=\"auto\" src=\"data:image\/svg+xml;base64,PHN2ZyB3aWR0aD0iMSIgaGVpZ2h0PSIxIiB4bWxucz0iaHR0cDovL3d3dy53My5vcmcvMjAwMC9zdmciPjwvc3ZnPg==\" data-original-sizes=\"(max-width: 400px) 100vw, 400px\" \/>                                  <div class=\"overlay fill\"\n                      style=\"background-color: rgba(255, 255, 255, 0.25)\">\n                  <\/div>\n                                                              <\/div>\n              <div class=\"box-text text-left is-xsmall dark\" >\n                 <p><\/p>\n              <\/div>\n            <\/div>\n            <\/a>          <\/div>\n         <\/div><div class=\"gallery-col col\" data-animate=\"fadeInDown\">\n          <div class=\"col-inner\">\n            <a class=\"image-lightbox lightbox-gallery\" href=\"https:\/\/halle.se\/wp-content\/uploads\/2024\/04\/halle-kanalplast-opal-pool-miljobild-4-2048x2048.jpg\" title=\"\">            <div class=\"box has-hover gallery-box box-default\">\n              <div class=\"box-image image-overlay-add image-cover\" style=\"padding-top:75%;\">\n                <img decoding=\"async\" width=\"400\" height=\"400\" data-src=\"https:\/\/halle.se\/wp-content\/uploads\/2024\/04\/halle-kanalplast-opal-pool-miljobild-4-400x400.jpg\" class=\"attachment-medium size-medium lazyload\" alt=\"Kanalplasttak Opal\" ids=\"227677,240358,227678,227680,227686,227682,227679,227681,221521,221524,221523,221522,178719,240309,221526,221525,221527,221528,234392,178736,178729,234452,240083,178730,178731,240311,178726,178727,178720,178718,178723,178738,240303,178737,178725,178740,178728,178704,240316,178724,178707,178732,178722,178733,240084,178741,178713,178710,178697,178746,178709,240082,240301,240302,240304,234393,240362,178695,178694,178703,178696,178693,178715,178742,178745,178743,240355,178744,178711,178712,240354,178716,178747,219122,219144,219734,234394,219123,219124,219127,219729,219140,219731,219141,219142,219143,219737,219738,219133,234190,219135,219136,234191,234192,240351,240353,240352,219147,240393,240153,240154,240152,240151,240155,240157,240158,219148,240267,240190,240194,240193,240192,240191,240265,240264,240255,219150,219152,219153,219156,219157,219159,234261,234262,234263,234264\" style=\"--smush-placeholder-width: 400px; --smush-placeholder-aspect-ratio: 400\/400;default\" lightbox_image_size=\"2048x2048\" columns=\"5\" animate=\"fadeInDown\" image_height=\"75%\" image_size=\"medium\" image_overlay=\"rgba(255, 255, 255, 0.25)\" image_hover=\"overlay-add\" text_size=\"xsmall\" text_color=\"dark\" data-srcset=\"https:\/\/halle.se\/wp-content\/uploads\/2024\/04\/halle-kanalplast-opal-pool-miljobild-4-400x400.jpg 400w, https:\/\/halle.se\/wp-content\/uploads\/2024\/04\/halle-kanalplast-opal-pool-miljobild-4-800x800.jpg 800w, https:\/\/halle.se\/wp-content\/uploads\/2024\/04\/halle-kanalplast-opal-pool-miljobild-4-280x280.jpg 280w, https:\/\/halle.se\/wp-content\/uploads\/2024\/04\/halle-kanalplast-opal-pool-miljobild-4-768x768.jpg 768w, https:\/\/halle.se\/wp-content\/uploads\/2024\/04\/halle-kanalplast-opal-pool-miljobild-4-1536x1536.jpg 1536w, https:\/\/halle.se\/wp-content\/uploads\/2024\/04\/halle-kanalplast-opal-pool-miljobild-4-2048x2048.jpg 2048w, https:\/\/halle.se\/wp-content\/uploads\/2024\/04\/halle-kanalplast-opal-pool-miljobild-4-100x100.jpg 100w, https:\/\/halle.se\/wp-content\/uploads\/2024\/04\/halle-kanalplast-opal-pool-miljobild-4-384x384.jpg 384w, https:\/\/halle.se\/wp-content\/uploads\/2024\/04\/halle-kanalplast-opal-pool-miljobild-4-640x640.jpg 640w\" data-sizes=\"auto\" src=\"data:image\/svg+xml;base64,PHN2ZyB3aWR0aD0iMSIgaGVpZ2h0PSIxIiB4bWxucz0iaHR0cDovL3d3dy53My5vcmcvMjAwMC9zdmciPjwvc3ZnPg==\" data-original-sizes=\"(max-width: 400px) 100vw, 400px\" \/>                                  <div class=\"overlay fill\"\n                      style=\"background-color: rgba(255, 255, 255, 0.25)\">\n                  <\/div>\n                                                              <\/div>\n              <div class=\"box-text text-left is-xsmall dark\" >\n                 <p><\/p>\n              <\/div>\n            <\/div>\n            <\/a>          <\/div>\n         <\/div><div class=\"gallery-col col\" data-animate=\"fadeInDown\">\n          <div class=\"col-inner\">\n            <a class=\"image-lightbox lightbox-gallery\" href=\"https:\/\/halle.se\/wp-content\/uploads\/2024\/04\/halle-kanalplast-rok-pool-miljobild-5-2048x2048.jpg\" title=\"\">            <div class=\"box has-hover gallery-box box-default\">\n              <div class=\"box-image image-overlay-add image-cover\" style=\"padding-top:75%;\">\n                <img decoding=\"async\" width=\"400\" height=\"400\" data-src=\"https:\/\/halle.se\/wp-content\/uploads\/2024\/04\/halle-kanalplast-rok-pool-miljobild-5-400x400.jpg\" class=\"attachment-medium size-medium lazyload\" alt=\"Kanalplasttak R\u00f6k\" ids=\"227677,240358,227678,227680,227686,227682,227679,227681,221521,221524,221523,221522,178719,240309,221526,221525,221527,221528,234392,178736,178729,234452,240083,178730,178731,240311,178726,178727,178720,178718,178723,178738,240303,178737,178725,178740,178728,178704,240316,178724,178707,178732,178722,178733,240084,178741,178713,178710,178697,178746,178709,240082,240301,240302,240304,234393,240362,178695,178694,178703,178696,178693,178715,178742,178745,178743,240355,178744,178711,178712,240354,178716,178747,219122,219144,219734,234394,219123,219124,219127,219729,219140,219731,219141,219142,219143,219737,219738,219133,234190,219135,219136,234191,234192,240351,240353,240352,219147,240393,240153,240154,240152,240151,240155,240157,240158,219148,240267,240190,240194,240193,240192,240191,240265,240264,240255,219150,219152,219153,219156,219157,219159,234261,234262,234263,234264\" style=\"--smush-placeholder-width: 400px; --smush-placeholder-aspect-ratio: 400\/400;default\" lightbox_image_size=\"2048x2048\" columns=\"5\" animate=\"fadeInDown\" image_height=\"75%\" image_size=\"medium\" image_overlay=\"rgba(255, 255, 255, 0.25)\" image_hover=\"overlay-add\" text_size=\"xsmall\" text_color=\"dark\" data-srcset=\"https:\/\/halle.se\/wp-content\/uploads\/2024\/04\/halle-kanalplast-rok-pool-miljobild-5-400x400.jpg 400w, https:\/\/halle.se\/wp-content\/uploads\/2024\/04\/halle-kanalplast-rok-pool-miljobild-5-800x800.jpg 800w, https:\/\/halle.se\/wp-content\/uploads\/2024\/04\/halle-kanalplast-rok-pool-miljobild-5-280x280.jpg 280w, https:\/\/halle.se\/wp-content\/uploads\/2024\/04\/halle-kanalplast-rok-pool-miljobild-5-768x768.jpg 768w, https:\/\/halle.se\/wp-content\/uploads\/2024\/04\/halle-kanalplast-rok-pool-miljobild-5-1536x1536.jpg 1536w, https:\/\/halle.se\/wp-content\/uploads\/2024\/04\/halle-kanalplast-rok-pool-miljobild-5-2048x2048.jpg 2048w, https:\/\/halle.se\/wp-content\/uploads\/2024\/04\/halle-kanalplast-rok-pool-miljobild-5-100x100.jpg 100w, https:\/\/halle.se\/wp-content\/uploads\/2024\/04\/halle-kanalplast-rok-pool-miljobild-5-384x384.jpg 384w, https:\/\/halle.se\/wp-content\/uploads\/2024\/04\/halle-kanalplast-rok-pool-miljobild-5-640x640.jpg 640w\" data-sizes=\"auto\" src=\"data:image\/svg+xml;base64,PHN2ZyB3aWR0aD0iMSIgaGVpZ2h0PSIxIiB4bWxucz0iaHR0cDovL3d3dy53My5vcmcvMjAwMC9zdmciPjwvc3ZnPg==\" data-original-sizes=\"(max-width: 400px) 100vw, 400px\" \/>                                  <div class=\"overlay fill\"\n                      style=\"background-color: rgba(255, 255, 255, 0.25)\">\n                  <\/div>\n                                                              <\/div>\n              <div class=\"box-text text-left is-xsmall dark\" >\n                 <p><\/p>\n              <\/div>\n            <\/div>\n            <\/a>          <\/div>\n         <\/div><div class=\"gallery-col col\" data-animate=\"fadeInDown\">\n          <div class=\"col-inner\">\n            <a class=\"image-lightbox lightbox-gallery\" href=\"https:\/\/halle.se\/wp-content\/uploads\/2024\/05\/uterum-med-kanalplast-opal-och-vitt-uterumsparti-2048x2048.jpg\" title=\"\">            <div class=\"box has-hover gallery-box box-default\">\n              <div class=\"box-image image-overlay-add image-cover\" style=\"padding-top:75%;\">\n                <img decoding=\"async\" width=\"400\" height=\"400\" data-src=\"https:\/\/halle.se\/wp-content\/uploads\/2024\/05\/uterum-med-kanalplast-opal-och-vitt-uterumsparti-400x400.jpg\" class=\"attachment-medium size-medium lazyload\" alt=\"uterum med kanalplast opal och vitt uterumsparti\" ids=\"227677,240358,227678,227680,227686,227682,227679,227681,221521,221524,221523,221522,178719,240309,221526,221525,221527,221528,234392,178736,178729,234452,240083,178730,178731,240311,178726,178727,178720,178718,178723,178738,240303,178737,178725,178740,178728,178704,240316,178724,178707,178732,178722,178733,240084,178741,178713,178710,178697,178746,178709,240082,240301,240302,240304,234393,240362,178695,178694,178703,178696,178693,178715,178742,178745,178743,240355,178744,178711,178712,240354,178716,178747,219122,219144,219734,234394,219123,219124,219127,219729,219140,219731,219141,219142,219143,219737,219738,219133,234190,219135,219136,234191,234192,240351,240353,240352,219147,240393,240153,240154,240152,240151,240155,240157,240158,219148,240267,240190,240194,240193,240192,240191,240265,240264,240255,219150,219152,219153,219156,219157,219159,234261,234262,234263,234264\" style=\"--smush-placeholder-width: 400px; --smush-placeholder-aspect-ratio: 400\/400;default\" lightbox_image_size=\"2048x2048\" columns=\"5\" animate=\"fadeInDown\" image_height=\"75%\" image_size=\"medium\" image_overlay=\"rgba(255, 255, 255, 0.25)\" image_hover=\"overlay-add\" text_size=\"xsmall\" text_color=\"dark\" data-srcset=\"https:\/\/halle.se\/wp-content\/uploads\/2024\/05\/uterum-med-kanalplast-opal-och-vitt-uterumsparti-400x400.jpg 400w, https:\/\/halle.se\/wp-content\/uploads\/2024\/05\/uterum-med-kanalplast-opal-och-vitt-uterumsparti-800x800.jpg 800w, https:\/\/halle.se\/wp-content\/uploads\/2024\/05\/uterum-med-kanalplast-opal-och-vitt-uterumsparti-280x280.jpg 280w, https:\/\/halle.se\/wp-content\/uploads\/2024\/05\/uterum-med-kanalplast-opal-och-vitt-uterumsparti-768x768.jpg 768w, https:\/\/halle.se\/wp-content\/uploads\/2024\/05\/uterum-med-kanalplast-opal-och-vitt-uterumsparti-1536x1536.jpg 1536w, https:\/\/halle.se\/wp-content\/uploads\/2024\/05\/uterum-med-kanalplast-opal-och-vitt-uterumsparti-2048x2048.jpg 2048w, https:\/\/halle.se\/wp-content\/uploads\/2024\/05\/uterum-med-kanalplast-opal-och-vitt-uterumsparti-100x100.jpg 100w, https:\/\/halle.se\/wp-content\/uploads\/2024\/05\/uterum-med-kanalplast-opal-och-vitt-uterumsparti-384x384.jpg 384w, https:\/\/halle.se\/wp-content\/uploads\/2024\/05\/uterum-med-kanalplast-opal-och-vitt-uterumsparti-640x640.jpg 640w\" data-sizes=\"auto\" src=\"data:image\/svg+xml;base64,PHN2ZyB3aWR0aD0iMSIgaGVpZ2h0PSIxIiB4bWxucz0iaHR0cDovL3d3dy53My5vcmcvMjAwMC9zdmciPjwvc3ZnPg==\" data-original-sizes=\"(max-width: 400px) 100vw, 400px\" \/>                                  <div class=\"overlay fill\"\n                      style=\"background-color: rgba(255, 255, 255, 0.25)\">\n                  <\/div>\n                                                              <\/div>\n              <div class=\"box-text text-left is-xsmall dark\" >\n                 <p><\/p>\n              <\/div>\n            <\/div>\n            <\/a>          <\/div>\n         <\/div><div class=\"gallery-col col\" data-animate=\"fadeInDown\">\n          <div class=\"col-inner\">\n            <a class=\"image-lightbox lightbox-gallery\" href=\"https:\/\/halle.se\/wp-content\/uploads\/2024\/05\/kanalplast-detalj-montering-2048x2048.jpg\" title=\"\">            <div class=\"box has-hover gallery-box box-default\">\n              <div class=\"box-image image-overlay-add image-cover\" style=\"padding-top:75%;\">\n                <img decoding=\"async\" width=\"400\" height=\"400\" data-src=\"https:\/\/halle.se\/wp-content\/uploads\/2024\/05\/kanalplast-detalj-montering-400x400.jpg\" class=\"attachment-medium size-medium lazyload\" alt=\"kanalplast detalj montering\" ids=\"227677,240358,227678,227680,227686,227682,227679,227681,221521,221524,221523,221522,178719,240309,221526,221525,221527,221528,234392,178736,178729,234452,240083,178730,178731,240311,178726,178727,178720,178718,178723,178738,240303,178737,178725,178740,178728,178704,240316,178724,178707,178732,178722,178733,240084,178741,178713,178710,178697,178746,178709,240082,240301,240302,240304,234393,240362,178695,178694,178703,178696,178693,178715,178742,178745,178743,240355,178744,178711,178712,240354,178716,178747,219122,219144,219734,234394,219123,219124,219127,219729,219140,219731,219141,219142,219143,219737,219738,219133,234190,219135,219136,234191,234192,240351,240353,240352,219147,240393,240153,240154,240152,240151,240155,240157,240158,219148,240267,240190,240194,240193,240192,240191,240265,240264,240255,219150,219152,219153,219156,219157,219159,234261,234262,234263,234264\" style=\"--smush-placeholder-width: 400px; --smush-placeholder-aspect-ratio: 400\/400;default\" lightbox_image_size=\"2048x2048\" columns=\"5\" animate=\"fadeInDown\" image_height=\"75%\" image_size=\"medium\" image_overlay=\"rgba(255, 255, 255, 0.25)\" image_hover=\"overlay-add\" text_size=\"xsmall\" text_color=\"dark\" data-srcset=\"https:\/\/halle.se\/wp-content\/uploads\/2024\/05\/kanalplast-detalj-montering-400x400.jpg 400w, https:\/\/halle.se\/wp-content\/uploads\/2024\/05\/kanalplast-detalj-montering-800x800.jpg 800w, https:\/\/halle.se\/wp-content\/uploads\/2024\/05\/kanalplast-detalj-montering-280x280.jpg 280w, https:\/\/halle.se\/wp-content\/uploads\/2024\/05\/kanalplast-detalj-montering-768x768.jpg 768w, https:\/\/halle.se\/wp-content\/uploads\/2024\/05\/kanalplast-detalj-montering-1536x1536.jpg 1536w, https:\/\/halle.se\/wp-content\/uploads\/2024\/05\/kanalplast-detalj-montering-2048x2048.jpg 2048w, https:\/\/halle.se\/wp-content\/uploads\/2024\/05\/kanalplast-detalj-montering-100x100.jpg 100w, https:\/\/halle.se\/wp-content\/uploads\/2024\/05\/kanalplast-detalj-montering-384x384.jpg 384w, https:\/\/halle.se\/wp-content\/uploads\/2024\/05\/kanalplast-detalj-montering-640x640.jpg 640w\" data-sizes=\"auto\" src=\"data:image\/svg+xml;base64,PHN2ZyB3aWR0aD0iMSIgaGVpZ2h0PSIxIiB4bWxucz0iaHR0cDovL3d3dy53My5vcmcvMjAwMC9zdmciPjwvc3ZnPg==\" data-original-sizes=\"(max-width: 400px) 100vw, 400px\" \/>                                  <div class=\"overlay fill\"\n                      style=\"background-color: rgba(255, 255, 255, 0.25)\">\n                  <\/div>\n                                                              <\/div>\n              <div class=\"box-text text-left is-xsmall dark\" >\n                 <p><\/p>\n              <\/div>\n            <\/div>\n            <\/a>          <\/div>\n         <\/div><div class=\"gallery-col col\" data-animate=\"fadeInDown\">\n          <div class=\"col-inner\">\n            <a class=\"image-lightbox lightbox-gallery\" href=\"https:\/\/halle.se\/wp-content\/uploads\/2024\/04\/halle-pc-tak-textruta-2048x2048.jpg\" title=\"\">            <div class=\"box has-hover gallery-box box-default\">\n              <div class=\"box-image image-overlay-add image-cover\" style=\"padding-top:75%;\">\n                <img decoding=\"async\" width=\"400\" height=\"400\" data-src=\"https:\/\/halle.se\/wp-content\/uploads\/2024\/04\/halle-pc-tak-textruta-400x400.jpg\" class=\"attachment-medium size-medium lazyload\" alt=\"halle polykarbonattak\" ids=\"227677,240358,227678,227680,227686,227682,227679,227681,221521,221524,221523,221522,178719,240309,221526,221525,221527,221528,234392,178736,178729,234452,240083,178730,178731,240311,178726,178727,178720,178718,178723,178738,240303,178737,178725,178740,178728,178704,240316,178724,178707,178732,178722,178733,240084,178741,178713,178710,178697,178746,178709,240082,240301,240302,240304,234393,240362,178695,178694,178703,178696,178693,178715,178742,178745,178743,240355,178744,178711,178712,240354,178716,178747,219122,219144,219734,234394,219123,219124,219127,219729,219140,219731,219141,219142,219143,219737,219738,219133,234190,219135,219136,234191,234192,240351,240353,240352,219147,240393,240153,240154,240152,240151,240155,240157,240158,219148,240267,240190,240194,240193,240192,240191,240265,240264,240255,219150,219152,219153,219156,219157,219159,234261,234262,234263,234264\" style=\"--smush-placeholder-width: 400px; --smush-placeholder-aspect-ratio: 400\/400;default\" lightbox_image_size=\"2048x2048\" columns=\"5\" animate=\"fadeInDown\" image_height=\"75%\" image_size=\"medium\" image_overlay=\"rgba(255, 255, 255, 0.25)\" image_hover=\"overlay-add\" text_size=\"xsmall\" text_color=\"dark\" data-srcset=\"https:\/\/halle.se\/wp-content\/uploads\/2024\/04\/halle-pc-tak-textruta-400x400.jpg 400w, https:\/\/halle.se\/wp-content\/uploads\/2024\/04\/halle-pc-tak-textruta-800x800.jpg 800w, https:\/\/halle.se\/wp-content\/uploads\/2024\/04\/halle-pc-tak-textruta-280x280.jpg 280w, https:\/\/halle.se\/wp-content\/uploads\/2024\/04\/halle-pc-tak-textruta-768x768.jpg 768w, https:\/\/halle.se\/wp-content\/uploads\/2024\/04\/halle-pc-tak-textruta-1536x1536.jpg 1536w, https:\/\/halle.se\/wp-content\/uploads\/2024\/04\/halle-pc-tak-textruta-2048x2048.jpg 2048w, https:\/\/halle.se\/wp-content\/uploads\/2024\/04\/halle-pc-tak-textruta-100x100.jpg 100w, https:\/\/halle.se\/wp-content\/uploads\/2024\/04\/halle-pc-tak-textruta-384x384.jpg 384w, https:\/\/halle.se\/wp-content\/uploads\/2024\/04\/halle-pc-tak-textruta-640x640.jpg 640w\" data-sizes=\"auto\" src=\"data:image\/svg+xml;base64,PHN2ZyB3aWR0aD0iMSIgaGVpZ2h0PSIxIiB4bWxucz0iaHR0cDovL3d3dy53My5vcmcvMjAwMC9zdmciPjwvc3ZnPg==\" data-original-sizes=\"(max-width: 400px) 100vw, 400px\" \/>                                  <div class=\"overlay fill\"\n                      style=\"background-color: rgba(255, 255, 255, 0.25)\">\n                  <\/div>\n                                                              <\/div>\n              <div class=\"box-text text-left is-xsmall dark\" >\n                 <p><\/p>\n              <\/div>\n            <\/div>\n            <\/a>          <\/div>\n         <\/div><div class=\"gallery-col col\" data-animate=\"fadeInDown\">\n          <div class=\"col-inner\">\n            <a class=\"image-lightbox lightbox-gallery\" href=\"https:\/\/halle.se\/wp-content\/uploads\/2026\/02\/pc-tak-uterum-i-vacker-tradgard-2048x2048.jpg\" title=\"\">            <div class=\"box has-hover gallery-box box-default\">\n              <div class=\"box-image image-overlay-add image-cover\" style=\"padding-top:75%;\">\n                <img decoding=\"async\" width=\"400\" height=\"400\" data-src=\"https:\/\/halle.se\/wp-content\/uploads\/2026\/02\/pc-tak-uterum-i-vacker-tradgard-400x400.jpg\" class=\"attachment-medium size-medium lazyload\" alt=\"\" ids=\"227677,240358,227678,227680,227686,227682,227679,227681,221521,221524,221523,221522,178719,240309,221526,221525,221527,221528,234392,178736,178729,234452,240083,178730,178731,240311,178726,178727,178720,178718,178723,178738,240303,178737,178725,178740,178728,178704,240316,178724,178707,178732,178722,178733,240084,178741,178713,178710,178697,178746,178709,240082,240301,240302,240304,234393,240362,178695,178694,178703,178696,178693,178715,178742,178745,178743,240355,178744,178711,178712,240354,178716,178747,219122,219144,219734,234394,219123,219124,219127,219729,219140,219731,219141,219142,219143,219737,219738,219133,234190,219135,219136,234191,234192,240351,240353,240352,219147,240393,240153,240154,240152,240151,240155,240157,240158,219148,240267,240190,240194,240193,240192,240191,240265,240264,240255,219150,219152,219153,219156,219157,219159,234261,234262,234263,234264\" style=\"--smush-placeholder-width: 400px; --smush-placeholder-aspect-ratio: 400\/400;default\" lightbox_image_size=\"2048x2048\" columns=\"5\" animate=\"fadeInDown\" image_height=\"75%\" image_size=\"medium\" image_overlay=\"rgba(255, 255, 255, 0.25)\" image_hover=\"overlay-add\" text_size=\"xsmall\" text_color=\"dark\" data-srcset=\"https:\/\/halle.se\/wp-content\/uploads\/2026\/02\/pc-tak-uterum-i-vacker-tradgard-400x400.jpg 400w, https:\/\/halle.se\/wp-content\/uploads\/2026\/02\/pc-tak-uterum-i-vacker-tradgard-800x800.jpg 800w, https:\/\/halle.se\/wp-content\/uploads\/2026\/02\/pc-tak-uterum-i-vacker-tradgard-280x280.jpg 280w, https:\/\/halle.se\/wp-content\/uploads\/2026\/02\/pc-tak-uterum-i-vacker-tradgard-768x768.jpg 768w, https:\/\/halle.se\/wp-content\/uploads\/2026\/02\/pc-tak-uterum-i-vacker-tradgard-1536x1536.jpg 1536w, https:\/\/halle.se\/wp-content\/uploads\/2026\/02\/pc-tak-uterum-i-vacker-tradgard-2048x2048.jpg 2048w, https:\/\/halle.se\/wp-content\/uploads\/2026\/02\/pc-tak-uterum-i-vacker-tradgard-100x100.jpg 100w, https:\/\/halle.se\/wp-content\/uploads\/2026\/02\/pc-tak-uterum-i-vacker-tradgard-384x384.jpg 384w, https:\/\/halle.se\/wp-content\/uploads\/2026\/02\/pc-tak-uterum-i-vacker-tradgard-640x640.jpg 640w\" data-sizes=\"auto\" src=\"data:image\/svg+xml;base64,PHN2ZyB3aWR0aD0iMSIgaGVpZ2h0PSIxIiB4bWxucz0iaHR0cDovL3d3dy53My5vcmcvMjAwMC9zdmciPjwvc3ZnPg==\" data-original-sizes=\"(max-width: 400px) 100vw, 400px\" \/>                                  <div class=\"overlay fill\"\n                      style=\"background-color: rgba(255, 255, 255, 0.25)\">\n                  <\/div>\n                                                              <\/div>\n              <div class=\"box-text text-left is-xsmall dark\" >\n                 <p><\/p>\n              <\/div>\n            <\/div>\n            <\/a>          <\/div>\n         <\/div><div class=\"gallery-col col\" data-animate=\"fadeInDown\">\n          <div class=\"col-inner\">\n            <a class=\"image-lightbox lightbox-gallery\" href=\"https:\/\/halle.se\/wp-content\/uploads\/2024\/04\/pc-tak-polycarbonat-gron-tradgard-miljobild-1-2048x2048.jpg\" title=\"\">            <div class=\"box has-hover gallery-box box-default\">\n              <div class=\"box-image image-overlay-add image-cover\" style=\"padding-top:75%;\">\n                <img decoding=\"async\" width=\"400\" height=\"400\" data-src=\"https:\/\/halle.se\/wp-content\/uploads\/2024\/04\/pc-tak-polycarbonat-gron-tradgard-miljobild-1-400x400.jpg\" class=\"attachment-medium size-medium lazyload\" alt=\"Tak till uterummet heter PC-Tak och \u00e4r ett plasttak\" ids=\"227677,240358,227678,227680,227686,227682,227679,227681,221521,221524,221523,221522,178719,240309,221526,221525,221527,221528,234392,178736,178729,234452,240083,178730,178731,240311,178726,178727,178720,178718,178723,178738,240303,178737,178725,178740,178728,178704,240316,178724,178707,178732,178722,178733,240084,178741,178713,178710,178697,178746,178709,240082,240301,240302,240304,234393,240362,178695,178694,178703,178696,178693,178715,178742,178745,178743,240355,178744,178711,178712,240354,178716,178747,219122,219144,219734,234394,219123,219124,219127,219729,219140,219731,219141,219142,219143,219737,219738,219133,234190,219135,219136,234191,234192,240351,240353,240352,219147,240393,240153,240154,240152,240151,240155,240157,240158,219148,240267,240190,240194,240193,240192,240191,240265,240264,240255,219150,219152,219153,219156,219157,219159,234261,234262,234263,234264\" style=\"--smush-placeholder-width: 400px; --smush-placeholder-aspect-ratio: 400\/400;default\" lightbox_image_size=\"2048x2048\" columns=\"5\" animate=\"fadeInDown\" image_height=\"75%\" image_size=\"medium\" image_overlay=\"rgba(255, 255, 255, 0.25)\" image_hover=\"overlay-add\" text_size=\"xsmall\" text_color=\"dark\" data-srcset=\"https:\/\/halle.se\/wp-content\/uploads\/2024\/04\/pc-tak-polycarbonat-gron-tradgard-miljobild-1-400x400.jpg 400w, https:\/\/halle.se\/wp-content\/uploads\/2024\/04\/pc-tak-polycarbonat-gron-tradgard-miljobild-1-800x800.jpg 800w, https:\/\/halle.se\/wp-content\/uploads\/2024\/04\/pc-tak-polycarbonat-gron-tradgard-miljobild-1-280x280.jpg 280w, https:\/\/halle.se\/wp-content\/uploads\/2024\/04\/pc-tak-polycarbonat-gron-tradgard-miljobild-1-768x768.jpg 768w, https:\/\/halle.se\/wp-content\/uploads\/2024\/04\/pc-tak-polycarbonat-gron-tradgard-miljobild-1-1536x1536.jpg 1536w, https:\/\/halle.se\/wp-content\/uploads\/2024\/04\/pc-tak-polycarbonat-gron-tradgard-miljobild-1-2048x2048.jpg 2048w, https:\/\/halle.se\/wp-content\/uploads\/2024\/04\/pc-tak-polycarbonat-gron-tradgard-miljobild-1-100x100.jpg 100w, https:\/\/halle.se\/wp-content\/uploads\/2024\/04\/pc-tak-polycarbonat-gron-tradgard-miljobild-1-384x384.jpg 384w, https:\/\/halle.se\/wp-content\/uploads\/2024\/04\/pc-tak-polycarbonat-gron-tradgard-miljobild-1-640x640.jpg 640w\" data-sizes=\"auto\" src=\"data:image\/svg+xml;base64,PHN2ZyB3aWR0aD0iMSIgaGVpZ2h0PSIxIiB4bWxucz0iaHR0cDovL3d3dy53My5vcmcvMjAwMC9zdmciPjwvc3ZnPg==\" data-original-sizes=\"(max-width: 400px) 100vw, 400px\" \/>                                  <div class=\"overlay fill\"\n                      style=\"background-color: rgba(255, 255, 255, 0.25)\">\n                  <\/div>\n                                                              <\/div>\n              <div class=\"box-text text-left is-xsmall dark\" >\n                 <p><\/p>\n              <\/div>\n            <\/div>\n            <\/a>          <\/div>\n         <\/div><div class=\"gallery-col col\" data-animate=\"fadeInDown\">\n          <div class=\"col-inner\">\n            <a class=\"image-lightbox lightbox-gallery\" href=\"https:\/\/halle.se\/wp-content\/uploads\/2024\/04\/pc-tak-polykarbonat-miljobild-2-2048x2048.jpg\" title=\"\">            <div class=\"box has-hover gallery-box box-default\">\n              <div class=\"box-image image-overlay-add image-cover\" style=\"padding-top:75%;\">\n                <img decoding=\"async\" width=\"400\" height=\"400\" data-src=\"https:\/\/halle.se\/wp-content\/uploads\/2024\/04\/pc-tak-polykarbonat-miljobild-2-400x400.jpg\" class=\"attachment-medium size-medium lazyload\" alt=\"Ett polykarbonattak till uterummet \u00e4r enn klart plasttak\" ids=\"227677,240358,227678,227680,227686,227682,227679,227681,221521,221524,221523,221522,178719,240309,221526,221525,221527,221528,234392,178736,178729,234452,240083,178730,178731,240311,178726,178727,178720,178718,178723,178738,240303,178737,178725,178740,178728,178704,240316,178724,178707,178732,178722,178733,240084,178741,178713,178710,178697,178746,178709,240082,240301,240302,240304,234393,240362,178695,178694,178703,178696,178693,178715,178742,178745,178743,240355,178744,178711,178712,240354,178716,178747,219122,219144,219734,234394,219123,219124,219127,219729,219140,219731,219141,219142,219143,219737,219738,219133,234190,219135,219136,234191,234192,240351,240353,240352,219147,240393,240153,240154,240152,240151,240155,240157,240158,219148,240267,240190,240194,240193,240192,240191,240265,240264,240255,219150,219152,219153,219156,219157,219159,234261,234262,234263,234264\" style=\"--smush-placeholder-width: 400px; --smush-placeholder-aspect-ratio: 400\/400;default\" lightbox_image_size=\"2048x2048\" columns=\"5\" animate=\"fadeInDown\" image_height=\"75%\" image_size=\"medium\" image_overlay=\"rgba(255, 255, 255, 0.25)\" image_hover=\"overlay-add\" text_size=\"xsmall\" text_color=\"dark\" data-srcset=\"https:\/\/halle.se\/wp-content\/uploads\/2024\/04\/pc-tak-polykarbonat-miljobild-2-400x400.jpg 400w, https:\/\/halle.se\/wp-content\/uploads\/2024\/04\/pc-tak-polykarbonat-miljobild-2-800x800.jpg 800w, https:\/\/halle.se\/wp-content\/uploads\/2024\/04\/pc-tak-polykarbonat-miljobild-2-280x280.jpg 280w, https:\/\/halle.se\/wp-content\/uploads\/2024\/04\/pc-tak-polykarbonat-miljobild-2-768x768.jpg 768w, https:\/\/halle.se\/wp-content\/uploads\/2024\/04\/pc-tak-polykarbonat-miljobild-2-1536x1536.jpg 1536w, https:\/\/halle.se\/wp-content\/uploads\/2024\/04\/pc-tak-polykarbonat-miljobild-2-2048x2048.jpg 2048w, https:\/\/halle.se\/wp-content\/uploads\/2024\/04\/pc-tak-polykarbonat-miljobild-2-100x100.jpg 100w, https:\/\/halle.se\/wp-content\/uploads\/2024\/04\/pc-tak-polykarbonat-miljobild-2-384x384.jpg 384w, https:\/\/halle.se\/wp-content\/uploads\/2024\/04\/pc-tak-polykarbonat-miljobild-2-640x640.jpg 640w\" data-sizes=\"auto\" src=\"data:image\/svg+xml;base64,PHN2ZyB3aWR0aD0iMSIgaGVpZ2h0PSIxIiB4bWxucz0iaHR0cDovL3d3dy53My5vcmcvMjAwMC9zdmciPjwvc3ZnPg==\" data-original-sizes=\"(max-width: 400px) 100vw, 400px\" \/>                                  <div class=\"overlay fill\"\n                      style=\"background-color: rgba(255, 255, 255, 0.25)\">\n                  <\/div>\n                                                              <\/div>\n              <div class=\"box-text text-left is-xsmall dark\" >\n                 <p><\/p>\n              <\/div>\n            <\/div>\n            <\/a>          <\/div>\n         <\/div><div class=\"gallery-col col\" data-animate=\"fadeInDown\">\n          <div class=\"col-inner\">\n            <a class=\"image-lightbox lightbox-gallery\" href=\"https:\/\/halle.se\/wp-content\/uploads\/2026\/02\/Miljobild-PC-tak-med-svarta-profiler-2048x2048.jpg\" title=\"\">            <div class=\"box has-hover gallery-box box-default\">\n              <div class=\"box-image image-overlay-add image-cover\" style=\"padding-top:75%;\">\n                <img decoding=\"async\" width=\"400\" height=\"400\" data-src=\"https:\/\/halle.se\/wp-content\/uploads\/2026\/02\/Miljobild-PC-tak-med-svarta-profiler-400x400.jpg\" class=\"attachment-medium size-medium lazyload\" alt=\"\" ids=\"227677,240358,227678,227680,227686,227682,227679,227681,221521,221524,221523,221522,178719,240309,221526,221525,221527,221528,234392,178736,178729,234452,240083,178730,178731,240311,178726,178727,178720,178718,178723,178738,240303,178737,178725,178740,178728,178704,240316,178724,178707,178732,178722,178733,240084,178741,178713,178710,178697,178746,178709,240082,240301,240302,240304,234393,240362,178695,178694,178703,178696,178693,178715,178742,178745,178743,240355,178744,178711,178712,240354,178716,178747,219122,219144,219734,234394,219123,219124,219127,219729,219140,219731,219141,219142,219143,219737,219738,219133,234190,219135,219136,234191,234192,240351,240353,240352,219147,240393,240153,240154,240152,240151,240155,240157,240158,219148,240267,240190,240194,240193,240192,240191,240265,240264,240255,219150,219152,219153,219156,219157,219159,234261,234262,234263,234264\" style=\"--smush-placeholder-width: 400px; --smush-placeholder-aspect-ratio: 400\/400;default\" lightbox_image_size=\"2048x2048\" columns=\"5\" animate=\"fadeInDown\" image_height=\"75%\" image_size=\"medium\" image_overlay=\"rgba(255, 255, 255, 0.25)\" image_hover=\"overlay-add\" text_size=\"xsmall\" text_color=\"dark\" data-srcset=\"https:\/\/halle.se\/wp-content\/uploads\/2026\/02\/Miljobild-PC-tak-med-svarta-profiler-400x400.jpg 400w, https:\/\/halle.se\/wp-content\/uploads\/2026\/02\/Miljobild-PC-tak-med-svarta-profiler-800x800.jpg 800w, https:\/\/halle.se\/wp-content\/uploads\/2026\/02\/Miljobild-PC-tak-med-svarta-profiler-280x280.jpg 280w, https:\/\/halle.se\/wp-content\/uploads\/2026\/02\/Miljobild-PC-tak-med-svarta-profiler-768x768.jpg 768w, https:\/\/halle.se\/wp-content\/uploads\/2026\/02\/Miljobild-PC-tak-med-svarta-profiler-1536x1536.jpg 1536w, https:\/\/halle.se\/wp-content\/uploads\/2026\/02\/Miljobild-PC-tak-med-svarta-profiler-2048x2048.jpg 2048w, https:\/\/halle.se\/wp-content\/uploads\/2026\/02\/Miljobild-PC-tak-med-svarta-profiler-100x100.jpg 100w, https:\/\/halle.se\/wp-content\/uploads\/2026\/02\/Miljobild-PC-tak-med-svarta-profiler-384x384.jpg 384w, https:\/\/halle.se\/wp-content\/uploads\/2026\/02\/Miljobild-PC-tak-med-svarta-profiler-640x640.jpg 640w\" data-sizes=\"auto\" src=\"data:image\/svg+xml;base64,PHN2ZyB3aWR0aD0iMSIgaGVpZ2h0PSIxIiB4bWxucz0iaHR0cDovL3d3dy53My5vcmcvMjAwMC9zdmciPjwvc3ZnPg==\" data-original-sizes=\"(max-width: 400px) 100vw, 400px\" \/>                                  <div class=\"overlay fill\"\n                      style=\"background-color: rgba(255, 255, 255, 0.25)\">\n                  <\/div>\n                                                              <\/div>\n              <div class=\"box-text text-left is-xsmall dark\" >\n                 <p><\/p>\n              <\/div>\n            <\/div>\n            <\/a>          <\/div>\n         <\/div><div class=\"gallery-col col\" data-animate=\"fadeInDown\">\n          <div class=\"col-inner\">\n            <a class=\"image-lightbox lightbox-gallery\" href=\"https:\/\/halle.se\/wp-content\/uploads\/2026\/02\/plana-PC-tak-svarta-profiler-fristaende-uterum-2048x2048.jpg\" title=\"\">            <div class=\"box has-hover gallery-box box-default\">\n              <div class=\"box-image image-overlay-add image-cover\" style=\"padding-top:75%;\">\n                <img decoding=\"async\" width=\"400\" height=\"400\" data-src=\"https:\/\/halle.se\/wp-content\/uploads\/2026\/02\/plana-PC-tak-svarta-profiler-fristaende-uterum-400x400.jpg\" class=\"attachment-medium size-medium lazyload\" alt=\"\" ids=\"227677,240358,227678,227680,227686,227682,227679,227681,221521,221524,221523,221522,178719,240309,221526,221525,221527,221528,234392,178736,178729,234452,240083,178730,178731,240311,178726,178727,178720,178718,178723,178738,240303,178737,178725,178740,178728,178704,240316,178724,178707,178732,178722,178733,240084,178741,178713,178710,178697,178746,178709,240082,240301,240302,240304,234393,240362,178695,178694,178703,178696,178693,178715,178742,178745,178743,240355,178744,178711,178712,240354,178716,178747,219122,219144,219734,234394,219123,219124,219127,219729,219140,219731,219141,219142,219143,219737,219738,219133,234190,219135,219136,234191,234192,240351,240353,240352,219147,240393,240153,240154,240152,240151,240155,240157,240158,219148,240267,240190,240194,240193,240192,240191,240265,240264,240255,219150,219152,219153,219156,219157,219159,234261,234262,234263,234264\" style=\"--smush-placeholder-width: 400px; --smush-placeholder-aspect-ratio: 400\/400;default\" lightbox_image_size=\"2048x2048\" columns=\"5\" animate=\"fadeInDown\" image_height=\"75%\" image_size=\"medium\" image_overlay=\"rgba(255, 255, 255, 0.25)\" image_hover=\"overlay-add\" text_size=\"xsmall\" text_color=\"dark\" data-srcset=\"https:\/\/halle.se\/wp-content\/uploads\/2026\/02\/plana-PC-tak-svarta-profiler-fristaende-uterum-400x400.jpg 400w, https:\/\/halle.se\/wp-content\/uploads\/2026\/02\/plana-PC-tak-svarta-profiler-fristaende-uterum-800x800.jpg 800w, https:\/\/halle.se\/wp-content\/uploads\/2026\/02\/plana-PC-tak-svarta-profiler-fristaende-uterum-280x280.jpg 280w, https:\/\/halle.se\/wp-content\/uploads\/2026\/02\/plana-PC-tak-svarta-profiler-fristaende-uterum-768x768.jpg 768w, https:\/\/halle.se\/wp-content\/uploads\/2026\/02\/plana-PC-tak-svarta-profiler-fristaende-uterum-1536x1536.jpg 1536w, https:\/\/halle.se\/wp-content\/uploads\/2026\/02\/plana-PC-tak-svarta-profiler-fristaende-uterum-2048x2048.jpg 2048w, https:\/\/halle.se\/wp-content\/uploads\/2026\/02\/plana-PC-tak-svarta-profiler-fristaende-uterum-100x100.jpg 100w, https:\/\/halle.se\/wp-content\/uploads\/2026\/02\/plana-PC-tak-svarta-profiler-fristaende-uterum-384x384.jpg 384w, https:\/\/halle.se\/wp-content\/uploads\/2026\/02\/plana-PC-tak-svarta-profiler-fristaende-uterum-640x640.jpg 640w\" data-sizes=\"auto\" src=\"data:image\/svg+xml;base64,PHN2ZyB3aWR0aD0iMSIgaGVpZ2h0PSIxIiB4bWxucz0iaHR0cDovL3d3dy53My5vcmcvMjAwMC9zdmciPjwvc3ZnPg==\" data-original-sizes=\"(max-width: 400px) 100vw, 400px\" \/>                                  <div class=\"overlay fill\"\n                      style=\"background-color: rgba(255, 255, 255, 0.25)\">\n                  <\/div>\n                                                              <\/div>\n              <div class=\"box-text text-left is-xsmall dark\" >\n                 <p><\/p>\n              <\/div>\n            <\/div>\n            <\/a>          <\/div>\n         <\/div><div class=\"gallery-col col\" data-animate=\"fadeInDown\">\n          <div class=\"col-inner\">\n            <a class=\"image-lightbox lightbox-gallery\" href=\"https:\/\/halle.se\/wp-content\/uploads\/2026\/04\/halle-glastak-textruta-2048x2048.jpg\" title=\"\">            <div class=\"box has-hover gallery-box box-default\">\n              <div class=\"box-image image-overlay-add image-cover\" style=\"padding-top:75%;\">\n                <img decoding=\"async\" width=\"400\" height=\"400\" data-src=\"https:\/\/halle.se\/wp-content\/uploads\/2026\/04\/halle-glastak-textruta-400x400.jpg\" class=\"attachment-medium size-medium lazyload\" alt=\"\" ids=\"227677,240358,227678,227680,227686,227682,227679,227681,221521,221524,221523,221522,178719,240309,221526,221525,221527,221528,234392,178736,178729,234452,240083,178730,178731,240311,178726,178727,178720,178718,178723,178738,240303,178737,178725,178740,178728,178704,240316,178724,178707,178732,178722,178733,240084,178741,178713,178710,178697,178746,178709,240082,240301,240302,240304,234393,240362,178695,178694,178703,178696,178693,178715,178742,178745,178743,240355,178744,178711,178712,240354,178716,178747,219122,219144,219734,234394,219123,219124,219127,219729,219140,219731,219141,219142,219143,219737,219738,219133,234190,219135,219136,234191,234192,240351,240353,240352,219147,240393,240153,240154,240152,240151,240155,240157,240158,219148,240267,240190,240194,240193,240192,240191,240265,240264,240255,219150,219152,219153,219156,219157,219159,234261,234262,234263,234264\" style=\"--smush-placeholder-width: 400px; --smush-placeholder-aspect-ratio: 400\/400;default\" lightbox_image_size=\"2048x2048\" columns=\"5\" animate=\"fadeInDown\" image_height=\"75%\" image_size=\"medium\" image_overlay=\"rgba(255, 255, 255, 0.25)\" image_hover=\"overlay-add\" text_size=\"xsmall\" text_color=\"dark\" data-srcset=\"https:\/\/halle.se\/wp-content\/uploads\/2026\/04\/halle-glastak-textruta-400x400.jpg 400w, https:\/\/halle.se\/wp-content\/uploads\/2026\/04\/halle-glastak-textruta-800x800.jpg 800w, https:\/\/halle.se\/wp-content\/uploads\/2026\/04\/halle-glastak-textruta-280x280.jpg 280w, https:\/\/halle.se\/wp-content\/uploads\/2026\/04\/halle-glastak-textruta-768x768.jpg 768w, https:\/\/halle.se\/wp-content\/uploads\/2026\/04\/halle-glastak-textruta-1536x1536.jpg 1536w, https:\/\/halle.se\/wp-content\/uploads\/2026\/04\/halle-glastak-textruta-2048x2048.jpg 2048w, https:\/\/halle.se\/wp-content\/uploads\/2026\/04\/halle-glastak-textruta-100x100.jpg 100w, https:\/\/halle.se\/wp-content\/uploads\/2026\/04\/halle-glastak-textruta-384x384.jpg 384w, https:\/\/halle.se\/wp-content\/uploads\/2026\/04\/halle-glastak-textruta-640x640.jpg 640w\" data-sizes=\"auto\" src=\"data:image\/svg+xml;base64,PHN2ZyB3aWR0aD0iMSIgaGVpZ2h0PSIxIiB4bWxucz0iaHR0cDovL3d3dy53My5vcmcvMjAwMC9zdmciPjwvc3ZnPg==\" data-original-sizes=\"(max-width: 400px) 100vw, 400px\" \/>                                  <div class=\"overlay fill\"\n                      style=\"background-color: rgba(255, 255, 255, 0.25)\">\n                  <\/div>\n                                                              <\/div>\n              <div class=\"box-text text-left is-xsmall dark\" >\n                 <p><\/p>\n              <\/div>\n            <\/div>\n            <\/a>          <\/div>\n         <\/div><div class=\"gallery-col col\" data-animate=\"fadeInDown\">\n          <div class=\"col-inner\">\n            <a class=\"image-lightbox lightbox-gallery\" href=\"https:\/\/halle.se\/wp-content\/uploads\/2026\/04\/halle-glastak-miljo-uterum-vitt-hus-2048x2048.jpg\" title=\"\">            <div class=\"box has-hover gallery-box box-default\">\n              <div class=\"box-image image-overlay-add image-cover\" style=\"padding-top:75%;\">\n                <img decoding=\"async\" width=\"400\" height=\"400\" data-src=\"https:\/\/halle.se\/wp-content\/uploads\/2026\/04\/halle-glastak-miljo-uterum-vitt-hus-400x400.jpg\" class=\"attachment-medium size-medium lazyload\" alt=\"\" ids=\"227677,240358,227678,227680,227686,227682,227679,227681,221521,221524,221523,221522,178719,240309,221526,221525,221527,221528,234392,178736,178729,234452,240083,178730,178731,240311,178726,178727,178720,178718,178723,178738,240303,178737,178725,178740,178728,178704,240316,178724,178707,178732,178722,178733,240084,178741,178713,178710,178697,178746,178709,240082,240301,240302,240304,234393,240362,178695,178694,178703,178696,178693,178715,178742,178745,178743,240355,178744,178711,178712,240354,178716,178747,219122,219144,219734,234394,219123,219124,219127,219729,219140,219731,219141,219142,219143,219737,219738,219133,234190,219135,219136,234191,234192,240351,240353,240352,219147,240393,240153,240154,240152,240151,240155,240157,240158,219148,240267,240190,240194,240193,240192,240191,240265,240264,240255,219150,219152,219153,219156,219157,219159,234261,234262,234263,234264\" style=\"--smush-placeholder-width: 400px; --smush-placeholder-aspect-ratio: 400\/400;default\" lightbox_image_size=\"2048x2048\" columns=\"5\" animate=\"fadeInDown\" image_height=\"75%\" image_size=\"medium\" image_overlay=\"rgba(255, 255, 255, 0.25)\" image_hover=\"overlay-add\" text_size=\"xsmall\" text_color=\"dark\" data-srcset=\"https:\/\/halle.se\/wp-content\/uploads\/2026\/04\/halle-glastak-miljo-uterum-vitt-hus-400x400.jpg 400w, https:\/\/halle.se\/wp-content\/uploads\/2026\/04\/halle-glastak-miljo-uterum-vitt-hus-800x800.jpg 800w, https:\/\/halle.se\/wp-content\/uploads\/2026\/04\/halle-glastak-miljo-uterum-vitt-hus-280x280.jpg 280w, https:\/\/halle.se\/wp-content\/uploads\/2026\/04\/halle-glastak-miljo-uterum-vitt-hus-768x768.jpg 768w, https:\/\/halle.se\/wp-content\/uploads\/2026\/04\/halle-glastak-miljo-uterum-vitt-hus-1536x1536.jpg 1536w, https:\/\/halle.se\/wp-content\/uploads\/2026\/04\/halle-glastak-miljo-uterum-vitt-hus-2048x2048.jpg 2048w, https:\/\/halle.se\/wp-content\/uploads\/2026\/04\/halle-glastak-miljo-uterum-vitt-hus-100x100.jpg 100w, https:\/\/halle.se\/wp-content\/uploads\/2026\/04\/halle-glastak-miljo-uterum-vitt-hus-384x384.jpg 384w, https:\/\/halle.se\/wp-content\/uploads\/2026\/04\/halle-glastak-miljo-uterum-vitt-hus-640x640.jpg 640w\" data-sizes=\"auto\" src=\"data:image\/svg+xml;base64,PHN2ZyB3aWR0aD0iMSIgaGVpZ2h0PSIxIiB4bWxucz0iaHR0cDovL3d3dy53My5vcmcvMjAwMC9zdmciPjwvc3ZnPg==\" data-original-sizes=\"(max-width: 400px) 100vw, 400px\" \/>                                  <div class=\"overlay fill\"\n                      style=\"background-color: rgba(255, 255, 255, 0.25)\">\n                  <\/div>\n                                                              <\/div>\n              <div class=\"box-text text-left is-xsmall dark\" >\n                 <p><\/p>\n              <\/div>\n            <\/div>\n            <\/a>          <\/div>\n         <\/div><div class=\"gallery-col col\" data-animate=\"fadeInDown\">\n          <div class=\"col-inner\">\n            <a class=\"image-lightbox lightbox-gallery\" href=\"https:\/\/halle.se\/wp-content\/uploads\/2026\/04\/glastak-miljo-1-2048x2048.jpg\" title=\"\">            <div class=\"box has-hover gallery-box box-default\">\n              <div class=\"box-image image-overlay-add image-cover\" style=\"padding-top:75%;\">\n                <img decoding=\"async\" width=\"400\" height=\"400\" data-src=\"https:\/\/halle.se\/wp-content\/uploads\/2026\/04\/glastak-miljo-1-400x400.jpg\" class=\"attachment-medium size-medium lazyload\" alt=\"\" ids=\"227677,240358,227678,227680,227686,227682,227679,227681,221521,221524,221523,221522,178719,240309,221526,221525,221527,221528,234392,178736,178729,234452,240083,178730,178731,240311,178726,178727,178720,178718,178723,178738,240303,178737,178725,178740,178728,178704,240316,178724,178707,178732,178722,178733,240084,178741,178713,178710,178697,178746,178709,240082,240301,240302,240304,234393,240362,178695,178694,178703,178696,178693,178715,178742,178745,178743,240355,178744,178711,178712,240354,178716,178747,219122,219144,219734,234394,219123,219124,219127,219729,219140,219731,219141,219142,219143,219737,219738,219133,234190,219135,219136,234191,234192,240351,240353,240352,219147,240393,240153,240154,240152,240151,240155,240157,240158,219148,240267,240190,240194,240193,240192,240191,240265,240264,240255,219150,219152,219153,219156,219157,219159,234261,234262,234263,234264\" style=\"--smush-placeholder-width: 400px; --smush-placeholder-aspect-ratio: 400\/400;default\" lightbox_image_size=\"2048x2048\" columns=\"5\" animate=\"fadeInDown\" image_height=\"75%\" image_size=\"medium\" image_overlay=\"rgba(255, 255, 255, 0.25)\" image_hover=\"overlay-add\" text_size=\"xsmall\" text_color=\"dark\" data-srcset=\"https:\/\/halle.se\/wp-content\/uploads\/2026\/04\/glastak-miljo-1-400x400.jpg 400w, https:\/\/halle.se\/wp-content\/uploads\/2026\/04\/glastak-miljo-1-800x800.jpg 800w, https:\/\/halle.se\/wp-content\/uploads\/2026\/04\/glastak-miljo-1-280x280.jpg 280w, https:\/\/halle.se\/wp-content\/uploads\/2026\/04\/glastak-miljo-1-768x768.jpg 768w, https:\/\/halle.se\/wp-content\/uploads\/2026\/04\/glastak-miljo-1-1536x1536.jpg 1536w, https:\/\/halle.se\/wp-content\/uploads\/2026\/04\/glastak-miljo-1-2048x2048.jpg 2048w, https:\/\/halle.se\/wp-content\/uploads\/2026\/04\/glastak-miljo-1-100x100.jpg 100w, https:\/\/halle.se\/wp-content\/uploads\/2026\/04\/glastak-miljo-1-384x384.jpg 384w, https:\/\/halle.se\/wp-content\/uploads\/2026\/04\/glastak-miljo-1-640x640.jpg 640w\" data-sizes=\"auto\" src=\"data:image\/svg+xml;base64,PHN2ZyB3aWR0aD0iMSIgaGVpZ2h0PSIxIiB4bWxucz0iaHR0cDovL3d3dy53My5vcmcvMjAwMC9zdmciPjwvc3ZnPg==\" data-original-sizes=\"(max-width: 400px) 100vw, 400px\" \/>                                  <div class=\"overlay fill\"\n                      style=\"background-color: rgba(255, 255, 255, 0.25)\">\n                  <\/div>\n                                                              <\/div>\n              <div class=\"box-text text-left is-xsmall dark\" >\n                 <p><\/p>\n              <\/div>\n            <\/div>\n            <\/a>          <\/div>\n         <\/div><div class=\"gallery-col col\" data-animate=\"fadeInDown\">\n          <div class=\"col-inner\">\n            <a class=\"image-lightbox lightbox-gallery\" href=\"https:\/\/halle.se\/wp-content\/uploads\/2024\/04\/halle-plasttak-textruta-2048x2048.jpg\" title=\"\">            <div class=\"box has-hover gallery-box box-default\">\n              <div class=\"box-image image-overlay-add image-cover\" style=\"padding-top:75%;\">\n                <img decoding=\"async\" width=\"400\" height=\"400\" data-src=\"https:\/\/halle.se\/wp-content\/uploads\/2024\/04\/halle-plasttak-textruta-400x400.jpg\" class=\"attachment-medium size-medium lazyload\" alt=\"Halle plasttak sveriges st\u00f6rsta sortiment\" ids=\"227677,240358,227678,227680,227686,227682,227679,227681,221521,221524,221523,221522,178719,240309,221526,221525,221527,221528,234392,178736,178729,234452,240083,178730,178731,240311,178726,178727,178720,178718,178723,178738,240303,178737,178725,178740,178728,178704,240316,178724,178707,178732,178722,178733,240084,178741,178713,178710,178697,178746,178709,240082,240301,240302,240304,234393,240362,178695,178694,178703,178696,178693,178715,178742,178745,178743,240355,178744,178711,178712,240354,178716,178747,219122,219144,219734,234394,219123,219124,219127,219729,219140,219731,219141,219142,219143,219737,219738,219133,234190,219135,219136,234191,234192,240351,240353,240352,219147,240393,240153,240154,240152,240151,240155,240157,240158,219148,240267,240190,240194,240193,240192,240191,240265,240264,240255,219150,219152,219153,219156,219157,219159,234261,234262,234263,234264\" style=\"--smush-placeholder-width: 400px; --smush-placeholder-aspect-ratio: 400\/400;default\" lightbox_image_size=\"2048x2048\" columns=\"5\" animate=\"fadeInDown\" image_height=\"75%\" image_size=\"medium\" image_overlay=\"rgba(255, 255, 255, 0.25)\" image_hover=\"overlay-add\" text_size=\"xsmall\" text_color=\"dark\" data-srcset=\"https:\/\/halle.se\/wp-content\/uploads\/2024\/04\/halle-plasttak-textruta-400x400.jpg 400w, https:\/\/halle.se\/wp-content\/uploads\/2024\/04\/halle-plasttak-textruta-800x800.jpg 800w, https:\/\/halle.se\/wp-content\/uploads\/2024\/04\/halle-plasttak-textruta-280x280.jpg 280w, https:\/\/halle.se\/wp-content\/uploads\/2024\/04\/halle-plasttak-textruta-768x768.jpg 768w, https:\/\/halle.se\/wp-content\/uploads\/2024\/04\/halle-plasttak-textruta-1536x1536.jpg 1536w, https:\/\/halle.se\/wp-content\/uploads\/2024\/04\/halle-plasttak-textruta-2048x2048.jpg 2048w, https:\/\/halle.se\/wp-content\/uploads\/2024\/04\/halle-plasttak-textruta-100x100.jpg 100w, https:\/\/halle.se\/wp-content\/uploads\/2024\/04\/halle-plasttak-textruta-384x384.jpg 384w, https:\/\/halle.se\/wp-content\/uploads\/2024\/04\/halle-plasttak-textruta-640x640.jpg 640w\" data-sizes=\"auto\" src=\"data:image\/svg+xml;base64,PHN2ZyB3aWR0aD0iMSIgaGVpZ2h0PSIxIiB4bWxucz0iaHR0cDovL3d3dy53My5vcmcvMjAwMC9zdmciPjwvc3ZnPg==\" data-original-sizes=\"(max-width: 400px) 100vw, 400px\" \/>                                  <div class=\"overlay fill\"\n                      style=\"background-color: rgba(255, 255, 255, 0.25)\">\n                  <\/div>\n                                                              <\/div>\n              <div class=\"box-text text-left is-xsmall dark\" >\n                 <p><\/p>\n              <\/div>\n            <\/div>\n            <\/a>          <\/div>\n         <\/div><div class=\"gallery-col col\" data-animate=\"fadeInDown\">\n          <div class=\"col-inner\">\n            <a class=\"image-lightbox lightbox-gallery\" href=\"https:\/\/halle.se\/wp-content\/uploads\/2020\/04\/halleplattan-opal-vit-stomme-3-2048x2048.jpg\" title=\"\">            <div class=\"box has-hover gallery-box box-default\">\n              <div class=\"box-image image-overlay-add image-cover\" style=\"padding-top:75%;\">\n                <img decoding=\"async\" width=\"400\" height=\"400\" data-src=\"https:\/\/halle.se\/wp-content\/uploads\/2020\/04\/halleplattan-opal-vit-stomme-3-400x400.jpg\" class=\"attachment-medium size-medium lazyload\" alt=\"\" ids=\"227677,240358,227678,227680,227686,227682,227679,227681,221521,221524,221523,221522,178719,240309,221526,221525,221527,221528,234392,178736,178729,234452,240083,178730,178731,240311,178726,178727,178720,178718,178723,178738,240303,178737,178725,178740,178728,178704,240316,178724,178707,178732,178722,178733,240084,178741,178713,178710,178697,178746,178709,240082,240301,240302,240304,234393,240362,178695,178694,178703,178696,178693,178715,178742,178745,178743,240355,178744,178711,178712,240354,178716,178747,219122,219144,219734,234394,219123,219124,219127,219729,219140,219731,219141,219142,219143,219737,219738,219133,234190,219135,219136,234191,234192,240351,240353,240352,219147,240393,240153,240154,240152,240151,240155,240157,240158,219148,240267,240190,240194,240193,240192,240191,240265,240264,240255,219150,219152,219153,219156,219157,219159,234261,234262,234263,234264\" style=\"--smush-placeholder-width: 400px; --smush-placeholder-aspect-ratio: 400\/400;default\" lightbox_image_size=\"2048x2048\" columns=\"5\" animate=\"fadeInDown\" image_height=\"75%\" image_size=\"medium\" image_overlay=\"rgba(255, 255, 255, 0.25)\" image_hover=\"overlay-add\" text_size=\"xsmall\" text_color=\"dark\" data-srcset=\"https:\/\/halle.se\/wp-content\/uploads\/2020\/04\/halleplattan-opal-vit-stomme-3-400x400.jpg 400w, https:\/\/halle.se\/wp-content\/uploads\/2020\/04\/halleplattan-opal-vit-stomme-3-800x800.jpg 800w, https:\/\/halle.se\/wp-content\/uploads\/2020\/04\/halleplattan-opal-vit-stomme-3-280x280.jpg 280w, https:\/\/halle.se\/wp-content\/uploads\/2020\/04\/halleplattan-opal-vit-stomme-3-768x768.jpg 768w, https:\/\/halle.se\/wp-content\/uploads\/2020\/04\/halleplattan-opal-vit-stomme-3-1536x1536.jpg 1536w, https:\/\/halle.se\/wp-content\/uploads\/2020\/04\/halleplattan-opal-vit-stomme-3-2048x2048.jpg 2048w, https:\/\/halle.se\/wp-content\/uploads\/2020\/04\/halleplattan-opal-vit-stomme-3-100x100.jpg 100w, https:\/\/halle.se\/wp-content\/uploads\/2020\/04\/halleplattan-opal-vit-stomme-3-384x384.jpg 384w, https:\/\/halle.se\/wp-content\/uploads\/2020\/04\/halleplattan-opal-vit-stomme-3-640x640.jpg 640w\" data-sizes=\"auto\" src=\"data:image\/svg+xml;base64,PHN2ZyB3aWR0aD0iMSIgaGVpZ2h0PSIxIiB4bWxucz0iaHR0cDovL3d3dy53My5vcmcvMjAwMC9zdmciPjwvc3ZnPg==\" data-original-sizes=\"(max-width: 400px) 100vw, 400px\" \/>                                  <div class=\"overlay fill\"\n                      style=\"background-color: rgba(255, 255, 255, 0.25)\">\n                  <\/div>\n                                                              <\/div>\n              <div class=\"box-text text-left is-xsmall dark\" >\n                 <p><\/p>\n              <\/div>\n            <\/div>\n            <\/a>          <\/div>\n         <\/div><div class=\"gallery-col col\" data-animate=\"fadeInDown\">\n          <div class=\"col-inner\">\n            <a class=\"image-lightbox lightbox-gallery\" href=\"https:\/\/halle.se\/wp-content\/uploads\/2026\/04\/halle-polar-supreme-tradack-med-pergola-26-2048x2048.jpg\" title=\"\">            <div class=\"box has-hover gallery-box box-default\">\n              <div class=\"box-image image-overlay-add image-cover\" style=\"padding-top:75%;\">\n                <img decoding=\"async\" width=\"400\" height=\"400\" data-src=\"https:\/\/halle.se\/wp-content\/uploads\/2026\/04\/halle-polar-supreme-tradack-med-pergola-26-400x400.jpg\" class=\"attachment-medium size-medium lazyload\" alt=\"\" ids=\"227677,240358,227678,227680,227686,227682,227679,227681,221521,221524,221523,221522,178719,240309,221526,221525,221527,221528,234392,178736,178729,234452,240083,178730,178731,240311,178726,178727,178720,178718,178723,178738,240303,178737,178725,178740,178728,178704,240316,178724,178707,178732,178722,178733,240084,178741,178713,178710,178697,178746,178709,240082,240301,240302,240304,234393,240362,178695,178694,178703,178696,178693,178715,178742,178745,178743,240355,178744,178711,178712,240354,178716,178747,219122,219144,219734,234394,219123,219124,219127,219729,219140,219731,219141,219142,219143,219737,219738,219133,234190,219135,219136,234191,234192,240351,240353,240352,219147,240393,240153,240154,240152,240151,240155,240157,240158,219148,240267,240190,240194,240193,240192,240191,240265,240264,240255,219150,219152,219153,219156,219157,219159,234261,234262,234263,234264\" style=\"--smush-placeholder-width: 400px; --smush-placeholder-aspect-ratio: 400\/400;default\" lightbox_image_size=\"2048x2048\" columns=\"5\" animate=\"fadeInDown\" image_height=\"75%\" image_size=\"medium\" image_overlay=\"rgba(255, 255, 255, 0.25)\" image_hover=\"overlay-add\" text_size=\"xsmall\" text_color=\"dark\" data-srcset=\"https:\/\/halle.se\/wp-content\/uploads\/2026\/04\/halle-polar-supreme-tradack-med-pergola-26-400x400.jpg 400w, https:\/\/halle.se\/wp-content\/uploads\/2026\/04\/halle-polar-supreme-tradack-med-pergola-26-800x800.jpg 800w, https:\/\/halle.se\/wp-content\/uploads\/2026\/04\/halle-polar-supreme-tradack-med-pergola-26-280x280.jpg 280w, https:\/\/halle.se\/wp-content\/uploads\/2026\/04\/halle-polar-supreme-tradack-med-pergola-26-768x768.jpg 768w, https:\/\/halle.se\/wp-content\/uploads\/2026\/04\/halle-polar-supreme-tradack-med-pergola-26-1536x1536.jpg 1536w, https:\/\/halle.se\/wp-content\/uploads\/2026\/04\/halle-polar-supreme-tradack-med-pergola-26-2048x2048.jpg 2048w, https:\/\/halle.se\/wp-content\/uploads\/2026\/04\/halle-polar-supreme-tradack-med-pergola-26-100x100.jpg 100w, https:\/\/halle.se\/wp-content\/uploads\/2026\/04\/halle-polar-supreme-tradack-med-pergola-26-384x384.jpg 384w, https:\/\/halle.se\/wp-content\/uploads\/2026\/04\/halle-polar-supreme-tradack-med-pergola-26-640x640.jpg 640w\" data-sizes=\"auto\" src=\"data:image\/svg+xml;base64,PHN2ZyB3aWR0aD0iMSIgaGVpZ2h0PSIxIiB4bWxucz0iaHR0cDovL3d3dy53My5vcmcvMjAwMC9zdmciPjwvc3ZnPg==\" data-original-sizes=\"(max-width: 400px) 100vw, 400px\" \/>                                  <div class=\"overlay fill\"\n                      style=\"background-color: rgba(255, 255, 255, 0.25)\">\n                  <\/div>\n                                                              <\/div>\n              <div class=\"box-text text-left is-xsmall dark\" >\n                 <p><\/p>\n              <\/div>\n            <\/div>\n            <\/a>          <\/div>\n         <\/div><div class=\"gallery-col col\" data-animate=\"fadeInDown\">\n          <div class=\"col-inner\">\n            <a class=\"image-lightbox lightbox-gallery\" href=\"https:\/\/halle.se\/wp-content\/uploads\/2026\/04\/halle-polar-supreme-tradack-med-pergola-kvall-26-c-2048x2048.jpg\" title=\"\">            <div class=\"box has-hover gallery-box box-default\">\n              <div class=\"box-image image-overlay-add image-cover\" style=\"padding-top:75%;\">\n                <img decoding=\"async\" width=\"400\" height=\"400\" data-src=\"https:\/\/halle.se\/wp-content\/uploads\/2026\/04\/halle-polar-supreme-tradack-med-pergola-kvall-26-c-400x400.jpg\" class=\"attachment-medium size-medium lazyload\" alt=\"\" ids=\"227677,240358,227678,227680,227686,227682,227679,227681,221521,221524,221523,221522,178719,240309,221526,221525,221527,221528,234392,178736,178729,234452,240083,178730,178731,240311,178726,178727,178720,178718,178723,178738,240303,178737,178725,178740,178728,178704,240316,178724,178707,178732,178722,178733,240084,178741,178713,178710,178697,178746,178709,240082,240301,240302,240304,234393,240362,178695,178694,178703,178696,178693,178715,178742,178745,178743,240355,178744,178711,178712,240354,178716,178747,219122,219144,219734,234394,219123,219124,219127,219729,219140,219731,219141,219142,219143,219737,219738,219133,234190,219135,219136,234191,234192,240351,240353,240352,219147,240393,240153,240154,240152,240151,240155,240157,240158,219148,240267,240190,240194,240193,240192,240191,240265,240264,240255,219150,219152,219153,219156,219157,219159,234261,234262,234263,234264\" style=\"--smush-placeholder-width: 400px; --smush-placeholder-aspect-ratio: 400\/400;default\" lightbox_image_size=\"2048x2048\" columns=\"5\" animate=\"fadeInDown\" image_height=\"75%\" image_size=\"medium\" image_overlay=\"rgba(255, 255, 255, 0.25)\" image_hover=\"overlay-add\" text_size=\"xsmall\" text_color=\"dark\" data-srcset=\"https:\/\/halle.se\/wp-content\/uploads\/2026\/04\/halle-polar-supreme-tradack-med-pergola-kvall-26-c-400x400.jpg 400w, https:\/\/halle.se\/wp-content\/uploads\/2026\/04\/halle-polar-supreme-tradack-med-pergola-kvall-26-c-800x800.jpg 800w, https:\/\/halle.se\/wp-content\/uploads\/2026\/04\/halle-polar-supreme-tradack-med-pergola-kvall-26-c-280x280.jpg 280w, https:\/\/halle.se\/wp-content\/uploads\/2026\/04\/halle-polar-supreme-tradack-med-pergola-kvall-26-c-768x768.jpg 768w, https:\/\/halle.se\/wp-content\/uploads\/2026\/04\/halle-polar-supreme-tradack-med-pergola-kvall-26-c-1536x1536.jpg 1536w, https:\/\/halle.se\/wp-content\/uploads\/2026\/04\/halle-polar-supreme-tradack-med-pergola-kvall-26-c-2048x2048.jpg 2048w, https:\/\/halle.se\/wp-content\/uploads\/2026\/04\/halle-polar-supreme-tradack-med-pergola-kvall-26-c-100x100.jpg 100w, https:\/\/halle.se\/wp-content\/uploads\/2026\/04\/halle-polar-supreme-tradack-med-pergola-kvall-26-c-384x384.jpg 384w, https:\/\/halle.se\/wp-content\/uploads\/2026\/04\/halle-polar-supreme-tradack-med-pergola-kvall-26-c-640x640.jpg 640w\" data-sizes=\"auto\" src=\"data:image\/svg+xml;base64,PHN2ZyB3aWR0aD0iMSIgaGVpZ2h0PSIxIiB4bWxucz0iaHR0cDovL3d3dy53My5vcmcvMjAwMC9zdmciPjwvc3ZnPg==\" data-original-sizes=\"(max-width: 400px) 100vw, 400px\" \/>                                  <div class=\"overlay fill\"\n                      style=\"background-color: rgba(255, 255, 255, 0.25)\">\n                  <\/div>\n                                                              <\/div>\n              <div class=\"box-text text-left is-xsmall dark\" >\n                 <p><\/p>\n              <\/div>\n            <\/div>\n            <\/a>          <\/div>\n         <\/div><div class=\"gallery-col col\" data-animate=\"fadeInDown\">\n          <div class=\"col-inner\">\n            <a class=\"image-lightbox lightbox-gallery\" href=\"https:\/\/halle.se\/wp-content\/uploads\/2026\/04\/halle-polar-supreme-tradack-med-pergola-26-d-2048x2048.jpg\" title=\"\">            <div class=\"box has-hover gallery-box box-default\">\n              <div class=\"box-image image-overlay-add image-cover\" style=\"padding-top:75%;\">\n                <img decoding=\"async\" width=\"400\" height=\"400\" data-src=\"https:\/\/halle.se\/wp-content\/uploads\/2026\/04\/halle-polar-supreme-tradack-med-pergola-26-d-400x400.jpg\" class=\"attachment-medium size-medium lazyload\" alt=\"\" ids=\"227677,240358,227678,227680,227686,227682,227679,227681,221521,221524,221523,221522,178719,240309,221526,221525,221527,221528,234392,178736,178729,234452,240083,178730,178731,240311,178726,178727,178720,178718,178723,178738,240303,178737,178725,178740,178728,178704,240316,178724,178707,178732,178722,178733,240084,178741,178713,178710,178697,178746,178709,240082,240301,240302,240304,234393,240362,178695,178694,178703,178696,178693,178715,178742,178745,178743,240355,178744,178711,178712,240354,178716,178747,219122,219144,219734,234394,219123,219124,219127,219729,219140,219731,219141,219142,219143,219737,219738,219133,234190,219135,219136,234191,234192,240351,240353,240352,219147,240393,240153,240154,240152,240151,240155,240157,240158,219148,240267,240190,240194,240193,240192,240191,240265,240264,240255,219150,219152,219153,219156,219157,219159,234261,234262,234263,234264\" style=\"--smush-placeholder-width: 400px; --smush-placeholder-aspect-ratio: 400\/400;default\" lightbox_image_size=\"2048x2048\" columns=\"5\" animate=\"fadeInDown\" image_height=\"75%\" image_size=\"medium\" image_overlay=\"rgba(255, 255, 255, 0.25)\" image_hover=\"overlay-add\" text_size=\"xsmall\" text_color=\"dark\" data-srcset=\"https:\/\/halle.se\/wp-content\/uploads\/2026\/04\/halle-polar-supreme-tradack-med-pergola-26-d-400x400.jpg 400w, https:\/\/halle.se\/wp-content\/uploads\/2026\/04\/halle-polar-supreme-tradack-med-pergola-26-d-800x800.jpg 800w, https:\/\/halle.se\/wp-content\/uploads\/2026\/04\/halle-polar-supreme-tradack-med-pergola-26-d-280x280.jpg 280w, https:\/\/halle.se\/wp-content\/uploads\/2026\/04\/halle-polar-supreme-tradack-med-pergola-26-d-768x768.jpg 768w, https:\/\/halle.se\/wp-content\/uploads\/2026\/04\/halle-polar-supreme-tradack-med-pergola-26-d-1536x1536.jpg 1536w, https:\/\/halle.se\/wp-content\/uploads\/2026\/04\/halle-polar-supreme-tradack-med-pergola-26-d-2048x2048.jpg 2048w, https:\/\/halle.se\/wp-content\/uploads\/2026\/04\/halle-polar-supreme-tradack-med-pergola-26-d-100x100.jpg 100w, https:\/\/halle.se\/wp-content\/uploads\/2026\/04\/halle-polar-supreme-tradack-med-pergola-26-d-384x384.jpg 384w, https:\/\/halle.se\/wp-content\/uploads\/2026\/04\/halle-polar-supreme-tradack-med-pergola-26-d-640x640.jpg 640w\" data-sizes=\"auto\" src=\"data:image\/svg+xml;base64,PHN2ZyB3aWR0aD0iMSIgaGVpZ2h0PSIxIiB4bWxucz0iaHR0cDovL3d3dy53My5vcmcvMjAwMC9zdmciPjwvc3ZnPg==\" data-original-sizes=\"(max-width: 400px) 100vw, 400px\" \/>                                  <div class=\"overlay fill\"\n                      style=\"background-color: rgba(255, 255, 255, 0.25)\">\n                  <\/div>\n                                                              <\/div>\n              <div class=\"box-text text-left is-xsmall dark\" >\n                 <p><\/p>\n              <\/div>\n            <\/div>\n            <\/a>          <\/div>\n         <\/div><div class=\"gallery-col col\" data-animate=\"fadeInDown\">\n          <div class=\"col-inner\">\n            <a class=\"image-lightbox lightbox-gallery\" href=\"https:\/\/halle.se\/wp-content\/uploads\/2026\/04\/halle-polar-supreme-tradack-med-pergola-26-2-2048x2048.jpg\" title=\"\">            <div class=\"box has-hover gallery-box box-default\">\n              <div class=\"box-image image-overlay-add image-cover\" style=\"padding-top:75%;\">\n                <img decoding=\"async\" width=\"400\" height=\"400\" data-src=\"https:\/\/halle.se\/wp-content\/uploads\/2026\/04\/halle-polar-supreme-tradack-med-pergola-26-2-400x400.jpg\" class=\"attachment-medium size-medium lazyload\" alt=\"\" ids=\"227677,240358,227678,227680,227686,227682,227679,227681,221521,221524,221523,221522,178719,240309,221526,221525,221527,221528,234392,178736,178729,234452,240083,178730,178731,240311,178726,178727,178720,178718,178723,178738,240303,178737,178725,178740,178728,178704,240316,178724,178707,178732,178722,178733,240084,178741,178713,178710,178697,178746,178709,240082,240301,240302,240304,234393,240362,178695,178694,178703,178696,178693,178715,178742,178745,178743,240355,178744,178711,178712,240354,178716,178747,219122,219144,219734,234394,219123,219124,219127,219729,219140,219731,219141,219142,219143,219737,219738,219133,234190,219135,219136,234191,234192,240351,240353,240352,219147,240393,240153,240154,240152,240151,240155,240157,240158,219148,240267,240190,240194,240193,240192,240191,240265,240264,240255,219150,219152,219153,219156,219157,219159,234261,234262,234263,234264\" style=\"--smush-placeholder-width: 400px; --smush-placeholder-aspect-ratio: 400\/400;default\" lightbox_image_size=\"2048x2048\" columns=\"5\" animate=\"fadeInDown\" image_height=\"75%\" image_size=\"medium\" image_overlay=\"rgba(255, 255, 255, 0.25)\" image_hover=\"overlay-add\" text_size=\"xsmall\" text_color=\"dark\" data-srcset=\"https:\/\/halle.se\/wp-content\/uploads\/2026\/04\/halle-polar-supreme-tradack-med-pergola-26-2-400x400.jpg 400w, https:\/\/halle.se\/wp-content\/uploads\/2026\/04\/halle-polar-supreme-tradack-med-pergola-26-2-800x800.jpg 800w, https:\/\/halle.se\/wp-content\/uploads\/2026\/04\/halle-polar-supreme-tradack-med-pergola-26-2-280x280.jpg 280w, https:\/\/halle.se\/wp-content\/uploads\/2026\/04\/halle-polar-supreme-tradack-med-pergola-26-2-768x768.jpg 768w, https:\/\/halle.se\/wp-content\/uploads\/2026\/04\/halle-polar-supreme-tradack-med-pergola-26-2-1536x1536.jpg 1536w, https:\/\/halle.se\/wp-content\/uploads\/2026\/04\/halle-polar-supreme-tradack-med-pergola-26-2-2048x2048.jpg 2048w, https:\/\/halle.se\/wp-content\/uploads\/2026\/04\/halle-polar-supreme-tradack-med-pergola-26-2-100x100.jpg 100w, https:\/\/halle.se\/wp-content\/uploads\/2026\/04\/halle-polar-supreme-tradack-med-pergola-26-2-384x384.jpg 384w, https:\/\/halle.se\/wp-content\/uploads\/2026\/04\/halle-polar-supreme-tradack-med-pergola-26-2-640x640.jpg 640w\" data-sizes=\"auto\" src=\"data:image\/svg+xml;base64,PHN2ZyB3aWR0aD0iMSIgaGVpZ2h0PSIxIiB4bWxucz0iaHR0cDovL3d3dy53My5vcmcvMjAwMC9zdmciPjwvc3ZnPg==\" data-original-sizes=\"(max-width: 400px) 100vw, 400px\" \/>                                  <div class=\"overlay fill\"\n                      style=\"background-color: rgba(255, 255, 255, 0.25)\">\n                  <\/div>\n                                                              <\/div>\n              <div class=\"box-text text-left is-xsmall dark\" >\n                 <p><\/p>\n              <\/div>\n            <\/div>\n            <\/a>          <\/div>\n         <\/div><div class=\"gallery-col col\" data-animate=\"fadeInDown\">\n          <div class=\"col-inner\">\n            <a class=\"image-lightbox lightbox-gallery\" href=\"https:\/\/halle.se\/wp-content\/uploads\/2026\/04\/halle-polar-supreme-tradack-med-pergola-kvall-26-e-2048x2048.jpg\" title=\"\">            <div class=\"box has-hover gallery-box box-default\">\n              <div class=\"box-image image-overlay-add image-cover\" style=\"padding-top:75%;\">\n                <img decoding=\"async\" width=\"400\" height=\"400\" data-src=\"https:\/\/halle.se\/wp-content\/uploads\/2026\/04\/halle-polar-supreme-tradack-med-pergola-kvall-26-e-400x400.jpg\" class=\"attachment-medium size-medium lazyload\" alt=\"\" ids=\"227677,240358,227678,227680,227686,227682,227679,227681,221521,221524,221523,221522,178719,240309,221526,221525,221527,221528,234392,178736,178729,234452,240083,178730,178731,240311,178726,178727,178720,178718,178723,178738,240303,178737,178725,178740,178728,178704,240316,178724,178707,178732,178722,178733,240084,178741,178713,178710,178697,178746,178709,240082,240301,240302,240304,234393,240362,178695,178694,178703,178696,178693,178715,178742,178745,178743,240355,178744,178711,178712,240354,178716,178747,219122,219144,219734,234394,219123,219124,219127,219729,219140,219731,219141,219142,219143,219737,219738,219133,234190,219135,219136,234191,234192,240351,240353,240352,219147,240393,240153,240154,240152,240151,240155,240157,240158,219148,240267,240190,240194,240193,240192,240191,240265,240264,240255,219150,219152,219153,219156,219157,219159,234261,234262,234263,234264\" style=\"--smush-placeholder-width: 400px; --smush-placeholder-aspect-ratio: 400\/400;default\" lightbox_image_size=\"2048x2048\" columns=\"5\" animate=\"fadeInDown\" image_height=\"75%\" image_size=\"medium\" image_overlay=\"rgba(255, 255, 255, 0.25)\" image_hover=\"overlay-add\" text_size=\"xsmall\" text_color=\"dark\" data-srcset=\"https:\/\/halle.se\/wp-content\/uploads\/2026\/04\/halle-polar-supreme-tradack-med-pergola-kvall-26-e-400x400.jpg 400w, https:\/\/halle.se\/wp-content\/uploads\/2026\/04\/halle-polar-supreme-tradack-med-pergola-kvall-26-e-800x800.jpg 800w, https:\/\/halle.se\/wp-content\/uploads\/2026\/04\/halle-polar-supreme-tradack-med-pergola-kvall-26-e-280x280.jpg 280w, https:\/\/halle.se\/wp-content\/uploads\/2026\/04\/halle-polar-supreme-tradack-med-pergola-kvall-26-e-768x768.jpg 768w, https:\/\/halle.se\/wp-content\/uploads\/2026\/04\/halle-polar-supreme-tradack-med-pergola-kvall-26-e-1536x1536.jpg 1536w, https:\/\/halle.se\/wp-content\/uploads\/2026\/04\/halle-polar-supreme-tradack-med-pergola-kvall-26-e-2048x2048.jpg 2048w, https:\/\/halle.se\/wp-content\/uploads\/2026\/04\/halle-polar-supreme-tradack-med-pergola-kvall-26-e-100x100.jpg 100w, https:\/\/halle.se\/wp-content\/uploads\/2026\/04\/halle-polar-supreme-tradack-med-pergola-kvall-26-e-384x384.jpg 384w, https:\/\/halle.se\/wp-content\/uploads\/2026\/04\/halle-polar-supreme-tradack-med-pergola-kvall-26-e-640x640.jpg 640w\" data-sizes=\"auto\" src=\"data:image\/svg+xml;base64,PHN2ZyB3aWR0aD0iMSIgaGVpZ2h0PSIxIiB4bWxucz0iaHR0cDovL3d3dy53My5vcmcvMjAwMC9zdmciPjwvc3ZnPg==\" data-original-sizes=\"(max-width: 400px) 100vw, 400px\" \/>                                  <div class=\"overlay fill\"\n                      style=\"background-color: rgba(255, 255, 255, 0.25)\">\n                  <\/div>\n                                                              <\/div>\n              <div class=\"box-text text-left is-xsmall dark\" >\n                 <p><\/p>\n              <\/div>\n            <\/div>\n            <\/a>          <\/div>\n         <\/div><div class=\"gallery-col col\" data-animate=\"fadeInDown\">\n          <div class=\"col-inner\">\n            <a class=\"image-lightbox lightbox-gallery\" href=\"https:\/\/halle.se\/wp-content\/uploads\/2026\/04\/1-halleplattan-opal-vitt-hus-med-svart-fasadparti-1-2048x2048.jpg\" title=\"\">            <div class=\"box has-hover gallery-box box-default\">\n              <div class=\"box-image image-overlay-add image-cover\" style=\"padding-top:75%;\">\n                <img decoding=\"async\" width=\"400\" height=\"400\" data-src=\"https:\/\/halle.se\/wp-content\/uploads\/2026\/04\/1-halleplattan-opal-vitt-hus-med-svart-fasadparti-1-400x400.jpg\" class=\"attachment-medium size-medium lazyload\" alt=\"\" ids=\"227677,240358,227678,227680,227686,227682,227679,227681,221521,221524,221523,221522,178719,240309,221526,221525,221527,221528,234392,178736,178729,234452,240083,178730,178731,240311,178726,178727,178720,178718,178723,178738,240303,178737,178725,178740,178728,178704,240316,178724,178707,178732,178722,178733,240084,178741,178713,178710,178697,178746,178709,240082,240301,240302,240304,234393,240362,178695,178694,178703,178696,178693,178715,178742,178745,178743,240355,178744,178711,178712,240354,178716,178747,219122,219144,219734,234394,219123,219124,219127,219729,219140,219731,219141,219142,219143,219737,219738,219133,234190,219135,219136,234191,234192,240351,240353,240352,219147,240393,240153,240154,240152,240151,240155,240157,240158,219148,240267,240190,240194,240193,240192,240191,240265,240264,240255,219150,219152,219153,219156,219157,219159,234261,234262,234263,234264\" style=\"--smush-placeholder-width: 400px; --smush-placeholder-aspect-ratio: 400\/400;default\" lightbox_image_size=\"2048x2048\" columns=\"5\" animate=\"fadeInDown\" image_height=\"75%\" image_size=\"medium\" image_overlay=\"rgba(255, 255, 255, 0.25)\" image_hover=\"overlay-add\" text_size=\"xsmall\" text_color=\"dark\" data-srcset=\"https:\/\/halle.se\/wp-content\/uploads\/2026\/04\/1-halleplattan-opal-vitt-hus-med-svart-fasadparti-1-400x400.jpg 400w, https:\/\/halle.se\/wp-content\/uploads\/2026\/04\/1-halleplattan-opal-vitt-hus-med-svart-fasadparti-1-800x800.jpg 800w, https:\/\/halle.se\/wp-content\/uploads\/2026\/04\/1-halleplattan-opal-vitt-hus-med-svart-fasadparti-1-280x280.jpg 280w, https:\/\/halle.se\/wp-content\/uploads\/2026\/04\/1-halleplattan-opal-vitt-hus-med-svart-fasadparti-1-768x768.jpg 768w, https:\/\/halle.se\/wp-content\/uploads\/2026\/04\/1-halleplattan-opal-vitt-hus-med-svart-fasadparti-1-1536x1536.jpg 1536w, https:\/\/halle.se\/wp-content\/uploads\/2026\/04\/1-halleplattan-opal-vitt-hus-med-svart-fasadparti-1-2048x2048.jpg 2048w, https:\/\/halle.se\/wp-content\/uploads\/2026\/04\/1-halleplattan-opal-vitt-hus-med-svart-fasadparti-1-100x100.jpg 100w, https:\/\/halle.se\/wp-content\/uploads\/2026\/04\/1-halleplattan-opal-vitt-hus-med-svart-fasadparti-1-384x384.jpg 384w, https:\/\/halle.se\/wp-content\/uploads\/2026\/04\/1-halleplattan-opal-vitt-hus-med-svart-fasadparti-1-640x640.jpg 640w\" data-sizes=\"auto\" src=\"data:image\/svg+xml;base64,PHN2ZyB3aWR0aD0iMSIgaGVpZ2h0PSIxIiB4bWxucz0iaHR0cDovL3d3dy53My5vcmcvMjAwMC9zdmciPjwvc3ZnPg==\" data-original-sizes=\"(max-width: 400px) 100vw, 400px\" \/>                                  <div class=\"overlay fill\"\n                      style=\"background-color: rgba(255, 255, 255, 0.25)\">\n                  <\/div>\n                                                              <\/div>\n              <div class=\"box-text text-left is-xsmall dark\" >\n                 <p><\/p>\n              <\/div>\n            <\/div>\n            <\/a>          <\/div>\n         <\/div><div class=\"gallery-col col\" data-animate=\"fadeInDown\">\n          <div class=\"col-inner\">\n            <a class=\"image-lightbox lightbox-gallery\" href=\"https:\/\/halle.se\/wp-content\/uploads\/2026\/04\/2-halleplattan-transparant-miljo-2-1-2048x2048.jpg\" title=\"\">            <div class=\"box has-hover gallery-box box-default\">\n              <div class=\"box-image image-overlay-add image-cover\" style=\"padding-top:75%;\">\n                <img decoding=\"async\" width=\"400\" height=\"400\" data-src=\"https:\/\/halle.se\/wp-content\/uploads\/2026\/04\/2-halleplattan-transparant-miljo-2-1-400x400.jpg\" class=\"attachment-medium size-medium lazyload\" alt=\"\" ids=\"227677,240358,227678,227680,227686,227682,227679,227681,221521,221524,221523,221522,178719,240309,221526,221525,221527,221528,234392,178736,178729,234452,240083,178730,178731,240311,178726,178727,178720,178718,178723,178738,240303,178737,178725,178740,178728,178704,240316,178724,178707,178732,178722,178733,240084,178741,178713,178710,178697,178746,178709,240082,240301,240302,240304,234393,240362,178695,178694,178703,178696,178693,178715,178742,178745,178743,240355,178744,178711,178712,240354,178716,178747,219122,219144,219734,234394,219123,219124,219127,219729,219140,219731,219141,219142,219143,219737,219738,219133,234190,219135,219136,234191,234192,240351,240353,240352,219147,240393,240153,240154,240152,240151,240155,240157,240158,219148,240267,240190,240194,240193,240192,240191,240265,240264,240255,219150,219152,219153,219156,219157,219159,234261,234262,234263,234264\" style=\"--smush-placeholder-width: 400px; --smush-placeholder-aspect-ratio: 400\/400;default\" lightbox_image_size=\"2048x2048\" columns=\"5\" animate=\"fadeInDown\" image_height=\"75%\" image_size=\"medium\" image_overlay=\"rgba(255, 255, 255, 0.25)\" image_hover=\"overlay-add\" text_size=\"xsmall\" text_color=\"dark\" data-srcset=\"https:\/\/halle.se\/wp-content\/uploads\/2026\/04\/2-halleplattan-transparant-miljo-2-1-400x400.jpg 400w, https:\/\/halle.se\/wp-content\/uploads\/2026\/04\/2-halleplattan-transparant-miljo-2-1-800x800.jpg 800w, https:\/\/halle.se\/wp-content\/uploads\/2026\/04\/2-halleplattan-transparant-miljo-2-1-280x280.jpg 280w, https:\/\/halle.se\/wp-content\/uploads\/2026\/04\/2-halleplattan-transparant-miljo-2-1-768x768.jpg 768w, https:\/\/halle.se\/wp-content\/uploads\/2026\/04\/2-halleplattan-transparant-miljo-2-1-1536x1536.jpg 1536w, https:\/\/halle.se\/wp-content\/uploads\/2026\/04\/2-halleplattan-transparant-miljo-2-1-2048x2048.jpg 2048w, https:\/\/halle.se\/wp-content\/uploads\/2026\/04\/2-halleplattan-transparant-miljo-2-1-100x100.jpg 100w, https:\/\/halle.se\/wp-content\/uploads\/2026\/04\/2-halleplattan-transparant-miljo-2-1-384x384.jpg 384w, https:\/\/halle.se\/wp-content\/uploads\/2026\/04\/2-halleplattan-transparant-miljo-2-1-640x640.jpg 640w\" data-sizes=\"auto\" src=\"data:image\/svg+xml;base64,PHN2ZyB3aWR0aD0iMSIgaGVpZ2h0PSIxIiB4bWxucz0iaHR0cDovL3d3dy53My5vcmcvMjAwMC9zdmciPjwvc3ZnPg==\" data-original-sizes=\"(max-width: 400px) 100vw, 400px\" \/>                                  <div class=\"overlay fill\"\n                      style=\"background-color: rgba(255, 255, 255, 0.25)\">\n                  <\/div>\n                                                              <\/div>\n              <div class=\"box-text text-left is-xsmall dark\" >\n                 <p><\/p>\n              <\/div>\n            <\/div>\n            <\/a>          <\/div>\n         <\/div><div class=\"gallery-col col\" data-animate=\"fadeInDown\">\n          <div class=\"col-inner\">\n            <a class=\"image-lightbox lightbox-gallery\" href=\"https:\/\/halle.se\/wp-content\/uploads\/2024\/04\/polysol-odlingshus-kvall-2048x2048.jpg\" title=\"\">            <div class=\"box has-hover gallery-box box-default\">\n              <div class=\"box-image image-overlay-add image-cover\" style=\"padding-top:75%;\">\n                <img decoding=\"async\" width=\"400\" height=\"400\" data-src=\"https:\/\/halle.se\/wp-content\/uploads\/2024\/04\/polysol-odlingshus-kvall-400x400.jpg\" class=\"attachment-medium size-medium lazyload\" alt=\"Halle plasttak Polysol p\u00e5 kv\u00e4llen\" ids=\"227677,240358,227678,227680,227686,227682,227679,227681,221521,221524,221523,221522,178719,240309,221526,221525,221527,221528,234392,178736,178729,234452,240083,178730,178731,240311,178726,178727,178720,178718,178723,178738,240303,178737,178725,178740,178728,178704,240316,178724,178707,178732,178722,178733,240084,178741,178713,178710,178697,178746,178709,240082,240301,240302,240304,234393,240362,178695,178694,178703,178696,178693,178715,178742,178745,178743,240355,178744,178711,178712,240354,178716,178747,219122,219144,219734,234394,219123,219124,219127,219729,219140,219731,219141,219142,219143,219737,219738,219133,234190,219135,219136,234191,234192,240351,240353,240352,219147,240393,240153,240154,240152,240151,240155,240157,240158,219148,240267,240190,240194,240193,240192,240191,240265,240264,240255,219150,219152,219153,219156,219157,219159,234261,234262,234263,234264\" style=\"--smush-placeholder-width: 400px; --smush-placeholder-aspect-ratio: 400\/400;default\" lightbox_image_size=\"2048x2048\" columns=\"5\" animate=\"fadeInDown\" image_height=\"75%\" image_size=\"medium\" image_overlay=\"rgba(255, 255, 255, 0.25)\" image_hover=\"overlay-add\" text_size=\"xsmall\" text_color=\"dark\" data-srcset=\"https:\/\/halle.se\/wp-content\/uploads\/2024\/04\/polysol-odlingshus-kvall-400x400.jpg 400w, https:\/\/halle.se\/wp-content\/uploads\/2024\/04\/polysol-odlingshus-kvall-800x800.jpg 800w, https:\/\/halle.se\/wp-content\/uploads\/2024\/04\/polysol-odlingshus-kvall-280x280.jpg 280w, https:\/\/halle.se\/wp-content\/uploads\/2024\/04\/polysol-odlingshus-kvall-768x768.jpg 768w, https:\/\/halle.se\/wp-content\/uploads\/2024\/04\/polysol-odlingshus-kvall-1536x1536.jpg 1536w, https:\/\/halle.se\/wp-content\/uploads\/2024\/04\/polysol-odlingshus-kvall-2048x2048.jpg 2048w, https:\/\/halle.se\/wp-content\/uploads\/2024\/04\/polysol-odlingshus-kvall-100x100.jpg 100w, https:\/\/halle.se\/wp-content\/uploads\/2024\/04\/polysol-odlingshus-kvall-384x384.jpg 384w, https:\/\/halle.se\/wp-content\/uploads\/2024\/04\/polysol-odlingshus-kvall-640x640.jpg 640w\" data-sizes=\"auto\" src=\"data:image\/svg+xml;base64,PHN2ZyB3aWR0aD0iMSIgaGVpZ2h0PSIxIiB4bWxucz0iaHR0cDovL3d3dy53My5vcmcvMjAwMC9zdmciPjwvc3ZnPg==\" data-original-sizes=\"(max-width: 400px) 100vw, 400px\" \/>                                  <div class=\"overlay fill\"\n                      style=\"background-color: rgba(255, 255, 255, 0.25)\">\n                  <\/div>\n                                                              <\/div>\n              <div class=\"box-text text-left is-xsmall dark\" >\n                 <p><\/p>\n              <\/div>\n            <\/div>\n            <\/a>          <\/div>\n         <\/div><div class=\"gallery-col col\" data-animate=\"fadeInDown\">\n          <div class=\"col-inner\">\n            <a class=\"image-lightbox lightbox-gallery\" href=\"https:\/\/halle.se\/wp-content\/uploads\/2026\/04\/vaxthus-med-polysol-extreme-2048x2048.jpg\" title=\"\">            <div class=\"box has-hover gallery-box box-default\">\n              <div class=\"box-image image-overlay-add image-cover\" style=\"padding-top:75%;\">\n                <img decoding=\"async\" width=\"400\" height=\"400\" data-src=\"https:\/\/halle.se\/wp-content\/uploads\/2026\/04\/vaxthus-med-polysol-extreme-400x400.jpg\" class=\"attachment-medium size-medium lazyload\" alt=\"\" ids=\"227677,240358,227678,227680,227686,227682,227679,227681,221521,221524,221523,221522,178719,240309,221526,221525,221527,221528,234392,178736,178729,234452,240083,178730,178731,240311,178726,178727,178720,178718,178723,178738,240303,178737,178725,178740,178728,178704,240316,178724,178707,178732,178722,178733,240084,178741,178713,178710,178697,178746,178709,240082,240301,240302,240304,234393,240362,178695,178694,178703,178696,178693,178715,178742,178745,178743,240355,178744,178711,178712,240354,178716,178747,219122,219144,219734,234394,219123,219124,219127,219729,219140,219731,219141,219142,219143,219737,219738,219133,234190,219135,219136,234191,234192,240351,240353,240352,219147,240393,240153,240154,240152,240151,240155,240157,240158,219148,240267,240190,240194,240193,240192,240191,240265,240264,240255,219150,219152,219153,219156,219157,219159,234261,234262,234263,234264\" style=\"--smush-placeholder-width: 400px; --smush-placeholder-aspect-ratio: 400\/400;default\" lightbox_image_size=\"2048x2048\" columns=\"5\" animate=\"fadeInDown\" image_height=\"75%\" image_size=\"medium\" image_overlay=\"rgba(255, 255, 255, 0.25)\" image_hover=\"overlay-add\" text_size=\"xsmall\" text_color=\"dark\" data-srcset=\"https:\/\/halle.se\/wp-content\/uploads\/2026\/04\/vaxthus-med-polysol-extreme-400x400.jpg 400w, https:\/\/halle.se\/wp-content\/uploads\/2026\/04\/vaxthus-med-polysol-extreme-800x800.jpg 800w, https:\/\/halle.se\/wp-content\/uploads\/2026\/04\/vaxthus-med-polysol-extreme-280x280.jpg 280w, https:\/\/halle.se\/wp-content\/uploads\/2026\/04\/vaxthus-med-polysol-extreme-768x768.jpg 768w, https:\/\/halle.se\/wp-content\/uploads\/2026\/04\/vaxthus-med-polysol-extreme-1536x1536.jpg 1536w, https:\/\/halle.se\/wp-content\/uploads\/2026\/04\/vaxthus-med-polysol-extreme-2048x2048.jpg 2048w, https:\/\/halle.se\/wp-content\/uploads\/2026\/04\/vaxthus-med-polysol-extreme-100x100.jpg 100w, https:\/\/halle.se\/wp-content\/uploads\/2026\/04\/vaxthus-med-polysol-extreme-384x384.jpg 384w, https:\/\/halle.se\/wp-content\/uploads\/2026\/04\/vaxthus-med-polysol-extreme-640x640.jpg 640w\" data-sizes=\"auto\" src=\"data:image\/svg+xml;base64,PHN2ZyB3aWR0aD0iMSIgaGVpZ2h0PSIxIiB4bWxucz0iaHR0cDovL3d3dy53My5vcmcvMjAwMC9zdmciPjwvc3ZnPg==\" data-original-sizes=\"(max-width: 400px) 100vw, 400px\" \/>                                  <div class=\"overlay fill\"\n                      style=\"background-color: rgba(255, 255, 255, 0.25)\">\n                  <\/div>\n                                                              <\/div>\n              <div class=\"box-text text-left is-xsmall dark\" >\n                 <p><\/p>\n              <\/div>\n            <\/div>\n            <\/a>          <\/div>\n         <\/div><div class=\"gallery-col col\" data-animate=\"fadeInDown\">\n          <div class=\"col-inner\">\n            <a class=\"image-lightbox lightbox-gallery\" href=\"https:\/\/halle.se\/wp-content\/uploads\/2020\/04\/ny-halle-polysol-klar-svart-stomme-12-2048x2048.jpg\" title=\"\">            <div class=\"box has-hover gallery-box box-default\">\n              <div class=\"box-image image-overlay-add image-cover\" style=\"padding-top:75%;\">\n                <img decoding=\"async\" width=\"400\" height=\"400\" data-src=\"https:\/\/halle.se\/wp-content\/uploads\/2020\/04\/ny-halle-polysol-klar-svart-stomme-12-400x400.jpg\" class=\"attachment-medium size-medium lazyload\" alt=\"\" ids=\"227677,240358,227678,227680,227686,227682,227679,227681,221521,221524,221523,221522,178719,240309,221526,221525,221527,221528,234392,178736,178729,234452,240083,178730,178731,240311,178726,178727,178720,178718,178723,178738,240303,178737,178725,178740,178728,178704,240316,178724,178707,178732,178722,178733,240084,178741,178713,178710,178697,178746,178709,240082,240301,240302,240304,234393,240362,178695,178694,178703,178696,178693,178715,178742,178745,178743,240355,178744,178711,178712,240354,178716,178747,219122,219144,219734,234394,219123,219124,219127,219729,219140,219731,219141,219142,219143,219737,219738,219133,234190,219135,219136,234191,234192,240351,240353,240352,219147,240393,240153,240154,240152,240151,240155,240157,240158,219148,240267,240190,240194,240193,240192,240191,240265,240264,240255,219150,219152,219153,219156,219157,219159,234261,234262,234263,234264\" style=\"--smush-placeholder-width: 400px; --smush-placeholder-aspect-ratio: 400\/400;default\" lightbox_image_size=\"2048x2048\" columns=\"5\" animate=\"fadeInDown\" image_height=\"75%\" image_size=\"medium\" image_overlay=\"rgba(255, 255, 255, 0.25)\" image_hover=\"overlay-add\" text_size=\"xsmall\" text_color=\"dark\" data-srcset=\"https:\/\/halle.se\/wp-content\/uploads\/2020\/04\/ny-halle-polysol-klar-svart-stomme-12-400x400.jpg 400w, https:\/\/halle.se\/wp-content\/uploads\/2020\/04\/ny-halle-polysol-klar-svart-stomme-12-800x800.jpg 800w, https:\/\/halle.se\/wp-content\/uploads\/2020\/04\/ny-halle-polysol-klar-svart-stomme-12-280x280.jpg 280w, https:\/\/halle.se\/wp-content\/uploads\/2020\/04\/ny-halle-polysol-klar-svart-stomme-12-768x768.jpg 768w, https:\/\/halle.se\/wp-content\/uploads\/2020\/04\/ny-halle-polysol-klar-svart-stomme-12-1536x1536.jpg 1536w, https:\/\/halle.se\/wp-content\/uploads\/2020\/04\/ny-halle-polysol-klar-svart-stomme-12-2048x2048.jpg 2048w, https:\/\/halle.se\/wp-content\/uploads\/2020\/04\/ny-halle-polysol-klar-svart-stomme-12-100x100.jpg 100w, https:\/\/halle.se\/wp-content\/uploads\/2020\/04\/ny-halle-polysol-klar-svart-stomme-12-384x384.jpg 384w, https:\/\/halle.se\/wp-content\/uploads\/2020\/04\/ny-halle-polysol-klar-svart-stomme-12-640x640.jpg 640w\" data-sizes=\"auto\" src=\"data:image\/svg+xml;base64,PHN2ZyB3aWR0aD0iMSIgaGVpZ2h0PSIxIiB4bWxucz0iaHR0cDovL3d3dy53My5vcmcvMjAwMC9zdmciPjwvc3ZnPg==\" data-original-sizes=\"(max-width: 400px) 100vw, 400px\" \/>                                  <div class=\"overlay fill\"\n                      style=\"background-color: rgba(255, 255, 255, 0.25)\">\n                  <\/div>\n                                                              <\/div>\n              <div class=\"box-text text-left is-xsmall dark\" >\n                 <p><\/p>\n              <\/div>\n            <\/div>\n            <\/a>          <\/div>\n         <\/div><div class=\"gallery-col col\" data-animate=\"fadeInDown\">\n          <div class=\"col-inner\">\n            <a class=\"image-lightbox lightbox-gallery\" href=\"https:\/\/halle.se\/wp-content\/uploads\/2020\/04\/ny-halle-polysol-rok-vit-stomme-1-2048x2048.jpg\" title=\"\">            <div class=\"box has-hover gallery-box box-default\">\n              <div class=\"box-image image-overlay-add image-cover\" style=\"padding-top:75%;\">\n                <img decoding=\"async\" width=\"400\" height=\"400\" data-src=\"https:\/\/halle.se\/wp-content\/uploads\/2020\/04\/ny-halle-polysol-rok-vit-stomme-1-400x400.jpg\" class=\"attachment-medium size-medium lazyload\" alt=\"\" ids=\"227677,240358,227678,227680,227686,227682,227679,227681,221521,221524,221523,221522,178719,240309,221526,221525,221527,221528,234392,178736,178729,234452,240083,178730,178731,240311,178726,178727,178720,178718,178723,178738,240303,178737,178725,178740,178728,178704,240316,178724,178707,178732,178722,178733,240084,178741,178713,178710,178697,178746,178709,240082,240301,240302,240304,234393,240362,178695,178694,178703,178696,178693,178715,178742,178745,178743,240355,178744,178711,178712,240354,178716,178747,219122,219144,219734,234394,219123,219124,219127,219729,219140,219731,219141,219142,219143,219737,219738,219133,234190,219135,219136,234191,234192,240351,240353,240352,219147,240393,240153,240154,240152,240151,240155,240157,240158,219148,240267,240190,240194,240193,240192,240191,240265,240264,240255,219150,219152,219153,219156,219157,219159,234261,234262,234263,234264\" style=\"--smush-placeholder-width: 400px; --smush-placeholder-aspect-ratio: 400\/400;default\" lightbox_image_size=\"2048x2048\" columns=\"5\" animate=\"fadeInDown\" image_height=\"75%\" image_size=\"medium\" image_overlay=\"rgba(255, 255, 255, 0.25)\" image_hover=\"overlay-add\" text_size=\"xsmall\" text_color=\"dark\" data-srcset=\"https:\/\/halle.se\/wp-content\/uploads\/2020\/04\/ny-halle-polysol-rok-vit-stomme-1-400x400.jpg 400w, https:\/\/halle.se\/wp-content\/uploads\/2020\/04\/ny-halle-polysol-rok-vit-stomme-1-800x800.jpg 800w, https:\/\/halle.se\/wp-content\/uploads\/2020\/04\/ny-halle-polysol-rok-vit-stomme-1-280x280.jpg 280w, https:\/\/halle.se\/wp-content\/uploads\/2020\/04\/ny-halle-polysol-rok-vit-stomme-1-768x768.jpg 768w, https:\/\/halle.se\/wp-content\/uploads\/2020\/04\/ny-halle-polysol-rok-vit-stomme-1-1536x1536.jpg 1536w, https:\/\/halle.se\/wp-content\/uploads\/2020\/04\/ny-halle-polysol-rok-vit-stomme-1-2048x2048.jpg 2048w, https:\/\/halle.se\/wp-content\/uploads\/2020\/04\/ny-halle-polysol-rok-vit-stomme-1-100x100.jpg 100w, https:\/\/halle.se\/wp-content\/uploads\/2020\/04\/ny-halle-polysol-rok-vit-stomme-1-384x384.jpg 384w, https:\/\/halle.se\/wp-content\/uploads\/2020\/04\/ny-halle-polysol-rok-vit-stomme-1-640x640.jpg 640w\" data-sizes=\"auto\" src=\"data:image\/svg+xml;base64,PHN2ZyB3aWR0aD0iMSIgaGVpZ2h0PSIxIiB4bWxucz0iaHR0cDovL3d3dy53My5vcmcvMjAwMC9zdmciPjwvc3ZnPg==\" data-original-sizes=\"(max-width: 400px) 100vw, 400px\" \/>                                  <div class=\"overlay fill\"\n                      style=\"background-color: rgba(255, 255, 255, 0.25)\">\n                  <\/div>\n                                                              <\/div>\n              <div class=\"box-text text-left is-xsmall dark\" >\n                 <p><\/p>\n              <\/div>\n            <\/div>\n            <\/a>          <\/div>\n         <\/div><div class=\"gallery-col col\" data-animate=\"fadeInDown\">\n          <div class=\"col-inner\">\n            <a class=\"image-lightbox lightbox-gallery\" href=\"https:\/\/halle.se\/wp-content\/uploads\/2020\/04\/ny-halle-polysol-rok-svart-stomme-med-belysning-11-2048x2048.jpg\" title=\"\">            <div class=\"box has-hover gallery-box box-default\">\n              <div class=\"box-image image-overlay-add image-cover\" style=\"padding-top:75%;\">\n                <img decoding=\"async\" width=\"400\" height=\"400\" data-src=\"https:\/\/halle.se\/wp-content\/uploads\/2020\/04\/ny-halle-polysol-rok-svart-stomme-med-belysning-11-400x400.jpg\" class=\"attachment-medium size-medium lazyload\" alt=\"\" ids=\"227677,240358,227678,227680,227686,227682,227679,227681,221521,221524,221523,221522,178719,240309,221526,221525,221527,221528,234392,178736,178729,234452,240083,178730,178731,240311,178726,178727,178720,178718,178723,178738,240303,178737,178725,178740,178728,178704,240316,178724,178707,178732,178722,178733,240084,178741,178713,178710,178697,178746,178709,240082,240301,240302,240304,234393,240362,178695,178694,178703,178696,178693,178715,178742,178745,178743,240355,178744,178711,178712,240354,178716,178747,219122,219144,219734,234394,219123,219124,219127,219729,219140,219731,219141,219142,219143,219737,219738,219133,234190,219135,219136,234191,234192,240351,240353,240352,219147,240393,240153,240154,240152,240151,240155,240157,240158,219148,240267,240190,240194,240193,240192,240191,240265,240264,240255,219150,219152,219153,219156,219157,219159,234261,234262,234263,234264\" style=\"--smush-placeholder-width: 400px; --smush-placeholder-aspect-ratio: 400\/400;default\" lightbox_image_size=\"2048x2048\" columns=\"5\" animate=\"fadeInDown\" image_height=\"75%\" image_size=\"medium\" image_overlay=\"rgba(255, 255, 255, 0.25)\" image_hover=\"overlay-add\" text_size=\"xsmall\" text_color=\"dark\" data-srcset=\"https:\/\/halle.se\/wp-content\/uploads\/2020\/04\/ny-halle-polysol-rok-svart-stomme-med-belysning-11-400x400.jpg 400w, https:\/\/halle.se\/wp-content\/uploads\/2020\/04\/ny-halle-polysol-rok-svart-stomme-med-belysning-11-800x800.jpg 800w, https:\/\/halle.se\/wp-content\/uploads\/2020\/04\/ny-halle-polysol-rok-svart-stomme-med-belysning-11-280x280.jpg 280w, https:\/\/halle.se\/wp-content\/uploads\/2020\/04\/ny-halle-polysol-rok-svart-stomme-med-belysning-11-768x768.jpg 768w, https:\/\/halle.se\/wp-content\/uploads\/2020\/04\/ny-halle-polysol-rok-svart-stomme-med-belysning-11-1536x1536.jpg 1536w, https:\/\/halle.se\/wp-content\/uploads\/2020\/04\/ny-halle-polysol-rok-svart-stomme-med-belysning-11-2048x2048.jpg 2048w, https:\/\/halle.se\/wp-content\/uploads\/2020\/04\/ny-halle-polysol-rok-svart-stomme-med-belysning-11-100x100.jpg 100w, https:\/\/halle.se\/wp-content\/uploads\/2020\/04\/ny-halle-polysol-rok-svart-stomme-med-belysning-11-384x384.jpg 384w, https:\/\/halle.se\/wp-content\/uploads\/2020\/04\/ny-halle-polysol-rok-svart-stomme-med-belysning-11-640x640.jpg 640w\" data-sizes=\"auto\" src=\"data:image\/svg+xml;base64,PHN2ZyB3aWR0aD0iMSIgaGVpZ2h0PSIxIiB4bWxucz0iaHR0cDovL3d3dy53My5vcmcvMjAwMC9zdmciPjwvc3ZnPg==\" data-original-sizes=\"(max-width: 400px) 100vw, 400px\" \/>                                  <div class=\"overlay fill\"\n                      style=\"background-color: rgba(255, 255, 255, 0.25)\">\n                  <\/div>\n                                                              <\/div>\n              <div class=\"box-text text-left is-xsmall dark\" >\n                 <p><\/p>\n              <\/div>\n            <\/div>\n            <\/a>          <\/div>\n         <\/div><div class=\"gallery-col col\" data-animate=\"fadeInDown\">\n          <div class=\"col-inner\">\n            <a class=\"image-lightbox lightbox-gallery\" href=\"https:\/\/halle.se\/wp-content\/uploads\/2020\/04\/ny-halle-polysol-rok-svart-stomme-med-belysning-10-2048x2048.jpg\" title=\"\">            <div class=\"box has-hover gallery-box box-default\">\n              <div class=\"box-image image-overlay-add image-cover\" style=\"padding-top:75%;\">\n                <img decoding=\"async\" width=\"400\" height=\"400\" data-src=\"https:\/\/halle.se\/wp-content\/uploads\/2020\/04\/ny-halle-polysol-rok-svart-stomme-med-belysning-10-400x400.jpg\" class=\"attachment-medium size-medium lazyload\" alt=\"\" ids=\"227677,240358,227678,227680,227686,227682,227679,227681,221521,221524,221523,221522,178719,240309,221526,221525,221527,221528,234392,178736,178729,234452,240083,178730,178731,240311,178726,178727,178720,178718,178723,178738,240303,178737,178725,178740,178728,178704,240316,178724,178707,178732,178722,178733,240084,178741,178713,178710,178697,178746,178709,240082,240301,240302,240304,234393,240362,178695,178694,178703,178696,178693,178715,178742,178745,178743,240355,178744,178711,178712,240354,178716,178747,219122,219144,219734,234394,219123,219124,219127,219729,219140,219731,219141,219142,219143,219737,219738,219133,234190,219135,219136,234191,234192,240351,240353,240352,219147,240393,240153,240154,240152,240151,240155,240157,240158,219148,240267,240190,240194,240193,240192,240191,240265,240264,240255,219150,219152,219153,219156,219157,219159,234261,234262,234263,234264\" style=\"--smush-placeholder-width: 400px; --smush-placeholder-aspect-ratio: 400\/400;default\" lightbox_image_size=\"2048x2048\" columns=\"5\" animate=\"fadeInDown\" image_height=\"75%\" image_size=\"medium\" image_overlay=\"rgba(255, 255, 255, 0.25)\" image_hover=\"overlay-add\" text_size=\"xsmall\" text_color=\"dark\" data-srcset=\"https:\/\/halle.se\/wp-content\/uploads\/2020\/04\/ny-halle-polysol-rok-svart-stomme-med-belysning-10-400x400.jpg 400w, https:\/\/halle.se\/wp-content\/uploads\/2020\/04\/ny-halle-polysol-rok-svart-stomme-med-belysning-10-800x800.jpg 800w, https:\/\/halle.se\/wp-content\/uploads\/2020\/04\/ny-halle-polysol-rok-svart-stomme-med-belysning-10-280x280.jpg 280w, https:\/\/halle.se\/wp-content\/uploads\/2020\/04\/ny-halle-polysol-rok-svart-stomme-med-belysning-10-768x768.jpg 768w, https:\/\/halle.se\/wp-content\/uploads\/2020\/04\/ny-halle-polysol-rok-svart-stomme-med-belysning-10-1536x1536.jpg 1536w, https:\/\/halle.se\/wp-content\/uploads\/2020\/04\/ny-halle-polysol-rok-svart-stomme-med-belysning-10-2048x2048.jpg 2048w, https:\/\/halle.se\/wp-content\/uploads\/2020\/04\/ny-halle-polysol-rok-svart-stomme-med-belysning-10-100x100.jpg 100w, https:\/\/halle.se\/wp-content\/uploads\/2020\/04\/ny-halle-polysol-rok-svart-stomme-med-belysning-10-384x384.jpg 384w, https:\/\/halle.se\/wp-content\/uploads\/2020\/04\/ny-halle-polysol-rok-svart-stomme-med-belysning-10-640x640.jpg 640w\" data-sizes=\"auto\" src=\"data:image\/svg+xml;base64,PHN2ZyB3aWR0aD0iMSIgaGVpZ2h0PSIxIiB4bWxucz0iaHR0cDovL3d3dy53My5vcmcvMjAwMC9zdmciPjwvc3ZnPg==\" data-original-sizes=\"(max-width: 400px) 100vw, 400px\" \/>                                  <div class=\"overlay fill\"\n                      style=\"background-color: rgba(255, 255, 255, 0.25)\">\n                  <\/div>\n                                                              <\/div>\n              <div class=\"box-text text-left is-xsmall dark\" >\n                 <p><\/p>\n              <\/div>\n            <\/div>\n            <\/a>          <\/div>\n         <\/div><div class=\"gallery-col col\" data-animate=\"fadeInDown\">\n          <div class=\"col-inner\">\n            <a class=\"image-lightbox lightbox-gallery\" href=\"https:\/\/halle.se\/wp-content\/uploads\/2020\/04\/ny-halle-polysol-klar-vit-stomme-2-2048x2048.jpg\" title=\"\">            <div class=\"box has-hover gallery-box box-default\">\n              <div class=\"box-image image-overlay-add image-cover\" style=\"padding-top:75%;\">\n                <img decoding=\"async\" width=\"400\" height=\"400\" data-src=\"https:\/\/halle.se\/wp-content\/uploads\/2020\/04\/ny-halle-polysol-klar-vit-stomme-2-400x400.jpg\" class=\"attachment-medium size-medium lazyload\" alt=\"\" ids=\"227677,240358,227678,227680,227686,227682,227679,227681,221521,221524,221523,221522,178719,240309,221526,221525,221527,221528,234392,178736,178729,234452,240083,178730,178731,240311,178726,178727,178720,178718,178723,178738,240303,178737,178725,178740,178728,178704,240316,178724,178707,178732,178722,178733,240084,178741,178713,178710,178697,178746,178709,240082,240301,240302,240304,234393,240362,178695,178694,178703,178696,178693,178715,178742,178745,178743,240355,178744,178711,178712,240354,178716,178747,219122,219144,219734,234394,219123,219124,219127,219729,219140,219731,219141,219142,219143,219737,219738,219133,234190,219135,219136,234191,234192,240351,240353,240352,219147,240393,240153,240154,240152,240151,240155,240157,240158,219148,240267,240190,240194,240193,240192,240191,240265,240264,240255,219150,219152,219153,219156,219157,219159,234261,234262,234263,234264\" style=\"--smush-placeholder-width: 400px; --smush-placeholder-aspect-ratio: 400\/400;default\" lightbox_image_size=\"2048x2048\" columns=\"5\" animate=\"fadeInDown\" image_height=\"75%\" image_size=\"medium\" image_overlay=\"rgba(255, 255, 255, 0.25)\" image_hover=\"overlay-add\" text_size=\"xsmall\" text_color=\"dark\" data-srcset=\"https:\/\/halle.se\/wp-content\/uploads\/2020\/04\/ny-halle-polysol-klar-vit-stomme-2-400x400.jpg 400w, https:\/\/halle.se\/wp-content\/uploads\/2020\/04\/ny-halle-polysol-klar-vit-stomme-2-800x800.jpg 800w, https:\/\/halle.se\/wp-content\/uploads\/2020\/04\/ny-halle-polysol-klar-vit-stomme-2-280x280.jpg 280w, https:\/\/halle.se\/wp-content\/uploads\/2020\/04\/ny-halle-polysol-klar-vit-stomme-2-768x768.jpg 768w, https:\/\/halle.se\/wp-content\/uploads\/2020\/04\/ny-halle-polysol-klar-vit-stomme-2-1536x1536.jpg 1536w, https:\/\/halle.se\/wp-content\/uploads\/2020\/04\/ny-halle-polysol-klar-vit-stomme-2-2048x2048.jpg 2048w, https:\/\/halle.se\/wp-content\/uploads\/2020\/04\/ny-halle-polysol-klar-vit-stomme-2-100x100.jpg 100w, https:\/\/halle.se\/wp-content\/uploads\/2020\/04\/ny-halle-polysol-klar-vit-stomme-2-384x384.jpg 384w, https:\/\/halle.se\/wp-content\/uploads\/2020\/04\/ny-halle-polysol-klar-vit-stomme-2-640x640.jpg 640w\" data-sizes=\"auto\" src=\"data:image\/svg+xml;base64,PHN2ZyB3aWR0aD0iMSIgaGVpZ2h0PSIxIiB4bWxucz0iaHR0cDovL3d3dy53My5vcmcvMjAwMC9zdmciPjwvc3ZnPg==\" data-original-sizes=\"(max-width: 400px) 100vw, 400px\" \/>                                  <div class=\"overlay fill\"\n                      style=\"background-color: rgba(255, 255, 255, 0.25)\">\n                  <\/div>\n                                                              <\/div>\n              <div class=\"box-text text-left is-xsmall dark\" >\n                 <p><\/p>\n              <\/div>\n            <\/div>\n            <\/a>          <\/div>\n         <\/div><div class=\"gallery-col col\" data-animate=\"fadeInDown\">\n          <div class=\"col-inner\">\n            <a class=\"image-lightbox lightbox-gallery\" href=\"https:\/\/halle.se\/wp-content\/uploads\/2020\/04\/opal-korrugerad-vaxthus-pa-trivsam-rod-byggnad-med-uteplats-2048x2048.jpg\" title=\"\">            <div class=\"box has-hover gallery-box box-default\">\n              <div class=\"box-image image-overlay-add image-cover\" style=\"padding-top:75%;\">\n                <img decoding=\"async\" width=\"400\" height=\"400\" data-src=\"https:\/\/halle.se\/wp-content\/uploads\/2020\/04\/opal-korrugerad-vaxthus-pa-trivsam-rod-byggnad-med-uteplats-400x400.jpg\" class=\"attachment-medium size-medium lazyload\" alt=\"\" ids=\"227677,240358,227678,227680,227686,227682,227679,227681,221521,221524,221523,221522,178719,240309,221526,221525,221527,221528,234392,178736,178729,234452,240083,178730,178731,240311,178726,178727,178720,178718,178723,178738,240303,178737,178725,178740,178728,178704,240316,178724,178707,178732,178722,178733,240084,178741,178713,178710,178697,178746,178709,240082,240301,240302,240304,234393,240362,178695,178694,178703,178696,178693,178715,178742,178745,178743,240355,178744,178711,178712,240354,178716,178747,219122,219144,219734,234394,219123,219124,219127,219729,219140,219731,219141,219142,219143,219737,219738,219133,234190,219135,219136,234191,234192,240351,240353,240352,219147,240393,240153,240154,240152,240151,240155,240157,240158,219148,240267,240190,240194,240193,240192,240191,240265,240264,240255,219150,219152,219153,219156,219157,219159,234261,234262,234263,234264\" style=\"--smush-placeholder-width: 400px; --smush-placeholder-aspect-ratio: 400\/400;default\" lightbox_image_size=\"2048x2048\" columns=\"5\" animate=\"fadeInDown\" image_height=\"75%\" image_size=\"medium\" image_overlay=\"rgba(255, 255, 255, 0.25)\" image_hover=\"overlay-add\" text_size=\"xsmall\" text_color=\"dark\" data-srcset=\"https:\/\/halle.se\/wp-content\/uploads\/2020\/04\/opal-korrugerad-vaxthus-pa-trivsam-rod-byggnad-med-uteplats-400x400.jpg 400w, https:\/\/halle.se\/wp-content\/uploads\/2020\/04\/opal-korrugerad-vaxthus-pa-trivsam-rod-byggnad-med-uteplats-800x800.jpg 800w, https:\/\/halle.se\/wp-content\/uploads\/2020\/04\/opal-korrugerad-vaxthus-pa-trivsam-rod-byggnad-med-uteplats-280x280.jpg 280w, https:\/\/halle.se\/wp-content\/uploads\/2020\/04\/opal-korrugerad-vaxthus-pa-trivsam-rod-byggnad-med-uteplats-768x768.jpg 768w, https:\/\/halle.se\/wp-content\/uploads\/2020\/04\/opal-korrugerad-vaxthus-pa-trivsam-rod-byggnad-med-uteplats-1536x1536.jpg 1536w, https:\/\/halle.se\/wp-content\/uploads\/2020\/04\/opal-korrugerad-vaxthus-pa-trivsam-rod-byggnad-med-uteplats-2048x2048.jpg 2048w, https:\/\/halle.se\/wp-content\/uploads\/2020\/04\/opal-korrugerad-vaxthus-pa-trivsam-rod-byggnad-med-uteplats-100x100.jpg 100w, https:\/\/halle.se\/wp-content\/uploads\/2020\/04\/opal-korrugerad-vaxthus-pa-trivsam-rod-byggnad-med-uteplats-384x384.jpg 384w, https:\/\/halle.se\/wp-content\/uploads\/2020\/04\/opal-korrugerad-vaxthus-pa-trivsam-rod-byggnad-med-uteplats-640x640.jpg 640w\" data-sizes=\"auto\" src=\"data:image\/svg+xml;base64,PHN2ZyB3aWR0aD0iMSIgaGVpZ2h0PSIxIiB4bWxucz0iaHR0cDovL3d3dy53My5vcmcvMjAwMC9zdmciPjwvc3ZnPg==\" data-original-sizes=\"(max-width: 400px) 100vw, 400px\" \/>                                  <div class=\"overlay fill\"\n                      style=\"background-color: rgba(255, 255, 255, 0.25)\">\n                  <\/div>\n                                                              <\/div>\n              <div class=\"box-text text-left is-xsmall dark\" >\n                 <p><\/p>\n              <\/div>\n            <\/div>\n            <\/a>          <\/div>\n         <\/div><div class=\"gallery-col col\" data-animate=\"fadeInDown\">\n          <div class=\"col-inner\">\n            <a class=\"image-lightbox lightbox-gallery\" href=\"https:\/\/halle.se\/wp-content\/uploads\/2020\/04\/opal-korrugerad-plasttak-lusthus-i-solnedgang-2048x2048.jpg\" title=\"\">            <div class=\"box has-hover gallery-box box-default\">\n              <div class=\"box-image image-overlay-add image-cover\" style=\"padding-top:75%;\">\n                <img decoding=\"async\" width=\"400\" height=\"400\" data-src=\"https:\/\/halle.se\/wp-content\/uploads\/2020\/04\/opal-korrugerad-plasttak-lusthus-i-solnedgang-400x400.jpg\" class=\"attachment-medium size-medium lazyload\" alt=\"\" ids=\"227677,240358,227678,227680,227686,227682,227679,227681,221521,221524,221523,221522,178719,240309,221526,221525,221527,221528,234392,178736,178729,234452,240083,178730,178731,240311,178726,178727,178720,178718,178723,178738,240303,178737,178725,178740,178728,178704,240316,178724,178707,178732,178722,178733,240084,178741,178713,178710,178697,178746,178709,240082,240301,240302,240304,234393,240362,178695,178694,178703,178696,178693,178715,178742,178745,178743,240355,178744,178711,178712,240354,178716,178747,219122,219144,219734,234394,219123,219124,219127,219729,219140,219731,219141,219142,219143,219737,219738,219133,234190,219135,219136,234191,234192,240351,240353,240352,219147,240393,240153,240154,240152,240151,240155,240157,240158,219148,240267,240190,240194,240193,240192,240191,240265,240264,240255,219150,219152,219153,219156,219157,219159,234261,234262,234263,234264\" style=\"--smush-placeholder-width: 400px; --smush-placeholder-aspect-ratio: 400\/400;default\" lightbox_image_size=\"2048x2048\" columns=\"5\" animate=\"fadeInDown\" image_height=\"75%\" image_size=\"medium\" image_overlay=\"rgba(255, 255, 255, 0.25)\" image_hover=\"overlay-add\" text_size=\"xsmall\" text_color=\"dark\" data-srcset=\"https:\/\/halle.se\/wp-content\/uploads\/2020\/04\/opal-korrugerad-plasttak-lusthus-i-solnedgang-400x400.jpg 400w, https:\/\/halle.se\/wp-content\/uploads\/2020\/04\/opal-korrugerad-plasttak-lusthus-i-solnedgang-800x800.jpg 800w, https:\/\/halle.se\/wp-content\/uploads\/2020\/04\/opal-korrugerad-plasttak-lusthus-i-solnedgang-280x280.jpg 280w, https:\/\/halle.se\/wp-content\/uploads\/2020\/04\/opal-korrugerad-plasttak-lusthus-i-solnedgang-768x768.jpg 768w, https:\/\/halle.se\/wp-content\/uploads\/2020\/04\/opal-korrugerad-plasttak-lusthus-i-solnedgang-1536x1536.jpg 1536w, https:\/\/halle.se\/wp-content\/uploads\/2020\/04\/opal-korrugerad-plasttak-lusthus-i-solnedgang-2048x2048.jpg 2048w, https:\/\/halle.se\/wp-content\/uploads\/2020\/04\/opal-korrugerad-plasttak-lusthus-i-solnedgang-100x100.jpg 100w, https:\/\/halle.se\/wp-content\/uploads\/2020\/04\/opal-korrugerad-plasttak-lusthus-i-solnedgang-384x384.jpg 384w, https:\/\/halle.se\/wp-content\/uploads\/2020\/04\/opal-korrugerad-plasttak-lusthus-i-solnedgang-640x640.jpg 640w\" data-sizes=\"auto\" src=\"data:image\/svg+xml;base64,PHN2ZyB3aWR0aD0iMSIgaGVpZ2h0PSIxIiB4bWxucz0iaHR0cDovL3d3dy53My5vcmcvMjAwMC9zdmciPjwvc3ZnPg==\" data-original-sizes=\"(max-width: 400px) 100vw, 400px\" \/>                                  <div class=\"overlay fill\"\n                      style=\"background-color: rgba(255, 255, 255, 0.25)\">\n                  <\/div>\n                                                              <\/div>\n              <div class=\"box-text text-left is-xsmall dark\" >\n                 <p><\/p>\n              <\/div>\n            <\/div>\n            <\/a>          <\/div>\n         <\/div><div class=\"gallery-col col\" data-animate=\"fadeInDown\">\n          <div class=\"col-inner\">\n            <a class=\"image-lightbox lightbox-gallery\" href=\"https:\/\/halle.se\/wp-content\/uploads\/2020\/04\/halle-polysol-klar-vaxthus-i-tradgard-med-sadeltak-bla-himmel-2048x2048.jpg\" title=\"\">            <div class=\"box has-hover gallery-box box-default\">\n              <div class=\"box-image image-overlay-add image-cover\" style=\"padding-top:75%;\">\n                <img decoding=\"async\" width=\"400\" height=\"400\" data-src=\"https:\/\/halle.se\/wp-content\/uploads\/2020\/04\/halle-polysol-klar-vaxthus-i-tradgard-med-sadeltak-bla-himmel-400x400.jpg\" class=\"attachment-medium size-medium lazyload\" alt=\"\" ids=\"227677,240358,227678,227680,227686,227682,227679,227681,221521,221524,221523,221522,178719,240309,221526,221525,221527,221528,234392,178736,178729,234452,240083,178730,178731,240311,178726,178727,178720,178718,178723,178738,240303,178737,178725,178740,178728,178704,240316,178724,178707,178732,178722,178733,240084,178741,178713,178710,178697,178746,178709,240082,240301,240302,240304,234393,240362,178695,178694,178703,178696,178693,178715,178742,178745,178743,240355,178744,178711,178712,240354,178716,178747,219122,219144,219734,234394,219123,219124,219127,219729,219140,219731,219141,219142,219143,219737,219738,219133,234190,219135,219136,234191,234192,240351,240353,240352,219147,240393,240153,240154,240152,240151,240155,240157,240158,219148,240267,240190,240194,240193,240192,240191,240265,240264,240255,219150,219152,219153,219156,219157,219159,234261,234262,234263,234264\" style=\"--smush-placeholder-width: 400px; --smush-placeholder-aspect-ratio: 400\/400;default\" lightbox_image_size=\"2048x2048\" columns=\"5\" animate=\"fadeInDown\" image_height=\"75%\" image_size=\"medium\" image_overlay=\"rgba(255, 255, 255, 0.25)\" image_hover=\"overlay-add\" text_size=\"xsmall\" text_color=\"dark\" data-srcset=\"https:\/\/halle.se\/wp-content\/uploads\/2020\/04\/halle-polysol-klar-vaxthus-i-tradgard-med-sadeltak-bla-himmel-400x400.jpg 400w, https:\/\/halle.se\/wp-content\/uploads\/2020\/04\/halle-polysol-klar-vaxthus-i-tradgard-med-sadeltak-bla-himmel-800x800.jpg 800w, https:\/\/halle.se\/wp-content\/uploads\/2020\/04\/halle-polysol-klar-vaxthus-i-tradgard-med-sadeltak-bla-himmel-280x280.jpg 280w, https:\/\/halle.se\/wp-content\/uploads\/2020\/04\/halle-polysol-klar-vaxthus-i-tradgard-med-sadeltak-bla-himmel-768x768.jpg 768w, https:\/\/halle.se\/wp-content\/uploads\/2020\/04\/halle-polysol-klar-vaxthus-i-tradgard-med-sadeltak-bla-himmel-1536x1536.jpg 1536w, https:\/\/halle.se\/wp-content\/uploads\/2020\/04\/halle-polysol-klar-vaxthus-i-tradgard-med-sadeltak-bla-himmel-2048x2048.jpg 2048w, https:\/\/halle.se\/wp-content\/uploads\/2020\/04\/halle-polysol-klar-vaxthus-i-tradgard-med-sadeltak-bla-himmel-100x100.jpg 100w, https:\/\/halle.se\/wp-content\/uploads\/2020\/04\/halle-polysol-klar-vaxthus-i-tradgard-med-sadeltak-bla-himmel-384x384.jpg 384w, https:\/\/halle.se\/wp-content\/uploads\/2020\/04\/halle-polysol-klar-vaxthus-i-tradgard-med-sadeltak-bla-himmel-640x640.jpg 640w\" data-sizes=\"auto\" src=\"data:image\/svg+xml;base64,PHN2ZyB3aWR0aD0iMSIgaGVpZ2h0PSIxIiB4bWxucz0iaHR0cDovL3d3dy53My5vcmcvMjAwMC9zdmciPjwvc3ZnPg==\" data-original-sizes=\"(max-width: 400px) 100vw, 400px\" \/>                                  <div class=\"overlay fill\"\n                      style=\"background-color: rgba(255, 255, 255, 0.25)\">\n                  <\/div>\n                                                              <\/div>\n              <div class=\"box-text text-left is-xsmall dark\" >\n                 <p><\/p>\n              <\/div>\n            <\/div>\n            <\/a>          <\/div>\n         <\/div><div class=\"gallery-col col\" data-animate=\"fadeInDown\">\n          <div class=\"col-inner\">\n            <a class=\"image-lightbox lightbox-gallery\" href=\"https:\/\/halle.se\/wp-content\/uploads\/2024\/04\/kvallsbild-med-belysning-2048x2048.jpg\" title=\"\">            <div class=\"box has-hover gallery-box box-default\">\n              <div class=\"box-image image-overlay-add image-cover\" style=\"padding-top:75%;\">\n                <img decoding=\"async\" width=\"400\" height=\"400\" data-src=\"https:\/\/halle.se\/wp-content\/uploads\/2024\/04\/kvallsbild-med-belysning-400x400.jpg\" class=\"attachment-medium size-medium lazyload\" alt=\"Halle plasttak Polysol i uteplats\" ids=\"227677,240358,227678,227680,227686,227682,227679,227681,221521,221524,221523,221522,178719,240309,221526,221525,221527,221528,234392,178736,178729,234452,240083,178730,178731,240311,178726,178727,178720,178718,178723,178738,240303,178737,178725,178740,178728,178704,240316,178724,178707,178732,178722,178733,240084,178741,178713,178710,178697,178746,178709,240082,240301,240302,240304,234393,240362,178695,178694,178703,178696,178693,178715,178742,178745,178743,240355,178744,178711,178712,240354,178716,178747,219122,219144,219734,234394,219123,219124,219127,219729,219140,219731,219141,219142,219143,219737,219738,219133,234190,219135,219136,234191,234192,240351,240353,240352,219147,240393,240153,240154,240152,240151,240155,240157,240158,219148,240267,240190,240194,240193,240192,240191,240265,240264,240255,219150,219152,219153,219156,219157,219159,234261,234262,234263,234264\" style=\"--smush-placeholder-width: 400px; --smush-placeholder-aspect-ratio: 400\/400;default\" lightbox_image_size=\"2048x2048\" columns=\"5\" animate=\"fadeInDown\" image_height=\"75%\" image_size=\"medium\" image_overlay=\"rgba(255, 255, 255, 0.25)\" image_hover=\"overlay-add\" text_size=\"xsmall\" text_color=\"dark\" data-srcset=\"https:\/\/halle.se\/wp-content\/uploads\/2024\/04\/kvallsbild-med-belysning-400x400.jpg 400w, https:\/\/halle.se\/wp-content\/uploads\/2024\/04\/kvallsbild-med-belysning-800x800.jpg 800w, https:\/\/halle.se\/wp-content\/uploads\/2024\/04\/kvallsbild-med-belysning-280x280.jpg 280w, https:\/\/halle.se\/wp-content\/uploads\/2024\/04\/kvallsbild-med-belysning-768x768.jpg 768w, https:\/\/halle.se\/wp-content\/uploads\/2024\/04\/kvallsbild-med-belysning-1536x1536.jpg 1536w, https:\/\/halle.se\/wp-content\/uploads\/2024\/04\/kvallsbild-med-belysning-2048x2048.jpg 2048w, https:\/\/halle.se\/wp-content\/uploads\/2024\/04\/kvallsbild-med-belysning-100x100.jpg 100w, https:\/\/halle.se\/wp-content\/uploads\/2024\/04\/kvallsbild-med-belysning-384x384.jpg 384w, https:\/\/halle.se\/wp-content\/uploads\/2024\/04\/kvallsbild-med-belysning-640x640.jpg 640w\" data-sizes=\"auto\" src=\"data:image\/svg+xml;base64,PHN2ZyB3aWR0aD0iMSIgaGVpZ2h0PSIxIiB4bWxucz0iaHR0cDovL3d3dy53My5vcmcvMjAwMC9zdmciPjwvc3ZnPg==\" data-original-sizes=\"(max-width: 400px) 100vw, 400px\" \/>                                  <div class=\"overlay fill\"\n                      style=\"background-color: rgba(255, 255, 255, 0.25)\">\n                  <\/div>\n                                                              <\/div>\n              <div class=\"box-text text-left is-xsmall dark\" >\n                 <p><\/p>\n              <\/div>\n            <\/div>\n            <\/a>          <\/div>\n         <\/div><div class=\"gallery-col col\" data-animate=\"fadeInDown\">\n          <div class=\"col-inner\">\n            <a class=\"image-lightbox lightbox-gallery\" href=\"https:\/\/halle.se\/wp-content\/uploads\/2024\/04\/halle-polar-batklubb-2048x2048.jpg\" title=\"\">            <div class=\"box has-hover gallery-box box-default\">\n              <div class=\"box-image image-overlay-add image-cover\" style=\"padding-top:75%;\">\n                <img decoding=\"async\" width=\"400\" height=\"400\" data-src=\"https:\/\/halle.se\/wp-content\/uploads\/2024\/04\/halle-polar-batklubb-400x400.jpg\" class=\"attachment-medium size-medium lazyload\" alt=\"Halle Polar som ett plasttak\" ids=\"227677,240358,227678,227680,227686,227682,227679,227681,221521,221524,221523,221522,178719,240309,221526,221525,221527,221528,234392,178736,178729,234452,240083,178730,178731,240311,178726,178727,178720,178718,178723,178738,240303,178737,178725,178740,178728,178704,240316,178724,178707,178732,178722,178733,240084,178741,178713,178710,178697,178746,178709,240082,240301,240302,240304,234393,240362,178695,178694,178703,178696,178693,178715,178742,178745,178743,240355,178744,178711,178712,240354,178716,178747,219122,219144,219734,234394,219123,219124,219127,219729,219140,219731,219141,219142,219143,219737,219738,219133,234190,219135,219136,234191,234192,240351,240353,240352,219147,240393,240153,240154,240152,240151,240155,240157,240158,219148,240267,240190,240194,240193,240192,240191,240265,240264,240255,219150,219152,219153,219156,219157,219159,234261,234262,234263,234264\" style=\"--smush-placeholder-width: 400px; --smush-placeholder-aspect-ratio: 400\/400;default\" lightbox_image_size=\"2048x2048\" columns=\"5\" animate=\"fadeInDown\" image_height=\"75%\" image_size=\"medium\" image_overlay=\"rgba(255, 255, 255, 0.25)\" image_hover=\"overlay-add\" text_size=\"xsmall\" text_color=\"dark\" data-srcset=\"https:\/\/halle.se\/wp-content\/uploads\/2024\/04\/halle-polar-batklubb-400x400.jpg 400w, https:\/\/halle.se\/wp-content\/uploads\/2024\/04\/halle-polar-batklubb-800x800.jpg 800w, https:\/\/halle.se\/wp-content\/uploads\/2024\/04\/halle-polar-batklubb-280x280.jpg 280w, https:\/\/halle.se\/wp-content\/uploads\/2024\/04\/halle-polar-batklubb-768x768.jpg 768w, https:\/\/halle.se\/wp-content\/uploads\/2024\/04\/halle-polar-batklubb-1536x1536.jpg 1536w, https:\/\/halle.se\/wp-content\/uploads\/2024\/04\/halle-polar-batklubb-2048x2048.jpg 2048w, https:\/\/halle.se\/wp-content\/uploads\/2024\/04\/halle-polar-batklubb-100x100.jpg 100w, https:\/\/halle.se\/wp-content\/uploads\/2024\/04\/halle-polar-batklubb-384x384.jpg 384w, https:\/\/halle.se\/wp-content\/uploads\/2024\/04\/halle-polar-batklubb-640x640.jpg 640w\" data-sizes=\"auto\" src=\"data:image\/svg+xml;base64,PHN2ZyB3aWR0aD0iMSIgaGVpZ2h0PSIxIiB4bWxucz0iaHR0cDovL3d3dy53My5vcmcvMjAwMC9zdmciPjwvc3ZnPg==\" data-original-sizes=\"(max-width: 400px) 100vw, 400px\" \/>                                  <div class=\"overlay fill\"\n                      style=\"background-color: rgba(255, 255, 255, 0.25)\">\n                  <\/div>\n                                                              <\/div>\n              <div class=\"box-text text-left is-xsmall dark\" >\n                 <p><\/p>\n              <\/div>\n            <\/div>\n            <\/a>          <\/div>\n         <\/div><div class=\"gallery-col col\" data-animate=\"fadeInDown\">\n          <div class=\"col-inner\">\n            <a class=\"image-lightbox lightbox-gallery\" href=\"https:\/\/halle.se\/wp-content\/uploads\/2024\/04\/halleplattan-transparent-mot-bla-himmel-2048x2048.jpg\" title=\"\">            <div class=\"box has-hover gallery-box box-default\">\n              <div class=\"box-image image-overlay-add image-cover\" style=\"padding-top:75%;\">\n                <img decoding=\"async\" width=\"400\" height=\"400\" data-src=\"https:\/\/halle.se\/wp-content\/uploads\/2024\/04\/halleplattan-transparent-mot-bla-himmel-400x400.jpg\" class=\"attachment-medium size-medium lazyload\" alt=\"Halleplattan ett glasfiberarmerat plasttak\" ids=\"227677,240358,227678,227680,227686,227682,227679,227681,221521,221524,221523,221522,178719,240309,221526,221525,221527,221528,234392,178736,178729,234452,240083,178730,178731,240311,178726,178727,178720,178718,178723,178738,240303,178737,178725,178740,178728,178704,240316,178724,178707,178732,178722,178733,240084,178741,178713,178710,178697,178746,178709,240082,240301,240302,240304,234393,240362,178695,178694,178703,178696,178693,178715,178742,178745,178743,240355,178744,178711,178712,240354,178716,178747,219122,219144,219734,234394,219123,219124,219127,219729,219140,219731,219141,219142,219143,219737,219738,219133,234190,219135,219136,234191,234192,240351,240353,240352,219147,240393,240153,240154,240152,240151,240155,240157,240158,219148,240267,240190,240194,240193,240192,240191,240265,240264,240255,219150,219152,219153,219156,219157,219159,234261,234262,234263,234264\" style=\"--smush-placeholder-width: 400px; --smush-placeholder-aspect-ratio: 400\/400;default\" lightbox_image_size=\"2048x2048\" columns=\"5\" animate=\"fadeInDown\" image_height=\"75%\" image_size=\"medium\" image_overlay=\"rgba(255, 255, 255, 0.25)\" image_hover=\"overlay-add\" text_size=\"xsmall\" text_color=\"dark\" data-srcset=\"https:\/\/halle.se\/wp-content\/uploads\/2024\/04\/halleplattan-transparent-mot-bla-himmel-400x400.jpg 400w, https:\/\/halle.se\/wp-content\/uploads\/2024\/04\/halleplattan-transparent-mot-bla-himmel-800x800.jpg 800w, https:\/\/halle.se\/wp-content\/uploads\/2024\/04\/halleplattan-transparent-mot-bla-himmel-280x280.jpg 280w, https:\/\/halle.se\/wp-content\/uploads\/2024\/04\/halleplattan-transparent-mot-bla-himmel-768x768.jpg 768w, https:\/\/halle.se\/wp-content\/uploads\/2024\/04\/halleplattan-transparent-mot-bla-himmel-1536x1536.jpg 1536w, https:\/\/halle.se\/wp-content\/uploads\/2024\/04\/halleplattan-transparent-mot-bla-himmel-2048x2048.jpg 2048w, https:\/\/halle.se\/wp-content\/uploads\/2024\/04\/halleplattan-transparent-mot-bla-himmel-100x100.jpg 100w, https:\/\/halle.se\/wp-content\/uploads\/2024\/04\/halleplattan-transparent-mot-bla-himmel-384x384.jpg 384w, https:\/\/halle.se\/wp-content\/uploads\/2024\/04\/halleplattan-transparent-mot-bla-himmel-640x640.jpg 640w\" data-sizes=\"auto\" src=\"data:image\/svg+xml;base64,PHN2ZyB3aWR0aD0iMSIgaGVpZ2h0PSIxIiB4bWxucz0iaHR0cDovL3d3dy53My5vcmcvMjAwMC9zdmciPjwvc3ZnPg==\" data-original-sizes=\"(max-width: 400px) 100vw, 400px\" \/>                                  <div class=\"overlay fill\"\n                      style=\"background-color: rgba(255, 255, 255, 0.25)\">\n                  <\/div>\n                                                              <\/div>\n              <div class=\"box-text text-left is-xsmall dark\" >\n                 <p><\/p>\n              <\/div>\n            <\/div>\n            <\/a>          <\/div>\n         <\/div><div class=\"gallery-col col\" data-animate=\"fadeInDown\">\n          <div class=\"col-inner\">\n            <a class=\"image-lightbox lightbox-gallery\" href=\"https:\/\/halle.se\/wp-content\/uploads\/2024\/04\/extrem-klar-regn-2048x2048.jpg\" title=\"\">            <div class=\"box has-hover gallery-box box-default\">\n              <div class=\"box-image image-overlay-add image-cover\" style=\"padding-top:75%;\">\n                <img decoding=\"async\" width=\"400\" height=\"400\" data-src=\"https:\/\/halle.se\/wp-content\/uploads\/2024\/04\/extrem-klar-regn-400x400.jpg\" class=\"attachment-medium size-medium lazyload\" alt=\"Halle Polysol plasttak\" ids=\"227677,240358,227678,227680,227686,227682,227679,227681,221521,221524,221523,221522,178719,240309,221526,221525,221527,221528,234392,178736,178729,234452,240083,178730,178731,240311,178726,178727,178720,178718,178723,178738,240303,178737,178725,178740,178728,178704,240316,178724,178707,178732,178722,178733,240084,178741,178713,178710,178697,178746,178709,240082,240301,240302,240304,234393,240362,178695,178694,178703,178696,178693,178715,178742,178745,178743,240355,178744,178711,178712,240354,178716,178747,219122,219144,219734,234394,219123,219124,219127,219729,219140,219731,219141,219142,219143,219737,219738,219133,234190,219135,219136,234191,234192,240351,240353,240352,219147,240393,240153,240154,240152,240151,240155,240157,240158,219148,240267,240190,240194,240193,240192,240191,240265,240264,240255,219150,219152,219153,219156,219157,219159,234261,234262,234263,234264\" style=\"--smush-placeholder-width: 400px; --smush-placeholder-aspect-ratio: 400\/400;default\" lightbox_image_size=\"2048x2048\" columns=\"5\" animate=\"fadeInDown\" image_height=\"75%\" image_size=\"medium\" image_overlay=\"rgba(255, 255, 255, 0.25)\" image_hover=\"overlay-add\" text_size=\"xsmall\" text_color=\"dark\" data-srcset=\"https:\/\/halle.se\/wp-content\/uploads\/2024\/04\/extrem-klar-regn-400x400.jpg 400w, https:\/\/halle.se\/wp-content\/uploads\/2024\/04\/extrem-klar-regn-800x800.jpg 800w, https:\/\/halle.se\/wp-content\/uploads\/2024\/04\/extrem-klar-regn-280x280.jpg 280w, https:\/\/halle.se\/wp-content\/uploads\/2024\/04\/extrem-klar-regn-768x768.jpg 768w, https:\/\/halle.se\/wp-content\/uploads\/2024\/04\/extrem-klar-regn-1536x1536.jpg 1536w, https:\/\/halle.se\/wp-content\/uploads\/2024\/04\/extrem-klar-regn-2048x2048.jpg 2048w, https:\/\/halle.se\/wp-content\/uploads\/2024\/04\/extrem-klar-regn-100x100.jpg 100w, https:\/\/halle.se\/wp-content\/uploads\/2024\/04\/extrem-klar-regn-384x384.jpg 384w, https:\/\/halle.se\/wp-content\/uploads\/2024\/04\/extrem-klar-regn-640x640.jpg 640w\" data-sizes=\"auto\" src=\"data:image\/svg+xml;base64,PHN2ZyB3aWR0aD0iMSIgaGVpZ2h0PSIxIiB4bWxucz0iaHR0cDovL3d3dy53My5vcmcvMjAwMC9zdmciPjwvc3ZnPg==\" data-original-sizes=\"(max-width: 400px) 100vw, 400px\" \/>                                  <div class=\"overlay fill\"\n                      style=\"background-color: rgba(255, 255, 255, 0.25)\">\n                  <\/div>\n                                                              <\/div>\n              <div class=\"box-text text-left is-xsmall dark\" >\n                 <p><\/p>\n              <\/div>\n            <\/div>\n            <\/a>          <\/div>\n         <\/div><div class=\"gallery-col col\" data-animate=\"fadeInDown\">\n          <div class=\"col-inner\">\n            <a class=\"image-lightbox lightbox-gallery\" href=\"https:\/\/halle.se\/wp-content\/uploads\/2024\/04\/extreme-klar-2048x2048.jpg\" title=\"\">            <div class=\"box has-hover gallery-box box-default\">\n              <div class=\"box-image image-overlay-add image-cover\" style=\"padding-top:75%;\">\n                <img decoding=\"async\" width=\"400\" height=\"400\" data-src=\"https:\/\/halle.se\/wp-content\/uploads\/2024\/04\/extreme-klar-400x400.jpg\" class=\"attachment-medium size-medium lazyload\" alt=\"Halle Polysol plasttak \u00f6ver uterum\" ids=\"227677,240358,227678,227680,227686,227682,227679,227681,221521,221524,221523,221522,178719,240309,221526,221525,221527,221528,234392,178736,178729,234452,240083,178730,178731,240311,178726,178727,178720,178718,178723,178738,240303,178737,178725,178740,178728,178704,240316,178724,178707,178732,178722,178733,240084,178741,178713,178710,178697,178746,178709,240082,240301,240302,240304,234393,240362,178695,178694,178703,178696,178693,178715,178742,178745,178743,240355,178744,178711,178712,240354,178716,178747,219122,219144,219734,234394,219123,219124,219127,219729,219140,219731,219141,219142,219143,219737,219738,219133,234190,219135,219136,234191,234192,240351,240353,240352,219147,240393,240153,240154,240152,240151,240155,240157,240158,219148,240267,240190,240194,240193,240192,240191,240265,240264,240255,219150,219152,219153,219156,219157,219159,234261,234262,234263,234264\" style=\"--smush-placeholder-width: 400px; --smush-placeholder-aspect-ratio: 400\/400;default\" lightbox_image_size=\"2048x2048\" columns=\"5\" animate=\"fadeInDown\" image_height=\"75%\" image_size=\"medium\" image_overlay=\"rgba(255, 255, 255, 0.25)\" image_hover=\"overlay-add\" text_size=\"xsmall\" text_color=\"dark\" data-srcset=\"https:\/\/halle.se\/wp-content\/uploads\/2024\/04\/extreme-klar-400x400.jpg 400w, https:\/\/halle.se\/wp-content\/uploads\/2024\/04\/extreme-klar-800x800.jpg 800w, https:\/\/halle.se\/wp-content\/uploads\/2024\/04\/extreme-klar-280x280.jpg 280w, https:\/\/halle.se\/wp-content\/uploads\/2024\/04\/extreme-klar-768x768.jpg 768w, https:\/\/halle.se\/wp-content\/uploads\/2024\/04\/extreme-klar-1536x1536.jpg 1536w, https:\/\/halle.se\/wp-content\/uploads\/2024\/04\/extreme-klar-2048x2048.jpg 2048w, https:\/\/halle.se\/wp-content\/uploads\/2024\/04\/extreme-klar-100x100.jpg 100w, https:\/\/halle.se\/wp-content\/uploads\/2024\/04\/extreme-klar-384x384.jpg 384w, https:\/\/halle.se\/wp-content\/uploads\/2024\/04\/extreme-klar-640x640.jpg 640w\" data-sizes=\"auto\" src=\"data:image\/svg+xml;base64,PHN2ZyB3aWR0aD0iMSIgaGVpZ2h0PSIxIiB4bWxucz0iaHR0cDovL3d3dy53My5vcmcvMjAwMC9zdmciPjwvc3ZnPg==\" data-original-sizes=\"(max-width: 400px) 100vw, 400px\" \/>                                  <div class=\"overlay fill\"\n                      style=\"background-color: rgba(255, 255, 255, 0.25)\">\n                  <\/div>\n                                                              <\/div>\n              <div class=\"box-text text-left is-xsmall dark\" >\n                 <p><\/p>\n              <\/div>\n            <\/div>\n            <\/a>          <\/div>\n         <\/div><div class=\"gallery-col col\" data-animate=\"fadeInDown\">\n          <div class=\"col-inner\">\n            <a class=\"image-lightbox lightbox-gallery\" href=\"https:\/\/halle.se\/wp-content\/uploads\/2024\/04\/halle-ljusinslapp-tak-2048x1536.jpg\" title=\"\">            <div class=\"box has-hover gallery-box box-default\">\n              <div class=\"box-image image-overlay-add image-cover\" style=\"padding-top:75%;\">\n                <img decoding=\"async\" width=\"533\" height=\"400\" data-src=\"https:\/\/halle.se\/wp-content\/uploads\/2024\/04\/halle-ljusinslapp-tak-533x400.jpg\" class=\"attachment-medium size-medium lazyload\" alt=\"Halle ljusinsl\u00e4pp\" ids=\"227677,240358,227678,227680,227686,227682,227679,227681,221521,221524,221523,221522,178719,240309,221526,221525,221527,221528,234392,178736,178729,234452,240083,178730,178731,240311,178726,178727,178720,178718,178723,178738,240303,178737,178725,178740,178728,178704,240316,178724,178707,178732,178722,178733,240084,178741,178713,178710,178697,178746,178709,240082,240301,240302,240304,234393,240362,178695,178694,178703,178696,178693,178715,178742,178745,178743,240355,178744,178711,178712,240354,178716,178747,219122,219144,219734,234394,219123,219124,219127,219729,219140,219731,219141,219142,219143,219737,219738,219133,234190,219135,219136,234191,234192,240351,240353,240352,219147,240393,240153,240154,240152,240151,240155,240157,240158,219148,240267,240190,240194,240193,240192,240191,240265,240264,240255,219150,219152,219153,219156,219157,219159,234261,234262,234263,234264\" style=\"--smush-placeholder-width: 533px; --smush-placeholder-aspect-ratio: 533\/400;default\" lightbox_image_size=\"2048x2048\" columns=\"5\" animate=\"fadeInDown\" image_height=\"75%\" image_size=\"medium\" image_overlay=\"rgba(255, 255, 255, 0.25)\" image_hover=\"overlay-add\" text_size=\"xsmall\" text_color=\"dark\" data-srcset=\"https:\/\/halle.se\/wp-content\/uploads\/2024\/04\/halle-ljusinslapp-tak-533x400.jpg 533w, https:\/\/halle.se\/wp-content\/uploads\/2024\/04\/halle-ljusinslapp-tak-1067x800.jpg 1067w, https:\/\/halle.se\/wp-content\/uploads\/2024\/04\/halle-ljusinslapp-tak-768x576.jpg 768w, https:\/\/halle.se\/wp-content\/uploads\/2024\/04\/halle-ljusinslapp-tak-1536x1152.jpg 1536w, https:\/\/halle.se\/wp-content\/uploads\/2024\/04\/halle-ljusinslapp-tak-2048x1536.jpg 2048w, https:\/\/halle.se\/wp-content\/uploads\/2024\/04\/halle-ljusinslapp-tak-133x100.jpg 133w, https:\/\/halle.se\/wp-content\/uploads\/2024\/04\/halle-ljusinslapp-tak-640x480.jpg 640w\" data-sizes=\"auto\" src=\"data:image\/svg+xml;base64,PHN2ZyB3aWR0aD0iMSIgaGVpZ2h0PSIxIiB4bWxucz0iaHR0cDovL3d3dy53My5vcmcvMjAwMC9zdmciPjwvc3ZnPg==\" data-original-sizes=\"(max-width: 533px) 100vw, 533px\" \/>                                  <div class=\"overlay fill\"\n                      style=\"background-color: rgba(255, 255, 255, 0.25)\">\n                  <\/div>\n                                                              <\/div>\n              <div class=\"box-text text-left is-xsmall dark\" >\n                 <p><\/p>\n              <\/div>\n            <\/div>\n            <\/a>          <\/div>\n         <\/div><div class=\"gallery-col col\" data-animate=\"fadeInDown\">\n          <div class=\"col-inner\">\n            <a class=\"image-lightbox lightbox-gallery\" href=\"https:\/\/halle.se\/wp-content\/uploads\/2026\/02\/Glasfasad-1.jpg\" title=\"\">            <div class=\"box has-hover gallery-box box-default\">\n              <div class=\"box-image image-overlay-add image-cover\" style=\"padding-top:75%;\">\n                <img decoding=\"async\" width=\"293\" height=\"400\" data-src=\"https:\/\/halle.se\/wp-content\/uploads\/2026\/02\/Glasfasad-1-293x400.jpg\" class=\"attachment-medium size-medium lazyload\" alt=\"\" ids=\"227677,240358,227678,227680,227686,227682,227679,227681,221521,221524,221523,221522,178719,240309,221526,221525,221527,221528,234392,178736,178729,234452,240083,178730,178731,240311,178726,178727,178720,178718,178723,178738,240303,178737,178725,178740,178728,178704,240316,178724,178707,178732,178722,178733,240084,178741,178713,178710,178697,178746,178709,240082,240301,240302,240304,234393,240362,178695,178694,178703,178696,178693,178715,178742,178745,178743,240355,178744,178711,178712,240354,178716,178747,219122,219144,219734,234394,219123,219124,219127,219729,219140,219731,219141,219142,219143,219737,219738,219133,234190,219135,219136,234191,234192,240351,240353,240352,219147,240393,240153,240154,240152,240151,240155,240157,240158,219148,240267,240190,240194,240193,240192,240191,240265,240264,240255,219150,219152,219153,219156,219157,219159,234261,234262,234263,234264\" style=\"--smush-placeholder-width: 293px; --smush-placeholder-aspect-ratio: 293\/400;default\" lightbox_image_size=\"2048x2048\" columns=\"5\" animate=\"fadeInDown\" image_height=\"75%\" image_size=\"medium\" image_overlay=\"rgba(255, 255, 255, 0.25)\" image_hover=\"overlay-add\" text_size=\"xsmall\" text_color=\"dark\" data-srcset=\"https:\/\/halle.se\/wp-content\/uploads\/2026\/02\/Glasfasad-1-293x400.jpg 293w, https:\/\/halle.se\/wp-content\/uploads\/2026\/02\/Glasfasad-1-586x800.jpg 586w, https:\/\/halle.se\/wp-content\/uploads\/2026\/02\/Glasfasad-1-768x1048.jpg 768w, https:\/\/halle.se\/wp-content\/uploads\/2026\/02\/Glasfasad-1-73x100.jpg 73w, https:\/\/halle.se\/wp-content\/uploads\/2026\/02\/Glasfasad-1-640x873.jpg 640w, https:\/\/halle.se\/wp-content\/uploads\/2026\/02\/Glasfasad-1.jpg 938w\" data-sizes=\"auto\" src=\"data:image\/svg+xml;base64,PHN2ZyB3aWR0aD0iMSIgaGVpZ2h0PSIxIiB4bWxucz0iaHR0cDovL3d3dy53My5vcmcvMjAwMC9zdmciPjwvc3ZnPg==\" data-original-sizes=\"(max-width: 293px) 100vw, 293px\" \/>                                  <div class=\"overlay fill\"\n                      style=\"background-color: rgba(255, 255, 255, 0.25)\">\n                  <\/div>\n                                                              <\/div>\n              <div class=\"box-text text-left is-xsmall dark\" >\n                 <p><\/p>\n              <\/div>\n            <\/div>\n            <\/a>          <\/div>\n         <\/div><div class=\"gallery-col col\" data-animate=\"fadeInDown\">\n          <div class=\"col-inner\">\n            <a class=\"image-lightbox lightbox-gallery\" href=\"https:\/\/halle.se\/wp-content\/uploads\/2026\/02\/Brf-Jordgubben-Vasteras-1-1536x2048.jpg\" title=\"\">            <div class=\"box has-hover gallery-box box-default\">\n              <div class=\"box-image image-overlay-add image-cover\" style=\"padding-top:75%;\">\n                <img decoding=\"async\" width=\"300\" height=\"400\" data-src=\"https:\/\/halle.se\/wp-content\/uploads\/2026\/02\/Brf-Jordgubben-Vasteras-1-300x400.jpg\" class=\"attachment-medium size-medium lazyload\" alt=\"\" ids=\"227677,240358,227678,227680,227686,227682,227679,227681,221521,221524,221523,221522,178719,240309,221526,221525,221527,221528,234392,178736,178729,234452,240083,178730,178731,240311,178726,178727,178720,178718,178723,178738,240303,178737,178725,178740,178728,178704,240316,178724,178707,178732,178722,178733,240084,178741,178713,178710,178697,178746,178709,240082,240301,240302,240304,234393,240362,178695,178694,178703,178696,178693,178715,178742,178745,178743,240355,178744,178711,178712,240354,178716,178747,219122,219144,219734,234394,219123,219124,219127,219729,219140,219731,219141,219142,219143,219737,219738,219133,234190,219135,219136,234191,234192,240351,240353,240352,219147,240393,240153,240154,240152,240151,240155,240157,240158,219148,240267,240190,240194,240193,240192,240191,240265,240264,240255,219150,219152,219153,219156,219157,219159,234261,234262,234263,234264\" style=\"--smush-placeholder-width: 300px; --smush-placeholder-aspect-ratio: 300\/400;default\" lightbox_image_size=\"2048x2048\" columns=\"5\" animate=\"fadeInDown\" image_height=\"75%\" image_size=\"medium\" image_overlay=\"rgba(255, 255, 255, 0.25)\" image_hover=\"overlay-add\" text_size=\"xsmall\" text_color=\"dark\" data-srcset=\"https:\/\/halle.se\/wp-content\/uploads\/2026\/02\/Brf-Jordgubben-Vasteras-1-300x400.jpg 300w, https:\/\/halle.se\/wp-content\/uploads\/2026\/02\/Brf-Jordgubben-Vasteras-1-600x800.jpg 600w, https:\/\/halle.se\/wp-content\/uploads\/2026\/02\/Brf-Jordgubben-Vasteras-1-768x1024.jpg 768w, https:\/\/halle.se\/wp-content\/uploads\/2026\/02\/Brf-Jordgubben-Vasteras-1-1152x1536.jpg 1152w, https:\/\/halle.se\/wp-content\/uploads\/2026\/02\/Brf-Jordgubben-Vasteras-1-1536x2048.jpg 1536w, https:\/\/halle.se\/wp-content\/uploads\/2026\/02\/Brf-Jordgubben-Vasteras-1-75x100.jpg 75w, https:\/\/halle.se\/wp-content\/uploads\/2026\/02\/Brf-Jordgubben-Vasteras-1-640x853.jpg 640w, https:\/\/halle.se\/wp-content\/uploads\/2026\/02\/Brf-Jordgubben-Vasteras-1-scaled.jpg 1920w\" data-sizes=\"auto\" src=\"data:image\/svg+xml;base64,PHN2ZyB3aWR0aD0iMSIgaGVpZ2h0PSIxIiB4bWxucz0iaHR0cDovL3d3dy53My5vcmcvMjAwMC9zdmciPjwvc3ZnPg==\" data-original-sizes=\"(max-width: 300px) 100vw, 300px\" \/>                                  <div class=\"overlay fill\"\n                      style=\"background-color: rgba(255, 255, 255, 0.25)\">\n                  <\/div>\n                                                              <\/div>\n              <div class=\"box-text text-left is-xsmall dark\" >\n                 <p><\/p>\n              <\/div>\n            <\/div>\n            <\/a>          <\/div>\n         <\/div><div class=\"gallery-col col\" data-animate=\"fadeInDown\">\n          <div class=\"col-inner\">\n            <a class=\"image-lightbox lightbox-gallery\" href=\"https:\/\/halle.se\/wp-content\/uploads\/2026\/02\/Halle-FAsad-Sysarbs-brorsa-Falkenberg.jpg\" title=\"\">            <div class=\"box has-hover gallery-box box-default\">\n              <div class=\"box-image image-overlay-add image-cover\" style=\"padding-top:75%;\">\n                <img decoding=\"async\" width=\"600\" height=\"400\" data-src=\"https:\/\/halle.se\/wp-content\/uploads\/2026\/02\/Halle-FAsad-Sysarbs-brorsa-Falkenberg-600x400.jpg\" class=\"attachment-medium size-medium lazyload\" alt=\"\" ids=\"227677,240358,227678,227680,227686,227682,227679,227681,221521,221524,221523,221522,178719,240309,221526,221525,221527,221528,234392,178736,178729,234452,240083,178730,178731,240311,178726,178727,178720,178718,178723,178738,240303,178737,178725,178740,178728,178704,240316,178724,178707,178732,178722,178733,240084,178741,178713,178710,178697,178746,178709,240082,240301,240302,240304,234393,240362,178695,178694,178703,178696,178693,178715,178742,178745,178743,240355,178744,178711,178712,240354,178716,178747,219122,219144,219734,234394,219123,219124,219127,219729,219140,219731,219141,219142,219143,219737,219738,219133,234190,219135,219136,234191,234192,240351,240353,240352,219147,240393,240153,240154,240152,240151,240155,240157,240158,219148,240267,240190,240194,240193,240192,240191,240265,240264,240255,219150,219152,219153,219156,219157,219159,234261,234262,234263,234264\" style=\"--smush-placeholder-width: 600px; --smush-placeholder-aspect-ratio: 600\/400;default\" lightbox_image_size=\"2048x2048\" columns=\"5\" animate=\"fadeInDown\" image_height=\"75%\" image_size=\"medium\" image_overlay=\"rgba(255, 255, 255, 0.25)\" image_hover=\"overlay-add\" text_size=\"xsmall\" text_color=\"dark\" data-srcset=\"https:\/\/halle.se\/wp-content\/uploads\/2026\/02\/Halle-FAsad-Sysarbs-brorsa-Falkenberg-600x400.jpg 600w, https:\/\/halle.se\/wp-content\/uploads\/2026\/02\/Halle-FAsad-Sysarbs-brorsa-Falkenberg-768x512.jpg 768w, https:\/\/halle.se\/wp-content\/uploads\/2026\/02\/Halle-FAsad-Sysarbs-brorsa-Falkenberg-150x100.jpg 150w, https:\/\/halle.se\/wp-content\/uploads\/2026\/02\/Halle-FAsad-Sysarbs-brorsa-Falkenberg-640x427.jpg 640w, https:\/\/halle.se\/wp-content\/uploads\/2026\/02\/Halle-FAsad-Sysarbs-brorsa-Falkenberg.jpg 1200w\" data-sizes=\"auto\" src=\"data:image\/svg+xml;base64,PHN2ZyB3aWR0aD0iMSIgaGVpZ2h0PSIxIiB4bWxucz0iaHR0cDovL3d3dy53My5vcmcvMjAwMC9zdmciPjwvc3ZnPg==\" data-original-sizes=\"(max-width: 600px) 100vw, 600px\" \/>                                  <div class=\"overlay fill\"\n                      style=\"background-color: rgba(255, 255, 255, 0.25)\">\n                  <\/div>\n                                                              <\/div>\n              <div class=\"box-text text-left is-xsmall dark\" >\n                 <p><\/p>\n              <\/div>\n            <\/div>\n            <\/a>          <\/div>\n         <\/div><div class=\"gallery-col col\" data-animate=\"fadeInDown\">\n          <div class=\"col-inner\">\n            <a class=\"image-lightbox lightbox-gallery\" href=\"https:\/\/halle.se\/wp-content\/uploads\/2026\/02\/Halle-Primolux-Isoler-FRedrik-Andersson-Orebro-4.jpg\" title=\"\">            <div class=\"box has-hover gallery-box box-default\">\n              <div class=\"box-image image-overlay-add image-cover\" style=\"padding-top:75%;\">\n                <img decoding=\"async\" width=\"600\" height=\"400\" data-src=\"https:\/\/halle.se\/wp-content\/uploads\/2026\/02\/Halle-Primolux-Isoler-FRedrik-Andersson-Orebro-4-600x400.jpg\" class=\"attachment-medium size-medium lazyload\" alt=\"\" ids=\"227677,240358,227678,227680,227686,227682,227679,227681,221521,221524,221523,221522,178719,240309,221526,221525,221527,221528,234392,178736,178729,234452,240083,178730,178731,240311,178726,178727,178720,178718,178723,178738,240303,178737,178725,178740,178728,178704,240316,178724,178707,178732,178722,178733,240084,178741,178713,178710,178697,178746,178709,240082,240301,240302,240304,234393,240362,178695,178694,178703,178696,178693,178715,178742,178745,178743,240355,178744,178711,178712,240354,178716,178747,219122,219144,219734,234394,219123,219124,219127,219729,219140,219731,219141,219142,219143,219737,219738,219133,234190,219135,219136,234191,234192,240351,240353,240352,219147,240393,240153,240154,240152,240151,240155,240157,240158,219148,240267,240190,240194,240193,240192,240191,240265,240264,240255,219150,219152,219153,219156,219157,219159,234261,234262,234263,234264\" style=\"--smush-placeholder-width: 600px; --smush-placeholder-aspect-ratio: 600\/400;default\" lightbox_image_size=\"2048x2048\" columns=\"5\" animate=\"fadeInDown\" image_height=\"75%\" image_size=\"medium\" image_overlay=\"rgba(255, 255, 255, 0.25)\" image_hover=\"overlay-add\" text_size=\"xsmall\" text_color=\"dark\" data-srcset=\"https:\/\/halle.se\/wp-content\/uploads\/2026\/02\/Halle-Primolux-Isoler-FRedrik-Andersson-Orebro-4-600x400.jpg 600w, https:\/\/halle.se\/wp-content\/uploads\/2026\/02\/Halle-Primolux-Isoler-FRedrik-Andersson-Orebro-4-768x512.jpg 768w, https:\/\/halle.se\/wp-content\/uploads\/2026\/02\/Halle-Primolux-Isoler-FRedrik-Andersson-Orebro-4-150x100.jpg 150w, https:\/\/halle.se\/wp-content\/uploads\/2026\/02\/Halle-Primolux-Isoler-FRedrik-Andersson-Orebro-4-640x427.jpg 640w, https:\/\/halle.se\/wp-content\/uploads\/2026\/02\/Halle-Primolux-Isoler-FRedrik-Andersson-Orebro-4.jpg 1024w\" data-sizes=\"auto\" src=\"data:image\/svg+xml;base64,PHN2ZyB3aWR0aD0iMSIgaGVpZ2h0PSIxIiB4bWxucz0iaHR0cDovL3d3dy53My5vcmcvMjAwMC9zdmciPjwvc3ZnPg==\" data-original-sizes=\"(max-width: 600px) 100vw, 600px\" \/>                                  <div class=\"overlay fill\"\n                      style=\"background-color: rgba(255, 255, 255, 0.25)\">\n                  <\/div>\n                                                              <\/div>\n              <div class=\"box-text text-left is-xsmall dark\" >\n                 <p><\/p>\n              <\/div>\n            <\/div>\n            <\/a>          <\/div>\n         <\/div><\/div>\n<h3><strong>Uterumsinspiration<\/strong><\/h3>\n<p>Ett uterum \u00e4r s\u00e5 mycket mer \u00e4n bara ett uterum. Glasa in uterummet och omvandla det till ett dr\u00f6mrum eller en underbar oas att njuta i. Oavsett om det regnar eller bl\u00e5ser ger ett uterum dig b\u00e5de trivsel och lyx i b\u00e5de din vardag och helg. Ibland b\u00f6rjar planeringen av ett nytt uterum av att man f\u00e5tt inspiration fr\u00e5n en bild.<br \/>\nMan f\u00e5r till exempel n\u00f6jet att vistas i ett uterum \u00f6ver en kopp kaffe eller en middagsbjudning.<\/p>\n<p>Det \u00e4r viktigt att du planerar noga och best\u00e4mmer dig f\u00f6r om det ska vara ett specialritat uterum eller ett komplett uterum i f\u00e4rdigt m\u00e5tt. Det finns m\u00e5nga alternativ med taklutning, bredd, l\u00e4ngd. Det \u00e4r \u00e4ven viktigt att fundera ut vilken eller vilka \u00e5rstider man kommer att anv\u00e4nda sitt uterum. Vi har olika system anpassade f\u00f6r olika \u00e5rstider. Hitta inspiration.<\/p>\n<h3><b>Uterum &#8211; Husets extrarum i tr\u00e4dg\u00e5rden<\/b><\/h3>\n<p>Kom n\u00e4rmare naturen med en inglasad altan. H\u00e4r kan du njuta av alla \u00e5rstider, fest, eller s\u00f6ndagsfika!<\/p>\n<p>N\u00e4r det g\u00e4ller uterum, inglasad altan eller vintertr\u00e4dg\u00e5rd, v\u00e4lj ur Halles breda sortiment med allt fr\u00e5n enkla glaspartier till kompletta uterum f\u00f6r alla \u00e5rstider! Skr\u00e4ddarsy ditt uterum med dina egna m\u00e5tt s\u00e5 att det passar dig och din bostad p\u00e5 b\u00e4sta vis.<\/p>\n<h3><b>Vikparti och Fasad<\/b><\/h3>\n<p>Sl\u00e4pp in ljuset i ditt hem med ett glasparti. Med stora energibesparande glas \u00f6ppnar du upp en husv\u00e4gg och sl\u00e4pper in sommaren och tr\u00e4dg\u00e5rdens alla underbara intryck i vardagsrummet eller k\u00f6ket.<\/p>\n<p class=\"p1\">Att kunna s\u00e4tta st\u00e4mpeln Made in Sweden p\u00e5 v\u00e5ra produkter \u00e4r n\u00e5got vi k\u00e4nner en stor gl\u00e4dje och stolthet \u00f6ver.<\/p>\n<p><strong>L\u00e4s mer om <a href=\"https:\/\/halle.se\/uterum\/\" target=\"_blank\" rel=\"noopener noreferrer\">Uterum <\/a>| <a href=\"https:\/\/halle.se\/kanalplast-och-kompletta-kanalplasttak\/\" target=\"_blank\" rel=\"noopener\">Kanalplast<\/a> | <a href=\"https:\/\/halle.se\/halle-vikparti\/\">Vikparti<\/a> | <a href=\"https:\/\/halle.se\/halle-fasad\/\">Fasadsystem<\/a> | <a href=\"https:\/\/halle.se\/uterumspartier\/\">Uterumspartier<\/a><\/strong><\/p>\n<p><a href=\"https:\/\/halle.se\/\" target=\"_blank\" rel=\"noopener noreferrer\">Tillbaka till startsidan<\/a><\/p>\n<p>Se \u00e4ven v\u00e5r sida f\u00f6r takl\u00f6sningar med: <a href=\"https:\/\/halle.se\/kanalplast-och-kompletta-kanalplasttak\/\" target=\"_blank\" rel=\"noopener\">Kanalplast<\/a><\/p>\n\t\t<\/div>\n\t\t\t\t\t<\/div>\n\n\t\n<\/div>\n","protected":false},"excerpt":{"rendered":"","protected":false},"author":11,"featured_media":0,"parent":0,"menu_order":0,"comment_status":"closed","ping_status":"closed","template":"","meta":{"_acf_changed":false,"footnotes":""},"class_list":["post-178687","page","type-page","status-publish","hentry"],"acf":[],"yoast_head":"<!-- This site is optimized with the Yoast SEO plugin v27.4 - https:\/\/yoast.com\/product\/yoast-seo-wordpress\/ -->\n<title>Uterum Inspiration - Vikparti, Kanalplasttak, Vintertr\u00e4dg\u00e5rd | Halle\u00ae<\/title>\n<meta name=\"description\" content=\"Uterum Inspiration \u2713 Ska du bygga uterum? Inspiration till uterummet \u2022 Vikparti \u2022 Uterumsparti \u2022 Kanalplasttak \u2022 Vintertr\u00e4dg\u00e5rd\" \/>\n<meta name=\"robots\" content=\"index, follow, max-snippet:-1, max-image-preview:large, max-video-preview:-1\" \/>\n<link rel=\"canonical\" href=\"https:\/\/halle.se\/uterum-inspiration\/\" \/>\n<meta property=\"og:locale\" content=\"sv_SE\" \/>\n<meta property=\"og:type\" content=\"article\" \/>\n<meta property=\"og:title\" content=\"Uterum Inspiration - Vikparti, Kanalplasttak, Vintertr\u00e4dg\u00e5rd | Halle\u00ae\" \/>\n<meta property=\"og:description\" content=\"Uterum Inspiration \u2713 Ska du bygga uterum? Inspiration till uterummet \u2022 Vikparti \u2022 Uterumsparti \u2022 Kanalplasttak \u2022 Vintertr\u00e4dg\u00e5rd\" \/>\n<meta property=\"og:url\" content=\"https:\/\/halle.se\/uterum-inspiration\/\" \/>\n<meta property=\"og:site_name\" content=\"Halle\" \/>\n<meta property=\"article:modified_time\" content=\"2026-04-28T15:18:24+00:00\" \/>\n<meta name=\"twitter:card\" content=\"summary_large_image\" \/>\n<meta name=\"twitter:label1\" content=\"Ber\u00e4knad l\u00e4stid\" \/>\n\t<meta name=\"twitter:data1\" content=\"2 minuter\" \/>\n<script type=\"application\/ld+json\" class=\"yoast-schema-graph\">{\"@context\":\"https:\\\/\\\/schema.org\",\"@graph\":[{\"@type\":\"WebPage\",\"@id\":\"https:\\\/\\\/halle.se\\\/uterum-inspiration\\\/\",\"url\":\"https:\\\/\\\/halle.se\\\/uterum-inspiration\\\/\",\"name\":\"Uterum Inspiration - Vikparti, Kanalplasttak, Vintertr\u00e4dg\u00e5rd | Halle\u00ae\",\"isPartOf\":{\"@id\":\"https:\\\/\\\/halle.se\\\/#website\"},\"datePublished\":\"2021-03-29T08:37:43+00:00\",\"dateModified\":\"2026-04-28T15:18:24+00:00\",\"description\":\"Uterum Inspiration \u2713 Ska du bygga uterum? Inspiration till uterummet \u2022 Vikparti \u2022 Uterumsparti \u2022 Kanalplasttak \u2022 Vintertr\u00e4dg\u00e5rd\",\"breadcrumb\":{\"@id\":\"https:\\\/\\\/halle.se\\\/uterum-inspiration\\\/#breadcrumb\"},\"inLanguage\":\"sv-SE\",\"potentialAction\":[{\"@type\":\"ReadAction\",\"target\":[\"https:\\\/\\\/halle.se\\\/uterum-inspiration\\\/\"]}]},{\"@type\":\"BreadcrumbList\",\"@id\":\"https:\\\/\\\/halle.se\\\/uterum-inspiration\\\/#breadcrumb\",\"itemListElement\":[{\"@type\":\"ListItem\",\"position\":1,\"name\":\"Hem\",\"item\":\"https:\\\/\\\/halle.se\\\/\"},{\"@type\":\"ListItem\",\"position\":2,\"name\":\"Inspiration\"}]},{\"@type\":\"WebSite\",\"@id\":\"https:\\\/\\\/halle.se\\\/#website\",\"url\":\"https:\\\/\\\/halle.se\\\/\",\"name\":\"Halle\",\"description\":\"Vi tillverkar uterum &amp; plasttak\",\"potentialAction\":[{\"@type\":\"SearchAction\",\"target\":{\"@type\":\"EntryPoint\",\"urlTemplate\":\"https:\\\/\\\/halle.se\\\/?s={search_term_string}\"},\"query-input\":{\"@type\":\"PropertyValueSpecification\",\"valueRequired\":true,\"valueName\":\"search_term_string\"}}],\"inLanguage\":\"sv-SE\"}]}<\/script>\n<!-- \/ Yoast SEO plugin. -->","yoast_head_json":{"title":"Uterum Inspiration - Vikparti, Kanalplasttak, Vintertr\u00e4dg\u00e5rd | Halle\u00ae","description":"Uterum Inspiration \u2713 Ska du bygga uterum? Inspiration till uterummet \u2022 Vikparti \u2022 Uterumsparti \u2022 Kanalplasttak \u2022 Vintertr\u00e4dg\u00e5rd","robots":{"index":"index","follow":"follow","max-snippet":"max-snippet:-1","max-image-preview":"max-image-preview:large","max-video-preview":"max-video-preview:-1"},"canonical":"https:\/\/halle.se\/uterum-inspiration\/","og_locale":"sv_SE","og_type":"article","og_title":"Uterum Inspiration - Vikparti, Kanalplasttak, Vintertr\u00e4dg\u00e5rd | Halle\u00ae","og_description":"Uterum Inspiration \u2713 Ska du bygga uterum? Inspiration till uterummet \u2022 Vikparti \u2022 Uterumsparti \u2022 Kanalplasttak \u2022 Vintertr\u00e4dg\u00e5rd","og_url":"https:\/\/halle.se\/uterum-inspiration\/","og_site_name":"Halle","article_modified_time":"2026-04-28T15:18:24+00:00","twitter_card":"summary_large_image","twitter_misc":{"Ber\u00e4knad l\u00e4stid":"2 minuter"},"schema":{"@context":"https:\/\/schema.org","@graph":[{"@type":"WebPage","@id":"https:\/\/halle.se\/uterum-inspiration\/","url":"https:\/\/halle.se\/uterum-inspiration\/","name":"Uterum Inspiration - Vikparti, Kanalplasttak, Vintertr\u00e4dg\u00e5rd | Halle\u00ae","isPartOf":{"@id":"https:\/\/halle.se\/#website"},"datePublished":"2021-03-29T08:37:43+00:00","dateModified":"2026-04-28T15:18:24+00:00","description":"Uterum Inspiration \u2713 Ska du bygga uterum? Inspiration till uterummet \u2022 Vikparti \u2022 Uterumsparti \u2022 Kanalplasttak \u2022 Vintertr\u00e4dg\u00e5rd","breadcrumb":{"@id":"https:\/\/halle.se\/uterum-inspiration\/#breadcrumb"},"inLanguage":"sv-SE","potentialAction":[{"@type":"ReadAction","target":["https:\/\/halle.se\/uterum-inspiration\/"]}]},{"@type":"BreadcrumbList","@id":"https:\/\/halle.se\/uterum-inspiration\/#breadcrumb","itemListElement":[{"@type":"ListItem","position":1,"name":"Hem","item":"https:\/\/halle.se\/"},{"@type":"ListItem","position":2,"name":"Inspiration"}]},{"@type":"WebSite","@id":"https:\/\/halle.se\/#website","url":"https:\/\/halle.se\/","name":"Halle","description":"Vi tillverkar uterum &amp; plasttak","potentialAction":[{"@type":"SearchAction","target":{"@type":"EntryPoint","urlTemplate":"https:\/\/halle.se\/?s={search_term_string}"},"query-input":{"@type":"PropertyValueSpecification","valueRequired":true,"valueName":"search_term_string"}}],"inLanguage":"sv-SE"}]}},"_links":{"self":[{"href":"https:\/\/halle.se\/api\/wp\/v2\/pages\/178687","targetHints":{"allow":["GET"]}}],"collection":[{"href":"https:\/\/halle.se\/api\/wp\/v2\/pages"}],"about":[{"href":"https:\/\/halle.se\/api\/wp\/v2\/types\/page"}],"author":[{"embeddable":true,"href":"https:\/\/halle.se\/api\/wp\/v2\/users\/11"}],"replies":[{"embeddable":true,"href":"https:\/\/halle.se\/api\/wp\/v2\/comments?post=178687"}],"version-history":[{"count":0,"href":"https:\/\/halle.se\/api\/wp\/v2\/pages\/178687\/revisions"}],"wp:attachment":[{"href":"https:\/\/halle.se\/api\/wp\/v2\/media?parent=178687"}],"curies":[{"name":"wp","href":"https:\/\/api.w.org\/{rel}","templated":true}]}}