{"id":204816,"date":"2022-11-17T10:11:56","date_gmt":"2022-11-17T09:11:56","guid":{"rendered":"https:\/\/halle.se\/?page_id=204816"},"modified":"2022-11-17T16:39:36","modified_gmt":"2022-11-17T15:39:36","slug":"sandwichfonster","status":"publish","type":"page","link":"https:\/\/halle.se\/sandwichfonster\/","title":{"rendered":"Sandwichf\u00f6nster"},"content":{"rendered":"<div class=\"row align-center\"  id=\"row-567846894\">\n\n\t<div id=\"col-992789344\" class=\"col small-10 large-12\"  >\n\t\t\t\t<div class=\"col-inner text-center\"  >\n\t\t\t\n\t\t\t\n<h1><span style=\"font-size: 140%;\">Sandwichf\u00f6nster Aluminiumf\u00f6nster<\/span><\/h1>\n<h3><span style=\"font-size: 140%;\">Hitta inspiration<\/span><\/h3>\n<h2>Sandwichf\u00f6nster | Aluminiumsystem | SAPA byggsystem | Fasadsystem | Inspiration<\/h2>\n<p>Vi p\u00e5 Halle har under m\u00e5nga \u00e5r tillverkat foderbildande f\u00f6nster till olika typer av Sandwich-hallar. V\u00e5rt f\u00f6nster tillverkas i Laholm av personal med m\u00e5ng\u00e5rig erfarenhet av flera olika aluminiumsystem.<\/p>\n<p>&nbsp;<\/p>\n\n  \n    <div class=\"row large-columns-5 medium-columns-3 small-columns-2\" >\n  <div class=\"gallery-col col\" data-animate=\"fadeInDown\">\n          <div class=\"col-inner\">\n            <a class=\"image-lightbox lightbox-gallery\" href=\"https:\/\/halle.se\/wp-content\/uploads\/2022\/11\/Halle_SandwichScene_1Window_draft01.jpg\" title=\"\">            <div class=\"box has-hover gallery-box box-default\">\n              <div class=\"box-image image-overlay-add image-cover\" style=\"padding-top:75%;\">\n                <img decoding=\"async\" width=\"565\" height=\"400\" data-src=\"https:\/\/halle.se\/wp-content\/uploads\/2022\/11\/Halle_SandwichScene_1Window_draft01-565x400.jpg\" class=\"attachment-medium size-medium lazyload\" alt=\"\" ids=\"204801,204802,204823,204822,204804,204847,204850,204849,204853\" style=\"--smush-placeholder-width: 565px; --smush-placeholder-aspect-ratio: 565\/400;default\" lightbox_image_size=\"2048x2048\" columns=\"5\" animate=\"fadeInDown\" image_height=\"75%\" image_size=\"medium\" image_overlay=\"rgba(255, 255, 255, 0.25)\" image_hover=\"overlay-add\" text_size=\"xsmall\" text_color=\"dark\" data-srcset=\"https:\/\/halle.se\/wp-content\/uploads\/2022\/11\/Halle_SandwichScene_1Window_draft01-565x400.jpg 565w, https:\/\/halle.se\/wp-content\/uploads\/2022\/11\/Halle_SandwichScene_1Window_draft01-768x543.jpg 768w, https:\/\/halle.se\/wp-content\/uploads\/2022\/11\/Halle_SandwichScene_1Window_draft01-141x100.jpg 141w, https:\/\/halle.se\/wp-content\/uploads\/2022\/11\/Halle_SandwichScene_1Window_draft01-640x453.jpg 640w, https:\/\/halle.se\/wp-content\/uploads\/2022\/11\/Halle_SandwichScene_1Window_draft01.jpg 841w\" data-sizes=\"auto\" src=\"data:image\/svg+xml;base64,PHN2ZyB3aWR0aD0iMSIgaGVpZ2h0PSIxIiB4bWxucz0iaHR0cDovL3d3dy53My5vcmcvMjAwMC9zdmciPjwvc3ZnPg==\" data-original-sizes=\"(max-width: 565px) 100vw, 565px\" \/>                                  <div class=\"overlay fill\"\n                      style=\"background-color: rgba(255, 255, 255, 0.25)\">\n                  <\/div>\n                                                              <\/div>\n              <div class=\"box-text text-left is-xsmall dark\" >\n                 <p><\/p>\n              <\/div>\n            <\/div>\n            <\/a>          <\/div>\n         <\/div><div class=\"gallery-col col\" data-animate=\"fadeInDown\">\n          <div class=\"col-inner\">\n            <a class=\"image-lightbox lightbox-gallery\" href=\"https:\/\/halle.se\/wp-content\/uploads\/2022\/11\/Halle_tvarsnitt_Window_draft03.jpg\" title=\"\">            <div class=\"box has-hover gallery-box box-default\">\n              <div class=\"box-image image-overlay-add image-cover\" style=\"padding-top:75%;\">\n                <img decoding=\"async\" width=\"400\" height=\"400\" data-src=\"https:\/\/halle.se\/wp-content\/uploads\/2022\/11\/Halle_tvarsnitt_Window_draft03-400x400.jpg\" class=\"attachment-medium size-medium lazyload\" alt=\"\" ids=\"204801,204802,204823,204822,204804,204847,204850,204849,204853\" style=\"--smush-placeholder-width: 400px; --smush-placeholder-aspect-ratio: 400\/400;default\" lightbox_image_size=\"2048x2048\" columns=\"5\" animate=\"fadeInDown\" image_height=\"75%\" image_size=\"medium\" image_overlay=\"rgba(255, 255, 255, 0.25)\" image_hover=\"overlay-add\" text_size=\"xsmall\" text_color=\"dark\" data-srcset=\"https:\/\/halle.se\/wp-content\/uploads\/2022\/11\/Halle_tvarsnitt_Window_draft03-400x400.jpg 400w, https:\/\/halle.se\/wp-content\/uploads\/2022\/11\/Halle_tvarsnitt_Window_draft03-800x800.jpg 800w, https:\/\/halle.se\/wp-content\/uploads\/2022\/11\/Halle_tvarsnitt_Window_draft03-280x280.jpg 280w, https:\/\/halle.se\/wp-content\/uploads\/2022\/11\/Halle_tvarsnitt_Window_draft03-768x768.jpg 768w, https:\/\/halle.se\/wp-content\/uploads\/2022\/11\/Halle_tvarsnitt_Window_draft03-1536x1536.jpg 1536w, https:\/\/halle.se\/wp-content\/uploads\/2022\/11\/Halle_tvarsnitt_Window_draft03-100x100.jpg 100w, https:\/\/halle.se\/wp-content\/uploads\/2022\/11\/Halle_tvarsnitt_Window_draft03-384x384.jpg 384w, https:\/\/halle.se\/wp-content\/uploads\/2022\/11\/Halle_tvarsnitt_Window_draft03-640x640.jpg 640w, https:\/\/halle.se\/wp-content\/uploads\/2022\/11\/Halle_tvarsnitt_Window_draft03.jpg 1600w\" data-sizes=\"auto\" src=\"data:image\/svg+xml;base64,PHN2ZyB3aWR0aD0iMSIgaGVpZ2h0PSIxIiB4bWxucz0iaHR0cDovL3d3dy53My5vcmcvMjAwMC9zdmciPjwvc3ZnPg==\" data-original-sizes=\"(max-width: 400px) 100vw, 400px\" \/>                                  <div class=\"overlay fill\"\n                      style=\"background-color: rgba(255, 255, 255, 0.25)\">\n                  <\/div>\n                                                              <\/div>\n              <div class=\"box-text text-left is-xsmall dark\" >\n                 <p><\/p>\n              <\/div>\n            <\/div>\n            <\/a>          <\/div>\n         <\/div><div class=\"gallery-col col\" data-animate=\"fadeInDown\">\n          <div class=\"col-inner\">\n            <a class=\"image-lightbox lightbox-gallery\" href=\"https:\/\/halle.se\/wp-content\/uploads\/2022\/11\/halle-lux-inglasning-kontor-ridhus.jpg\" title=\"\">            <div class=\"box has-hover gallery-box box-default\">\n              <div class=\"box-image image-overlay-add image-cover\" style=\"padding-top:75%;\">\n                <img decoding=\"async\" width=\"400\" height=\"400\" data-src=\"https:\/\/halle.se\/wp-content\/uploads\/2022\/11\/halle-lux-inglasning-kontor-ridhus-400x400.jpg\" class=\"attachment-medium size-medium lazyload\" alt=\"\" ids=\"204801,204802,204823,204822,204804,204847,204850,204849,204853\" style=\"--smush-placeholder-width: 400px; --smush-placeholder-aspect-ratio: 400\/400;default\" lightbox_image_size=\"2048x2048\" columns=\"5\" animate=\"fadeInDown\" image_height=\"75%\" image_size=\"medium\" image_overlay=\"rgba(255, 255, 255, 0.25)\" image_hover=\"overlay-add\" text_size=\"xsmall\" text_color=\"dark\" data-srcset=\"https:\/\/halle.se\/wp-content\/uploads\/2022\/11\/halle-lux-inglasning-kontor-ridhus-400x400.jpg 400w, https:\/\/halle.se\/wp-content\/uploads\/2022\/11\/halle-lux-inglasning-kontor-ridhus-800x800.jpg 800w, https:\/\/halle.se\/wp-content\/uploads\/2022\/11\/halle-lux-inglasning-kontor-ridhus-280x280.jpg 280w, https:\/\/halle.se\/wp-content\/uploads\/2022\/11\/halle-lux-inglasning-kontor-ridhus-768x768.jpg 768w, https:\/\/halle.se\/wp-content\/uploads\/2022\/11\/halle-lux-inglasning-kontor-ridhus-100x100.jpg 100w, https:\/\/halle.se\/wp-content\/uploads\/2022\/11\/halle-lux-inglasning-kontor-ridhus-384x384.jpg 384w, https:\/\/halle.se\/wp-content\/uploads\/2022\/11\/halle-lux-inglasning-kontor-ridhus-640x640.jpg 640w, https:\/\/halle.se\/wp-content\/uploads\/2022\/11\/halle-lux-inglasning-kontor-ridhus.jpg 1000w\" data-sizes=\"auto\" src=\"data:image\/svg+xml;base64,PHN2ZyB3aWR0aD0iMSIgaGVpZ2h0PSIxIiB4bWxucz0iaHR0cDovL3d3dy53My5vcmcvMjAwMC9zdmciPjwvc3ZnPg==\" data-original-sizes=\"(max-width: 400px) 100vw, 400px\" \/>                                  <div class=\"overlay fill\"\n                      style=\"background-color: rgba(255, 255, 255, 0.25)\">\n                  <\/div>\n                                                              <\/div>\n              <div class=\"box-text text-left is-xsmall dark\" >\n                 <p><\/p>\n              <\/div>\n            <\/div>\n            <\/a>          <\/div>\n         <\/div><div class=\"gallery-col col\" data-animate=\"fadeInDown\">\n          <div class=\"col-inner\">\n            <a class=\"image-lightbox lightbox-gallery\" href=\"https:\/\/halle.se\/wp-content\/uploads\/2022\/11\/halle-lux-alumminiumfonster-svart-fasad.jpg\" title=\"\">            <div class=\"box has-hover gallery-box box-default\">\n              <div class=\"box-image image-overlay-add image-cover\" style=\"padding-top:75%;\">\n                <img decoding=\"async\" width=\"400\" height=\"400\" data-src=\"https:\/\/halle.se\/wp-content\/uploads\/2022\/11\/halle-lux-alumminiumfonster-svart-fasad-400x400.jpg\" class=\"attachment-medium size-medium lazyload\" alt=\"\" ids=\"204801,204802,204823,204822,204804,204847,204850,204849,204853\" style=\"--smush-placeholder-width: 400px; --smush-placeholder-aspect-ratio: 400\/400;default\" lightbox_image_size=\"2048x2048\" columns=\"5\" animate=\"fadeInDown\" image_height=\"75%\" image_size=\"medium\" image_overlay=\"rgba(255, 255, 255, 0.25)\" image_hover=\"overlay-add\" text_size=\"xsmall\" text_color=\"dark\" data-srcset=\"https:\/\/halle.se\/wp-content\/uploads\/2022\/11\/halle-lux-alumminiumfonster-svart-fasad-400x400.jpg 400w, https:\/\/halle.se\/wp-content\/uploads\/2022\/11\/halle-lux-alumminiumfonster-svart-fasad-800x800.jpg 800w, https:\/\/halle.se\/wp-content\/uploads\/2022\/11\/halle-lux-alumminiumfonster-svart-fasad-280x280.jpg 280w, https:\/\/halle.se\/wp-content\/uploads\/2022\/11\/halle-lux-alumminiumfonster-svart-fasad-768x768.jpg 768w, https:\/\/halle.se\/wp-content\/uploads\/2022\/11\/halle-lux-alumminiumfonster-svart-fasad-100x100.jpg 100w, https:\/\/halle.se\/wp-content\/uploads\/2022\/11\/halle-lux-alumminiumfonster-svart-fasad-384x384.jpg 384w, https:\/\/halle.se\/wp-content\/uploads\/2022\/11\/halle-lux-alumminiumfonster-svart-fasad-640x640.jpg 640w, https:\/\/halle.se\/wp-content\/uploads\/2022\/11\/halle-lux-alumminiumfonster-svart-fasad.jpg 1000w\" data-sizes=\"auto\" src=\"data:image\/svg+xml;base64,PHN2ZyB3aWR0aD0iMSIgaGVpZ2h0PSIxIiB4bWxucz0iaHR0cDovL3d3dy53My5vcmcvMjAwMC9zdmciPjwvc3ZnPg==\" data-original-sizes=\"(max-width: 400px) 100vw, 400px\" \/>                                  <div class=\"overlay fill\"\n                      style=\"background-color: rgba(255, 255, 255, 0.25)\">\n                  <\/div>\n                                                              <\/div>\n              <div class=\"box-text text-left is-xsmall dark\" >\n                 <p><\/p>\n              <\/div>\n            <\/div>\n            <\/a>          <\/div>\n         <\/div><div class=\"gallery-col col\" data-animate=\"fadeInDown\">\n          <div class=\"col-inner\">\n            <a class=\"image-lightbox lightbox-gallery\" href=\"https:\/\/halle.se\/wp-content\/uploads\/2022\/11\/SAM_1641-2048x1536.jpg\" title=\"\">            <div class=\"box has-hover gallery-box box-default\">\n              <div class=\"box-image image-overlay-add image-cover\" style=\"padding-top:75%;\">\n                <img decoding=\"async\" width=\"533\" height=\"400\" data-src=\"https:\/\/halle.se\/wp-content\/uploads\/2022\/11\/SAM_1641-533x400.jpg\" class=\"attachment-medium size-medium lazyload\" alt=\"\" ids=\"204801,204802,204823,204822,204804,204847,204850,204849,204853\" style=\"--smush-placeholder-width: 533px; --smush-placeholder-aspect-ratio: 533\/400;default\" lightbox_image_size=\"2048x2048\" columns=\"5\" animate=\"fadeInDown\" image_height=\"75%\" image_size=\"medium\" image_overlay=\"rgba(255, 255, 255, 0.25)\" image_hover=\"overlay-add\" text_size=\"xsmall\" text_color=\"dark\" data-srcset=\"https:\/\/halle.se\/wp-content\/uploads\/2022\/11\/SAM_1641-533x400.jpg 533w, https:\/\/halle.se\/wp-content\/uploads\/2022\/11\/SAM_1641-1067x800.jpg 1067w, https:\/\/halle.se\/wp-content\/uploads\/2022\/11\/SAM_1641-768x576.jpg 768w, https:\/\/halle.se\/wp-content\/uploads\/2022\/11\/SAM_1641-1536x1152.jpg 1536w, https:\/\/halle.se\/wp-content\/uploads\/2022\/11\/SAM_1641-2048x1536.jpg 2048w, https:\/\/halle.se\/wp-content\/uploads\/2022\/11\/SAM_1641-133x100.jpg 133w, https:\/\/halle.se\/wp-content\/uploads\/2022\/11\/SAM_1641-640x480.jpg 640w\" data-sizes=\"auto\" src=\"data:image\/svg+xml;base64,PHN2ZyB3aWR0aD0iMSIgaGVpZ2h0PSIxIiB4bWxucz0iaHR0cDovL3d3dy53My5vcmcvMjAwMC9zdmciPjwvc3ZnPg==\" data-original-sizes=\"(max-width: 533px) 100vw, 533px\" \/>                                  <div class=\"overlay fill\"\n                      style=\"background-color: rgba(255, 255, 255, 0.25)\">\n                  <\/div>\n                                                              <\/div>\n              <div class=\"box-text text-left is-xsmall dark\" >\n                 <p><\/p>\n              <\/div>\n            <\/div>\n            <\/a>          <\/div>\n         <\/div><div class=\"gallery-col col\" data-animate=\"fadeInDown\">\n          <div class=\"col-inner\">\n            <a class=\"image-lightbox lightbox-gallery\" href=\"https:\/\/halle.se\/wp-content\/uploads\/2022\/11\/sapa-fonster-balsta-1-2048x2048.jpg\" title=\"\">            <div class=\"box has-hover gallery-box box-default\">\n              <div class=\"box-image image-overlay-add image-cover\" style=\"padding-top:75%;\">\n                <img decoding=\"async\" width=\"400\" height=\"400\" data-src=\"https:\/\/halle.se\/wp-content\/uploads\/2022\/11\/sapa-fonster-balsta-1-400x400.jpg\" class=\"attachment-medium size-medium lazyload\" alt=\"Halle sandwichf\u00f6nster industrif\u00f6nster f\u00f6r kommersiella fastigheter\" ids=\"204801,204802,204823,204822,204804,204847,204850,204849,204853\" style=\"--smush-placeholder-width: 400px; --smush-placeholder-aspect-ratio: 400\/400;default\" lightbox_image_size=\"2048x2048\" columns=\"5\" animate=\"fadeInDown\" image_height=\"75%\" image_size=\"medium\" image_overlay=\"rgba(255, 255, 255, 0.25)\" image_hover=\"overlay-add\" text_size=\"xsmall\" text_color=\"dark\" data-srcset=\"https:\/\/halle.se\/wp-content\/uploads\/2022\/11\/sapa-fonster-balsta-1-400x400.jpg 400w, https:\/\/halle.se\/wp-content\/uploads\/2022\/11\/sapa-fonster-balsta-1-800x800.jpg 800w, https:\/\/halle.se\/wp-content\/uploads\/2022\/11\/sapa-fonster-balsta-1-280x280.jpg 280w, https:\/\/halle.se\/wp-content\/uploads\/2022\/11\/sapa-fonster-balsta-1-768x768.jpg 768w, https:\/\/halle.se\/wp-content\/uploads\/2022\/11\/sapa-fonster-balsta-1-1536x1536.jpg 1536w, https:\/\/halle.se\/wp-content\/uploads\/2022\/11\/sapa-fonster-balsta-1-2048x2048.jpg 2048w, https:\/\/halle.se\/wp-content\/uploads\/2022\/11\/sapa-fonster-balsta-1-100x100.jpg 100w, https:\/\/halle.se\/wp-content\/uploads\/2022\/11\/sapa-fonster-balsta-1-384x384.jpg 384w, https:\/\/halle.se\/wp-content\/uploads\/2022\/11\/sapa-fonster-balsta-1-640x640.jpg 640w\" data-sizes=\"auto\" src=\"data:image\/svg+xml;base64,PHN2ZyB3aWR0aD0iMSIgaGVpZ2h0PSIxIiB4bWxucz0iaHR0cDovL3d3dy53My5vcmcvMjAwMC9zdmciPjwvc3ZnPg==\" data-original-sizes=\"(max-width: 400px) 100vw, 400px\" \/>                                  <div class=\"overlay fill\"\n                      style=\"background-color: rgba(255, 255, 255, 0.25)\">\n                  <\/div>\n                                                              <\/div>\n              <div class=\"box-text text-left is-xsmall dark\" >\n                 <p><\/p>\n              <\/div>\n            <\/div>\n            <\/a>          <\/div>\n         <\/div><div class=\"gallery-col col\" data-animate=\"fadeInDown\">\n          <div class=\"col-inner\">\n            <a class=\"image-lightbox lightbox-gallery\" href=\"https:\/\/halle.se\/wp-content\/uploads\/2022\/11\/industrifonster-vit-byggnad-linkoping-2048x2048.jpg\" title=\"\">            <div class=\"box has-hover gallery-box box-default\">\n              <div class=\"box-image image-overlay-add image-cover\" style=\"padding-top:75%;\">\n                <img decoding=\"async\" width=\"400\" height=\"400\" data-src=\"https:\/\/halle.se\/wp-content\/uploads\/2022\/11\/industrifonster-vit-byggnad-linkoping-400x400.jpg\" class=\"attachment-medium size-medium lazyload\" alt=\"Halle sandwichf\u00f6nster industrif\u00f6nster\" ids=\"204801,204802,204823,204822,204804,204847,204850,204849,204853\" style=\"--smush-placeholder-width: 400px; --smush-placeholder-aspect-ratio: 400\/400;default\" lightbox_image_size=\"2048x2048\" columns=\"5\" animate=\"fadeInDown\" image_height=\"75%\" image_size=\"medium\" image_overlay=\"rgba(255, 255, 255, 0.25)\" image_hover=\"overlay-add\" text_size=\"xsmall\" text_color=\"dark\" data-srcset=\"https:\/\/halle.se\/wp-content\/uploads\/2022\/11\/industrifonster-vit-byggnad-linkoping-400x400.jpg 400w, https:\/\/halle.se\/wp-content\/uploads\/2022\/11\/industrifonster-vit-byggnad-linkoping-800x800.jpg 800w, https:\/\/halle.se\/wp-content\/uploads\/2022\/11\/industrifonster-vit-byggnad-linkoping-280x280.jpg 280w, https:\/\/halle.se\/wp-content\/uploads\/2022\/11\/industrifonster-vit-byggnad-linkoping-768x768.jpg 768w, https:\/\/halle.se\/wp-content\/uploads\/2022\/11\/industrifonster-vit-byggnad-linkoping-1536x1536.jpg 1536w, https:\/\/halle.se\/wp-content\/uploads\/2022\/11\/industrifonster-vit-byggnad-linkoping-2048x2048.jpg 2048w, https:\/\/halle.se\/wp-content\/uploads\/2022\/11\/industrifonster-vit-byggnad-linkoping-100x100.jpg 100w, https:\/\/halle.se\/wp-content\/uploads\/2022\/11\/industrifonster-vit-byggnad-linkoping-384x384.jpg 384w, https:\/\/halle.se\/wp-content\/uploads\/2022\/11\/industrifonster-vit-byggnad-linkoping-640x640.jpg 640w\" data-sizes=\"auto\" src=\"data:image\/svg+xml;base64,PHN2ZyB3aWR0aD0iMSIgaGVpZ2h0PSIxIiB4bWxucz0iaHR0cDovL3d3dy53My5vcmcvMjAwMC9zdmciPjwvc3ZnPg==\" data-original-sizes=\"(max-width: 400px) 100vw, 400px\" \/>                                  <div class=\"overlay fill\"\n                      style=\"background-color: rgba(255, 255, 255, 0.25)\">\n                  <\/div>\n                                                              <\/div>\n              <div class=\"box-text text-left is-xsmall dark\" >\n                 <p><\/p>\n              <\/div>\n            <\/div>\n            <\/a>          <\/div>\n         <\/div><div class=\"gallery-col col\" data-animate=\"fadeInDown\">\n          <div class=\"col-inner\">\n            <a class=\"image-lightbox lightbox-gallery\" href=\"https:\/\/halle.se\/wp-content\/uploads\/2022\/11\/lk-projekt-brunt-hus-med-fonster-2048x2048.jpg\" title=\"\">            <div class=\"box has-hover gallery-box box-default\">\n              <div class=\"box-image image-overlay-add image-cover\" style=\"padding-top:75%;\">\n                <img decoding=\"async\" width=\"400\" height=\"400\" data-src=\"https:\/\/halle.se\/wp-content\/uploads\/2022\/11\/lk-projekt-brunt-hus-med-fonster-400x400.jpg\" class=\"attachment-medium size-medium lazyload\" alt=\"Halle sandwichf\u00f6nster industrif\u00f6nster f\u00f6r kontor lagerhall och arkitekt\" ids=\"204801,204802,204823,204822,204804,204847,204850,204849,204853\" style=\"--smush-placeholder-width: 400px; --smush-placeholder-aspect-ratio: 400\/400;default\" lightbox_image_size=\"2048x2048\" columns=\"5\" animate=\"fadeInDown\" image_height=\"75%\" image_size=\"medium\" image_overlay=\"rgba(255, 255, 255, 0.25)\" image_hover=\"overlay-add\" text_size=\"xsmall\" text_color=\"dark\" data-srcset=\"https:\/\/halle.se\/wp-content\/uploads\/2022\/11\/lk-projekt-brunt-hus-med-fonster-400x400.jpg 400w, https:\/\/halle.se\/wp-content\/uploads\/2022\/11\/lk-projekt-brunt-hus-med-fonster-800x800.jpg 800w, https:\/\/halle.se\/wp-content\/uploads\/2022\/11\/lk-projekt-brunt-hus-med-fonster-280x280.jpg 280w, https:\/\/halle.se\/wp-content\/uploads\/2022\/11\/lk-projekt-brunt-hus-med-fonster-768x768.jpg 768w, https:\/\/halle.se\/wp-content\/uploads\/2022\/11\/lk-projekt-brunt-hus-med-fonster-1536x1536.jpg 1536w, https:\/\/halle.se\/wp-content\/uploads\/2022\/11\/lk-projekt-brunt-hus-med-fonster-2048x2048.jpg 2048w, https:\/\/halle.se\/wp-content\/uploads\/2022\/11\/lk-projekt-brunt-hus-med-fonster-100x100.jpg 100w, https:\/\/halle.se\/wp-content\/uploads\/2022\/11\/lk-projekt-brunt-hus-med-fonster-384x384.jpg 384w, https:\/\/halle.se\/wp-content\/uploads\/2022\/11\/lk-projekt-brunt-hus-med-fonster-640x640.jpg 640w\" data-sizes=\"auto\" src=\"data:image\/svg+xml;base64,PHN2ZyB3aWR0aD0iMSIgaGVpZ2h0PSIxIiB4bWxucz0iaHR0cDovL3d3dy53My5vcmcvMjAwMC9zdmciPjwvc3ZnPg==\" data-original-sizes=\"(max-width: 400px) 100vw, 400px\" \/>                                  <div class=\"overlay fill\"\n                      style=\"background-color: rgba(255, 255, 255, 0.25)\">\n                  <\/div>\n                                                              <\/div>\n              <div class=\"box-text text-left is-xsmall dark\" >\n                 <p><\/p>\n              <\/div>\n            <\/div>\n            <\/a>          <\/div>\n         <\/div><div class=\"gallery-col col\" data-animate=\"fadeInDown\">\n          <div class=\"col-inner\">\n            <a class=\"image-lightbox lightbox-gallery\" href=\"https:\/\/halle.se\/wp-content\/uploads\/2022\/11\/brandstationen-genarp-2048x2048.jpg\" title=\"\">            <div class=\"box has-hover gallery-box box-default\">\n              <div class=\"box-image image-overlay-add image-cover\" style=\"padding-top:75%;\">\n                <img decoding=\"async\" width=\"400\" height=\"400\" data-src=\"https:\/\/halle.se\/wp-content\/uploads\/2022\/11\/brandstationen-genarp-400x400.jpg\" class=\"attachment-medium size-medium lazyload\" alt=\"Ljusinsl\u00e4pp och f\u00f6nster fr\u00e5n Halle Industri\" ids=\"204801,204802,204823,204822,204804,204847,204850,204849,204853\" style=\"--smush-placeholder-width: 400px; --smush-placeholder-aspect-ratio: 400\/400;default\" lightbox_image_size=\"2048x2048\" columns=\"5\" animate=\"fadeInDown\" image_height=\"75%\" image_size=\"medium\" image_overlay=\"rgba(255, 255, 255, 0.25)\" image_hover=\"overlay-add\" text_size=\"xsmall\" text_color=\"dark\" data-srcset=\"https:\/\/halle.se\/wp-content\/uploads\/2022\/11\/brandstationen-genarp-400x400.jpg 400w, https:\/\/halle.se\/wp-content\/uploads\/2022\/11\/brandstationen-genarp-800x800.jpg 800w, https:\/\/halle.se\/wp-content\/uploads\/2022\/11\/brandstationen-genarp-280x280.jpg 280w, https:\/\/halle.se\/wp-content\/uploads\/2022\/11\/brandstationen-genarp-768x768.jpg 768w, https:\/\/halle.se\/wp-content\/uploads\/2022\/11\/brandstationen-genarp-1536x1536.jpg 1536w, https:\/\/halle.se\/wp-content\/uploads\/2022\/11\/brandstationen-genarp-2048x2048.jpg 2048w, https:\/\/halle.se\/wp-content\/uploads\/2022\/11\/brandstationen-genarp-100x100.jpg 100w, https:\/\/halle.se\/wp-content\/uploads\/2022\/11\/brandstationen-genarp-384x384.jpg 384w, https:\/\/halle.se\/wp-content\/uploads\/2022\/11\/brandstationen-genarp-640x640.jpg 640w\" data-sizes=\"auto\" src=\"data:image\/svg+xml;base64,PHN2ZyB3aWR0aD0iMSIgaGVpZ2h0PSIxIiB4bWxucz0iaHR0cDovL3d3dy53My5vcmcvMjAwMC9zdmciPjwvc3ZnPg==\" data-original-sizes=\"(max-width: 400px) 100vw, 400px\" \/>                                  <div class=\"overlay fill\"\n                      style=\"background-color: rgba(255, 255, 255, 0.25)\">\n                  <\/div>\n                                                              <\/div>\n              <div class=\"box-text text-left is-xsmall dark\" >\n                 <p><\/p>\n              <\/div>\n            <\/div>\n            <\/a>          <\/div>\n         <\/div><\/div>\n<p><span style=\"font-size: 100%;\">Ett h\u00f6gkvalitativt aluminiumf\u00f6nster f\u00f6r l\u00e4ttv\u00e4ggspaneler.<\/span><\/p>\n<p><span style=\"font-size: 100%;\">Tillverkning i Laholm, Sverige.<\/span><\/p>\n<p><span style=\"font-size: 100%;\">H\u00f6gisolerat f\u00f6nster med 2 eller 3-glas.<\/span><\/p>\n<p><span style=\"font-size: 100%;\">Monteras med skruv fr\u00e5n insidan f\u00f6r b\u00e4sta s\u00e4ker- och t\u00e4thet.<\/span><\/p>\n<p><span style=\"font-size: 100%;\">Dubbla gummlister p\u00e5 utsidan.<\/span><\/p>\n<p><span style=\"font-size: 100%;\">Minimalt med silikon.<\/span><\/p>\n<p><span style=\"font-size: 100%;\">Valfri ralkul\u00f6r.<\/span><\/p>\n<p><span style=\"font-size: 100%;\">Duo-kul\u00f6r, en kul\u00f6r utsida och en kul\u00f6r insida.<\/span><\/p>\n<p><span style=\"font-size: 100%;\">15 \u00e5rs garanti p\u00e5 ytskicktet.<\/span><\/p>\n<p><span style=\"font-size: 100%;\">Anpassade foder p\u00e5 insidan.<\/span><\/p>\n<p><span style=\"font-size: 100%;\">Revitfil f\u00f6r enkel caddning.<\/span><\/p>\n<p>&nbsp;<\/p>\n\t\t<\/div>\n\t\t\t\t\t<\/div>\n\n\t\n<\/div>\n","protected":false},"excerpt":{"rendered":"","protected":false},"author":11,"featured_media":0,"parent":0,"menu_order":0,"comment_status":"closed","ping_status":"closed","template":"","meta":{"_acf_changed":false,"footnotes":""},"class_list":["post-204816","page","type-page","status-publish","hentry"],"acf":[],"yoast_head":"<!-- This site is optimized with the Yoast SEO plugin v27.5 - https:\/\/yoast.com\/product\/yoast-seo-wordpress\/ -->\n<title>Sandwichf\u00f6nster | Aluminiumf\u00f6nster f\u00f6r l\u00e4ttv\u00e4ggspaneler | HALLE<\/title>\n<meta name=\"description\" content=\"Sandwichf\u00f6nster. Ett h\u00f6gkvalitativt aluminiumf\u00f6nster f\u00f6r l\u00e4ttv\u00e4ggspaneler. 2 eller 3-glas. Tillverkning i Laholm, Sverige\" \/>\n<meta name=\"robots\" content=\"index, follow, max-snippet:-1, max-image-preview:large, max-video-preview:-1\" \/>\n<link rel=\"canonical\" href=\"https:\/\/halle.se\/sandwichfonster\/\" \/>\n<meta property=\"og:locale\" content=\"sv_SE\" \/>\n<meta property=\"og:type\" content=\"article\" \/>\n<meta property=\"og:title\" content=\"Sandwichf\u00f6nster | Aluminiumf\u00f6nster f\u00f6r l\u00e4ttv\u00e4ggspaneler | HALLE\" \/>\n<meta property=\"og:description\" content=\"Sandwichf\u00f6nster. Ett h\u00f6gkvalitativt aluminiumf\u00f6nster f\u00f6r l\u00e4ttv\u00e4ggspaneler. 2 eller 3-glas. Tillverkning i Laholm, Sverige\" \/>\n<meta property=\"og:url\" content=\"https:\/\/halle.se\/sandwichfonster\/\" \/>\n<meta property=\"og:site_name\" content=\"Halle\" \/>\n<meta property=\"article:modified_time\" content=\"2022-11-17T15:39:36+00:00\" \/>\n<meta name=\"twitter:card\" content=\"summary_large_image\" \/>\n<meta name=\"twitter:label1\" content=\"Ber\u00e4knad l\u00e4stid\" \/>\n\t<meta name=\"twitter:data1\" content=\"1 minut\" \/>\n<script type=\"application\/ld+json\" class=\"yoast-schema-graph\">{\"@context\":\"https:\\\/\\\/schema.org\",\"@graph\":[{\"@type\":\"WebPage\",\"@id\":\"https:\\\/\\\/halle.se\\\/sandwichfonster\\\/\",\"url\":\"https:\\\/\\\/halle.se\\\/sandwichfonster\\\/\",\"name\":\"Sandwichf\u00f6nster | Aluminiumf\u00f6nster f\u00f6r l\u00e4ttv\u00e4ggspaneler | HALLE\",\"isPartOf\":{\"@id\":\"https:\\\/\\\/halle.se\\\/#website\"},\"datePublished\":\"2022-11-17T09:11:56+00:00\",\"dateModified\":\"2022-11-17T15:39:36+00:00\",\"description\":\"Sandwichf\u00f6nster. Ett h\u00f6gkvalitativt aluminiumf\u00f6nster f\u00f6r l\u00e4ttv\u00e4ggspaneler. 2 eller 3-glas. Tillverkning i Laholm, Sverige\",\"breadcrumb\":{\"@id\":\"https:\\\/\\\/halle.se\\\/sandwichfonster\\\/#breadcrumb\"},\"inLanguage\":\"sv-SE\",\"potentialAction\":[{\"@type\":\"ReadAction\",\"target\":[\"https:\\\/\\\/halle.se\\\/sandwichfonster\\\/\"]}]},{\"@type\":\"BreadcrumbList\",\"@id\":\"https:\\\/\\\/halle.se\\\/sandwichfonster\\\/#breadcrumb\",\"itemListElement\":[{\"@type\":\"ListItem\",\"position\":1,\"name\":\"Hem\",\"item\":\"https:\\\/\\\/halle.se\\\/\"},{\"@type\":\"ListItem\",\"position\":2,\"name\":\"Sandwichf\u00f6nster\"}]},{\"@type\":\"WebSite\",\"@id\":\"https:\\\/\\\/halle.se\\\/#website\",\"url\":\"https:\\\/\\\/halle.se\\\/\",\"name\":\"Halle\",\"description\":\"Vi tillverkar uterum &amp; plasttak\",\"potentialAction\":[{\"@type\":\"SearchAction\",\"target\":{\"@type\":\"EntryPoint\",\"urlTemplate\":\"https:\\\/\\\/halle.se\\\/?s={search_term_string}\"},\"query-input\":{\"@type\":\"PropertyValueSpecification\",\"valueRequired\":true,\"valueName\":\"search_term_string\"}}],\"inLanguage\":\"sv-SE\"}]}<\/script>\n<!-- \/ Yoast SEO plugin. -->","yoast_head_json":{"title":"Sandwichf\u00f6nster | Aluminiumf\u00f6nster f\u00f6r l\u00e4ttv\u00e4ggspaneler | HALLE","description":"Sandwichf\u00f6nster. Ett h\u00f6gkvalitativt aluminiumf\u00f6nster f\u00f6r l\u00e4ttv\u00e4ggspaneler. 2 eller 3-glas. Tillverkning i Laholm, Sverige","robots":{"index":"index","follow":"follow","max-snippet":"max-snippet:-1","max-image-preview":"max-image-preview:large","max-video-preview":"max-video-preview:-1"},"canonical":"https:\/\/halle.se\/sandwichfonster\/","og_locale":"sv_SE","og_type":"article","og_title":"Sandwichf\u00f6nster | Aluminiumf\u00f6nster f\u00f6r l\u00e4ttv\u00e4ggspaneler | HALLE","og_description":"Sandwichf\u00f6nster. Ett h\u00f6gkvalitativt aluminiumf\u00f6nster f\u00f6r l\u00e4ttv\u00e4ggspaneler. 2 eller 3-glas. Tillverkning i Laholm, Sverige","og_url":"https:\/\/halle.se\/sandwichfonster\/","og_site_name":"Halle","article_modified_time":"2022-11-17T15:39:36+00:00","twitter_card":"summary_large_image","twitter_misc":{"Ber\u00e4knad l\u00e4stid":"1 minut"},"schema":{"@context":"https:\/\/schema.org","@graph":[{"@type":"WebPage","@id":"https:\/\/halle.se\/sandwichfonster\/","url":"https:\/\/halle.se\/sandwichfonster\/","name":"Sandwichf\u00f6nster | Aluminiumf\u00f6nster f\u00f6r l\u00e4ttv\u00e4ggspaneler | HALLE","isPartOf":{"@id":"https:\/\/halle.se\/#website"},"datePublished":"2022-11-17T09:11:56+00:00","dateModified":"2022-11-17T15:39:36+00:00","description":"Sandwichf\u00f6nster. Ett h\u00f6gkvalitativt aluminiumf\u00f6nster f\u00f6r l\u00e4ttv\u00e4ggspaneler. 2 eller 3-glas. Tillverkning i Laholm, Sverige","breadcrumb":{"@id":"https:\/\/halle.se\/sandwichfonster\/#breadcrumb"},"inLanguage":"sv-SE","potentialAction":[{"@type":"ReadAction","target":["https:\/\/halle.se\/sandwichfonster\/"]}]},{"@type":"BreadcrumbList","@id":"https:\/\/halle.se\/sandwichfonster\/#breadcrumb","itemListElement":[{"@type":"ListItem","position":1,"name":"Hem","item":"https:\/\/halle.se\/"},{"@type":"ListItem","position":2,"name":"Sandwichf\u00f6nster"}]},{"@type":"WebSite","@id":"https:\/\/halle.se\/#website","url":"https:\/\/halle.se\/","name":"Halle","description":"Vi tillverkar uterum &amp; plasttak","potentialAction":[{"@type":"SearchAction","target":{"@type":"EntryPoint","urlTemplate":"https:\/\/halle.se\/?s={search_term_string}"},"query-input":{"@type":"PropertyValueSpecification","valueRequired":true,"valueName":"search_term_string"}}],"inLanguage":"sv-SE"}]}},"_links":{"self":[{"href":"https:\/\/halle.se\/api\/wp\/v2\/pages\/204816","targetHints":{"allow":["GET"]}}],"collection":[{"href":"https:\/\/halle.se\/api\/wp\/v2\/pages"}],"about":[{"href":"https:\/\/halle.se\/api\/wp\/v2\/types\/page"}],"author":[{"embeddable":true,"href":"https:\/\/halle.se\/api\/wp\/v2\/users\/11"}],"replies":[{"embeddable":true,"href":"https:\/\/halle.se\/api\/wp\/v2\/comments?post=204816"}],"version-history":[{"count":0,"href":"https:\/\/halle.se\/api\/wp\/v2\/pages\/204816\/revisions"}],"wp:attachment":[{"href":"https:\/\/halle.se\/api\/wp\/v2\/media?parent=204816"}],"curies":[{"name":"wp","href":"https:\/\/api.w.org\/{rel}","templated":true}]}}