{"id":209600,"date":"2023-09-26T10:44:18","date_gmt":"2023-09-26T08:44:18","guid":{"rendered":"https:\/\/halle.se\/?page_id=209600"},"modified":"2025-03-25T16:14:00","modified_gmt":"2025-03-25T15:14:00","slug":"halle-glastak","status":"publish","type":"page","link":"https:\/\/halle.se\/halle-glastak\/","title":{"rendered":"Fr\u00e5gor och Svar HALLE GLASTAK"},"content":{"rendered":"<div class=\"container section-title-container\" ><h3 class=\"section-title section-title-center\"><b aria-hidden=\"true\"><\/b><span class=\"section-title-main\" >HALLE GLASTAK<\/span><b aria-hidden=\"true\"><\/b><\/h3><\/div>\n<div class=\"accordion\">\n\t<div id=\"accordion-1289938694\" class=\"accordion-item\">\n\t\t<a id=\"accordion-1289938694-label\" class=\"accordion-title plain\" href=\"#accordion-item-vad-\u00e4r-det-f\u00f6r-glas?\" aria-expanded=\"false\" aria-controls=\"accordion-1289938694-content\">\n\t\t\t<button class=\"toggle\" aria-label=\"Toggle\"><i class=\"icon-angle-down\" aria-hidden=\"true\"><\/i><\/button>\n\t\t\t<span>Vad \u00e4r det f\u00f6r glas?<\/span>\n\t\t<\/a>\n\t\t<div id=\"accordion-1289938694-content\" class=\"accordion-inner\" aria-labelledby=\"accordion-1289938694-label\">\n\t\t\t\n<p>Halle Glastak med oisolerade glas har 8 mm h\u00e4rdat glas.<\/p>\n\t\t<\/div>\n\t<\/div>\n\t\n\t<div id=\"accordion-4065256689\" class=\"accordion-item\">\n\t\t<a id=\"accordion-4065256689-label\" class=\"accordion-title plain\" href=\"#accordion-item-vad-ing\u00e5r-i-ett-komplett-glastak?\" aria-expanded=\"false\" aria-controls=\"accordion-4065256689-content\">\n\t\t\t<button class=\"toggle\" aria-label=\"Toggle\"><i class=\"icon-angle-down\" aria-hidden=\"true\"><\/i><\/button>\n\t\t\t<span>Vad ing\u00e5r i ett komplett glastak?<\/span>\n\t\t<\/a>\n\t\t<div id=\"accordion-4065256689-content\" class=\"accordion-inner\" aria-labelledby=\"accordion-4065256689-label\">\n\t\t\t\n<p>Det som ing\u00e5r i ett komplett glastak \u00e4r alla delar som kr\u00e4vs f\u00f6r att montera taket.<br \/>\nGlasskivor, aluminiumprofiler, skruv t\u00e4tningar mm.<\/p>\n<p>Tillval som INTE ing\u00e5r i glastaket:<\/p>\n<p><a href=\"https:\/\/halle.se\/produkter\/kompressibel-tatning-8m\/\"><strong>Kompressibel t\u00e4tning:<br \/>\n<\/strong><\/a>Kompressibel t\u00e4tning \u00e4r en skummad cellt\u00e4tning som sv\u00e4ller upp och t\u00e4tar luftspalter mellan stommen och takplasten.<br \/>\nSj\u00e4lvh\u00e4ftande p\u00e5 ena sidan och behandlad f\u00f6r fuktavvisning.<\/p>\n<p><a href=\"https:\/\/halle.se\/produkter\/vaggbeslag-vit-25m\/\"><strong>V\u00e4ggpl\u00e5t:<\/strong><\/a><br \/>\nVid montering av ett tak med v\u00e4gganslutningar anv\u00e4nder man en v\u00e4gganslutning f\u00f6r att t\u00e4ta mellan glastaket och fasaden\/v\u00e4ggen taket monteras mot. Denna pl\u00e5t \u00e4r vitlackerad.<\/p>\n<p><a href=\"https:\/\/halle.se\/produkter\/takavvattning\/\"><strong>Takavvattning:<\/strong><\/a><br \/>\nEtt komplett takavvattningssystem med h\u00e4ngr\u00e4nnor, stupr\u00f6r, r\u00f6rsvep, utkast mm i mycket h\u00f6g kvalitet som \u00e4r enkel att montera.<br \/>\nProducerat av slitstark, varmgalvaniserat material och lackat med dubbla f\u00e4rgskikt (High Build Polyester lack)<br \/>\nR\u00e4nnan \u00e4r 100 mm.<br \/>\nStupr\u00f6ret \u00e4r 75 mm.<\/p>\n\t\t<\/div>\n\t<\/div>\n\t\n\t<div id=\"accordion-817181389\" class=\"accordion-item\">\n\t\t<a id=\"accordion-817181389-label\" class=\"accordion-title plain\" href=\"#accordion-item-vilken-l\u00e4ngd-g\u00e5r-det-att-best\u00e4lla-glastaket-i?\" aria-expanded=\"false\" aria-controls=\"accordion-817181389-content\">\n\t\t\t<button class=\"toggle\" aria-label=\"Toggle\"><i class=\"icon-angle-down\" aria-hidden=\"true\"><\/i><\/button>\n\t\t\t<span>Vilken l\u00e4ngd g\u00e5r det att best\u00e4lla glastaket i?<\/span>\n\t\t<\/a>\n\t\t<div id=\"accordion-817181389-content\" class=\"accordion-inner\" aria-labelledby=\"accordion-817181389-label\">\n\t\t\t\n<p>Glastaket g\u00e5r att best\u00e4lla i 3 m l\u00e4ngd i standardm\u00e5tt<br \/>Det g\u00e5r att f\u00e5 glasskivorna i andra m\u00e5tt kontakta kundtj\u00e4nst f\u00f6r mer information.<\/p>\n\t\t<\/div>\n\t<\/div>\n\t\n\t<div id=\"accordion-2765025056\" class=\"accordion-item\">\n\t\t<a id=\"accordion-2765025056-label\" class=\"accordion-title plain\" href=\"#accordion-item-hur-f\u00e4ster-man-ett-glastak?\" aria-expanded=\"false\" aria-controls=\"accordion-2765025056-content\">\n\t\t\t<button class=\"toggle\" aria-label=\"Toggle\"><i class=\"icon-angle-down\" aria-hidden=\"true\"><\/i><\/button>\n\t\t\t<span>Hur f\u00e4ster man ett glastak?<\/span>\n\t\t<\/a>\n\t\t<div id=\"accordion-2765025056-content\" class=\"accordion-inner\" aria-labelledby=\"accordion-2765025056-label\">\n\t\t\t\n<p>Glastaket f\u00e4sts med monteringsdetaljerna som ing\u00e5r i aluminium.<br \/>\nGlaset kl\u00e4ms fast i skarvlisterna som skruvas ner i takstolarna.<\/p>\n\t\t<\/div>\n\t<\/div>\n\t\n\t<div id=\"accordion-2811145243\" class=\"accordion-item\">\n\t\t<a id=\"accordion-2811145243-label\" class=\"accordion-title plain\" href=\"#accordion-item-vad-\u00e4r-det-f\u00f6r-bredd-p\u00e5-skivorna?\" aria-expanded=\"false\" aria-controls=\"accordion-2811145243-content\">\n\t\t\t<button class=\"toggle\" aria-label=\"Toggle\"><i class=\"icon-angle-down\" aria-hidden=\"true\"><\/i><\/button>\n\t\t\t<span>Vad \u00e4r det f\u00f6r bredd p\u00e5 skivorna?<\/span>\n\t\t<\/a>\n\t\t<div id=\"accordion-2811145243-content\" class=\"accordion-inner\" aria-labelledby=\"accordion-2811145243-label\">\n\t\t\t\n<p>Glasskivorna \u00e4r 780 mm breda<br \/>\nC\/C-m\u00e5ttet p\u00e5 takstolarna ska vara 800 mm<\/p>\n\t\t<\/div>\n\t<\/div>\n\t\n<\/div>\n<div class=\"is-divider divider clearfix\" style=\"background-color:rgb(255, 255, 255);\"><\/div>\n<div class=\"row\"  id=\"row-2105744876\">\n\n\t<div id=\"col-1660722435\" class=\"col medium-4 small-12 large-4\"  >\n\t\t\t\t<div class=\"col-inner\"  >\n\t\t\t\n\t\t\t\n\t\t<\/div>\n\t\t\t\t\t<\/div>\n\n\t\n\n\t<div id=\"col-886022136\" class=\"col medium-4 small-12 large-4\"  >\n\t\t\t\t<div class=\"col-inner\"  >\n\t\t\t\n\t\t\t\n<a href=\"https:\/\/halle.se\/fragor-svar\/\" class=\"button primary is-outline expand\" >\n\t\t<span>tillbaka till fr\u00e5gor &amp; svar<\/span>\n\t<\/a>\n\n\t\t<\/div>\n\t\t\t\t\t<\/div>\n\n\t\n\n\t<div id=\"col-1973990419\" class=\"col medium-4 small-12 large-4\"  >\n\t\t\t\t<div class=\"col-inner\"  >\n\t\t\t\n\t\t\t\n\t\t<\/div>\n\t\t\t\t\t<\/div>\n\n\t\n<\/div>\n","protected":false},"excerpt":{"rendered":"","protected":false},"author":23,"featured_media":0,"parent":0,"menu_order":0,"comment_status":"closed","ping_status":"closed","template":"","meta":{"_acf_changed":false,"footnotes":""},"class_list":["post-209600","page","type-page","status-publish","hentry"],"acf":[],"yoast_head":"<!-- This site is optimized with the Yoast SEO plugin v27.4 - https:\/\/yoast.com\/product\/yoast-seo-wordpress\/ -->\n<title>Fr\u00e5gor och Svar HALLE GLASTAK - Halle<\/title>\n<meta name=\"description\" content=\"Fr\u00e5gor och svar Halle Glastak | Vad beh\u00f6ver jag veta om Halle Glastak\" \/>\n<meta name=\"robots\" content=\"index, follow, max-snippet:-1, max-image-preview:large, max-video-preview:-1\" \/>\n<link rel=\"canonical\" href=\"https:\/\/halle.se\/halle-glastak\/\" \/>\n<meta property=\"og:locale\" content=\"sv_SE\" \/>\n<meta property=\"og:type\" content=\"article\" \/>\n<meta property=\"og:title\" content=\"Fr\u00e5gor och Svar HALLE GLASTAK - Halle\" \/>\n<meta property=\"og:description\" content=\"Fr\u00e5gor och svar Halle Glastak | Vad beh\u00f6ver jag veta om Halle Glastak\" \/>\n<meta property=\"og:url\" content=\"https:\/\/halle.se\/halle-glastak\/\" \/>\n<meta property=\"og:site_name\" content=\"Halle\" \/>\n<meta property=\"article:modified_time\" content=\"2025-03-25T15:14:00+00:00\" \/>\n<meta name=\"twitter:card\" content=\"summary_large_image\" \/>\n<meta name=\"twitter:label1\" content=\"Ber\u00e4knad l\u00e4stid\" \/>\n\t<meta name=\"twitter:data1\" content=\"2 minuter\" \/>\n<script type=\"application\/ld+json\" class=\"yoast-schema-graph\">{\"@context\":\"https:\\\/\\\/schema.org\",\"@graph\":[{\"@type\":\"WebPage\",\"@id\":\"https:\\\/\\\/halle.se\\\/halle-glastak\\\/\",\"url\":\"https:\\\/\\\/halle.se\\\/halle-glastak\\\/\",\"name\":\"Fr\u00e5gor och Svar HALLE GLASTAK - Halle\",\"isPartOf\":{\"@id\":\"https:\\\/\\\/halle.se\\\/#website\"},\"datePublished\":\"2023-09-26T08:44:18+00:00\",\"dateModified\":\"2025-03-25T15:14:00+00:00\",\"description\":\"Fr\u00e5gor och svar Halle Glastak | Vad beh\u00f6ver jag veta om Halle Glastak\",\"breadcrumb\":{\"@id\":\"https:\\\/\\\/halle.se\\\/halle-glastak\\\/#breadcrumb\"},\"inLanguage\":\"sv-SE\",\"potentialAction\":[{\"@type\":\"ReadAction\",\"target\":[\"https:\\\/\\\/halle.se\\\/halle-glastak\\\/\"]}]},{\"@type\":\"BreadcrumbList\",\"@id\":\"https:\\\/\\\/halle.se\\\/halle-glastak\\\/#breadcrumb\",\"itemListElement\":[{\"@type\":\"ListItem\",\"position\":1,\"name\":\"Hem\",\"item\":\"https:\\\/\\\/halle.se\\\/\"},{\"@type\":\"ListItem\",\"position\":2,\"name\":\"Fr\u00e5gor och Svar HALLE GLASTAK\"}]},{\"@type\":\"WebSite\",\"@id\":\"https:\\\/\\\/halle.se\\\/#website\",\"url\":\"https:\\\/\\\/halle.se\\\/\",\"name\":\"Halle\",\"description\":\"Vi tillverkar uterum &amp; plasttak\",\"potentialAction\":[{\"@type\":\"SearchAction\",\"target\":{\"@type\":\"EntryPoint\",\"urlTemplate\":\"https:\\\/\\\/halle.se\\\/?s={search_term_string}\"},\"query-input\":{\"@type\":\"PropertyValueSpecification\",\"valueRequired\":true,\"valueName\":\"search_term_string\"}}],\"inLanguage\":\"sv-SE\"}]}<\/script>\n<!-- \/ Yoast SEO plugin. -->","yoast_head_json":{"title":"Fr\u00e5gor och Svar HALLE GLASTAK - Halle","description":"Fr\u00e5gor och svar Halle Glastak | Vad beh\u00f6ver jag veta om Halle Glastak","robots":{"index":"index","follow":"follow","max-snippet":"max-snippet:-1","max-image-preview":"max-image-preview:large","max-video-preview":"max-video-preview:-1"},"canonical":"https:\/\/halle.se\/halle-glastak\/","og_locale":"sv_SE","og_type":"article","og_title":"Fr\u00e5gor och Svar HALLE GLASTAK - Halle","og_description":"Fr\u00e5gor och svar Halle Glastak | Vad beh\u00f6ver jag veta om Halle Glastak","og_url":"https:\/\/halle.se\/halle-glastak\/","og_site_name":"Halle","article_modified_time":"2025-03-25T15:14:00+00:00","twitter_card":"summary_large_image","twitter_misc":{"Ber\u00e4knad l\u00e4stid":"2 minuter"},"schema":{"@context":"https:\/\/schema.org","@graph":[{"@type":"WebPage","@id":"https:\/\/halle.se\/halle-glastak\/","url":"https:\/\/halle.se\/halle-glastak\/","name":"Fr\u00e5gor och Svar HALLE GLASTAK - Halle","isPartOf":{"@id":"https:\/\/halle.se\/#website"},"datePublished":"2023-09-26T08:44:18+00:00","dateModified":"2025-03-25T15:14:00+00:00","description":"Fr\u00e5gor och svar Halle Glastak | Vad beh\u00f6ver jag veta om Halle Glastak","breadcrumb":{"@id":"https:\/\/halle.se\/halle-glastak\/#breadcrumb"},"inLanguage":"sv-SE","potentialAction":[{"@type":"ReadAction","target":["https:\/\/halle.se\/halle-glastak\/"]}]},{"@type":"BreadcrumbList","@id":"https:\/\/halle.se\/halle-glastak\/#breadcrumb","itemListElement":[{"@type":"ListItem","position":1,"name":"Hem","item":"https:\/\/halle.se\/"},{"@type":"ListItem","position":2,"name":"Fr\u00e5gor och Svar HALLE GLASTAK"}]},{"@type":"WebSite","@id":"https:\/\/halle.se\/#website","url":"https:\/\/halle.se\/","name":"Halle","description":"Vi tillverkar uterum &amp; plasttak","potentialAction":[{"@type":"SearchAction","target":{"@type":"EntryPoint","urlTemplate":"https:\/\/halle.se\/?s={search_term_string}"},"query-input":{"@type":"PropertyValueSpecification","valueRequired":true,"valueName":"search_term_string"}}],"inLanguage":"sv-SE"}]}},"_links":{"self":[{"href":"https:\/\/halle.se\/api\/wp\/v2\/pages\/209600","targetHints":{"allow":["GET"]}}],"collection":[{"href":"https:\/\/halle.se\/api\/wp\/v2\/pages"}],"about":[{"href":"https:\/\/halle.se\/api\/wp\/v2\/types\/page"}],"author":[{"embeddable":true,"href":"https:\/\/halle.se\/api\/wp\/v2\/users\/23"}],"replies":[{"embeddable":true,"href":"https:\/\/halle.se\/api\/wp\/v2\/comments?post=209600"}],"version-history":[{"count":0,"href":"https:\/\/halle.se\/api\/wp\/v2\/pages\/209600\/revisions"}],"wp:attachment":[{"href":"https:\/\/halle.se\/api\/wp\/v2\/media?parent=209600"}],"curies":[{"name":"wp","href":"https:\/\/api.w.org\/{rel}","templated":true}]}}