{"id":221024,"date":"2024-10-02T14:37:59","date_gmt":"2024-10-02T12:37:59","guid":{"rendered":"https:\/\/halle.se\/?page_id=221024"},"modified":"2024-10-02T15:37:36","modified_gmt":"2024-10-02T13:37:36","slug":"fardigkapad-limtrastomme-sadel","status":"publish","type":"page","link":"https:\/\/halle.se\/fardigkapad-limtrastomme-sadel\/","title":{"rendered":"F\u00e4rdigkapad limtr\u00e4stomme sadel"},"content":{"rendered":"<div class=\"container section-title-container\" ><h3 class=\"section-title section-title-center\"><b aria-hidden=\"true\"><\/b><span class=\"section-title-main\" >F\u00e4rdigkapad limtr\u00e4stomme sadel i standardm\u00e5tt<\/span><b aria-hidden=\"true\"><\/b><\/h3><\/div>\n<div class=\"row\"  id=\"row-638921655\">\n\n\t<div id=\"col-369904208\" class=\"col medium-3 small-12 large-3\"  >\n\t\t\t\t<div class=\"col-inner\"  >\n\t\t\t\n\t\t\t\n\t\n  \n    <div class=\"row large-columns-1 medium-columns- small-columns- row-small slider row-slider slider-nav-reveal slider-nav-push\"  data-flickity-options='{&quot;imagesLoaded&quot;: true, &quot;groupCells&quot;: &quot;100%&quot;, &quot;dragThreshold&quot; : 5, &quot;cellAlign&quot;: &quot;left&quot;,&quot;wrapAround&quot;: true,&quot;prevNextButtons&quot;: true,&quot;percentPosition&quot;: true,&quot;pageDots&quot;: false, &quot;rightToLeft&quot;: false, &quot;autoPlay&quot; : false}' >\n\n  \n\t     <div class=\"col\" >\n\t\t\t\t\t\t<div class=\"col-inner\">\n\t\t\t\t\t\t\n<div class=\"badge-container absolute left top z-1\">\n\n<\/div>\n\t\t\t\t\t\t<div class=\"product-small box has-hover box-normal box-text-bottom\">\n\t\t\t\t\t\t\t<div class=\"box-image\" >\n\t\t\t\t\t\t\t\t<div class=\"\" >\n\t\t\t\t\t\t\t\t\t<a href=\"https:\/\/halle.se\/produkter\/limtrastomme-vaggmontage-dream-15-kvm\/\" aria-label=\"Limtr\u00e4stomme V\u00e4ggmontage Dream 15 kvm\">\n\t\t\t\t\t\t\t\t\t\t<img decoding=\"async\" width=\"384\" height=\"384\" data-src=\"https:\/\/halle.se\/wp-content\/uploads\/2024\/10\/Sadel-1-mitt-0-sido-5-skivor-384x384.jpg\" class=\"attachment-woocommerce_thumbnail size-woocommerce_thumbnail lazyload\" alt=\"Limtr\u00e4stomme V\u00e4ggmontage Dream 15 kvm\" data-srcset=\"https:\/\/halle.se\/wp-content\/uploads\/2024\/10\/Sadel-1-mitt-0-sido-5-skivor-384x384.jpg 384w, https:\/\/halle.se\/wp-content\/uploads\/2024\/10\/Sadel-1-mitt-0-sido-5-skivor-400x400.jpg 400w, https:\/\/halle.se\/wp-content\/uploads\/2024\/10\/Sadel-1-mitt-0-sido-5-skivor-800x800.jpg 800w, https:\/\/halle.se\/wp-content\/uploads\/2024\/10\/Sadel-1-mitt-0-sido-5-skivor-280x280.jpg 280w, https:\/\/halle.se\/wp-content\/uploads\/2024\/10\/Sadel-1-mitt-0-sido-5-skivor-768x768.jpg 768w, https:\/\/halle.se\/wp-content\/uploads\/2024\/10\/Sadel-1-mitt-0-sido-5-skivor-1536x1536.jpg 1536w, https:\/\/halle.se\/wp-content\/uploads\/2024\/10\/Sadel-1-mitt-0-sido-5-skivor-2048x2048.jpg 2048w, https:\/\/halle.se\/wp-content\/uploads\/2024\/10\/Sadel-1-mitt-0-sido-5-skivor-100x100.jpg 100w, https:\/\/halle.se\/wp-content\/uploads\/2024\/10\/Sadel-1-mitt-0-sido-5-skivor-640x640.jpg 640w\" data-sizes=\"auto\" src=\"data:image\/svg+xml;base64,PHN2ZyB3aWR0aD0iMSIgaGVpZ2h0PSIxIiB4bWxucz0iaHR0cDovL3d3dy53My5vcmcvMjAwMC9zdmciPjwvc3ZnPg==\" style=\"--smush-placeholder-width: 384px; --smush-placeholder-aspect-ratio: 384\/384;\" data-original-sizes=\"(max-width: 384px) 100vw, 384px\" \/>\t\t\t\t\t\t\t\t\t<\/a>\n\t\t\t\t\t\t\t\t\t\t\t\t\t\t\t\t\t\t \t\t\t\t\t\t\t\t<\/div>\n\t\t\t\t\t\t\t\t<div class=\"image-tools top right show-on-hover\">\n\t\t\t\t\t\t\t\t\t\t\t\t\t\t\t\t\t<\/div>\n\t\t\t\t\t\t\t\t\t\t\t\t\t\t\t\t\t<div class=\"image-tools grid-tools text-center hide-for-small bottom hover-slide-in show-on-hover\">\n\t\t\t\t\t\t\t\t\t\t\t\t\t\t\t\t\t\t\t<\/div>\n\t\t\t\t\t\t\t\t\t\t\t\t\t\t\t\t\t\t\t\t\t\t\t<\/div>\n\n\t\t\t\t\t\t\t<div class=\"box-text text-center\" >\n\t\t\t\t\t\t\t\t<div class=\"title-wrapper\"><p class=\"name product-title woocommerce-loop-product__title\"><a href=\"https:\/\/halle.se\/produkter\/limtrastomme-vaggmontage-dream-15-kvm\/\" class=\"woocommerce-LoopProduct-link woocommerce-loop-product__link\">Limtr\u00e4stomme V\u00e4ggmontage Dream 15 kvm<\/a><\/p><\/div><div class=\"price-wrapper\">\n\t<span class=\"price\"><span class=\"woocommerce-Price-amount amount\"><bdi>27 518,75&nbsp;<span class=\"woocommerce-Price-currencySymbol\">&#107;&#114;<\/span><\/bdi><\/span> <small class='woocommerce-price-suffix'>inkl. moms<\/small><\/span>\n<\/div>\t\t\t\t\t\t\t<\/div>\n\t\t\t\t\t\t<\/div>\n\t\t\t\t\t\t<\/div>\n\t\t\t\t\t<\/div><\/div>\n\t\t<\/div>\n\t\t\t\t\t<\/div>\n\n\t\n\n\t<div id=\"col-572086348\" class=\"col medium-3 small-12 large-3\"  >\n\t\t\t\t<div class=\"col-inner\"  >\n\t\t\t\n\t\t\t\n\t\n  \n    <div class=\"row large-columns-1 medium-columns- small-columns- row-small slider row-slider slider-nav-reveal slider-nav-push\"  data-flickity-options='{&quot;imagesLoaded&quot;: true, &quot;groupCells&quot;: &quot;100%&quot;, &quot;dragThreshold&quot; : 5, &quot;cellAlign&quot;: &quot;left&quot;,&quot;wrapAround&quot;: true,&quot;prevNextButtons&quot;: true,&quot;percentPosition&quot;: true,&quot;pageDots&quot;: false, &quot;rightToLeft&quot;: false, &quot;autoPlay&quot; : false}' >\n\n  \n\t     <div class=\"col\" >\n\t\t\t\t\t\t<div class=\"col-inner\">\n\t\t\t\t\t\t\n<div class=\"badge-container absolute left top z-1\">\n\n<\/div>\n\t\t\t\t\t\t<div class=\"product-small box has-hover box-normal box-text-bottom\">\n\t\t\t\t\t\t\t<div class=\"box-image\" >\n\t\t\t\t\t\t\t\t<div class=\"\" >\n\t\t\t\t\t\t\t\t\t<a href=\"https:\/\/halle.se\/produkter\/limtrastomme-vaggmontage-dream-18-kvm\/\" aria-label=\"Limtr\u00e4stomme V\u00e4ggmontage Dream 18 kvm\">\n\t\t\t\t\t\t\t\t\t\t<img decoding=\"async\" width=\"384\" height=\"384\" data-src=\"https:\/\/halle.se\/wp-content\/uploads\/2024\/10\/Sadel-1-mitt-0-sido-5-skivor-384x384.jpg\" class=\"attachment-woocommerce_thumbnail size-woocommerce_thumbnail lazyload\" alt=\"Limtr\u00e4stomme V\u00e4ggmontage Dream 18 kvm\" data-srcset=\"https:\/\/halle.se\/wp-content\/uploads\/2024\/10\/Sadel-1-mitt-0-sido-5-skivor-384x384.jpg 384w, https:\/\/halle.se\/wp-content\/uploads\/2024\/10\/Sadel-1-mitt-0-sido-5-skivor-400x400.jpg 400w, https:\/\/halle.se\/wp-content\/uploads\/2024\/10\/Sadel-1-mitt-0-sido-5-skivor-800x800.jpg 800w, https:\/\/halle.se\/wp-content\/uploads\/2024\/10\/Sadel-1-mitt-0-sido-5-skivor-280x280.jpg 280w, https:\/\/halle.se\/wp-content\/uploads\/2024\/10\/Sadel-1-mitt-0-sido-5-skivor-768x768.jpg 768w, https:\/\/halle.se\/wp-content\/uploads\/2024\/10\/Sadel-1-mitt-0-sido-5-skivor-1536x1536.jpg 1536w, https:\/\/halle.se\/wp-content\/uploads\/2024\/10\/Sadel-1-mitt-0-sido-5-skivor-2048x2048.jpg 2048w, https:\/\/halle.se\/wp-content\/uploads\/2024\/10\/Sadel-1-mitt-0-sido-5-skivor-100x100.jpg 100w, https:\/\/halle.se\/wp-content\/uploads\/2024\/10\/Sadel-1-mitt-0-sido-5-skivor-640x640.jpg 640w\" data-sizes=\"auto\" src=\"data:image\/svg+xml;base64,PHN2ZyB3aWR0aD0iMSIgaGVpZ2h0PSIxIiB4bWxucz0iaHR0cDovL3d3dy53My5vcmcvMjAwMC9zdmciPjwvc3ZnPg==\" style=\"--smush-placeholder-width: 384px; --smush-placeholder-aspect-ratio: 384\/384;\" data-original-sizes=\"(max-width: 384px) 100vw, 384px\" \/>\t\t\t\t\t\t\t\t\t<\/a>\n\t\t\t\t\t\t\t\t\t\t\t\t\t\t\t\t\t\t \t\t\t\t\t\t\t\t<\/div>\n\t\t\t\t\t\t\t\t<div class=\"image-tools top right show-on-hover\">\n\t\t\t\t\t\t\t\t\t\t\t\t\t\t\t\t\t<\/div>\n\t\t\t\t\t\t\t\t\t\t\t\t\t\t\t\t\t<div class=\"image-tools grid-tools text-center hide-for-small bottom hover-slide-in show-on-hover\">\n\t\t\t\t\t\t\t\t\t\t\t\t\t\t\t\t\t\t\t<\/div>\n\t\t\t\t\t\t\t\t\t\t\t\t\t\t\t\t\t\t\t\t\t\t\t<\/div>\n\n\t\t\t\t\t\t\t<div class=\"box-text text-center\" >\n\t\t\t\t\t\t\t\t<div class=\"title-wrapper\"><p class=\"name product-title woocommerce-loop-product__title\"><a href=\"https:\/\/halle.se\/produkter\/limtrastomme-vaggmontage-dream-18-kvm\/\" class=\"woocommerce-LoopProduct-link woocommerce-loop-product__link\">Limtr\u00e4stomme V\u00e4ggmontage Dream 18 kvm<\/a><\/p><\/div><div class=\"price-wrapper\">\n\t<span class=\"price\"><span class=\"woocommerce-Price-amount amount\"><bdi>29 740&nbsp;<span class=\"woocommerce-Price-currencySymbol\">&#107;&#114;<\/span><\/bdi><\/span> <small class='woocommerce-price-suffix'>inkl. moms<\/small><\/span>\n<\/div>\t\t\t\t\t\t\t<\/div>\n\t\t\t\t\t\t<\/div>\n\t\t\t\t\t\t<\/div>\n\t\t\t\t\t<\/div><\/div>\n\t\t<\/div>\n\t\t\t\t\t<\/div>\n\n\t\n\n\t<div id=\"col-2094089802\" class=\"col medium-3 small-12 large-3\"  >\n\t\t\t\t<div class=\"col-inner\"  >\n\t\t\t\n\t\t\t\n\t\n  \n    <div class=\"row large-columns-1 medium-columns- small-columns- row-small slider row-slider slider-nav-reveal slider-nav-push\"  data-flickity-options='{&quot;imagesLoaded&quot;: true, &quot;groupCells&quot;: &quot;100%&quot;, &quot;dragThreshold&quot; : 5, &quot;cellAlign&quot;: &quot;left&quot;,&quot;wrapAround&quot;: true,&quot;prevNextButtons&quot;: true,&quot;percentPosition&quot;: true,&quot;pageDots&quot;: false, &quot;rightToLeft&quot;: false, &quot;autoPlay&quot; : false}' >\n\n  \n\t     <div class=\"col\" >\n\t\t\t\t\t\t<div class=\"col-inner\">\n\t\t\t\t\t\t\n<div class=\"badge-container absolute left top z-1\">\n\n<\/div>\n\t\t\t\t\t\t<div class=\"product-small box has-hover box-normal box-text-bottom\">\n\t\t\t\t\t\t\t<div class=\"box-image\" >\n\t\t\t\t\t\t\t\t<div class=\"\" >\n\t\t\t\t\t\t\t\t\t<a href=\"https:\/\/halle.se\/produkter\/limtrastomme-vaggmontage-dream-25-kvm\/\" aria-label=\"Limtr\u00e4stomme V\u00e4ggmontage Dream 25 kvm\">\n\t\t\t\t\t\t\t\t\t\t<img decoding=\"async\" width=\"384\" height=\"384\" data-src=\"https:\/\/halle.se\/wp-content\/uploads\/2024\/10\/Sadel-1-mitt-0-sido-5-skivor-384x384.jpg\" class=\"attachment-woocommerce_thumbnail size-woocommerce_thumbnail lazyload\" alt=\"Limtr\u00e4stomme V\u00e4ggmontage Dream 25 kvm\" data-srcset=\"https:\/\/halle.se\/wp-content\/uploads\/2024\/10\/Sadel-1-mitt-0-sido-5-skivor-384x384.jpg 384w, https:\/\/halle.se\/wp-content\/uploads\/2024\/10\/Sadel-1-mitt-0-sido-5-skivor-400x400.jpg 400w, https:\/\/halle.se\/wp-content\/uploads\/2024\/10\/Sadel-1-mitt-0-sido-5-skivor-800x800.jpg 800w, https:\/\/halle.se\/wp-content\/uploads\/2024\/10\/Sadel-1-mitt-0-sido-5-skivor-280x280.jpg 280w, https:\/\/halle.se\/wp-content\/uploads\/2024\/10\/Sadel-1-mitt-0-sido-5-skivor-768x768.jpg 768w, https:\/\/halle.se\/wp-content\/uploads\/2024\/10\/Sadel-1-mitt-0-sido-5-skivor-1536x1536.jpg 1536w, https:\/\/halle.se\/wp-content\/uploads\/2024\/10\/Sadel-1-mitt-0-sido-5-skivor-2048x2048.jpg 2048w, https:\/\/halle.se\/wp-content\/uploads\/2024\/10\/Sadel-1-mitt-0-sido-5-skivor-100x100.jpg 100w, https:\/\/halle.se\/wp-content\/uploads\/2024\/10\/Sadel-1-mitt-0-sido-5-skivor-640x640.jpg 640w\" data-sizes=\"auto\" src=\"data:image\/svg+xml;base64,PHN2ZyB3aWR0aD0iMSIgaGVpZ2h0PSIxIiB4bWxucz0iaHR0cDovL3d3dy53My5vcmcvMjAwMC9zdmciPjwvc3ZnPg==\" style=\"--smush-placeholder-width: 384px; --smush-placeholder-aspect-ratio: 384\/384;\" data-original-sizes=\"(max-width: 384px) 100vw, 384px\" \/>\t\t\t\t\t\t\t\t\t<\/a>\n\t\t\t\t\t\t\t\t\t\t\t\t\t\t\t\t\t\t \t\t\t\t\t\t\t\t<\/div>\n\t\t\t\t\t\t\t\t<div class=\"image-tools top right show-on-hover\">\n\t\t\t\t\t\t\t\t\t\t\t\t\t\t\t\t\t<\/div>\n\t\t\t\t\t\t\t\t\t\t\t\t\t\t\t\t\t<div class=\"image-tools grid-tools text-center hide-for-small bottom hover-slide-in show-on-hover\">\n\t\t\t\t\t\t\t\t\t\t\t\t\t\t\t\t\t\t\t<\/div>\n\t\t\t\t\t\t\t\t\t\t\t\t\t\t\t\t\t\t\t\t\t\t\t<\/div>\n\n\t\t\t\t\t\t\t<div class=\"box-text text-center\" >\n\t\t\t\t\t\t\t\t<div class=\"title-wrapper\"><p class=\"name product-title woocommerce-loop-product__title\"><a href=\"https:\/\/halle.se\/produkter\/limtrastomme-vaggmontage-dream-25-kvm\/\" class=\"woocommerce-LoopProduct-link woocommerce-loop-product__link\">Limtr\u00e4stomme V\u00e4ggmontage Dream 25 kvm<\/a><\/p><\/div><div class=\"price-wrapper\">\n\t<span class=\"price\"><span class=\"woocommerce-Price-amount amount\"><bdi>36 875&nbsp;<span class=\"woocommerce-Price-currencySymbol\">&#107;&#114;<\/span><\/bdi><\/span> <small class='woocommerce-price-suffix'>inkl. moms<\/small><\/span>\n<\/div>\t\t\t\t\t\t\t<\/div>\n\t\t\t\t\t\t<\/div>\n\t\t\t\t\t\t<\/div>\n\t\t\t\t\t<\/div><\/div>\n\t\t<\/div>\n\t\t\t\t\t<\/div>\n\n\t\n\n\t<div id=\"col-308230343\" class=\"col medium-3 small-12 large-3\"  >\n\t\t\t\t<div class=\"col-inner\"  >\n\t\t\t\n\t\t\t\n\t\n  \n    <div class=\"row large-columns-1 medium-columns- small-columns- row-small slider row-slider slider-nav-reveal slider-nav-push\"  data-flickity-options='{&quot;imagesLoaded&quot;: true, &quot;groupCells&quot;: &quot;100%&quot;, &quot;dragThreshold&quot; : 5, &quot;cellAlign&quot;: &quot;left&quot;,&quot;wrapAround&quot;: true,&quot;prevNextButtons&quot;: true,&quot;percentPosition&quot;: true,&quot;pageDots&quot;: false, &quot;rightToLeft&quot;: false, &quot;autoPlay&quot; : false}' >\n\n  \n\t     <div class=\"col\" >\n\t\t\t\t\t\t<div class=\"col-inner\">\n\t\t\t\t\t\t\n<div class=\"badge-container absolute left top z-1\">\n\n<\/div>\n\t\t\t\t\t\t<div class=\"product-small box has-hover box-normal box-text-bottom\">\n\t\t\t\t\t\t\t<div class=\"box-image\" >\n\t\t\t\t\t\t\t\t<div class=\"\" >\n\t\t\t\t\t\t\t\t\t<a href=\"https:\/\/halle.se\/produkter\/limtrastomme-vaggmontage-dream-33-kvm\/\" aria-label=\"Limtr\u00e4stomme V\u00e4ggmontage Dream 33 kvm\">\n\t\t\t\t\t\t\t\t\t\t<img decoding=\"async\" width=\"384\" height=\"384\" data-src=\"https:\/\/halle.se\/wp-content\/uploads\/2024\/10\/Sadel-1-mitt-0-sido-5-skivor-384x384.jpg\" class=\"attachment-woocommerce_thumbnail size-woocommerce_thumbnail lazyload\" alt=\"Limtr\u00e4stomme V\u00e4ggmontage Dream 33 kvm\" data-srcset=\"https:\/\/halle.se\/wp-content\/uploads\/2024\/10\/Sadel-1-mitt-0-sido-5-skivor-384x384.jpg 384w, https:\/\/halle.se\/wp-content\/uploads\/2024\/10\/Sadel-1-mitt-0-sido-5-skivor-400x400.jpg 400w, https:\/\/halle.se\/wp-content\/uploads\/2024\/10\/Sadel-1-mitt-0-sido-5-skivor-800x800.jpg 800w, https:\/\/halle.se\/wp-content\/uploads\/2024\/10\/Sadel-1-mitt-0-sido-5-skivor-280x280.jpg 280w, https:\/\/halle.se\/wp-content\/uploads\/2024\/10\/Sadel-1-mitt-0-sido-5-skivor-768x768.jpg 768w, https:\/\/halle.se\/wp-content\/uploads\/2024\/10\/Sadel-1-mitt-0-sido-5-skivor-1536x1536.jpg 1536w, https:\/\/halle.se\/wp-content\/uploads\/2024\/10\/Sadel-1-mitt-0-sido-5-skivor-2048x2048.jpg 2048w, https:\/\/halle.se\/wp-content\/uploads\/2024\/10\/Sadel-1-mitt-0-sido-5-skivor-100x100.jpg 100w, https:\/\/halle.se\/wp-content\/uploads\/2024\/10\/Sadel-1-mitt-0-sido-5-skivor-640x640.jpg 640w\" data-sizes=\"auto\" src=\"data:image\/svg+xml;base64,PHN2ZyB3aWR0aD0iMSIgaGVpZ2h0PSIxIiB4bWxucz0iaHR0cDovL3d3dy53My5vcmcvMjAwMC9zdmciPjwvc3ZnPg==\" style=\"--smush-placeholder-width: 384px; --smush-placeholder-aspect-ratio: 384\/384;\" data-original-sizes=\"(max-width: 384px) 100vw, 384px\" \/>\t\t\t\t\t\t\t\t\t<\/a>\n\t\t\t\t\t\t\t\t\t\t\t\t\t\t\t\t\t\t \t\t\t\t\t\t\t\t<\/div>\n\t\t\t\t\t\t\t\t<div class=\"image-tools top right show-on-hover\">\n\t\t\t\t\t\t\t\t\t\t\t\t\t\t\t\t\t<\/div>\n\t\t\t\t\t\t\t\t\t\t\t\t\t\t\t\t\t<div class=\"image-tools grid-tools text-center hide-for-small bottom hover-slide-in show-on-hover\">\n\t\t\t\t\t\t\t\t\t\t\t\t\t\t\t\t\t\t\t<\/div>\n\t\t\t\t\t\t\t\t\t\t\t\t\t\t\t\t\t\t\t\t\t\t\t<\/div>\n\n\t\t\t\t\t\t\t<div class=\"box-text text-center\" >\n\t\t\t\t\t\t\t\t<div class=\"title-wrapper\"><p class=\"name product-title woocommerce-loop-product__title\"><a href=\"https:\/\/halle.se\/produkter\/limtrastomme-vaggmontage-dream-33-kvm\/\" class=\"woocommerce-LoopProduct-link woocommerce-loop-product__link\">Limtr\u00e4stomme V\u00e4ggmontage Dream 33 kvm<\/a><\/p><\/div><div class=\"price-wrapper\">\n\t<span class=\"price\"><span class=\"woocommerce-Price-amount amount\"><bdi>49 292,50&nbsp;<span class=\"woocommerce-Price-currencySymbol\">&#107;&#114;<\/span><\/bdi><\/span> <small class='woocommerce-price-suffix'>inkl. moms<\/small><\/span>\n<\/div>\t\t\t\t\t\t\t<\/div>\n\t\t\t\t\t\t<\/div>\n\t\t\t\t\t\t<\/div>\n\t\t\t\t\t<\/div><\/div>\n\t\t<\/div>\n\t\t\t\t\t<\/div>\n\n\t\n<\/div>\n<a href=\"https:\/\/halle.se\/fardigkapad-limtrastomme-pulpet\/\" class=\"button primary expand\" style=\"border-radius:99px;\">\n\t\t<span>Till pulpettak<\/span>\n\t<\/a>\n\n","protected":false},"excerpt":{"rendered":"","protected":false},"author":23,"featured_media":0,"parent":0,"menu_order":0,"comment_status":"closed","ping_status":"closed","template":"","meta":{"_acf_changed":false,"footnotes":""},"class_list":["post-221024","page","type-page","status-publish","hentry"],"acf":[],"yoast_head":"<!-- This site is optimized with the Yoast SEO plugin v27.5 - https:\/\/yoast.com\/product\/yoast-seo-wordpress\/ -->\n<title>F\u00e4rdigkapad limtr\u00e4stomme sadel - Halle<\/title>\n<meta name=\"robots\" content=\"index, follow, max-snippet:-1, max-image-preview:large, max-video-preview:-1\" \/>\n<link rel=\"canonical\" href=\"https:\/\/halle.se\/fardigkapad-limtrastomme-sadel\/\" \/>\n<meta property=\"og:locale\" content=\"sv_SE\" \/>\n<meta property=\"og:type\" content=\"article\" \/>\n<meta property=\"og:title\" content=\"F\u00e4rdigkapad limtr\u00e4stomme sadel - Halle\" \/>\n<meta property=\"og:url\" content=\"https:\/\/halle.se\/fardigkapad-limtrastomme-sadel\/\" \/>\n<meta property=\"og:site_name\" content=\"Halle\" \/>\n<meta property=\"article:modified_time\" content=\"2024-10-02T13:37:36+00:00\" \/>\n<meta name=\"twitter:card\" content=\"summary_large_image\" \/>\n<script type=\"application\/ld+json\" class=\"yoast-schema-graph\">{\"@context\":\"https:\\\/\\\/schema.org\",\"@graph\":[{\"@type\":\"WebPage\",\"@id\":\"https:\\\/\\\/halle.se\\\/fardigkapad-limtrastomme-sadel\\\/\",\"url\":\"https:\\\/\\\/halle.se\\\/fardigkapad-limtrastomme-sadel\\\/\",\"name\":\"F\u00e4rdigkapad limtr\u00e4stomme sadel - Halle\",\"isPartOf\":{\"@id\":\"https:\\\/\\\/halle.se\\\/#website\"},\"datePublished\":\"2024-10-02T12:37:59+00:00\",\"dateModified\":\"2024-10-02T13:37:36+00:00\",\"breadcrumb\":{\"@id\":\"https:\\\/\\\/halle.se\\\/fardigkapad-limtrastomme-sadel\\\/#breadcrumb\"},\"inLanguage\":\"sv-SE\",\"potentialAction\":[{\"@type\":\"ReadAction\",\"target\":[\"https:\\\/\\\/halle.se\\\/fardigkapad-limtrastomme-sadel\\\/\"]}]},{\"@type\":\"BreadcrumbList\",\"@id\":\"https:\\\/\\\/halle.se\\\/fardigkapad-limtrastomme-sadel\\\/#breadcrumb\",\"itemListElement\":[{\"@type\":\"ListItem\",\"position\":1,\"name\":\"Hem\",\"item\":\"https:\\\/\\\/halle.se\\\/\"},{\"@type\":\"ListItem\",\"position\":2,\"name\":\"F\u00e4rdigkapad limtr\u00e4stomme sadel\"}]},{\"@type\":\"WebSite\",\"@id\":\"https:\\\/\\\/halle.se\\\/#website\",\"url\":\"https:\\\/\\\/halle.se\\\/\",\"name\":\"Halle\",\"description\":\"Vi tillverkar uterum &amp; plasttak\",\"potentialAction\":[{\"@type\":\"SearchAction\",\"target\":{\"@type\":\"EntryPoint\",\"urlTemplate\":\"https:\\\/\\\/halle.se\\\/?s={search_term_string}\"},\"query-input\":{\"@type\":\"PropertyValueSpecification\",\"valueRequired\":true,\"valueName\":\"search_term_string\"}}],\"inLanguage\":\"sv-SE\"}]}<\/script>\n<!-- \/ Yoast SEO plugin. -->","yoast_head_json":{"title":"F\u00e4rdigkapad limtr\u00e4stomme sadel - Halle","robots":{"index":"index","follow":"follow","max-snippet":"max-snippet:-1","max-image-preview":"max-image-preview:large","max-video-preview":"max-video-preview:-1"},"canonical":"https:\/\/halle.se\/fardigkapad-limtrastomme-sadel\/","og_locale":"sv_SE","og_type":"article","og_title":"F\u00e4rdigkapad limtr\u00e4stomme sadel - Halle","og_url":"https:\/\/halle.se\/fardigkapad-limtrastomme-sadel\/","og_site_name":"Halle","article_modified_time":"2024-10-02T13:37:36+00:00","twitter_card":"summary_large_image","schema":{"@context":"https:\/\/schema.org","@graph":[{"@type":"WebPage","@id":"https:\/\/halle.se\/fardigkapad-limtrastomme-sadel\/","url":"https:\/\/halle.se\/fardigkapad-limtrastomme-sadel\/","name":"F\u00e4rdigkapad limtr\u00e4stomme sadel - Halle","isPartOf":{"@id":"https:\/\/halle.se\/#website"},"datePublished":"2024-10-02T12:37:59+00:00","dateModified":"2024-10-02T13:37:36+00:00","breadcrumb":{"@id":"https:\/\/halle.se\/fardigkapad-limtrastomme-sadel\/#breadcrumb"},"inLanguage":"sv-SE","potentialAction":[{"@type":"ReadAction","target":["https:\/\/halle.se\/fardigkapad-limtrastomme-sadel\/"]}]},{"@type":"BreadcrumbList","@id":"https:\/\/halle.se\/fardigkapad-limtrastomme-sadel\/#breadcrumb","itemListElement":[{"@type":"ListItem","position":1,"name":"Hem","item":"https:\/\/halle.se\/"},{"@type":"ListItem","position":2,"name":"F\u00e4rdigkapad limtr\u00e4stomme sadel"}]},{"@type":"WebSite","@id":"https:\/\/halle.se\/#website","url":"https:\/\/halle.se\/","name":"Halle","description":"Vi tillverkar uterum &amp; plasttak","potentialAction":[{"@type":"SearchAction","target":{"@type":"EntryPoint","urlTemplate":"https:\/\/halle.se\/?s={search_term_string}"},"query-input":{"@type":"PropertyValueSpecification","valueRequired":true,"valueName":"search_term_string"}}],"inLanguage":"sv-SE"}]}},"_links":{"self":[{"href":"https:\/\/halle.se\/api\/wp\/v2\/pages\/221024","targetHints":{"allow":["GET"]}}],"collection":[{"href":"https:\/\/halle.se\/api\/wp\/v2\/pages"}],"about":[{"href":"https:\/\/halle.se\/api\/wp\/v2\/types\/page"}],"author":[{"embeddable":true,"href":"https:\/\/halle.se\/api\/wp\/v2\/users\/23"}],"replies":[{"embeddable":true,"href":"https:\/\/halle.se\/api\/wp\/v2\/comments?post=221024"}],"version-history":[{"count":0,"href":"https:\/\/halle.se\/api\/wp\/v2\/pages\/221024\/revisions"}],"wp:attachment":[{"href":"https:\/\/halle.se\/api\/wp\/v2\/media?parent=221024"}],"curies":[{"name":"wp","href":"https:\/\/api.w.org\/{rel}","templated":true}]}}