{"id":176393,"date":"2021-03-22T21:34:34","date_gmt":"2021-03-22T20:34:34","guid":{"rendered":"https:\/\/halle.se\/?post_type=product&#038;p=176393"},"modified":"2024-04-12T12:59:47","modified_gmt":"2024-04-12T10:59:47","slug":"halle-vikparti-4-delad-utan-gangdorr","status":"publish","type":"product","link":"https:\/\/halle.se\/produkter\/halle-vikparti-4-delad-utan-gangdorr\/","title":{"rendered":"HALLE VIKPARTI 4-DELAT UTAN G\u00c5NGD\u00d6RR"},"content":{"rendered":"<p style=\"margin: 0cm 0cm 15.6pt 0cm\"><strong><span style=\"quot',serif;color: #424242\">HALLE VIKPARTI \u2013 4-delad utan g\u00e5ngd\u00f6rr<\/span><\/strong><\/p>\n<p style=\"margin: 0cm 0cm 15.6pt 0cm\"><span style=\"quot',serif;color: #424242\">FASADSYSTEM, GLASPARTIER OCH GLASFASADER<\/span><\/p>\n<p style=\"margin: 0cm 0cm 15.6pt 0cm\"><span style=\"quot',serif;color: #424242\">Halle System AB tillverkar olika typer av vikpartier.<br \/>\nNedan finner du \u00f6ppningsalternativ och priser.<\/span><\/p>\n<p style=\"margin: 0cm 0cm 15.6pt 0cm\"><span style=\"quot',serif;color: #424242\">Ta bort gr\u00e4nsen mellan inne och ute med hj\u00e4lp av ett Vikparti 4-delat.<br \/>\nVi har en m\u00e4ngd olika varianter av vikpartier, in\u00e5tg\u00e5ende eller ut\u00e5tg\u00e5ende, som skjuts \u00e5t h\u00f6ger eller v\u00e4nster.<br \/>\nVi tillverkar v\u00e5ra vikpartier helt efter dina \u00f6nskem\u00e5l i b\u00e5de bredd och h\u00f6jd.<\/span><\/p>\n<p style=\"margin: 0cm 0cm 15.6pt 0cm\"><strong><span style=\"quot',serif;color: #424242\">Glaspartier Vikparti 4-delad<\/span><\/strong><span style=\"quot',serif;color: #424242\"><br \/>\nV\u00e5ra vikpartier har bruten k\u00f6ldbrygga i b\u00e5de karm och luckor f\u00f6r b\u00e4sta t\u00e4thet och U-v\u00e4rde, och tillverkas med 2-glas\/ eller 3-glas, s\u00e4kerhetsisolerglas med energi och argon. Det \u00e4r viktigt att man v\u00e4ljer r\u00e4tt vikparti efter anv\u00e4ndning. Halle Thermo 2-glas \u00e4r f\u00f6r det isolerade uterummet och Halle vikparti 3-glas anv\u00e4nds f\u00f6r husfasaden d\u00e4r kravet p\u00e5 isolering \u00e4r s\u00e5 mycket h\u00f6gre.<br \/>\nU-v\u00e4rde 1,1 vid 2-glas eller 0,6 vid 3-glas.<br \/>\nSpr\u00f6js finns i en m\u00e4ngd olika alternativ, antingen avdelande spr\u00f6js eller innanf\u00f6rliggande spr\u00f6js i en m\u00e4ngd olika varianter.<\/span><\/p>\n<p style=\"margin: 0cm 0cm 15.6pt 0cm\"><strong><span style=\"quot',serif;color: #424242\">Varianter<\/span><\/strong><span style=\"quot',serif;color: #424242\"><br \/>\nVikpartier finns i 2-delad, 3-delad, 4-delad och 5-delat alternativ, b\u00e5de h\u00f6ger och v\u00e4nsterg\u00e5ende. Man kan v\u00e4lja om de ska \u00f6ppnas in\u00e5t eller ut\u00e5t, och de kan v\u00e4ljas med eller utan g\u00e5ngd\u00f6rr. Gemensamt f\u00f6r alla vikpartier fr\u00e5n Halle \u00e4r den gedigna konstruktionen med st\u00e5lf\u00f6rst\u00e4rkta g\u00e5ngj\u00e4rn och kullagrade st\u00e5lhjul som ger en l\u00e5ng livsl\u00e4ngd med samma h\u00f6ga kvalitet \u00e5r efter \u00e5r.<\/span><\/p>\n<p><strong>F\u00e4rgval<\/strong><b><br \/>\n<\/b>Halles vikpartier levereras som standard med vitlackerade aluminiumprofiler, RAL: 9010ps.<br \/>\nDu kan \u00e4ven som tillval best\u00e4lla v\u00e5ra fasadpartier i valfri RAL-kul\u00f6r.<br \/>\nVi tillverkar \u00e4ven v\u00e5ra partier med DUO-kul\u00f6r om s\u00e5 \u00f6nskas. Det inneb\u00e4r att du kan v\u00e4lja olika kul\u00f6r p\u00e5 utsidan och insidan.<\/p>\n<p>Halle Vikparti \u00e4r Svensktillverkat och tillverkas p\u00e5 den hall\u00e4ndska v\u00e4stkusten i Laholm.<\/p>\n<p><a href=\"https:\/\/dokument.halle.se\/halle-vikparti-monteringsanvisning-vikbart-parti\" target=\"_blank\" rel=\"noopener\">Monteringsinfo<\/a><\/p>\n<p>&nbsp;<\/p>\n","protected":false},"excerpt":{"rendered":"<p><strong>Vikparti 4-delat utan g\u00e5ngd\u00f6rr<\/strong><\/p>\n<p><strong>\u00a0<\/strong><\/p>\n<p>Ett exklusivt vikparti med energibesparande s\u00e4kerhetsisolerglas, 2-glas eller 3-glas med argongasfyllning.<br \/>\nGlasets U-v\u00e4rde \u00e4r vid 2-glas 1,1 och vid 3-glas 0,6.<br \/>\nSom tillval kan man best\u00e4lla innanf\u00f6rliggande spr\u00f6js i ett antal olika utf\u00f6randen.<\/p>\n<p>Vi tillverkar partiet i m\u00e5tt efter dina \u00f6nskem\u00e5l i b\u00e5de bredd och h\u00f6jd.<br \/>\nVikpartierna har bruten k\u00f6ldbrygga i b\u00e5de luckor och karm f\u00f6r b\u00e4sta t\u00e4thet och U-v\u00e4rde.<\/p>\n<p>Vikpartierna finns i ut\u00e5tg\u00e5ende eller in\u00e5tg\u00e5ende utf\u00f6rande.<br \/>\nMan v\u00e4ljer \u00e4ven om partiet ska vikas \u00e5t h\u00f6ger eller v\u00e4nster utifr\u00e5n sett.<br \/>\nBredd: 2920mm \u2013 4800 mm H\u00f6jd: 1800mm \u2013 2500mm<\/p>\n<p>Se pris nedan genom att v\u00e4lja:<\/p>\n<p><strong>Ralkul\u00f6r<\/strong><br \/>\nStandardkul\u00f6r: RAL 9010ps.<br \/>\nDe vanligaste kul\u00f6rerna finns angivna i menyn.<br \/>\nOm din \u00f6nskade RAL-kul\u00f6r saknas-v\u00e4lj \u201dvalfri\u201d\u00a0s\u00e5 hanteras valet vid orderl\u00e4ggningen.<\/p>\n<p>V\u00e4lj <strong>\u00f6ppningsalternativ<\/strong>.<\/p>\n<p>D\u00e4refter dina <strong>bredd- och h\u00f6jdintervaller<\/strong>.<\/p>\n<p>Fyll sedan i dina exakt m\u00e5tt inom intervallen.<\/p>\n","protected":false},"featured_media":203794,"template":"","meta":{"_acf_changed":false},"product_brand":[],"product_cat":[187,277,186],"product_tag":[],"class_list":{"0":"post-176393","1":"product","2":"type-product","3":"status-publish","4":"has-post-thumbnail","6":"product_cat-vik-fasad","7":"product_cat-halle-vikparti-fasad","8":"product_cat-halle-vikparti-thermo","9":"product_shipping_class-kranbil","11":"first","12":"instock","13":"taxable","14":"shipping-taxable","15":"product-type-variable"},"acf":[],"yoast_head":"<!-- This site is optimized with the Yoast SEO plugin v27.5 - https:\/\/yoast.com\/product\/yoast-seo-wordpress\/ -->\n<title>HALLE VIKPARTI 4-DELAT UTAN G\u00c5NGD\u00d6RR - Halle<\/title>\n<meta name=\"description\" content=\"Halle Vikparti 4-delad ger dig m\u00f6jlighet att \u00f6ppna upp husv\u00e4ggen och integrera tr\u00e4dg\u00e5rden med ditt vardagsrum! En h\u00e4ftig upplevelse i hemmet!\" \/>\n<meta name=\"robots\" content=\"index, follow, max-snippet:-1, max-image-preview:large, max-video-preview:-1\" \/>\n<link rel=\"canonical\" href=\"https:\/\/halle.se\/produkter\/halle-vikparti-4-delad-utan-gangdorr\/\" \/>\n<meta property=\"og:locale\" content=\"sv_SE\" \/>\n<meta property=\"og:type\" content=\"article\" \/>\n<meta property=\"og:title\" content=\"HALLE VIKPARTI 4-DELAT UTAN G\u00c5NGD\u00d6RR - Halle\" \/>\n<meta property=\"og:description\" content=\"Halle Vikparti 4-delad ger dig m\u00f6jlighet att \u00f6ppna upp husv\u00e4ggen och integrera tr\u00e4dg\u00e5rden med ditt vardagsrum! En h\u00e4ftig upplevelse i hemmet!\" \/>\n<meta property=\"og:url\" content=\"https:\/\/halle.se\/produkter\/halle-vikparti-4-delad-utan-gangdorr\/\" \/>\n<meta property=\"og:site_name\" content=\"Halle\" \/>\n<meta property=\"article:modified_time\" content=\"2024-04-12T10:59:47+00:00\" \/>\n<meta property=\"og:image\" content=\"https:\/\/halle.se\/wp-content\/uploads\/2022\/10\/halle-vikparti-4-delat-frilagd-ut-vansterhangd-utan-slagdorr-bild-scaled.jpg\" \/>\n\t<meta property=\"og:image:width\" content=\"2560\" \/>\n\t<meta property=\"og:image:height\" content=\"2560\" \/>\n\t<meta property=\"og:image:type\" content=\"image\/jpeg\" \/>\n<meta name=\"twitter:card\" content=\"summary_large_image\" \/>\n<meta name=\"twitter:label1\" content=\"Ber\u00e4knad l\u00e4stid\" \/>\n\t<meta name=\"twitter:data1\" content=\"2 minuter\" \/>\n<script type=\"application\/ld+json\" class=\"yoast-schema-graph\">{\"@context\":\"https:\\\/\\\/schema.org\",\"@graph\":[{\"@type\":\"WebPage\",\"@id\":\"https:\\\/\\\/halle.se\\\/produkter\\\/halle-vikparti-4-delad-utan-gangdorr\\\/\",\"url\":\"https:\\\/\\\/halle.se\\\/produkter\\\/halle-vikparti-4-delad-utan-gangdorr\\\/\",\"name\":\"HALLE VIKPARTI 4-DELAT UTAN G\u00c5NGD\u00d6RR - Halle\",\"isPartOf\":{\"@id\":\"https:\\\/\\\/halle.se\\\/#website\"},\"primaryImageOfPage\":{\"@id\":\"https:\\\/\\\/halle.se\\\/produkter\\\/halle-vikparti-4-delad-utan-gangdorr\\\/#primaryimage\"},\"image\":{\"@id\":\"https:\\\/\\\/halle.se\\\/produkter\\\/halle-vikparti-4-delad-utan-gangdorr\\\/#primaryimage\"},\"thumbnailUrl\":\"https:\\\/\\\/halle.se\\\/wp-content\\\/uploads\\\/2022\\\/10\\\/halle-vikparti-4-delat-frilagd-ut-vansterhangd-utan-slagdorr-bild-scaled.jpg\",\"datePublished\":\"2021-03-22T20:34:34+00:00\",\"dateModified\":\"2024-04-12T10:59:47+00:00\",\"description\":\"Halle Vikparti 4-delad ger dig m\u00f6jlighet att \u00f6ppna upp husv\u00e4ggen och integrera tr\u00e4dg\u00e5rden med ditt vardagsrum! En h\u00e4ftig upplevelse i hemmet!\",\"breadcrumb\":{\"@id\":\"https:\\\/\\\/halle.se\\\/produkter\\\/halle-vikparti-4-delad-utan-gangdorr\\\/#breadcrumb\"},\"inLanguage\":\"sv-SE\",\"potentialAction\":[{\"@type\":\"ReadAction\",\"target\":[\"https:\\\/\\\/halle.se\\\/produkter\\\/halle-vikparti-4-delad-utan-gangdorr\\\/\"]}]},{\"@type\":\"ImageObject\",\"inLanguage\":\"sv-SE\",\"@id\":\"https:\\\/\\\/halle.se\\\/produkter\\\/halle-vikparti-4-delad-utan-gangdorr\\\/#primaryimage\",\"url\":\"https:\\\/\\\/halle.se\\\/wp-content\\\/uploads\\\/2022\\\/10\\\/halle-vikparti-4-delat-frilagd-ut-vansterhangd-utan-slagdorr-bild-scaled.jpg\",\"contentUrl\":\"https:\\\/\\\/halle.se\\\/wp-content\\\/uploads\\\/2022\\\/10\\\/halle-vikparti-4-delat-frilagd-ut-vansterhangd-utan-slagdorr-bild-scaled.jpg\",\"width\":2560,\"height\":2560,\"caption\":\"Halle Vikparti 4-delat v\u00e4nsterh\u00e4ngt ut\u00e5tg\u00e5ende\"},{\"@type\":\"BreadcrumbList\",\"@id\":\"https:\\\/\\\/halle.se\\\/produkter\\\/halle-vikparti-4-delad-utan-gangdorr\\\/#breadcrumb\",\"itemListElement\":[{\"@type\":\"ListItem\",\"position\":1,\"name\":\"Hem\",\"item\":\"https:\\\/\\\/halle.se\\\/\"},{\"@type\":\"ListItem\",\"position\":2,\"name\":\"Butik\",\"item\":\"https:\\\/\\\/halle.se\\\/butik\\\/\"},{\"@type\":\"ListItem\",\"position\":3,\"name\":\"HALLE VIKPARTI 4-DELAT UTAN G\u00c5NGD\u00d6RR\"}]},{\"@type\":\"WebSite\",\"@id\":\"https:\\\/\\\/halle.se\\\/#website\",\"url\":\"https:\\\/\\\/halle.se\\\/\",\"name\":\"Halle\",\"description\":\"Vi tillverkar uterum &amp; plasttak\",\"potentialAction\":[{\"@type\":\"SearchAction\",\"target\":{\"@type\":\"EntryPoint\",\"urlTemplate\":\"https:\\\/\\\/halle.se\\\/?s={search_term_string}\"},\"query-input\":{\"@type\":\"PropertyValueSpecification\",\"valueRequired\":true,\"valueName\":\"search_term_string\"}}],\"inLanguage\":\"sv-SE\"}]}<\/script>\n<!-- \/ Yoast SEO plugin. -->","yoast_head_json":{"title":"HALLE VIKPARTI 4-DELAT UTAN G\u00c5NGD\u00d6RR - Halle","description":"Halle Vikparti 4-delad ger dig m\u00f6jlighet att \u00f6ppna upp husv\u00e4ggen och integrera tr\u00e4dg\u00e5rden med ditt vardagsrum! En h\u00e4ftig upplevelse i hemmet!","robots":{"index":"index","follow":"follow","max-snippet":"max-snippet:-1","max-image-preview":"max-image-preview:large","max-video-preview":"max-video-preview:-1"},"canonical":"https:\/\/halle.se\/produkter\/halle-vikparti-4-delad-utan-gangdorr\/","og_locale":"sv_SE","og_type":"article","og_title":"HALLE VIKPARTI 4-DELAT UTAN G\u00c5NGD\u00d6RR - Halle","og_description":"Halle Vikparti 4-delad ger dig m\u00f6jlighet att \u00f6ppna upp husv\u00e4ggen och integrera tr\u00e4dg\u00e5rden med ditt vardagsrum! En h\u00e4ftig upplevelse i hemmet!","og_url":"https:\/\/halle.se\/produkter\/halle-vikparti-4-delad-utan-gangdorr\/","og_site_name":"Halle","article_modified_time":"2024-04-12T10:59:47+00:00","og_image":[{"width":2560,"height":2560,"url":"https:\/\/halle.se\/wp-content\/uploads\/2022\/10\/halle-vikparti-4-delat-frilagd-ut-vansterhangd-utan-slagdorr-bild-scaled.jpg","type":"image\/jpeg"}],"twitter_card":"summary_large_image","twitter_misc":{"Ber\u00e4knad l\u00e4stid":"2 minuter"},"schema":{"@context":"https:\/\/schema.org","@graph":[{"@type":"WebPage","@id":"https:\/\/halle.se\/produkter\/halle-vikparti-4-delad-utan-gangdorr\/","url":"https:\/\/halle.se\/produkter\/halle-vikparti-4-delad-utan-gangdorr\/","name":"HALLE VIKPARTI 4-DELAT UTAN G\u00c5NGD\u00d6RR - Halle","isPartOf":{"@id":"https:\/\/halle.se\/#website"},"primaryImageOfPage":{"@id":"https:\/\/halle.se\/produkter\/halle-vikparti-4-delad-utan-gangdorr\/#primaryimage"},"image":{"@id":"https:\/\/halle.se\/produkter\/halle-vikparti-4-delad-utan-gangdorr\/#primaryimage"},"thumbnailUrl":"https:\/\/halle.se\/wp-content\/uploads\/2022\/10\/halle-vikparti-4-delat-frilagd-ut-vansterhangd-utan-slagdorr-bild-scaled.jpg","datePublished":"2021-03-22T20:34:34+00:00","dateModified":"2024-04-12T10:59:47+00:00","description":"Halle Vikparti 4-delad ger dig m\u00f6jlighet att \u00f6ppna upp husv\u00e4ggen och integrera tr\u00e4dg\u00e5rden med ditt vardagsrum! En h\u00e4ftig upplevelse i hemmet!","breadcrumb":{"@id":"https:\/\/halle.se\/produkter\/halle-vikparti-4-delad-utan-gangdorr\/#breadcrumb"},"inLanguage":"sv-SE","potentialAction":[{"@type":"ReadAction","target":["https:\/\/halle.se\/produkter\/halle-vikparti-4-delad-utan-gangdorr\/"]}]},{"@type":"ImageObject","inLanguage":"sv-SE","@id":"https:\/\/halle.se\/produkter\/halle-vikparti-4-delad-utan-gangdorr\/#primaryimage","url":"https:\/\/halle.se\/wp-content\/uploads\/2022\/10\/halle-vikparti-4-delat-frilagd-ut-vansterhangd-utan-slagdorr-bild-scaled.jpg","contentUrl":"https:\/\/halle.se\/wp-content\/uploads\/2022\/10\/halle-vikparti-4-delat-frilagd-ut-vansterhangd-utan-slagdorr-bild-scaled.jpg","width":2560,"height":2560,"caption":"Halle Vikparti 4-delat v\u00e4nsterh\u00e4ngt ut\u00e5tg\u00e5ende"},{"@type":"BreadcrumbList","@id":"https:\/\/halle.se\/produkter\/halle-vikparti-4-delad-utan-gangdorr\/#breadcrumb","itemListElement":[{"@type":"ListItem","position":1,"name":"Hem","item":"https:\/\/halle.se\/"},{"@type":"ListItem","position":2,"name":"Butik","item":"https:\/\/halle.se\/butik\/"},{"@type":"ListItem","position":3,"name":"HALLE VIKPARTI 4-DELAT UTAN G\u00c5NGD\u00d6RR"}]},{"@type":"WebSite","@id":"https:\/\/halle.se\/#website","url":"https:\/\/halle.se\/","name":"Halle","description":"Vi tillverkar uterum &amp; plasttak","potentialAction":[{"@type":"SearchAction","target":{"@type":"EntryPoint","urlTemplate":"https:\/\/halle.se\/?s={search_term_string}"},"query-input":{"@type":"PropertyValueSpecification","valueRequired":true,"valueName":"search_term_string"}}],"inLanguage":"sv-SE"}]}},"_links":{"self":[{"href":"https:\/\/halle.se\/api\/wp\/v2\/product\/176393","targetHints":{"allow":["GET"]}}],"collection":[{"href":"https:\/\/halle.se\/api\/wp\/v2\/product"}],"about":[{"href":"https:\/\/halle.se\/api\/wp\/v2\/types\/product"}],"wp:featuredmedia":[{"embeddable":true,"href":"https:\/\/halle.se\/api\/wp\/v2\/media\/203794"}],"wp:attachment":[{"href":"https:\/\/halle.se\/api\/wp\/v2\/media?parent=176393"}],"wp:term":[{"taxonomy":"product_brand","embeddable":true,"href":"https:\/\/halle.se\/api\/wp\/v2\/product_brand?post=176393"},{"taxonomy":"product_cat","embeddable":true,"href":"https:\/\/halle.se\/api\/wp\/v2\/product_cat?post=176393"},{"taxonomy":"product_tag","embeddable":true,"href":"https:\/\/halle.se\/api\/wp\/v2\/product_tag?post=176393"}],"curies":[{"name":"wp","href":"https:\/\/api.w.org\/{rel}","templated":true}]}}