{"id":176786,"date":"2021-03-22T21:46:37","date_gmt":"2021-03-22T20:46:37","guid":{"rendered":"https:\/\/halle.se\/?post_type=product&#038;p=176786"},"modified":"2026-04-17T16:52:17","modified_gmt":"2026-04-17T14:52:17","slug":"halle-vikparti-4-delat-med-gangdorr","status":"publish","type":"product","link":"https:\/\/halle.se\/produkter\/halle-vikparti-4-delat-med-gangdorr\/","title":{"rendered":"HALLE VIKPARTI 4-DELAT"},"content":{"rendered":"<p style=\"margin: 0cm 0cm 15.6pt 0cm;\"><strong><span style=\"quot',serif;color: #424242;\">HALLE VIKPARTI 4-delat med eller utan g\u00e5ngd\u00f6rr<\/span><\/strong><\/p>\n<p style=\"margin: 0cm 0cm 15.6pt 0cm;\"><span style=\"quot',serif;color: #424242;\">FASADSYSTEM, GLASPARTIER OCH GLASFASADER<\/span><\/p>\n<p style=\"margin: 0cm 0cm 15.6pt 0cm;\"><span style=\"quot',serif;color: #424242;\">Halle System AB tillverkar olika typer av vikpartier.<br \/>\nNedan finner du \u00f6ppningsalternativ och priser.<\/span><\/p>\n<p style=\"margin: 0cm 0cm 15.6pt 0cm;\"><span style=\"quot',serif;color: #424242;\">Ta bort gr\u00e4nsen mellan inne och ute med hj\u00e4lp av ett vikparti.<br \/>\nVi har en m\u00e4ngd olika varianter av vikpartier, in\u00e5tg\u00e5ende eller ut\u00e5tg\u00e5ende, som skjuts \u00e5t h\u00f6ger eller v\u00e4nster.<br \/>\nVi tillverkar v\u00e5ra vikpartier helt efter dina \u00f6nskem\u00e5l i b\u00e5de bredd och h\u00f6jd.<\/span><\/p>\n<p style=\"margin: 0cm 0cm 15.6pt 0cm;\"><strong><span style=\"quot',serif;color: #424242;\">Glaspartier Halle Vikparti 4-delat<\/span><\/strong><span style=\"quot',serif;color: #424242;\"><br \/>\nV\u00e5ra vikpartier har bruten k\u00f6ldbrygga i b\u00e5de karm och luckor f\u00f6r b\u00e4sta t\u00e4thet och U-v\u00e4rde, och tillverkas med 2-glas\/ eller 3-glas, s\u00e4kerhetsisolerglas med energi och argon.<br \/>\nU-v\u00e4rde 1,0 vid 2-glas eller 0,6 vid 3-glas.<br \/>\nSpr\u00f6js finns i en m\u00e4ngd olika alternativ, antingen avdelande spr\u00f6js eller innanf\u00f6rliggande spr\u00f6js i en m\u00e4ngd olika varianter.<\/span><\/p>\n<p style=\"margin: 0cm 0cm 15.6pt 0cm;\"><strong><span style=\"quot',serif;color: #424242;\">Varianter<\/span><\/strong><span style=\"quot',serif;color: #424242;\"><br \/>\nVikpartier finns i 2-delat, 3-delat, 4-delat och 5-delat alternativ, b\u00e5de h\u00f6ger och v\u00e4nsterg\u00e5ende. Man kan v\u00e4lja om de ska \u00f6ppnas in\u00e5t eller ut\u00e5t, och 4-delat g\u00e5r att best\u00e4lla med eller utan g\u00e5ngd\u00f6rr. Se de olika alternativen i produktbilderna.<\/span><\/p>\n<p><strong>F\u00e4rgval <\/strong><b><br \/>\n<\/b>Halles vikpartier levereras som standard med vitlackerade aluminiumprofiler, RAL: 9010ps.<br \/>\nDu kan \u00e4ven som tillval best\u00e4lla v\u00e5ra vikpartier i valfri RAL-kul\u00f6r.<br \/>\nVi tillverkar \u00e4ven v\u00e5ra partier med DUO-kul\u00f6r om s\u00e5 \u00f6nskas. Det inneb\u00e4r att du kan v\u00e4lja olika kul\u00f6r p\u00e5 utsidan och insidan.<\/p>\n<p><a href=\"https:\/\/dokument.halle.se\/halle-vikparti-monteringsanvisning-vikbart-parti\" target=\"_blank\" rel=\"noopener\">Monteringsinfo<\/a><\/p>\n","protected":false},"excerpt":{"rendered":"<p><strong>Vikparti 4-delat med eller utan g\u00e5ngd\u00f6rr<\/strong><\/p>\n<p>Ett exklusivt vikparti med energibesparande s\u00e4kerhetsisolerglas, 2-glas eller 3-glas med argongasfyllning.<br \/>\nSom tillval kan man best\u00e4lla innanf\u00f6rliggande spr\u00f6js i ett antal olika utf\u00f6randen och tonade glas.<\/p>\n<p>Vikpartierna har bruten k\u00f6ldbrygga i b\u00e5de luckor och karm f\u00f6r b\u00e4sta t\u00e4thet och U-v\u00e4rde.<\/p>\n<p>Bredd: 2920mm \u2013 4800 mm<br \/>\nH\u00f6jd: 1800mm \u2013 2500mm<\/p>\n","protected":false},"featured_media":203802,"template":"","meta":{"_acf_changed":false},"product_brand":[],"product_cat":[277,186,187],"product_tag":[],"class_list":{"0":"post-176786","1":"product","2":"type-product","3":"status-publish","4":"has-post-thumbnail","6":"product_cat-halle-vikparti-fasad","7":"product_cat-halle-vikparti-thermo","8":"product_cat-vik-fasad","9":"product_shipping_class-kranbil","11":"first","12":"instock","13":"taxable","14":"shipping-taxable","15":"purchasable","16":"product-type-variable"},"acf":[],"yoast_head":"<!-- This site is optimized with the Yoast SEO plugin v27.4 - https:\/\/yoast.com\/product\/yoast-seo-wordpress\/ -->\n<title>HALLE VIKPARTI 4-DELAT - Halle<\/title>\n<meta name=\"description\" content=\"Halle Vikparti 4-delat med g\u00e5ngd\u00f6rr \u00e4r en av v\u00e5ra stors\u00e4ljare som finns som h\u00f6ger- eller v\u00e4nsterh\u00e4ngt vikparti och med in- eller utvikning!\" \/>\n<meta name=\"robots\" content=\"index, follow, max-snippet:-1, max-image-preview:large, max-video-preview:-1\" \/>\n<link rel=\"canonical\" href=\"https:\/\/halle.se\/produkter\/halle-vikparti-4-delat-med-gangdorr\/\" \/>\n<meta property=\"og:locale\" content=\"sv_SE\" \/>\n<meta property=\"og:type\" content=\"article\" \/>\n<meta property=\"og:title\" content=\"HALLE VIKPARTI 4-DELAT - Halle\" \/>\n<meta property=\"og:description\" content=\"Halle Vikparti 4-delat med g\u00e5ngd\u00f6rr \u00e4r en av v\u00e5ra stors\u00e4ljare som finns som h\u00f6ger- eller v\u00e4nsterh\u00e4ngt vikparti och med in- eller utvikning!\" \/>\n<meta property=\"og:url\" content=\"https:\/\/halle.se\/produkter\/halle-vikparti-4-delat-med-gangdorr\/\" \/>\n<meta property=\"og:site_name\" content=\"Halle\" \/>\n<meta property=\"article:modified_time\" content=\"2026-04-17T14:52:17+00:00\" \/>\n<meta property=\"og:image\" content=\"https:\/\/halle.se\/wp-content\/uploads\/2022\/10\/halle-vikparti-4-delat-frilagd-ut-vansterhangd-med-slagdorr-bild-scaled.jpg\" \/>\n\t<meta property=\"og:image:width\" content=\"2560\" \/>\n\t<meta property=\"og:image:height\" content=\"2560\" \/>\n\t<meta property=\"og:image:type\" content=\"image\/jpeg\" \/>\n<meta name=\"twitter:card\" content=\"summary_large_image\" \/>\n<meta name=\"twitter:label1\" content=\"Ber\u00e4knad l\u00e4stid\" \/>\n\t<meta name=\"twitter:data1\" content=\"2 minuter\" \/>\n<script type=\"application\/ld+json\" class=\"yoast-schema-graph\">{\"@context\":\"https:\\\/\\\/schema.org\",\"@graph\":[{\"@type\":\"WebPage\",\"@id\":\"https:\\\/\\\/halle.se\\\/produkter\\\/halle-vikparti-4-delat-med-gangdorr\\\/\",\"url\":\"https:\\\/\\\/halle.se\\\/produkter\\\/halle-vikparti-4-delat-med-gangdorr\\\/\",\"name\":\"HALLE VIKPARTI 4-DELAT - Halle\",\"isPartOf\":{\"@id\":\"https:\\\/\\\/halle.se\\\/#website\"},\"primaryImageOfPage\":{\"@id\":\"https:\\\/\\\/halle.se\\\/produkter\\\/halle-vikparti-4-delat-med-gangdorr\\\/#primaryimage\"},\"image\":{\"@id\":\"https:\\\/\\\/halle.se\\\/produkter\\\/halle-vikparti-4-delat-med-gangdorr\\\/#primaryimage\"},\"thumbnailUrl\":\"https:\\\/\\\/halle.se\\\/wp-content\\\/uploads\\\/2022\\\/10\\\/halle-vikparti-4-delat-frilagd-ut-vansterhangd-med-slagdorr-bild-scaled.jpg\",\"datePublished\":\"2021-03-22T20:46:37+00:00\",\"dateModified\":\"2026-04-17T14:52:17+00:00\",\"description\":\"Halle Vikparti 4-delat med g\u00e5ngd\u00f6rr \u00e4r en av v\u00e5ra stors\u00e4ljare som finns som h\u00f6ger- eller v\u00e4nsterh\u00e4ngt vikparti och med in- eller utvikning!\",\"breadcrumb\":{\"@id\":\"https:\\\/\\\/halle.se\\\/produkter\\\/halle-vikparti-4-delat-med-gangdorr\\\/#breadcrumb\"},\"inLanguage\":\"sv-SE\",\"potentialAction\":[{\"@type\":\"ReadAction\",\"target\":[\"https:\\\/\\\/halle.se\\\/produkter\\\/halle-vikparti-4-delat-med-gangdorr\\\/\"]}]},{\"@type\":\"ImageObject\",\"inLanguage\":\"sv-SE\",\"@id\":\"https:\\\/\\\/halle.se\\\/produkter\\\/halle-vikparti-4-delat-med-gangdorr\\\/#primaryimage\",\"url\":\"https:\\\/\\\/halle.se\\\/wp-content\\\/uploads\\\/2022\\\/10\\\/halle-vikparti-4-delat-frilagd-ut-vansterhangd-med-slagdorr-bild-scaled.jpg\",\"contentUrl\":\"https:\\\/\\\/halle.se\\\/wp-content\\\/uploads\\\/2022\\\/10\\\/halle-vikparti-4-delat-frilagd-ut-vansterhangd-med-slagdorr-bild-scaled.jpg\",\"width\":2560,\"height\":2560,\"caption\":\"Halle Vikparti 4-delat med slagd\u00f6rr v\u00e4nsterh\u00e4ngt ut\u00e5tg\u00e5ende\"},{\"@type\":\"BreadcrumbList\",\"@id\":\"https:\\\/\\\/halle.se\\\/produkter\\\/halle-vikparti-4-delat-med-gangdorr\\\/#breadcrumb\",\"itemListElement\":[{\"@type\":\"ListItem\",\"position\":1,\"name\":\"Hem\",\"item\":\"https:\\\/\\\/halle.se\\\/\"},{\"@type\":\"ListItem\",\"position\":2,\"name\":\"Butik\",\"item\":\"https:\\\/\\\/halle.se\\\/butik\\\/\"},{\"@type\":\"ListItem\",\"position\":3,\"name\":\"HALLE VIKPARTI 4-DELAT\"}]},{\"@type\":\"WebSite\",\"@id\":\"https:\\\/\\\/halle.se\\\/#website\",\"url\":\"https:\\\/\\\/halle.se\\\/\",\"name\":\"Halle\",\"description\":\"Vi tillverkar uterum &amp; plasttak\",\"potentialAction\":[{\"@type\":\"SearchAction\",\"target\":{\"@type\":\"EntryPoint\",\"urlTemplate\":\"https:\\\/\\\/halle.se\\\/?s={search_term_string}\"},\"query-input\":{\"@type\":\"PropertyValueSpecification\",\"valueRequired\":true,\"valueName\":\"search_term_string\"}}],\"inLanguage\":\"sv-SE\"}]}<\/script>\n<!-- \/ Yoast SEO plugin. -->","yoast_head_json":{"title":"HALLE VIKPARTI 4-DELAT - Halle","description":"Halle Vikparti 4-delat med g\u00e5ngd\u00f6rr \u00e4r en av v\u00e5ra stors\u00e4ljare som finns som h\u00f6ger- eller v\u00e4nsterh\u00e4ngt vikparti och med in- eller utvikning!","robots":{"index":"index","follow":"follow","max-snippet":"max-snippet:-1","max-image-preview":"max-image-preview:large","max-video-preview":"max-video-preview:-1"},"canonical":"https:\/\/halle.se\/produkter\/halle-vikparti-4-delat-med-gangdorr\/","og_locale":"sv_SE","og_type":"article","og_title":"HALLE VIKPARTI 4-DELAT - Halle","og_description":"Halle Vikparti 4-delat med g\u00e5ngd\u00f6rr \u00e4r en av v\u00e5ra stors\u00e4ljare som finns som h\u00f6ger- eller v\u00e4nsterh\u00e4ngt vikparti och med in- eller utvikning!","og_url":"https:\/\/halle.se\/produkter\/halle-vikparti-4-delat-med-gangdorr\/","og_site_name":"Halle","article_modified_time":"2026-04-17T14:52:17+00:00","og_image":[{"width":2560,"height":2560,"url":"https:\/\/halle.se\/wp-content\/uploads\/2022\/10\/halle-vikparti-4-delat-frilagd-ut-vansterhangd-med-slagdorr-bild-scaled.jpg","type":"image\/jpeg"}],"twitter_card":"summary_large_image","twitter_misc":{"Ber\u00e4knad l\u00e4stid":"2 minuter"},"schema":{"@context":"https:\/\/schema.org","@graph":[{"@type":"WebPage","@id":"https:\/\/halle.se\/produkter\/halle-vikparti-4-delat-med-gangdorr\/","url":"https:\/\/halle.se\/produkter\/halle-vikparti-4-delat-med-gangdorr\/","name":"HALLE VIKPARTI 4-DELAT - Halle","isPartOf":{"@id":"https:\/\/halle.se\/#website"},"primaryImageOfPage":{"@id":"https:\/\/halle.se\/produkter\/halle-vikparti-4-delat-med-gangdorr\/#primaryimage"},"image":{"@id":"https:\/\/halle.se\/produkter\/halle-vikparti-4-delat-med-gangdorr\/#primaryimage"},"thumbnailUrl":"https:\/\/halle.se\/wp-content\/uploads\/2022\/10\/halle-vikparti-4-delat-frilagd-ut-vansterhangd-med-slagdorr-bild-scaled.jpg","datePublished":"2021-03-22T20:46:37+00:00","dateModified":"2026-04-17T14:52:17+00:00","description":"Halle Vikparti 4-delat med g\u00e5ngd\u00f6rr \u00e4r en av v\u00e5ra stors\u00e4ljare som finns som h\u00f6ger- eller v\u00e4nsterh\u00e4ngt vikparti och med in- eller utvikning!","breadcrumb":{"@id":"https:\/\/halle.se\/produkter\/halle-vikparti-4-delat-med-gangdorr\/#breadcrumb"},"inLanguage":"sv-SE","potentialAction":[{"@type":"ReadAction","target":["https:\/\/halle.se\/produkter\/halle-vikparti-4-delat-med-gangdorr\/"]}]},{"@type":"ImageObject","inLanguage":"sv-SE","@id":"https:\/\/halle.se\/produkter\/halle-vikparti-4-delat-med-gangdorr\/#primaryimage","url":"https:\/\/halle.se\/wp-content\/uploads\/2022\/10\/halle-vikparti-4-delat-frilagd-ut-vansterhangd-med-slagdorr-bild-scaled.jpg","contentUrl":"https:\/\/halle.se\/wp-content\/uploads\/2022\/10\/halle-vikparti-4-delat-frilagd-ut-vansterhangd-med-slagdorr-bild-scaled.jpg","width":2560,"height":2560,"caption":"Halle Vikparti 4-delat med slagd\u00f6rr v\u00e4nsterh\u00e4ngt ut\u00e5tg\u00e5ende"},{"@type":"BreadcrumbList","@id":"https:\/\/halle.se\/produkter\/halle-vikparti-4-delat-med-gangdorr\/#breadcrumb","itemListElement":[{"@type":"ListItem","position":1,"name":"Hem","item":"https:\/\/halle.se\/"},{"@type":"ListItem","position":2,"name":"Butik","item":"https:\/\/halle.se\/butik\/"},{"@type":"ListItem","position":3,"name":"HALLE VIKPARTI 4-DELAT"}]},{"@type":"WebSite","@id":"https:\/\/halle.se\/#website","url":"https:\/\/halle.se\/","name":"Halle","description":"Vi tillverkar uterum &amp; plasttak","potentialAction":[{"@type":"SearchAction","target":{"@type":"EntryPoint","urlTemplate":"https:\/\/halle.se\/?s={search_term_string}"},"query-input":{"@type":"PropertyValueSpecification","valueRequired":true,"valueName":"search_term_string"}}],"inLanguage":"sv-SE"}]}},"_links":{"self":[{"href":"https:\/\/halle.se\/api\/wp\/v2\/product\/176786","targetHints":{"allow":["GET"]}}],"collection":[{"href":"https:\/\/halle.se\/api\/wp\/v2\/product"}],"about":[{"href":"https:\/\/halle.se\/api\/wp\/v2\/types\/product"}],"wp:featuredmedia":[{"embeddable":true,"href":"https:\/\/halle.se\/api\/wp\/v2\/media\/203802"}],"wp:attachment":[{"href":"https:\/\/halle.se\/api\/wp\/v2\/media?parent=176786"}],"wp:term":[{"taxonomy":"product_brand","embeddable":true,"href":"https:\/\/halle.se\/api\/wp\/v2\/product_brand?post=176786"},{"taxonomy":"product_cat","embeddable":true,"href":"https:\/\/halle.se\/api\/wp\/v2\/product_cat?post=176786"},{"taxonomy":"product_tag","embeddable":true,"href":"https:\/\/halle.se\/api\/wp\/v2\/product_tag?post=176786"}],"curies":[{"name":"wp","href":"https:\/\/api.w.org\/{rel}","templated":true}]}}