{"id":202239,"date":"2022-08-11T13:35:04","date_gmt":"2022-08-11T11:35:04","guid":{"rendered":"https:\/\/halle.se\/?post_type=product&#038;p=202239"},"modified":"2025-01-08T13:00:36","modified_gmt":"2025-01-08T12:00:36","slug":"ersattningsglas-i-standardmatt","status":"publish","type":"product","link":"https:\/\/halle.se\/produkter\/ersattningsglas-i-standardmatt\/","title":{"rendered":"ERS\u00c4TTNINGSGLAS I STANDARDM\u00c5TT"},"content":{"rendered":"<h2>Ers\u00e4ttningsglas till Primolux, Primolux isoler och Solid standardm\u00e5tt<\/h2>\n<p>Ers\u00e4ttningsglas till Primolux, Primolux isoler och Solid i standardm\u00e5tt.<br \/>\nF\u00f6r best\u00e4llning av glas till Solid+ kontakta kundtj\u00e4nst. kundtjanst@halle.se eller 0430-122 80<\/p>\n<p>L\u00e4tt att byta ut om glaset blivit skadat p\u00e5 nuvarande parti.<\/p>\n<p>M\u00e4t bredden och h\u00f6jden p\u00e5 befintlig d\u00f6rr och glaset kommer anpassat efter ert m\u00e5tt.<\/p>\n<p>Gummilist och skruvar best\u00e4lls separat vid behov.<\/p>\n<h3>Om reservdelsshopen<\/h3>\n<p>Halle har ett stort sortiment av reservdelar och slitagedelar. Ett sortiment som vi hela tiden kompletterar med nya delar till v\u00e5ra olika modeller. H\u00e4r hittar du dessutom reservdelar till \u00e4ldre utg\u00e5ngna system. Viktigast av allt f\u00f6r oss p\u00e5 Halle \u00e4r att ge dig en ut\u00f6kad livsl\u00e4ngd p\u00e5 ditt Halle system. S\u00e5 att det med service och underh\u00e5ll ska kunna anv\u00e4ndas s\u00e4kert och funktionellt. Dessutom viktigast av allt under m\u00e5nga \u00e5r fram\u00f6ver.<\/p>\n<h3>Om sk\u00f6tsel och underh\u00e5ll<\/h3>\n<p>Ett s\u00e4kert tips f\u00f6r att din Halle produkt ska fungera optimalt under m\u00e5nga \u00e5r \u00e4r att f\u00f6lja sk\u00f6tselr\u00e5den f\u00f6r respektive produkt. Du hittar sm\u00e5 enkla tips som till exempel att h\u00e5lla golvskenor till skjutpartier rena fr\u00e5n smuts. Tv\u00e4tta av aluminiumprofiler med en mjuk bilsvamp och lite ljummet vatten med lite diskmedel i och sen d\u00e4refter sk\u00f6lja ordentlig. Det \u00e4r sm\u00e5 enkla och framf\u00f6r allt anv\u00e4ndbara tips som\u00a0\u00f6kar livsl\u00e4ngd och h\u00e5ller din Halle produkt snygg och funktionell i m\u00e5nga \u00e5r fram\u00f6ver.<\/p>\n","protected":false},"excerpt":{"rendered":"<p>Ers\u00e4ttningsglas till Primolux, Primolux isoler och Solid i standardm\u00e5tt.<\/p>\n<p>V\u00e4lj bredd p\u00e5 d\u00f6rren\/f\u00f6nstret<\/p>\n<p>H\u00f6jd = \u00f6ppningsh\u00f6jd p\u00e5 partiet<\/p>\n<p>Glas: Enkelglas = Primolux<br \/>\n2-glas = Primolux isoler &amp; Solid isoler<br \/>\n2-glas Energi\/Argon = Solid+<\/p>\n","protected":false},"featured_media":5575,"template":"","meta":{"_acf_changed":false},"product_brand":[],"product_cat":[402,406,441,446],"product_tag":[],"class_list":{"0":"post-202239","1":"product","2":"type-product","3":"status-publish","4":"has-post-thumbnail","6":"product_cat-tillbehor-reservdelar","7":"product_cat-tillbehor-aluminiumsystem","8":"product_cat-tillbehor-primolux-primolux-isoler","9":"product_cat-tillbehor-solid","10":"product_shipping_class-standardfrakt","12":"first","13":"instock","14":"taxable","15":"shipping-taxable","16":"purchasable","17":"product-type-variable"},"acf":[],"yoast_head":"<!-- This site is optimized with the Yoast SEO plugin v27.5 - https:\/\/yoast.com\/product\/yoast-seo-wordpress\/ -->\n<title>Ers\u00e4ttningsglas Primolux, Primolux isoler &amp; Solid | Fasad | Halle\u00ae<\/title>\n<meta name=\"description\" content=\"Ers\u00e4ttningsglas. Passar Halle Primolux, Primolux isoler &amp; Solid. K\u00f6p direkt &amp; byt dina glas sj\u00e4lv. \u2713 Reservdelar skjutbart parti\" \/>\n<meta name=\"robots\" content=\"index, follow, max-snippet:-1, max-image-preview:large, max-video-preview:-1\" \/>\n<link rel=\"canonical\" href=\"https:\/\/halle.se\/produkter\/ersattningsglas-i-standardmatt\/\" \/>\n<meta property=\"og:locale\" content=\"sv_SE\" \/>\n<meta property=\"og:type\" content=\"article\" \/>\n<meta property=\"og:title\" content=\"Ers\u00e4ttningsglas Primolux, Primolux isoler &amp; Solid | Fasad | Halle\u00ae\" \/>\n<meta property=\"og:description\" content=\"Ers\u00e4ttningsglas. Passar Halle Primolux, Primolux isoler &amp; Solid. K\u00f6p direkt &amp; byt dina glas sj\u00e4lv. \u2713 Reservdelar skjutbart parti\" \/>\n<meta property=\"og:url\" content=\"https:\/\/halle.se\/produkter\/ersattningsglas-i-standardmatt\/\" \/>\n<meta property=\"og:site_name\" content=\"Halle\" \/>\n<meta property=\"article:modified_time\" content=\"2025-01-08T12:00:36+00:00\" \/>\n<meta property=\"og:image\" content=\"https:\/\/halle.se\/wp-content\/uploads\/2020\/06\/halle-primolux-och-primolux-isoler-1-fast-uterumsparti-scaled.jpg\" \/>\n\t<meta property=\"og:image:width\" content=\"2560\" \/>\n\t<meta property=\"og:image:height\" content=\"2560\" \/>\n\t<meta property=\"og:image:type\" content=\"image\/jpeg\" \/>\n<meta name=\"twitter:card\" content=\"summary_large_image\" \/>\n<meta name=\"twitter:label1\" content=\"Ber\u00e4knad l\u00e4stid\" \/>\n\t<meta name=\"twitter:data1\" content=\"2 minuter\" \/>\n<script type=\"application\/ld+json\" class=\"yoast-schema-graph\">{\"@context\":\"https:\\\/\\\/schema.org\",\"@graph\":[{\"@type\":\"WebPage\",\"@id\":\"https:\\\/\\\/halle.se\\\/produkter\\\/ersattningsglas-i-standardmatt\\\/\",\"url\":\"https:\\\/\\\/halle.se\\\/produkter\\\/ersattningsglas-i-standardmatt\\\/\",\"name\":\"Ers\u00e4ttningsglas Primolux, Primolux isoler & Solid | Fasad | Halle\u00ae\",\"isPartOf\":{\"@id\":\"https:\\\/\\\/halle.se\\\/#website\"},\"primaryImageOfPage\":{\"@id\":\"https:\\\/\\\/halle.se\\\/produkter\\\/ersattningsglas-i-standardmatt\\\/#primaryimage\"},\"image\":{\"@id\":\"https:\\\/\\\/halle.se\\\/produkter\\\/ersattningsglas-i-standardmatt\\\/#primaryimage\"},\"thumbnailUrl\":\"https:\\\/\\\/halle.se\\\/wp-content\\\/uploads\\\/2020\\\/06\\\/halle-primolux-och-primolux-isoler-1-fast-uterumsparti-scaled.jpg\",\"datePublished\":\"2022-08-11T11:35:04+00:00\",\"dateModified\":\"2025-01-08T12:00:36+00:00\",\"description\":\"Ers\u00e4ttningsglas. Passar Halle Primolux, Primolux isoler & Solid. K\u00f6p direkt & byt dina glas sj\u00e4lv. \u2713 Reservdelar skjutbart parti\",\"breadcrumb\":{\"@id\":\"https:\\\/\\\/halle.se\\\/produkter\\\/ersattningsglas-i-standardmatt\\\/#breadcrumb\"},\"inLanguage\":\"sv-SE\",\"potentialAction\":[{\"@type\":\"ReadAction\",\"target\":[\"https:\\\/\\\/halle.se\\\/produkter\\\/ersattningsglas-i-standardmatt\\\/\"]}]},{\"@type\":\"ImageObject\",\"inLanguage\":\"sv-SE\",\"@id\":\"https:\\\/\\\/halle.se\\\/produkter\\\/ersattningsglas-i-standardmatt\\\/#primaryimage\",\"url\":\"https:\\\/\\\/halle.se\\\/wp-content\\\/uploads\\\/2020\\\/06\\\/halle-primolux-och-primolux-isoler-1-fast-uterumsparti-scaled.jpg\",\"contentUrl\":\"https:\\\/\\\/halle.se\\\/wp-content\\\/uploads\\\/2020\\\/06\\\/halle-primolux-och-primolux-isoler-1-fast-uterumsparti-scaled.jpg\",\"width\":2560,\"height\":2560,\"caption\":\"glaspartier halle primolux 1 delad fast uterum standardh\u00f6jd\"},{\"@type\":\"BreadcrumbList\",\"@id\":\"https:\\\/\\\/halle.se\\\/produkter\\\/ersattningsglas-i-standardmatt\\\/#breadcrumb\",\"itemListElement\":[{\"@type\":\"ListItem\",\"position\":1,\"name\":\"Hem\",\"item\":\"https:\\\/\\\/halle.se\\\/\"},{\"@type\":\"ListItem\",\"position\":2,\"name\":\"Butik\",\"item\":\"https:\\\/\\\/halle.se\\\/butik\\\/\"},{\"@type\":\"ListItem\",\"position\":3,\"name\":\"ERS\u00c4TTNINGSGLAS I STANDARDM\u00c5TT\"}]},{\"@type\":\"WebSite\",\"@id\":\"https:\\\/\\\/halle.se\\\/#website\",\"url\":\"https:\\\/\\\/halle.se\\\/\",\"name\":\"Halle\",\"description\":\"Vi tillverkar uterum &amp; plasttak\",\"potentialAction\":[{\"@type\":\"SearchAction\",\"target\":{\"@type\":\"EntryPoint\",\"urlTemplate\":\"https:\\\/\\\/halle.se\\\/?s={search_term_string}\"},\"query-input\":{\"@type\":\"PropertyValueSpecification\",\"valueRequired\":true,\"valueName\":\"search_term_string\"}}],\"inLanguage\":\"sv-SE\"}]}<\/script>\n<!-- \/ Yoast SEO plugin. -->","yoast_head_json":{"title":"Ers\u00e4ttningsglas Primolux, Primolux isoler & Solid | Fasad | Halle\u00ae","description":"Ers\u00e4ttningsglas. Passar Halle Primolux, Primolux isoler & Solid. K\u00f6p direkt & byt dina glas sj\u00e4lv. \u2713 Reservdelar skjutbart parti","robots":{"index":"index","follow":"follow","max-snippet":"max-snippet:-1","max-image-preview":"max-image-preview:large","max-video-preview":"max-video-preview:-1"},"canonical":"https:\/\/halle.se\/produkter\/ersattningsglas-i-standardmatt\/","og_locale":"sv_SE","og_type":"article","og_title":"Ers\u00e4ttningsglas Primolux, Primolux isoler & Solid | Fasad | Halle\u00ae","og_description":"Ers\u00e4ttningsglas. Passar Halle Primolux, Primolux isoler & Solid. K\u00f6p direkt & byt dina glas sj\u00e4lv. \u2713 Reservdelar skjutbart parti","og_url":"https:\/\/halle.se\/produkter\/ersattningsglas-i-standardmatt\/","og_site_name":"Halle","article_modified_time":"2025-01-08T12:00:36+00:00","og_image":[{"width":2560,"height":2560,"url":"https:\/\/halle.se\/wp-content\/uploads\/2020\/06\/halle-primolux-och-primolux-isoler-1-fast-uterumsparti-scaled.jpg","type":"image\/jpeg"}],"twitter_card":"summary_large_image","twitter_misc":{"Ber\u00e4knad l\u00e4stid":"2 minuter"},"schema":{"@context":"https:\/\/schema.org","@graph":[{"@type":"WebPage","@id":"https:\/\/halle.se\/produkter\/ersattningsglas-i-standardmatt\/","url":"https:\/\/halle.se\/produkter\/ersattningsglas-i-standardmatt\/","name":"Ers\u00e4ttningsglas Primolux, Primolux isoler & Solid | Fasad | Halle\u00ae","isPartOf":{"@id":"https:\/\/halle.se\/#website"},"primaryImageOfPage":{"@id":"https:\/\/halle.se\/produkter\/ersattningsglas-i-standardmatt\/#primaryimage"},"image":{"@id":"https:\/\/halle.se\/produkter\/ersattningsglas-i-standardmatt\/#primaryimage"},"thumbnailUrl":"https:\/\/halle.se\/wp-content\/uploads\/2020\/06\/halle-primolux-och-primolux-isoler-1-fast-uterumsparti-scaled.jpg","datePublished":"2022-08-11T11:35:04+00:00","dateModified":"2025-01-08T12:00:36+00:00","description":"Ers\u00e4ttningsglas. Passar Halle Primolux, Primolux isoler & Solid. K\u00f6p direkt & byt dina glas sj\u00e4lv. \u2713 Reservdelar skjutbart parti","breadcrumb":{"@id":"https:\/\/halle.se\/produkter\/ersattningsglas-i-standardmatt\/#breadcrumb"},"inLanguage":"sv-SE","potentialAction":[{"@type":"ReadAction","target":["https:\/\/halle.se\/produkter\/ersattningsglas-i-standardmatt\/"]}]},{"@type":"ImageObject","inLanguage":"sv-SE","@id":"https:\/\/halle.se\/produkter\/ersattningsglas-i-standardmatt\/#primaryimage","url":"https:\/\/halle.se\/wp-content\/uploads\/2020\/06\/halle-primolux-och-primolux-isoler-1-fast-uterumsparti-scaled.jpg","contentUrl":"https:\/\/halle.se\/wp-content\/uploads\/2020\/06\/halle-primolux-och-primolux-isoler-1-fast-uterumsparti-scaled.jpg","width":2560,"height":2560,"caption":"glaspartier halle primolux 1 delad fast uterum standardh\u00f6jd"},{"@type":"BreadcrumbList","@id":"https:\/\/halle.se\/produkter\/ersattningsglas-i-standardmatt\/#breadcrumb","itemListElement":[{"@type":"ListItem","position":1,"name":"Hem","item":"https:\/\/halle.se\/"},{"@type":"ListItem","position":2,"name":"Butik","item":"https:\/\/halle.se\/butik\/"},{"@type":"ListItem","position":3,"name":"ERS\u00c4TTNINGSGLAS I STANDARDM\u00c5TT"}]},{"@type":"WebSite","@id":"https:\/\/halle.se\/#website","url":"https:\/\/halle.se\/","name":"Halle","description":"Vi tillverkar uterum &amp; plasttak","potentialAction":[{"@type":"SearchAction","target":{"@type":"EntryPoint","urlTemplate":"https:\/\/halle.se\/?s={search_term_string}"},"query-input":{"@type":"PropertyValueSpecification","valueRequired":true,"valueName":"search_term_string"}}],"inLanguage":"sv-SE"}]}},"_links":{"self":[{"href":"https:\/\/halle.se\/api\/wp\/v2\/product\/202239","targetHints":{"allow":["GET"]}}],"collection":[{"href":"https:\/\/halle.se\/api\/wp\/v2\/product"}],"about":[{"href":"https:\/\/halle.se\/api\/wp\/v2\/types\/product"}],"wp:featuredmedia":[{"embeddable":true,"href":"https:\/\/halle.se\/api\/wp\/v2\/media\/5575"}],"wp:attachment":[{"href":"https:\/\/halle.se\/api\/wp\/v2\/media?parent=202239"}],"wp:term":[{"taxonomy":"product_brand","embeddable":true,"href":"https:\/\/halle.se\/api\/wp\/v2\/product_brand?post=202239"},{"taxonomy":"product_cat","embeddable":true,"href":"https:\/\/halle.se\/api\/wp\/v2\/product_cat?post=202239"},{"taxonomy":"product_tag","embeddable":true,"href":"https:\/\/halle.se\/api\/wp\/v2\/product_tag?post=202239"}],"curies":[{"name":"wp","href":"https:\/\/api.w.org\/{rel}","templated":true}]}}