{"id":204925,"date":"2022-11-25T11:40:49","date_gmt":"2022-11-25T10:40:49","guid":{"rendered":"https:\/\/halle.se\/?post_type=product&#038;p=204925"},"modified":"2026-03-31T13:06:08","modified_gmt":"2026-03-31T11:06:08","slug":"halle-lux-ljusinlapp-lagerprofiler","status":"publish","type":"product","link":"https:\/\/halle.se\/produkter\/halle-lux-ljusinlapp-lagerprofiler\/","title":{"rendered":"HALLE LUX LJUSINL\u00c4PP &#8211; LAGERPROFILER"},"content":{"rendered":"<p><span style=\"font-size: 115%\"><strong>LAGERPROFILER &#8211; L\u00e4nk till ritning (PDF) &#8211; tryck p\u00e5 profilnamnet<\/strong><\/span><\/p>\n<p>Profilnamn &#8211; Armering (450 gr = ca tjocklek 1mm) &#8211; Artikelnummer<\/p>\n<p>&#8212;&#8212;&#8212;&#8212;&#8212;&#8212;&#8212;&#8212;&#8212;&#8212;&#8212;&#8212;&#8212;&#8212;&#8212;&#8212;&#8212;&#8212;&#8212;&#8212;&#8212;&#8212;&#8212;&#8212;&#8212;&#8212;&#8212;&#8212;&#8212;-<\/p>\n<p><a href=\"https:\/\/dokument.halle.se\/profil-dala-tp-20-450-gr-m2-dk\">Profil Dala TP &#8211; 450 gr\/m2 (DK)<span style=\"color: #0000ff\"> Ritning<\/span><\/a><\/p>\n<p><a href=\"https:\/\/dokument.halle.se\/profil-arcelor-tp-20-ol-450-gr-m2-de\">Profil Arcelor TP 20 OL &#8211; 450 gr\/m2 (DE) <span style=\"color: #0000ff\">Ritning<\/span><\/a><\/p>\n<p><a href=\"https:\/\/dokument.halle.se\/profil-lindab-llp-20-450-gr-m2-cc\">Profil Lindab LLP 20 &#8211; 450 gr\/m2 (CC) <span style=\"color: #0000ff\">Ritning<\/span><\/a><\/p>\n<p><a href=\"https:\/\/dokument.halle.se\/profil-arcelor-tp-20-ls-450-gr-m2-cc\">Profil Arcelor TP 20 LS &#8211; 450 gr\/m2 (CC) <span style=\"color: #0000ff\">R<\/span><span style=\"color: #0000ff\">itning<\/span><\/a><\/p>\n<p><a href=\"https:\/\/dokument.halle.se\/profil-lindab-ltp-20-450-gr-m2-ca\">Profil Lindab LTP 20 &#8211; 450 gr\/m2 (CA) <span style=\"color: #0000ff\">Ritning<\/span><\/a><\/p>\n<p>Plan glasfiberskiva &#8211; 450 gr\/m2 (TG)<\/p>\n<p><a href=\"https:\/\/dokument.halle.se\/profil-plannja-20-105-450-gr-m2-pc\">Profil Plannja 20-105 &#8211; 450 gr\/m2 (PC) <span style=\"color: #0000ff\">Ritning<\/span><\/a><\/p>\n<p><a href=\"https:\/\/dokument.halle.se\/profil-plannja-20-75-900-450-gr-m2-pm\">Profil Plannja 20-75-900 &#8211; 450 gr\/m2 (PM) <span style=\"color: #0000ff\">Ritning<\/span><\/a><\/p>\n<p><a href=\"https:\/\/dokument.halle.se\/profil-plannja-45-176-450-gr-m2-pp\">Profil Plannja 45-176 &#8211; 450 gr\/m2 (PP) <span style=\"color: #0000ff\">Ritning<\/span><\/a><\/p>\n<p><a href=\"https:\/\/dokument.halle.se\/profil-sinus-a1-p8-450-gr-m2-sd\">Profil Sinus A1\/P8 &#8211; 450 gr\/m2 (SD) <span style=\"color: #0000ff\">Ritning<\/span><\/a><\/p>\n<p><a href=\"https:\/\/dokument.halle.se\/profil-sinus-a3-p6-450-gr-m2-se\">Profil Sinus A3\/P6 &#8211; 450 gr\/m2 (SE) <span style=\"color: #0000ff\">Ritning<\/span><\/a><\/p>\n<p><a href=\"https:\/\/dokument.halle.se\/profil-sinus-p1-mellan-76-18-450-gr-m2-sr-sr4op\">Profil Sinus P1 Bred\u00a0 76\/18 &#8211; 450 gr\/m2 (SB) <span style=\"color: #0000ff\">Ritning<\/span><\/a><\/p>\n<p><a href=\"https:\/\/dokument.halle.se\/profil-sinus-p1-mellan-76-18-450-gr-m2-sr-sr4op\">Profil Sinus P1 Bred 76\/18 Opal &#8211; 450 gr\/m2 (SB4OP) <span style=\"color: #0000ff\">Ritning<\/span><\/a><\/p>\n<p><a href=\"https:\/\/dokument.halle.se\/profil-sinus-p2-kp-158-450-gr-m2-sc\">Profil Sinus P2\/KP 158 &#8211; 450 gr\/m2 (SC) <span style=\"color: #0000ff\">Ritning<\/span><\/a><\/p>\n<p>&nbsp;<\/p>\n<p><a href=\"https:\/\/halle.se\/produkter\/halle-lux-ljusinlapp-alla-profiler\/\">Samtliga profiler, se h\u00e4r.<\/a><\/p>\n<p>L\u00e4s mer: <a href=\"https:\/\/dokument.halle.se\/013-halle-lux-teknisk-information-sv\" target=\"_blank\" rel=\"noopener\">TEKNISK INFO<\/a><\/p>\n","protected":false},"excerpt":{"rendered":"<p>Profilerade ljusinsl\u00e4pp i glasfiberarmerad polyester till industrihallar, lantbruksbyggnader, f\u00f6rr\u00e5d, solf\u00e5ngare, v\u00e4xthus, etc.. Vi kallar produkten <strong>Halle Lux och vi har \u00f6ver 300 profiler som passar ihop med de flesta pl\u00e5tprofiler p\u00e5 marknaden. <\/strong>Den har ett ljusinsl\u00e4pp p\u00e5 ca 85% och har ett modernt UV-skydd som ger skivorna en l\u00e5ng livsl\u00e4ngd och h\u00e5llbarhet. <span style=\"font-size: 14.4px\">Priset ber\u00e4knas per l\u00f6pmeter och \u00f6r dynamiska, dvs kopplat till volym. Tjockleken p\u00e5 standardprofiler \u00e4r ca 1 mm. Glasfibervolym \u00e4r 450 gram\/kvm.<\/span><\/p>\n<p><strong>Ritningar p\u00e5 lagerprofilerna hittar du l\u00e4ngre ner.<\/strong><\/p>\n<p><strong>A)\u00a0 \u00a0<\/strong>V\u00e4lj typ av profil<\/p>\n<p><strong>B)\u00a0 \u00a0<\/strong>Ange din skivl\u00e4ngd i mm<\/p>\n<p><strong>C)\u00a0 \u00a0<\/strong>Ange antal skivor<\/p>\n<p>L\u00e4s mer: <a href=\"https:\/\/dokument.halle.se\/013-halle-lux-teknisk-information-sv\" target=\"_blank\" rel=\"noopener\">TEKNISK INFO<\/a><\/p>\n<p>Fraktkostnaden ber\u00e4knas i kassan.<\/p>\n<p>\u00d6vriga val som offereras p\u00e5 beg\u00e4ran:<\/p>\n<ul>\n<li>Kondensskydd<\/li>\n<li>Inf\u00e4rgade skivor, valfri kul\u00f6r<\/li>\n<li><a href=\"https:\/\/halle.se\/produkter\/halle-lux-ljusinlapp-alla-profiler\/\">L\u00e4nk till hela profilprogrammet<\/a><\/li>\n<li>Andra tjocklekar kan ocks\u00e5 produceras p\u00e5 beg\u00e4ran<\/li>\n<\/ul>\n","protected":false},"featured_media":204926,"template":"","meta":{"_acf_changed":false},"product_brand":[],"product_cat":[415],"product_tag":[],"class_list":{"0":"post-204925","1":"product","2":"type-product","3":"status-publish","4":"has-post-thumbnail","6":"product_cat-ljusinslapp","7":"product_shipping_class-standardfrakt","9":"first","10":"instock","11":"taxable","12":"shipping-taxable","13":"purchasable","14":"product-type-hallelux"},"acf":[],"yoast_head":"<!-- This site is optimized with the Yoast SEO plugin v27.4 - https:\/\/yoast.com\/product\/yoast-seo-wordpress\/ -->\n<title>HALLE LUX LJUSINL\u00c4PP - LAGERPROFILER - Halle<\/title>\n<meta name=\"robots\" content=\"index, follow, max-snippet:-1, max-image-preview:large, max-video-preview:-1\" \/>\n<link rel=\"canonical\" href=\"https:\/\/halle.se\/produkter\/halle-lux-ljusinlapp-lagerprofiler\/\" \/>\n<meta property=\"og:locale\" content=\"sv_SE\" \/>\n<meta property=\"og:type\" content=\"article\" \/>\n<meta property=\"og:title\" content=\"HALLE LUX LJUSINL\u00c4PP - LAGERPROFILER - Halle\" \/>\n<meta property=\"og:description\" content=\"Profilerade ljusinsl\u00e4pp i glasfiberarmerad polyester till industrihallar, lantbruksbyggnader, f\u00f6rr\u00e5d, solf\u00e5ngare, v\u00e4xthus, etc.. Vi kallar produkten Halle Lux och vi har \u00f6ver 300 profiler som passar ihop med de flesta pl\u00e5tprofiler p\u00e5 marknaden. Den har ett ljusinsl\u00e4pp p\u00e5 ca 85% och har ett modernt UV-skydd som ger skivorna en l\u00e5ng livsl\u00e4ngd och h\u00e5llbarhet. Priset ber\u00e4knas per l\u00f6pmeter och \u00f6r dynamiska, dvs kopplat till volym. Tjockleken p\u00e5 standardprofiler \u00e4r ca 1 mm. Glasfibervolym \u00e4r 450 gram\/kvm.  Ritningar p\u00e5 lagerprofilerna hittar du l\u00e4ngre ner.  A)\u00a0 \u00a0V\u00e4lj typ av profil  B)\u00a0 \u00a0Ange din skivl\u00e4ngd i mm  C)\u00a0 \u00a0Ange antal skivor  L\u00e4s mer: TEKNISK INFO  Fraktkostnaden ber\u00e4knas i kassan.  \u00d6vriga val som offereras p\u00e5 beg\u00e4ran:   Kondensskydd  Inf\u00e4rgade skivor, valfri kul\u00f6r  L\u00e4nk till hela profilprogrammet  Andra tjocklekar kan ocks\u00e5 produceras p\u00e5 beg\u00e4ran\" \/>\n<meta property=\"og:url\" content=\"https:\/\/halle.se\/produkter\/halle-lux-ljusinlapp-lagerprofiler\/\" \/>\n<meta property=\"og:site_name\" content=\"Halle\" \/>\n<meta property=\"article:modified_time\" content=\"2026-03-31T11:06:08+00:00\" \/>\n<meta property=\"og:image\" content=\"https:\/\/halle.se\/wp-content\/uploads\/2022\/11\/Lagerprofiler-bild-755x800.png\" \/>\n\t<meta property=\"og:image:width\" content=\"755\" \/>\n\t<meta property=\"og:image:height\" content=\"800\" \/>\n\t<meta property=\"og:image:type\" content=\"image\/png\" \/>\n<meta name=\"twitter:card\" content=\"summary_large_image\" \/>\n<meta name=\"twitter:label1\" content=\"Ber\u00e4knad l\u00e4stid\" \/>\n\t<meta name=\"twitter:data1\" content=\"1 minut\" \/>\n<script type=\"application\/ld+json\" class=\"yoast-schema-graph\">{\"@context\":\"https:\\\/\\\/schema.org\",\"@graph\":[{\"@type\":\"WebPage\",\"@id\":\"https:\\\/\\\/halle.se\\\/produkter\\\/halle-lux-ljusinlapp-lagerprofiler\\\/\",\"url\":\"https:\\\/\\\/halle.se\\\/produkter\\\/halle-lux-ljusinlapp-lagerprofiler\\\/\",\"name\":\"HALLE LUX LJUSINL\u00c4PP - LAGERPROFILER - Halle\",\"isPartOf\":{\"@id\":\"https:\\\/\\\/halle.se\\\/#website\"},\"primaryImageOfPage\":{\"@id\":\"https:\\\/\\\/halle.se\\\/produkter\\\/halle-lux-ljusinlapp-lagerprofiler\\\/#primaryimage\"},\"image\":{\"@id\":\"https:\\\/\\\/halle.se\\\/produkter\\\/halle-lux-ljusinlapp-lagerprofiler\\\/#primaryimage\"},\"thumbnailUrl\":\"https:\\\/\\\/halle.se\\\/wp-content\\\/uploads\\\/2022\\\/11\\\/Lagerprofiler-bild.png\",\"datePublished\":\"2022-11-25T10:40:49+00:00\",\"dateModified\":\"2026-03-31T11:06:08+00:00\",\"breadcrumb\":{\"@id\":\"https:\\\/\\\/halle.se\\\/produkter\\\/halle-lux-ljusinlapp-lagerprofiler\\\/#breadcrumb\"},\"inLanguage\":\"sv-SE\",\"potentialAction\":[{\"@type\":\"ReadAction\",\"target\":[\"https:\\\/\\\/halle.se\\\/produkter\\\/halle-lux-ljusinlapp-lagerprofiler\\\/\"]}]},{\"@type\":\"ImageObject\",\"inLanguage\":\"sv-SE\",\"@id\":\"https:\\\/\\\/halle.se\\\/produkter\\\/halle-lux-ljusinlapp-lagerprofiler\\\/#primaryimage\",\"url\":\"https:\\\/\\\/halle.se\\\/wp-content\\\/uploads\\\/2022\\\/11\\\/Lagerprofiler-bild.png\",\"contentUrl\":\"https:\\\/\\\/halle.se\\\/wp-content\\\/uploads\\\/2022\\\/11\\\/Lagerprofiler-bild.png\",\"width\":1684,\"height\":1785,\"caption\":\"Halle Lux lagerprofiler finns i alla modeller som plasttak\"},{\"@type\":\"BreadcrumbList\",\"@id\":\"https:\\\/\\\/halle.se\\\/produkter\\\/halle-lux-ljusinlapp-lagerprofiler\\\/#breadcrumb\",\"itemListElement\":[{\"@type\":\"ListItem\",\"position\":1,\"name\":\"Hem\",\"item\":\"https:\\\/\\\/halle.se\\\/\"},{\"@type\":\"ListItem\",\"position\":2,\"name\":\"Butik\",\"item\":\"https:\\\/\\\/halle.se\\\/butik\\\/\"},{\"@type\":\"ListItem\",\"position\":3,\"name\":\"HALLE LUX LJUSINL\u00c4PP &#8211; LAGERPROFILER\"}]},{\"@type\":\"WebSite\",\"@id\":\"https:\\\/\\\/halle.se\\\/#website\",\"url\":\"https:\\\/\\\/halle.se\\\/\",\"name\":\"Halle\",\"description\":\"Vi tillverkar uterum &amp; plasttak\",\"potentialAction\":[{\"@type\":\"SearchAction\",\"target\":{\"@type\":\"EntryPoint\",\"urlTemplate\":\"https:\\\/\\\/halle.se\\\/?s={search_term_string}\"},\"query-input\":{\"@type\":\"PropertyValueSpecification\",\"valueRequired\":true,\"valueName\":\"search_term_string\"}}],\"inLanguage\":\"sv-SE\"}]}<\/script>\n<!-- \/ Yoast SEO plugin. -->","yoast_head_json":{"title":"HALLE LUX LJUSINL\u00c4PP - LAGERPROFILER - Halle","robots":{"index":"index","follow":"follow","max-snippet":"max-snippet:-1","max-image-preview":"max-image-preview:large","max-video-preview":"max-video-preview:-1"},"canonical":"https:\/\/halle.se\/produkter\/halle-lux-ljusinlapp-lagerprofiler\/","og_locale":"sv_SE","og_type":"article","og_title":"HALLE LUX LJUSINL\u00c4PP - LAGERPROFILER - Halle","og_description":"Profilerade ljusinsl\u00e4pp i glasfiberarmerad polyester till industrihallar, lantbruksbyggnader, f\u00f6rr\u00e5d, solf\u00e5ngare, v\u00e4xthus, etc.. Vi kallar produkten Halle Lux och vi har \u00f6ver 300 profiler som passar ihop med de flesta pl\u00e5tprofiler p\u00e5 marknaden. Den har ett ljusinsl\u00e4pp p\u00e5 ca 85% och har ett modernt UV-skydd som ger skivorna en l\u00e5ng livsl\u00e4ngd och h\u00e5llbarhet. Priset ber\u00e4knas per l\u00f6pmeter och \u00f6r dynamiska, dvs kopplat till volym. Tjockleken p\u00e5 standardprofiler \u00e4r ca 1 mm. Glasfibervolym \u00e4r 450 gram\/kvm.  Ritningar p\u00e5 lagerprofilerna hittar du l\u00e4ngre ner.  A)\u00a0 \u00a0V\u00e4lj typ av profil  B)\u00a0 \u00a0Ange din skivl\u00e4ngd i mm  C)\u00a0 \u00a0Ange antal skivor  L\u00e4s mer: TEKNISK INFO  Fraktkostnaden ber\u00e4knas i kassan.  \u00d6vriga val som offereras p\u00e5 beg\u00e4ran:   Kondensskydd  Inf\u00e4rgade skivor, valfri kul\u00f6r  L\u00e4nk till hela profilprogrammet  Andra tjocklekar kan ocks\u00e5 produceras p\u00e5 beg\u00e4ran","og_url":"https:\/\/halle.se\/produkter\/halle-lux-ljusinlapp-lagerprofiler\/","og_site_name":"Halle","article_modified_time":"2026-03-31T11:06:08+00:00","og_image":[{"width":755,"height":800,"url":"https:\/\/halle.se\/wp-content\/uploads\/2022\/11\/Lagerprofiler-bild-755x800.png","type":"image\/png"}],"twitter_card":"summary_large_image","twitter_misc":{"Ber\u00e4knad l\u00e4stid":"1 minut"},"schema":{"@context":"https:\/\/schema.org","@graph":[{"@type":"WebPage","@id":"https:\/\/halle.se\/produkter\/halle-lux-ljusinlapp-lagerprofiler\/","url":"https:\/\/halle.se\/produkter\/halle-lux-ljusinlapp-lagerprofiler\/","name":"HALLE LUX LJUSINL\u00c4PP - LAGERPROFILER - Halle","isPartOf":{"@id":"https:\/\/halle.se\/#website"},"primaryImageOfPage":{"@id":"https:\/\/halle.se\/produkter\/halle-lux-ljusinlapp-lagerprofiler\/#primaryimage"},"image":{"@id":"https:\/\/halle.se\/produkter\/halle-lux-ljusinlapp-lagerprofiler\/#primaryimage"},"thumbnailUrl":"https:\/\/halle.se\/wp-content\/uploads\/2022\/11\/Lagerprofiler-bild.png","datePublished":"2022-11-25T10:40:49+00:00","dateModified":"2026-03-31T11:06:08+00:00","breadcrumb":{"@id":"https:\/\/halle.se\/produkter\/halle-lux-ljusinlapp-lagerprofiler\/#breadcrumb"},"inLanguage":"sv-SE","potentialAction":[{"@type":"ReadAction","target":["https:\/\/halle.se\/produkter\/halle-lux-ljusinlapp-lagerprofiler\/"]}]},{"@type":"ImageObject","inLanguage":"sv-SE","@id":"https:\/\/halle.se\/produkter\/halle-lux-ljusinlapp-lagerprofiler\/#primaryimage","url":"https:\/\/halle.se\/wp-content\/uploads\/2022\/11\/Lagerprofiler-bild.png","contentUrl":"https:\/\/halle.se\/wp-content\/uploads\/2022\/11\/Lagerprofiler-bild.png","width":1684,"height":1785,"caption":"Halle Lux lagerprofiler finns i alla modeller som plasttak"},{"@type":"BreadcrumbList","@id":"https:\/\/halle.se\/produkter\/halle-lux-ljusinlapp-lagerprofiler\/#breadcrumb","itemListElement":[{"@type":"ListItem","position":1,"name":"Hem","item":"https:\/\/halle.se\/"},{"@type":"ListItem","position":2,"name":"Butik","item":"https:\/\/halle.se\/butik\/"},{"@type":"ListItem","position":3,"name":"HALLE LUX LJUSINL\u00c4PP &#8211; LAGERPROFILER"}]},{"@type":"WebSite","@id":"https:\/\/halle.se\/#website","url":"https:\/\/halle.se\/","name":"Halle","description":"Vi tillverkar uterum &amp; plasttak","potentialAction":[{"@type":"SearchAction","target":{"@type":"EntryPoint","urlTemplate":"https:\/\/halle.se\/?s={search_term_string}"},"query-input":{"@type":"PropertyValueSpecification","valueRequired":true,"valueName":"search_term_string"}}],"inLanguage":"sv-SE"}]}},"_links":{"self":[{"href":"https:\/\/halle.se\/api\/wp\/v2\/product\/204925","targetHints":{"allow":["GET"]}}],"collection":[{"href":"https:\/\/halle.se\/api\/wp\/v2\/product"}],"about":[{"href":"https:\/\/halle.se\/api\/wp\/v2\/types\/product"}],"wp:featuredmedia":[{"embeddable":true,"href":"https:\/\/halle.se\/api\/wp\/v2\/media\/204926"}],"wp:attachment":[{"href":"https:\/\/halle.se\/api\/wp\/v2\/media?parent=204925"}],"wp:term":[{"taxonomy":"product_brand","embeddable":true,"href":"https:\/\/halle.se\/api\/wp\/v2\/product_brand?post=204925"},{"taxonomy":"product_cat","embeddable":true,"href":"https:\/\/halle.se\/api\/wp\/v2\/product_cat?post=204925"},{"taxonomy":"product_tag","embeddable":true,"href":"https:\/\/halle.se\/api\/wp\/v2\/product_tag?post=204925"}],"curies":[{"name":"wp","href":"https:\/\/api.w.org\/{rel}","templated":true}]}}