{"id":2606,"date":"2018-08-23T10:14:58","date_gmt":"2018-08-23T08:14:58","guid":{"rendered":"https:\/\/halle.se\/?post_type=product&#038;p=2606"},"modified":"2026-01-25T18:10:02","modified_gmt":"2026-01-25T17:10:02","slug":"kompletta-uterum-fritid-15-kvm-sadeltak","status":"publish","type":"product","link":"https:\/\/halle.se\/produkter\/kompletta-uterum-fritid-15-kvm-sadeltak\/","title":{"rendered":"DREAM KOMPLETT UTERUM SOMMAR SADELTAK"},"content":{"rendered":"<h3>Uterumssats Dream Sommar &#8211; Sadeltak<\/h3>\n<p>Uterum f\u00f6r sommar och f\u00f6rl\u00e4ngd sommar. Byggsats med limtr\u00e4stomme, tak och skjutpartier anpassat f\u00f6r montering mot husfasad. Uterummet f\u00f6r dig som vill skydda dig mot v\u00e4der och vind och f\u00f6rl\u00e4nga kv\u00e4llarna under sommarhalv\u00e5ret. Att bygga ett uterum \u00e4r f\u00f6r m\u00e5nga ett projekt som kan skapa m\u00e5nga fr\u00e5gor och funderingar. V\u00e5ra f\u00e4rdiga uterumssatser \u00e4r ett bra alternativ som g\u00f6r det enkelt f\u00f6r dig att v\u00e4lja. Ett monteringsf\u00e4rdigt uterum levereras med f\u00e4rdigkapad stomme i limtr\u00e4, glaspartier och ett komplett kanalplasttak. H\u00e4r bygger man steg f\u00f6r steg upp sitt uterum med de m\u00e5ttanpassade delarna. Uterumssatser fr\u00e5n Halle \u00e4r anpassade f\u00f6r olika s\u00e4songer i olika monteringsf\u00e4rdiga storlekar. Vill man bygga ett uterum med egna \u00f6nskade m\u00e5tt och utf\u00f6rande anv\u00e4nder man Halles 3D-konfigurator och skapar sitt eget uterum. Halles uterum levereras utan grund. Man v\u00e4ljer sj\u00e4lv om man vill placera uterummet p\u00e5 ett tr\u00e4d\u00e4ck eller en gjuten platta i betong med eller<\/p>\n<h3>Modeller &#8211; Storlekar<\/h3>\n<p>De f\u00e4rdiga uterumssatserna finns i 4 storlekar, 15 m2, 18 m2, 25 m2, 33 m2. Se respektive ritning f\u00f6r m\u00e5ttsatta ritningar.<\/p>\n<h3>Teknisk Information &#8211; Halle Primolux uterumssystem<\/h3>\n<p>Halle Primolux \u2013 Uterumssystem anpassat f\u00f6r att anv\u00e4ndas under sommarhalv\u00e5ret.<\/p>\n<p>Glas: S\u00e4kerhetsisolerglas, 5 mm. Ett s\u00e4kerhetsglas \u00e4r 5 g\u00e5nger starkare \u00e4n ett vanligt glas. Glasets U-v\u00e4rde \u00e4r 5,7. Karm och luckor: Karmen best\u00e5r av 4 delar, tv\u00e5 sidoprofiler, en golvskena och en takskena. Dessa monteras fast i stommen innan luckorna monteras. Partierna tillverkas av vitlackad aluminium. Kul\u00f6r: VIT RAL9010. Luckorna har hakprofiler med borstt\u00e4tningar f\u00f6r b\u00e4ttre t\u00e4thet. Luckorna har justerbara hjul och skakskydd\/avlyftningsskydd f\u00f6r en tyst och stabil g\u00e5ng. Golvskenor med r\u00e4ls av aluminium f\u00f6r h\u00f6g h\u00e5llbarhet och ett enkelt underh\u00e5ll. Till partierna ing\u00e5r l\u00e5sknopp till de yttre luckorna f\u00f6r l\u00e5sning inifr\u00e5n.<\/p>\n<h3>Teknisk Information &#8211; Halle Isolux kanalplasttak<\/h3>\n<p>Taket \u00e4r som standard ett 16 mm kanalplasttak. Kanalplast \u00e4r ett v\u00e4l isolerat tak med ett bra ljusinsl\u00e4pp. Takskivorna monteras med alu-naturf\u00e4rgade aluminiumprofiler. Aluminiumprofilerna \u00e4r anodiserade, underh\u00e5llsfria och har en mycket bra h\u00e5llbarhet och livsl\u00e4ngd, v\u00e4l anpassade f\u00f6r det nordiska klimatet. Kanalplast 16 mm. Kul\u00f6r: Opal Ljustransmission 35-50% U-v\u00e4rde: 1,95 Man kan som tillval best\u00e4lla takskivor i klar kul\u00f6r eller r\u00f6kf\u00e4rgad kul\u00f6r. Klara skivor har 65-80% ljustransmission. R\u00f6kf\u00e4rgade skivor har 65-80% ljustransmission. Takskivorna har en skyddsyta, ett UV-skydd. Var d\u00e4rf\u00f6r mycket noga att du v\u00e4nder skivorna \u00e5t r\u00e4tt h\u00e5ll vid montering s\u00e5 att skyddsytan alltid monteras upp\u00e5t. G\u00e5 aldrig direkt p\u00e5 takskivorna d\u00e5 risken att skada UV-skyddet finns. Till taket ing\u00e5r vitlackade tv\u00e4r\u00e5sar av aluminium. Dessa ska monteras under takskivorna f\u00f6r att avlasta tyngder fr\u00e5n sn\u00f6. Vitlackade nockpl\u00e5tar och t\u00e4cklock medf\u00f6ljer. Dessa monteras i nock f\u00f6r att t\u00e4ta mellan uterummets b\u00e5da tak i ovankant. Kompressibel t\u00e4tning, en cellt\u00e4tning som t\u00e4tar mellan limtr\u00e4stomme och kanalplasttak medf\u00f6ljer.<\/p>\n<h3>Teknisk information &#8211; Limtr\u00e4stomme<\/h3>\n<p>Limtr\u00e4stomme med h\u00f6g h\u00e5llbarhet. Stommen levereras f\u00e4rdigkapad och obehandlad. Det underl\u00e4ttar att m\u00e5la limtr\u00e4stommen innan montering. En f\u00e4rdigkapad stomme inneb\u00e4r ett snabbt och enkelt montage. Stomskruv med dubbelg\u00e4ngad funktion f\u00f6r dolt montage utan beslag medf\u00f6ljer. Skruven drar automatiskt ihop tv\u00e5 balkar med varandra med den dubbelg\u00e4ngade funktionen. Tydlig monteringsanvisning och materialspecifikation medf\u00f6ljer.<\/p>\n<h3>Kompletta uterumssatser levereras med<\/h3>\n<ul>\n<li>F\u00e4rdigkapad limtr\u00e4stomme<\/li>\n<li>Anpassade m\u00e5tt p\u00e5 glaspartier<\/li>\n<li>F\u00e4rdigkapat komplett kanalplasttak i kul\u00f6ren opal<\/li>\n<li>Monteringssats med skruv och monterringsdetaljer<\/li>\n<\/ul>\n<h3>Tillbeh\u00f6r\/Tillval (Ing\u00e5r ej)<\/h3>\n<p>Komplettera med vattrenavrinning (r\u00e4nnor). Finns i flera olika kul\u00f6rer.<\/p>\n","protected":false},"excerpt":{"rendered":"<p>Byggsats med limtr\u00e4stomme, kanalplasttak och skjutpartier anpassat f\u00f6r montering mot husfasad.<br \/>\nHalles f\u00e4rdiga uterumssatser \u00e4r det b\u00e4sta alternativet f\u00f6r dig som enkelt vill best\u00e4lla en f\u00e4rdig modell utan att beh\u00f6va g\u00f6ra m\u00e5nga egna val.<\/p>\n<p>Fritid \u00e4r kategorin som \u00e4r anpassad att anv\u00e4ndas under sommarhalv\u00e5ret.<\/p>\n","protected":false},"featured_media":6027,"template":"","meta":{"_acf_changed":false},"product_brand":[],"product_cat":[539,246],"product_tag":[],"class_list":{"0":"post-2606","1":"product","2":"type-product","3":"status-publish","4":"has-post-thumbnail","6":"product_cat-sadeltak","7":"product_cat-vaggmonterade-uterum","8":"product_shipping_class-kranbil","10":"first","11":"instock","12":"taxable","13":"shipping-taxable","14":"purchasable","15":"product-type-variable"},"acf":[],"yoast_head":"<!-- This site is optimized with the Yoast SEO plugin v27.5 - https:\/\/yoast.com\/product\/yoast-seo-wordpress\/ -->\n<title>Uterumssats sadeltak 15kvm | Fritid serien | Uterum f\u00f6r sommartid | Halle\u00ae<\/title>\n<meta name=\"description\" content=\"Uterumssats sadeltak 15kvm Dream Fritid. Uterum p\u00e5 15 kvadratmeter, perfekt f\u00f6r dig som vill ha ett mindre uterum f\u00f6r sommartiden \u2713 Byggsats\" \/>\n<meta name=\"robots\" content=\"index, follow, max-snippet:-1, max-image-preview:large, max-video-preview:-1\" \/>\n<link rel=\"canonical\" href=\"https:\/\/halle.se\/produkter\/kompletta-uterum-fritid-15-kvm-sadeltak\/\" \/>\n<meta property=\"og:locale\" content=\"sv_SE\" \/>\n<meta property=\"og:type\" content=\"article\" \/>\n<meta property=\"og:title\" content=\"Uterumssats sadeltak 15kvm | Fritid serien | Uterum f\u00f6r sommartid | Halle\u00ae\" \/>\n<meta property=\"og:description\" content=\"Uterumssats sadeltak 15kvm Dream Fritid. Uterum p\u00e5 15 kvadratmeter, perfekt f\u00f6r dig som vill ha ett mindre uterum f\u00f6r sommartiden \u2713 Byggsats\" \/>\n<meta property=\"og:url\" content=\"https:\/\/halle.se\/produkter\/kompletta-uterum-fritid-15-kvm-sadeltak\/\" \/>\n<meta property=\"og:site_name\" content=\"Halle\" \/>\n<meta property=\"article:modified_time\" content=\"2026-01-25T17:10:02+00:00\" \/>\n<meta property=\"og:image\" content=\"https:\/\/halle.se\/wp-content\/uploads\/2020\/06\/halle-kompletta-uterum-fritid-15-kvm-sadeltak-scaled.jpg\" \/>\n\t<meta property=\"og:image:width\" content=\"2560\" \/>\n\t<meta property=\"og:image:height\" content=\"2560\" \/>\n\t<meta property=\"og:image:type\" content=\"image\/jpeg\" \/>\n<meta name=\"twitter:card\" content=\"summary_large_image\" \/>\n<meta name=\"twitter:label1\" content=\"Ber\u00e4knad l\u00e4stid\" \/>\n\t<meta name=\"twitter:data1\" content=\"3 minuter\" \/>\n<script type=\"application\/ld+json\" class=\"yoast-schema-graph\">{\"@context\":\"https:\\\/\\\/schema.org\",\"@graph\":[{\"@type\":\"WebPage\",\"@id\":\"https:\\\/\\\/halle.se\\\/produkter\\\/kompletta-uterum-fritid-15-kvm-sadeltak\\\/\",\"url\":\"https:\\\/\\\/halle.se\\\/produkter\\\/kompletta-uterum-fritid-15-kvm-sadeltak\\\/\",\"name\":\"Uterumssats sadeltak 15kvm | Fritid serien | Uterum f\u00f6r sommartid | Halle\u00ae\",\"isPartOf\":{\"@id\":\"https:\\\/\\\/halle.se\\\/#website\"},\"primaryImageOfPage\":{\"@id\":\"https:\\\/\\\/halle.se\\\/produkter\\\/kompletta-uterum-fritid-15-kvm-sadeltak\\\/#primaryimage\"},\"image\":{\"@id\":\"https:\\\/\\\/halle.se\\\/produkter\\\/kompletta-uterum-fritid-15-kvm-sadeltak\\\/#primaryimage\"},\"thumbnailUrl\":\"https:\\\/\\\/halle.se\\\/wp-content\\\/uploads\\\/2020\\\/06\\\/halle-kompletta-uterum-fritid-15-kvm-sadeltak-scaled.jpg\",\"datePublished\":\"2018-08-23T08:14:58+00:00\",\"dateModified\":\"2026-01-25T17:10:02+00:00\",\"description\":\"Uterumssats sadeltak 15kvm Dream Fritid. Uterum p\u00e5 15 kvadratmeter, perfekt f\u00f6r dig som vill ha ett mindre uterum f\u00f6r sommartiden \u2713 Byggsats\",\"breadcrumb\":{\"@id\":\"https:\\\/\\\/halle.se\\\/produkter\\\/kompletta-uterum-fritid-15-kvm-sadeltak\\\/#breadcrumb\"},\"inLanguage\":\"sv-SE\",\"potentialAction\":[{\"@type\":\"ReadAction\",\"target\":[\"https:\\\/\\\/halle.se\\\/produkter\\\/kompletta-uterum-fritid-15-kvm-sadeltak\\\/\"]}]},{\"@type\":\"ImageObject\",\"inLanguage\":\"sv-SE\",\"@id\":\"https:\\\/\\\/halle.se\\\/produkter\\\/kompletta-uterum-fritid-15-kvm-sadeltak\\\/#primaryimage\",\"url\":\"https:\\\/\\\/halle.se\\\/wp-content\\\/uploads\\\/2020\\\/06\\\/halle-kompletta-uterum-fritid-15-kvm-sadeltak-scaled.jpg\",\"contentUrl\":\"https:\\\/\\\/halle.se\\\/wp-content\\\/uploads\\\/2020\\\/06\\\/halle-kompletta-uterum-fritid-15-kvm-sadeltak-scaled.jpg\",\"width\":2560,\"height\":2560,\"caption\":\"Halle uterum fritid uterumssats sadeltak 15kvm, kanalplasttak, uterumspartier\"},{\"@type\":\"BreadcrumbList\",\"@id\":\"https:\\\/\\\/halle.se\\\/produkter\\\/kompletta-uterum-fritid-15-kvm-sadeltak\\\/#breadcrumb\",\"itemListElement\":[{\"@type\":\"ListItem\",\"position\":1,\"name\":\"Hem\",\"item\":\"https:\\\/\\\/halle.se\\\/\"},{\"@type\":\"ListItem\",\"position\":2,\"name\":\"Butik\",\"item\":\"https:\\\/\\\/halle.se\\\/butik\\\/\"},{\"@type\":\"ListItem\",\"position\":3,\"name\":\"DREAM KOMPLETT UTERUM SOMMAR SADELTAK\"}]},{\"@type\":\"WebSite\",\"@id\":\"https:\\\/\\\/halle.se\\\/#website\",\"url\":\"https:\\\/\\\/halle.se\\\/\",\"name\":\"Halle\",\"description\":\"Vi tillverkar uterum &amp; plasttak\",\"potentialAction\":[{\"@type\":\"SearchAction\",\"target\":{\"@type\":\"EntryPoint\",\"urlTemplate\":\"https:\\\/\\\/halle.se\\\/?s={search_term_string}\"},\"query-input\":{\"@type\":\"PropertyValueSpecification\",\"valueRequired\":true,\"valueName\":\"search_term_string\"}}],\"inLanguage\":\"sv-SE\"}]}<\/script>\n<!-- \/ Yoast SEO plugin. -->","yoast_head_json":{"title":"Uterumssats sadeltak 15kvm | Fritid serien | Uterum f\u00f6r sommartid | Halle\u00ae","description":"Uterumssats sadeltak 15kvm Dream Fritid. Uterum p\u00e5 15 kvadratmeter, perfekt f\u00f6r dig som vill ha ett mindre uterum f\u00f6r sommartiden \u2713 Byggsats","robots":{"index":"index","follow":"follow","max-snippet":"max-snippet:-1","max-image-preview":"max-image-preview:large","max-video-preview":"max-video-preview:-1"},"canonical":"https:\/\/halle.se\/produkter\/kompletta-uterum-fritid-15-kvm-sadeltak\/","og_locale":"sv_SE","og_type":"article","og_title":"Uterumssats sadeltak 15kvm | Fritid serien | Uterum f\u00f6r sommartid | Halle\u00ae","og_description":"Uterumssats sadeltak 15kvm Dream Fritid. Uterum p\u00e5 15 kvadratmeter, perfekt f\u00f6r dig som vill ha ett mindre uterum f\u00f6r sommartiden \u2713 Byggsats","og_url":"https:\/\/halle.se\/produkter\/kompletta-uterum-fritid-15-kvm-sadeltak\/","og_site_name":"Halle","article_modified_time":"2026-01-25T17:10:02+00:00","og_image":[{"width":2560,"height":2560,"url":"https:\/\/halle.se\/wp-content\/uploads\/2020\/06\/halle-kompletta-uterum-fritid-15-kvm-sadeltak-scaled.jpg","type":"image\/jpeg"}],"twitter_card":"summary_large_image","twitter_misc":{"Ber\u00e4knad l\u00e4stid":"3 minuter"},"schema":{"@context":"https:\/\/schema.org","@graph":[{"@type":"WebPage","@id":"https:\/\/halle.se\/produkter\/kompletta-uterum-fritid-15-kvm-sadeltak\/","url":"https:\/\/halle.se\/produkter\/kompletta-uterum-fritid-15-kvm-sadeltak\/","name":"Uterumssats sadeltak 15kvm | Fritid serien | Uterum f\u00f6r sommartid | Halle\u00ae","isPartOf":{"@id":"https:\/\/halle.se\/#website"},"primaryImageOfPage":{"@id":"https:\/\/halle.se\/produkter\/kompletta-uterum-fritid-15-kvm-sadeltak\/#primaryimage"},"image":{"@id":"https:\/\/halle.se\/produkter\/kompletta-uterum-fritid-15-kvm-sadeltak\/#primaryimage"},"thumbnailUrl":"https:\/\/halle.se\/wp-content\/uploads\/2020\/06\/halle-kompletta-uterum-fritid-15-kvm-sadeltak-scaled.jpg","datePublished":"2018-08-23T08:14:58+00:00","dateModified":"2026-01-25T17:10:02+00:00","description":"Uterumssats sadeltak 15kvm Dream Fritid. Uterum p\u00e5 15 kvadratmeter, perfekt f\u00f6r dig som vill ha ett mindre uterum f\u00f6r sommartiden \u2713 Byggsats","breadcrumb":{"@id":"https:\/\/halle.se\/produkter\/kompletta-uterum-fritid-15-kvm-sadeltak\/#breadcrumb"},"inLanguage":"sv-SE","potentialAction":[{"@type":"ReadAction","target":["https:\/\/halle.se\/produkter\/kompletta-uterum-fritid-15-kvm-sadeltak\/"]}]},{"@type":"ImageObject","inLanguage":"sv-SE","@id":"https:\/\/halle.se\/produkter\/kompletta-uterum-fritid-15-kvm-sadeltak\/#primaryimage","url":"https:\/\/halle.se\/wp-content\/uploads\/2020\/06\/halle-kompletta-uterum-fritid-15-kvm-sadeltak-scaled.jpg","contentUrl":"https:\/\/halle.se\/wp-content\/uploads\/2020\/06\/halle-kompletta-uterum-fritid-15-kvm-sadeltak-scaled.jpg","width":2560,"height":2560,"caption":"Halle uterum fritid uterumssats sadeltak 15kvm, kanalplasttak, uterumspartier"},{"@type":"BreadcrumbList","@id":"https:\/\/halle.se\/produkter\/kompletta-uterum-fritid-15-kvm-sadeltak\/#breadcrumb","itemListElement":[{"@type":"ListItem","position":1,"name":"Hem","item":"https:\/\/halle.se\/"},{"@type":"ListItem","position":2,"name":"Butik","item":"https:\/\/halle.se\/butik\/"},{"@type":"ListItem","position":3,"name":"DREAM KOMPLETT UTERUM SOMMAR SADELTAK"}]},{"@type":"WebSite","@id":"https:\/\/halle.se\/#website","url":"https:\/\/halle.se\/","name":"Halle","description":"Vi tillverkar uterum &amp; plasttak","potentialAction":[{"@type":"SearchAction","target":{"@type":"EntryPoint","urlTemplate":"https:\/\/halle.se\/?s={search_term_string}"},"query-input":{"@type":"PropertyValueSpecification","valueRequired":true,"valueName":"search_term_string"}}],"inLanguage":"sv-SE"}]}},"_links":{"self":[{"href":"https:\/\/halle.se\/api\/wp\/v2\/product\/2606","targetHints":{"allow":["GET"]}}],"collection":[{"href":"https:\/\/halle.se\/api\/wp\/v2\/product"}],"about":[{"href":"https:\/\/halle.se\/api\/wp\/v2\/types\/product"}],"wp:featuredmedia":[{"embeddable":true,"href":"https:\/\/halle.se\/api\/wp\/v2\/media\/6027"}],"wp:attachment":[{"href":"https:\/\/halle.se\/api\/wp\/v2\/media?parent=2606"}],"wp:term":[{"taxonomy":"product_brand","embeddable":true,"href":"https:\/\/halle.se\/api\/wp\/v2\/product_brand?post=2606"},{"taxonomy":"product_cat","embeddable":true,"href":"https:\/\/halle.se\/api\/wp\/v2\/product_cat?post=2606"},{"taxonomy":"product_tag","embeddable":true,"href":"https:\/\/halle.se\/api\/wp\/v2\/product_tag?post=2606"}],"curies":[{"name":"wp","href":"https:\/\/api.w.org\/{rel}","templated":true}]}}