{"id":908,"date":"2018-08-15T09:55:01","date_gmt":"2018-08-15T07:55:01","guid":{"rendered":"https:\/\/halle.se\/?post_type=product&#038;p=908"},"modified":"2026-03-10T09:50:47","modified_gmt":"2026-03-10T08:50:47","slug":"halle-isolux-kanalplast-32mm-opal-klar","status":"publish","type":"product","link":"https:\/\/halle.se\/produkter\/halle-isolux-kanalplast-32mm-opal-klar\/","title":{"rendered":"HALLE ISOLUX KANALPLAST 32MM OPAL &amp; KLAR"},"content":{"rendered":"<h3>HALLE Isolux Kanalplasttak 32 mm &#8211; taksats<\/h3>\n<p>En taksats med 32 mm kanalplasttak \u00e4r l\u00e4mpligt att anv\u00e4nda till det isolerade uterummet som anv\u00e4nds fr\u00e5n tidig v\u00e5r till sen h\u00f6st och till vintertr\u00e4dg\u00e5rden som v\u00e4rms upp \u00e5ret runt. Kanalplast kan kapas i b\u00e5de bredd och l\u00e4ngd. Profilerna finns i anodiserad aluminium (aluminiumgr\u00e5) vitlackade eller svart matt strukturlack f\u00f6r l\u00e5ng h\u00e5llbarhet, stabilitet och b\u00e4sta utseende. Detta kanalplasttak levereras komplett med kanalplastskivor, profiler och monteringstillbeh\u00f6r. Vissa tillbeh\u00f6r\/tillval kan k\u00f6pas beroende p\u00e5 hur takets konstruktion ser ut. Se f\u00f6rklaring nedan. Dessa produkter hittar du under tillbeh\u00f6r.<\/p>\n<h3>Frist\u00e5ende takbyggnationer<\/h3>\n<p>Vid en frist\u00e5ende takkonstruktion m\u00e5ste man komplettera taksatsen med \u00e4ndprofiler och \u00e4ndlock till takets bakkant f\u00f6r att rama in taket. Dessa artiklar finns under tillbeh\u00f6r\/reservdelar i E-handeln.<\/p>\n<h3>Montering mot v\u00e4gg<\/h3>\n<p>Vid takanslutning mot v\u00e4gg m\u00e5ste ett v\u00e4ggbeslag k\u00f6pas till. V\u00e4ggbeslaget monteras i husfasad och t\u00e4tar kanalplasttaket i bakkant s\u00e5 att du f\u00e5r t\u00e4tt mellan husfasad och uterummets tak. V\u00e4ggbeslaget \u00e4r ett tillval.<\/p>\n<h3>Vid sadeltak<\/h3>\n<p>Vid byggnation av ett sadeltak best\u00e4ller man tv\u00e5 kompletta kanalplasttak, ett till varje taksida, f\u00f6r att f\u00e5 ett komplett sadeltak med r\u00e4tt antal profiler. F\u00f6r att f\u00e5 t\u00e4tt mellan de b\u00e5da taken i nock k\u00f6per man till nockpl\u00e5t och t\u00e4ckbricka f\u00f6r nockpl\u00e5t. Dessa artiklar \u00e4r tillval. Om taket \u00e4r frist\u00e5ende m\u00e5ste \u00e4ven t\u00e4ckbricka till baksida best\u00e4llas.<\/p>\n<h3>Garanti<\/h3>\n<p>10 \u00e5rs garanti som omfattar ljustransmission (gulning) och h\u00e5llfastighet.<\/p>\n<h3>I leveransen ing\u00e5r<\/h3>\n<p>Tillbeh\u00f6rsl\u00e5da med komplett monteringssats Sidokantsprofiler, skarvprofiler till skivorna, \u00e4ndprofil till framkant, kraftig monteringstejp till baksidan. Monteringsanvisning<\/p>\n<h3>Teknisk Information<\/h3>\n<ul>\n<li>Halle Isolux 32 mm<\/li>\n<li>Tjocklek: 32 mm<\/li>\n<li>Kul\u00f6r: Klar, Opal<\/li>\n<li>Profilkul\u00f6r: Aluminiumgr\u00e5, Vit RAL9010, Svart matt strukturlack RAL9005<\/li>\n<li>Ljustransmission Klar: 65-80%<\/li>\n<li>Ljustransmission Opal: 35-50%<\/li>\n<li>U-v\u00e4rde: 1,2<\/li>\n<li>Regelavst\u00e5nd: Tv\u00e4rreglar max 2300 mm c\/c &#8211; Takstolar: 1270 mm c\/c<\/li>\n<li>Taklutning: Taklutningen b\u00f6r vara ca 10 cm\/m<\/li>\n<li>F\u00f6r mer information se monteringsanvisning<\/li>\n<li>Kanalplast \u00e4r ett plasttak tillverkat av polykarbonat<\/li>\n<\/ul>\n<h3>\u00d6vrig information<\/h3>\n<p>Profilerna tillverkas av anodiserad aluminium (aluminiumgr\u00e5) vitlackade eller svart matt strukturlack, f\u00f6r stabilitet och b\u00e4sta utseende. Skyddsyta: Takplasten har UV-skydd. Var noga att montera taken r\u00e4tt. L\u00e4s instruktionen p\u00e5 takskivorna och beh\u00e5ll skyddsplasten p\u00e5 under monteringen f\u00f6r att inte skada skivorna. V\u00e5ra tak: 10 mm f\u00f6r sommaren. 16 mm \/ 32 mm f\u00f6r v\u00e5r, sommar och h\u00f6st. 32 eller 55 mm f\u00f6r \u00e5ret-runt-bruk. L\u00e4s igenom monteringsanvisningen noga innan montering p\u00e5b\u00f6rjas. T\u00e4nk p\u00e5 att alltid montera sn\u00f6rasskydd d\u00e4r det kr\u00e4vs f\u00f6r att skydda ditt tak mot nedfallande sn\u00f6laster som kan skada takskivorna.<\/p>\n<h3>Tillbeh\u00f6r\/Tillval<\/h3>\n<ul>\n<li>Aluminium\u00e5sar<\/li>\n<li>Kompressibel t\u00e4tning<\/li>\n<li>V\u00e4ggbeslag<\/li>\n<li>Nockbeslag, t\u00e4cklock<\/li>\n<li>Vattenavrinning, H\u00e4ngr\u00e4nnor<\/li>\n<li>Kanalplasttak med b\u00e4rande profil (vid montering p\u00e5 takl\u00e4kt)<\/li>\n<\/ul>\n","protected":false},"excerpt":{"rendered":"<p>Kanalplasttak i f\u00e4rdiga m\u00e5tt. Taksats med kanalplastskivor, profiler och alla monteringstillbeh\u00f6r. Taket \u00e4r enkelt att kapa och montera. 32 mm Isolux \u00e4r anpassad fr\u00e4mst f\u00f6r \u00e5ret runt bruk. V\u00e4lj mellan Klar och Opal skiva till ditt uterumstak och sk\u00e4rmtak.<\/p>\n","protected":false},"featured_media":234433,"template":"","meta":{"_acf_changed":false},"product_brand":[],"product_cat":[543,101,16,412],"product_tag":[],"class_list":{"0":"post-908","1":"product","2":"type-product","3":"status-publish","4":"has-post-thumbnail","6":"product_cat-halle-kanalplasttak","7":"product_cat-kanalplast-32","8":"product_cat-kanalplast-tak","9":"product_cat-plasttak","10":"product_shipping_class-standardfrakt","12":"first","13":"instock","14":"taxable","15":"shipping-taxable","16":"purchasable","17":"product-type-variable"},"acf":[],"yoast_head":"<!-- This site is optimized with the Yoast SEO plugin v27.5 - https:\/\/yoast.com\/product\/yoast-seo-wordpress\/ -->\n<title>Kanalplast 32mm Opal &amp; Klar | \u00c5ret runt | Kanalplasttak | Halle\u00ae<\/title>\n<meta name=\"description\" content=\"Kanalplast 32mm Opal &amp; Klar passar b\u00e4st till uterum och vintertr\u00e4dg\u00e5rd. N\u00e4r kravet p\u00e5 Kanaltakisolering \u00e4r h\u00f6gre \u2713 Kanalplasttak f\u00f6r \u00e5ret runt bruk.\" \/>\n<meta name=\"robots\" content=\"index, follow, max-snippet:-1, max-image-preview:large, max-video-preview:-1\" \/>\n<link rel=\"canonical\" href=\"https:\/\/halle.se\/produkter\/halle-isolux-kanalplast-32mm-opal-klar\/\" \/>\n<meta property=\"og:locale\" content=\"sv_SE\" \/>\n<meta property=\"og:type\" content=\"article\" \/>\n<meta property=\"og:title\" content=\"Kanalplast 32mm Opal &amp; Klar | \u00c5ret runt | Kanalplasttak | Halle\u00ae\" \/>\n<meta property=\"og:description\" content=\"Kanalplast 32mm Opal &amp; Klar passar b\u00e4st till uterum och vintertr\u00e4dg\u00e5rd. N\u00e4r kravet p\u00e5 Kanaltakisolering \u00e4r h\u00f6gre \u2713 Kanalplasttak f\u00f6r \u00e5ret runt bruk.\" \/>\n<meta property=\"og:url\" content=\"https:\/\/halle.se\/produkter\/halle-isolux-kanalplast-32mm-opal-klar\/\" \/>\n<meta property=\"og:site_name\" content=\"Halle\" \/>\n<meta property=\"article:modified_time\" content=\"2026-03-10T08:50:47+00:00\" \/>\n<meta property=\"og:image\" content=\"https:\/\/halle.se\/wp-content\/uploads\/2018\/08\/kanalplast-opal-med-sno-miljo-aluminiumgra-takprofiler-scaled.jpg\" \/>\n\t<meta property=\"og:image:width\" content=\"2560\" \/>\n\t<meta property=\"og:image:height\" content=\"2560\" \/>\n\t<meta property=\"og:image:type\" content=\"image\/jpeg\" \/>\n<meta name=\"twitter:card\" content=\"summary_large_image\" \/>\n<meta name=\"twitter:label1\" content=\"Ber\u00e4knad l\u00e4stid\" \/>\n\t<meta name=\"twitter:data1\" content=\"3 minuter\" \/>\n<script type=\"application\/ld+json\" class=\"yoast-schema-graph\">{\"@context\":\"https:\\\/\\\/schema.org\",\"@graph\":[{\"@type\":\"WebPage\",\"@id\":\"https:\\\/\\\/halle.se\\\/produkter\\\/halle-isolux-kanalplast-32mm-opal-klar\\\/\",\"url\":\"https:\\\/\\\/halle.se\\\/produkter\\\/halle-isolux-kanalplast-32mm-opal-klar\\\/\",\"name\":\"Kanalplast 32mm Opal & Klar | \u00c5ret runt | Kanalplasttak | Halle\u00ae\",\"isPartOf\":{\"@id\":\"https:\\\/\\\/halle.se\\\/#website\"},\"primaryImageOfPage\":{\"@id\":\"https:\\\/\\\/halle.se\\\/produkter\\\/halle-isolux-kanalplast-32mm-opal-klar\\\/#primaryimage\"},\"image\":{\"@id\":\"https:\\\/\\\/halle.se\\\/produkter\\\/halle-isolux-kanalplast-32mm-opal-klar\\\/#primaryimage\"},\"thumbnailUrl\":\"https:\\\/\\\/halle.se\\\/wp-content\\\/uploads\\\/2018\\\/08\\\/kanalplast-opal-med-sno-miljo-aluminiumgra-takprofiler-scaled.jpg\",\"datePublished\":\"2018-08-15T07:55:01+00:00\",\"dateModified\":\"2026-03-10T08:50:47+00:00\",\"description\":\"Kanalplast 32mm Opal & Klar passar b\u00e4st till uterum och vintertr\u00e4dg\u00e5rd. N\u00e4r kravet p\u00e5 Kanaltakisolering \u00e4r h\u00f6gre \u2713 Kanalplasttak f\u00f6r \u00e5ret runt bruk.\",\"breadcrumb\":{\"@id\":\"https:\\\/\\\/halle.se\\\/produkter\\\/halle-isolux-kanalplast-32mm-opal-klar\\\/#breadcrumb\"},\"inLanguage\":\"sv-SE\",\"potentialAction\":[{\"@type\":\"ReadAction\",\"target\":[\"https:\\\/\\\/halle.se\\\/produkter\\\/halle-isolux-kanalplast-32mm-opal-klar\\\/\"]}]},{\"@type\":\"ImageObject\",\"inLanguage\":\"sv-SE\",\"@id\":\"https:\\\/\\\/halle.se\\\/produkter\\\/halle-isolux-kanalplast-32mm-opal-klar\\\/#primaryimage\",\"url\":\"https:\\\/\\\/halle.se\\\/wp-content\\\/uploads\\\/2018\\\/08\\\/kanalplast-opal-med-sno-miljo-aluminiumgra-takprofiler-scaled.jpg\",\"contentUrl\":\"https:\\\/\\\/halle.se\\\/wp-content\\\/uploads\\\/2018\\\/08\\\/kanalplast-opal-med-sno-miljo-aluminiumgra-takprofiler-scaled.jpg\",\"width\":2560,\"height\":2560},{\"@type\":\"BreadcrumbList\",\"@id\":\"https:\\\/\\\/halle.se\\\/produkter\\\/halle-isolux-kanalplast-32mm-opal-klar\\\/#breadcrumb\",\"itemListElement\":[{\"@type\":\"ListItem\",\"position\":1,\"name\":\"Hem\",\"item\":\"https:\\\/\\\/halle.se\\\/\"},{\"@type\":\"ListItem\",\"position\":2,\"name\":\"Butik\",\"item\":\"https:\\\/\\\/halle.se\\\/butik\\\/\"},{\"@type\":\"ListItem\",\"position\":3,\"name\":\"HALLE ISOLUX KANALPLAST 32MM OPAL &amp; KLAR\"}]},{\"@type\":\"WebSite\",\"@id\":\"https:\\\/\\\/halle.se\\\/#website\",\"url\":\"https:\\\/\\\/halle.se\\\/\",\"name\":\"Halle\",\"description\":\"Vi tillverkar uterum &amp; plasttak\",\"potentialAction\":[{\"@type\":\"SearchAction\",\"target\":{\"@type\":\"EntryPoint\",\"urlTemplate\":\"https:\\\/\\\/halle.se\\\/?s={search_term_string}\"},\"query-input\":{\"@type\":\"PropertyValueSpecification\",\"valueRequired\":true,\"valueName\":\"search_term_string\"}}],\"inLanguage\":\"sv-SE\"}]}<\/script>\n<!-- \/ Yoast SEO plugin. -->","yoast_head_json":{"title":"Kanalplast 32mm Opal & Klar | \u00c5ret runt | Kanalplasttak | Halle\u00ae","description":"Kanalplast 32mm Opal & Klar passar b\u00e4st till uterum och vintertr\u00e4dg\u00e5rd. N\u00e4r kravet p\u00e5 Kanaltakisolering \u00e4r h\u00f6gre \u2713 Kanalplasttak f\u00f6r \u00e5ret runt bruk.","robots":{"index":"index","follow":"follow","max-snippet":"max-snippet:-1","max-image-preview":"max-image-preview:large","max-video-preview":"max-video-preview:-1"},"canonical":"https:\/\/halle.se\/produkter\/halle-isolux-kanalplast-32mm-opal-klar\/","og_locale":"sv_SE","og_type":"article","og_title":"Kanalplast 32mm Opal & Klar | \u00c5ret runt | Kanalplasttak | Halle\u00ae","og_description":"Kanalplast 32mm Opal & Klar passar b\u00e4st till uterum och vintertr\u00e4dg\u00e5rd. N\u00e4r kravet p\u00e5 Kanaltakisolering \u00e4r h\u00f6gre \u2713 Kanalplasttak f\u00f6r \u00e5ret runt bruk.","og_url":"https:\/\/halle.se\/produkter\/halle-isolux-kanalplast-32mm-opal-klar\/","og_site_name":"Halle","article_modified_time":"2026-03-10T08:50:47+00:00","og_image":[{"width":2560,"height":2560,"url":"https:\/\/halle.se\/wp-content\/uploads\/2018\/08\/kanalplast-opal-med-sno-miljo-aluminiumgra-takprofiler-scaled.jpg","type":"image\/jpeg"}],"twitter_card":"summary_large_image","twitter_misc":{"Ber\u00e4knad l\u00e4stid":"3 minuter"},"schema":{"@context":"https:\/\/schema.org","@graph":[{"@type":"WebPage","@id":"https:\/\/halle.se\/produkter\/halle-isolux-kanalplast-32mm-opal-klar\/","url":"https:\/\/halle.se\/produkter\/halle-isolux-kanalplast-32mm-opal-klar\/","name":"Kanalplast 32mm Opal & Klar | \u00c5ret runt | Kanalplasttak | Halle\u00ae","isPartOf":{"@id":"https:\/\/halle.se\/#website"},"primaryImageOfPage":{"@id":"https:\/\/halle.se\/produkter\/halle-isolux-kanalplast-32mm-opal-klar\/#primaryimage"},"image":{"@id":"https:\/\/halle.se\/produkter\/halle-isolux-kanalplast-32mm-opal-klar\/#primaryimage"},"thumbnailUrl":"https:\/\/halle.se\/wp-content\/uploads\/2018\/08\/kanalplast-opal-med-sno-miljo-aluminiumgra-takprofiler-scaled.jpg","datePublished":"2018-08-15T07:55:01+00:00","dateModified":"2026-03-10T08:50:47+00:00","description":"Kanalplast 32mm Opal & Klar passar b\u00e4st till uterum och vintertr\u00e4dg\u00e5rd. N\u00e4r kravet p\u00e5 Kanaltakisolering \u00e4r h\u00f6gre \u2713 Kanalplasttak f\u00f6r \u00e5ret runt bruk.","breadcrumb":{"@id":"https:\/\/halle.se\/produkter\/halle-isolux-kanalplast-32mm-opal-klar\/#breadcrumb"},"inLanguage":"sv-SE","potentialAction":[{"@type":"ReadAction","target":["https:\/\/halle.se\/produkter\/halle-isolux-kanalplast-32mm-opal-klar\/"]}]},{"@type":"ImageObject","inLanguage":"sv-SE","@id":"https:\/\/halle.se\/produkter\/halle-isolux-kanalplast-32mm-opal-klar\/#primaryimage","url":"https:\/\/halle.se\/wp-content\/uploads\/2018\/08\/kanalplast-opal-med-sno-miljo-aluminiumgra-takprofiler-scaled.jpg","contentUrl":"https:\/\/halle.se\/wp-content\/uploads\/2018\/08\/kanalplast-opal-med-sno-miljo-aluminiumgra-takprofiler-scaled.jpg","width":2560,"height":2560},{"@type":"BreadcrumbList","@id":"https:\/\/halle.se\/produkter\/halle-isolux-kanalplast-32mm-opal-klar\/#breadcrumb","itemListElement":[{"@type":"ListItem","position":1,"name":"Hem","item":"https:\/\/halle.se\/"},{"@type":"ListItem","position":2,"name":"Butik","item":"https:\/\/halle.se\/butik\/"},{"@type":"ListItem","position":3,"name":"HALLE ISOLUX KANALPLAST 32MM OPAL &amp; KLAR"}]},{"@type":"WebSite","@id":"https:\/\/halle.se\/#website","url":"https:\/\/halle.se\/","name":"Halle","description":"Vi tillverkar uterum &amp; plasttak","potentialAction":[{"@type":"SearchAction","target":{"@type":"EntryPoint","urlTemplate":"https:\/\/halle.se\/?s={search_term_string}"},"query-input":{"@type":"PropertyValueSpecification","valueRequired":true,"valueName":"search_term_string"}}],"inLanguage":"sv-SE"}]}},"_links":{"self":[{"href":"https:\/\/halle.se\/api\/wp\/v2\/product\/908","targetHints":{"allow":["GET"]}}],"collection":[{"href":"https:\/\/halle.se\/api\/wp\/v2\/product"}],"about":[{"href":"https:\/\/halle.se\/api\/wp\/v2\/types\/product"}],"wp:featuredmedia":[{"embeddable":true,"href":"https:\/\/halle.se\/api\/wp\/v2\/media\/234433"}],"wp:attachment":[{"href":"https:\/\/halle.se\/api\/wp\/v2\/media?parent=908"}],"wp:term":[{"taxonomy":"product_brand","embeddable":true,"href":"https:\/\/halle.se\/api\/wp\/v2\/product_brand?post=908"},{"taxonomy":"product_cat","embeddable":true,"href":"https:\/\/halle.se\/api\/wp\/v2\/product_cat?post=908"},{"taxonomy":"product_tag","embeddable":true,"href":"https:\/\/halle.se\/api\/wp\/v2\/product_tag?post=908"}],"curies":[{"name":"wp","href":"https:\/\/api.w.org\/{rel}","templated":true}]}}